{"id":53697,"date":"2026-03-31T15:02:04","date_gmt":"2026-03-31T14:02:04","guid":{"rendered":"https:\/\/www.werecycle.ch\/?post_type=product&#038;p=53697"},"modified":"2026-03-31T15:09:41","modified_gmt":"2026-03-31T14:09:41","slug":"alba-krapf-kehrichtsackhalter-110l","status":"publish","type":"product","link":"https:\/\/www.werecycle.ch\/en\/shop\/recycling-entsorgung\/abfalleimer\/alba-krapf-kehrichtsackhalter-110l\/","title":{"rendered":"ALBA KRAPF Kehrichtsackhalter 110l"},"content":{"rendered":"<p class=\"ProductDescription-Lead\">Standhaftigkeit und Funktionalit\u00e4t sind die entscheidenden Vorteile dieses Abfallsammelbeh\u00e4lters. Der dichtschliessende Deckel ist mit einem einfachen Klick zu befestigen und verf\u00fcgt \u00fcber eine praktische Griffmulde. Der Bodenschutz erm\u00f6glicht ein Aufstellen des Sammlers auch auf empfindlichen B\u00f6den. Auf Wunsch nutzen Sie die integrierte Halterung, um ihn an einer Wand zu montieren.<\/p>\n<p>&nbsp;<\/p>\n<ul>\n<li>Kehrichtsackhalter 110 Liter<\/li>\n<li>mit Bodenschutz und Deckel<\/li>\n<li>Material: verzinktes Stahlrohr, Kunststoffdeckel<\/li>\n<li>Gr\u00f6sse (B\/H\/T): 46,5 x 81,5 x 37 cm<\/li>\n<li>Gewicht: 3,7 kg<\/li>\n<\/ul>","protected":false},"excerpt":{"rendered":"<p>Kehrichtsackhalter mit 110 Liter Volumen aus verzinktem Stahlrohr<\/p>","protected":false},"featured_media":53701,"template":"","meta":{"ocean_post_layout":"","ocean_both_sidebars_style":"","ocean_both_sidebars_content_width":0,"ocean_both_sidebars_sidebars_width":0,"ocean_sidebar":"0","ocean_second_sidebar":"0","ocean_disable_margins":"enable","ocean_add_body_class":"","ocean_shortcode_before_top_bar":"","ocean_shortcode_after_top_bar":"","ocean_shortcode_before_header":"","ocean_shortcode_after_header":"","ocean_has_shortcode":"","ocean_shortcode_after_title":"","ocean_shortcode_before_footer_widgets":"","ocean_shortcode_after_footer_widgets":"","ocean_shortcode_before_footer_bottom":"","ocean_shortcode_after_footer_bottom":"","ocean_display_top_bar":"default","ocean_display_header":"default","ocean_header_style":"","ocean_center_header_left_menu":"0","ocean_custom_header_template":"0","ocean_custom_logo":0,"ocean_custom_retina_logo":0,"ocean_custom_logo_max_width":0,"ocean_custom_logo_tablet_max_width":0,"ocean_custom_logo_mobile_max_width":0,"ocean_custom_logo_max_height":0,"ocean_custom_logo_tablet_max_height":0,"ocean_custom_logo_mobile_max_height":0,"ocean_header_custom_menu":"0","ocean_menu_typo_font_family":"0","ocean_menu_typo_font_subset":"","ocean_menu_typo_font_size":0,"ocean_menu_typo_font_size_tablet":0,"ocean_menu_typo_font_size_mobile":0,"ocean_menu_typo_font_size_unit":"px","ocean_menu_typo_font_weight":"","ocean_menu_typo_font_weight_tablet":"","ocean_menu_typo_font_weight_mobile":"","ocean_menu_typo_transform":"","ocean_menu_typo_transform_tablet":"","ocean_menu_typo_transform_mobile":"","ocean_menu_typo_line_height":0,"ocean_menu_typo_line_height_tablet":0,"ocean_menu_typo_line_height_mobile":0,"ocean_menu_typo_line_height_unit":"","ocean_menu_typo_spacing":0,"ocean_menu_typo_spacing_tablet":0,"ocean_menu_typo_spacing_mobile":0,"ocean_menu_typo_spacing_unit":"","ocean_menu_link_color":"","ocean_menu_link_color_hover":"","ocean_menu_link_color_active":"","ocean_menu_link_background":"","ocean_menu_link_hover_background":"","ocean_menu_link_active_background":"","ocean_menu_social_links_bg":"","ocean_menu_social_hover_links_bg":"","ocean_menu_social_links_color":"","ocean_menu_social_hover_links_color":"","ocean_disable_title":"default","ocean_disable_heading":"default","ocean_post_title":"","ocean_post_subheading":"","ocean_post_title_style":"","ocean_post_title_background_color":"","ocean_post_title_background":0,"ocean_post_title_bg_image_position":"","ocean_post_title_bg_image_attachment":"","ocean_post_title_bg_image_repeat":"","ocean_post_title_bg_image_size":"","ocean_post_title_height":0,"ocean_post_title_bg_overlay":0.5,"ocean_post_title_bg_overlay_color":"","ocean_disable_breadcrumbs":"default","ocean_breadcrumbs_color":"","ocean_breadcrumbs_separator_color":"","ocean_breadcrumbs_links_color":"","ocean_breadcrumbs_links_hover_color":"","ocean_display_footer_widgets":"default","ocean_display_footer_bottom":"default","ocean_custom_footer_template":"0","ofc_meta_disable_footer_callout":"","ofc_meta_callout_button_url":"","ofc_meta_callout_button_txt":"","ofc_meta_callout_text":"","osh_disable_topbar_sticky":"default","osh_disable_header_sticky":"default","osh_sticky_header_style":"default","osh_sticky_header_effect":"","osh_custom_sticky_logo":0,"osh_custom_retina_sticky_logo":0,"osh_custom_sticky_logo_height":0,"osh_background_color":"","osh_links_color":"","osh_links_hover_color":"","osh_links_active_color":"","osh_links_bg_color":"","osh_links_hover_bg_color":"","osh_links_active_bg_color":"","osh_menu_social_links_color":"","osh_menu_social_hover_links_color":""},"product_brand":[2705],"product_cat":[495,93],"product_tag":[],"class_list":{"0":"post-53697","1":"product","2":"type-product","3":"status-publish","4":"has-post-thumbnail","6":"product_brand-alba-krapf","7":"product_cat-abfalleimer","8":"product_cat-recycling-entsorgung","9":"product_shipping_class-spedition","11":"entry","12":"has-media","14":"first","15":"instock","16":"taxable","17":"shipping-taxable","18":"purchasable","19":"product-type-simple","20":"col","21":"span_1_of_3","22":"owp-content-center","23":"item-entry","24":"owp-thumbs-layout-horizontal","25":"owp-btn-normal","26":"owp-tabs-layout-horizontal","27":"circle-sale"},"yoast_head":"<!-- This site is optimized with the Yoast SEO plugin v27.5 - https:\/\/yoast.com\/product\/yoast-seo-wordpress\/ -->\n<title>ALBA KRAPF Kehrichtsackhalter 110l - WeRecycle.ch | WR Group AG<\/title>\n<meta name=\"description\" content=\"Kehrichtsackhalter mit 110 Liter Volumen mit dichtschliessendem Kunststoffdeckel. Inkl. mitgelieferter Wandhalterung zur sicheren Befestigung.\" \/>\n<meta name=\"robots\" content=\"index, follow, max-snippet:-1, max-image-preview:large, max-video-preview:-1\" \/>\n<link rel=\"canonical\" href=\"https:\/\/www.werecycle.ch\/en\/shop\/recycling-entsorgung\/abfalleimer\/alba-krapf-kehrichtsackhalter-110l\/\" \/>\n<meta property=\"og:locale\" content=\"en_GB\" \/>\n<meta property=\"og:type\" content=\"article\" \/>\n<meta property=\"og:title\" content=\"ALBA KRAPF Kehrichtsackhalter 110l - WeRecycle.ch | WR Group AG\" \/>\n<meta property=\"og:description\" content=\"Kehrichtsackhalter mit 110 Liter Volumen mit dichtschliessendem Kunststoffdeckel. Inkl. mitgelieferter Wandhalterung zur sicheren Befestigung.\" \/>\n<meta property=\"og:url\" content=\"https:\/\/www.werecycle.ch\/en\/shop\/recycling-entsorgung\/abfalleimer\/alba-krapf-kehrichtsackhalter-110l\/\" \/>\n<meta property=\"og:site_name\" content=\"WeRecycle.ch | WR Group AG\" \/>\n<meta property=\"article:publisher\" content=\"https:\/\/www.facebook.com\/www.werecycle.ch\" \/>\n<meta property=\"article:modified_time\" content=\"2026-03-31T14:09:41+00:00\" \/>\n<meta property=\"og:image\" content=\"https:\/\/www.werecycle.ch\/wp-content\/uploads\/2026\/03\/506640.webp\" \/>\n\t<meta property=\"og:image:width\" content=\"1200\" \/>\n\t<meta property=\"og:image:height\" content=\"1200\" \/>\n\t<meta property=\"og:image:type\" content=\"image\/webp\" \/>\n<meta name=\"twitter:card\" content=\"summary_large_image\" \/>\n<script type=\"application\/ld+json\" class=\"yoast-schema-graph\">{\"@context\":\"https:\\\/\\\/schema.org\",\"@graph\":[{\"@type\":\"WebPage\",\"@id\":\"https:\\\/\\\/www.werecycle.ch\\\/shop\\\/recycling-entsorgung\\\/abfalleimer\\\/alba-krapf-kehrichtsackhalter-110l\\\/\",\"url\":\"https:\\\/\\\/www.werecycle.ch\\\/shop\\\/recycling-entsorgung\\\/abfalleimer\\\/alba-krapf-kehrichtsackhalter-110l\\\/\",\"name\":\"ALBA KRAPF Kehrichtsackhalter 110l - WeRecycle.ch | WR Group AG\",\"isPartOf\":{\"@id\":\"https:\\\/\\\/www.werecycle.ch\\\/de\\\/#website\"},\"primaryImageOfPage\":{\"@id\":\"https:\\\/\\\/www.werecycle.ch\\\/shop\\\/recycling-entsorgung\\\/abfalleimer\\\/alba-krapf-kehrichtsackhalter-110l\\\/#primaryimage\"},\"image\":{\"@id\":\"https:\\\/\\\/www.werecycle.ch\\\/shop\\\/recycling-entsorgung\\\/abfalleimer\\\/alba-krapf-kehrichtsackhalter-110l\\\/#primaryimage\"},\"thumbnailUrl\":\"https:\\\/\\\/www.werecycle.ch\\\/wp-content\\\/uploads\\\/2026\\\/03\\\/506640.webp\",\"datePublished\":\"2026-03-31T14:02:04+00:00\",\"dateModified\":\"2026-03-31T14:09:41+00:00\",\"description\":\"Kehrichtsackhalter mit 110 Liter Volumen mit dichtschliessendem Kunststoffdeckel. Inkl. mitgelieferter Wandhalterung zur sicheren Befestigung.\",\"breadcrumb\":{\"@id\":\"https:\\\/\\\/www.werecycle.ch\\\/shop\\\/recycling-entsorgung\\\/abfalleimer\\\/alba-krapf-kehrichtsackhalter-110l\\\/#breadcrumb\"},\"inLanguage\":\"en-GB\",\"potentialAction\":[{\"@type\":\"ReadAction\",\"target\":[\"https:\\\/\\\/www.werecycle.ch\\\/shop\\\/recycling-entsorgung\\\/abfalleimer\\\/alba-krapf-kehrichtsackhalter-110l\\\/\"]}]},{\"@type\":\"ImageObject\",\"inLanguage\":\"en-GB\",\"@id\":\"https:\\\/\\\/www.werecycle.ch\\\/shop\\\/recycling-entsorgung\\\/abfalleimer\\\/alba-krapf-kehrichtsackhalter-110l\\\/#primaryimage\",\"url\":\"https:\\\/\\\/www.werecycle.ch\\\/wp-content\\\/uploads\\\/2026\\\/03\\\/506640.webp\",\"contentUrl\":\"https:\\\/\\\/www.werecycle.ch\\\/wp-content\\\/uploads\\\/2026\\\/03\\\/506640.webp\",\"width\":1200,\"height\":1200},{\"@type\":\"BreadcrumbList\",\"@id\":\"https:\\\/\\\/www.werecycle.ch\\\/shop\\\/recycling-entsorgung\\\/abfalleimer\\\/alba-krapf-kehrichtsackhalter-110l\\\/#breadcrumb\",\"itemListElement\":[{\"@type\":\"ListItem\",\"position\":1,\"name\":\"Startseite\",\"item\":\"https:\\\/\\\/www.werecycle.ch\\\/\"},{\"@type\":\"ListItem\",\"position\":2,\"name\":\"Shop\",\"item\":\"https:\\\/\\\/www.werecycle.ch\\\/de\\\/shop\\\/\"},{\"@type\":\"ListItem\",\"position\":3,\"name\":\"ALBA KRAPF Kehrichtsackhalter 110l\"}]},{\"@type\":\"WebSite\",\"@id\":\"https:\\\/\\\/www.werecycle.ch\\\/de\\\/#website\",\"url\":\"https:\\\/\\\/www.werecycle.ch\\\/de\\\/\",\"name\":\"WeRecycle.ch | Recycling Services AG\",\"description\":\"\",\"publisher\":{\"@id\":\"https:\\\/\\\/www.werecycle.ch\\\/de\\\/#organization\"},\"potentialAction\":[{\"@type\":\"SearchAction\",\"target\":{\"@type\":\"EntryPoint\",\"urlTemplate\":\"https:\\\/\\\/www.werecycle.ch\\\/de\\\/?s={search_term_string}\"},\"query-input\":{\"@type\":\"PropertyValueSpecification\",\"valueRequired\":true,\"valueName\":\"search_term_string\"}}],\"inLanguage\":\"en-GB\"},{\"@type\":\"Organization\",\"@id\":\"https:\\\/\\\/www.werecycle.ch\\\/de\\\/#organization\",\"name\":\"WeRecycle.ch | Recycling Services AG\",\"url\":\"https:\\\/\\\/www.werecycle.ch\\\/de\\\/\",\"logo\":{\"@type\":\"ImageObject\",\"inLanguage\":\"en-GB\",\"@id\":\"https:\\\/\\\/www.werecycle.ch\\\/de\\\/#\\\/schema\\\/logo\\\/image\\\/\",\"url\":\"https:\\\/\\\/www.werecycle.ch\\\/wp-content\\\/uploads\\\/2022\\\/09\\\/logo_werecycle.webp\",\"contentUrl\":\"https:\\\/\\\/www.werecycle.ch\\\/wp-content\\\/uploads\\\/2022\\\/09\\\/logo_werecycle.webp\",\"width\":1423,\"height\":427,\"caption\":\"WeRecycle.ch | Recycling Services AG\"},\"image\":{\"@id\":\"https:\\\/\\\/www.werecycle.ch\\\/de\\\/#\\\/schema\\\/logo\\\/image\\\/\"},\"sameAs\":[\"https:\\\/\\\/www.facebook.com\\\/www.werecycle.ch\"]}]}<\/script>\n<!-- \/ Yoast SEO plugin. -->","yoast_head_json":{"title":"ALBA KRAPF Kehrichtsackhalter 110l - WeRecycle.ch | WR Group AG","description":"Kehrichtsackhalter mit 110 Liter Volumen mit dichtschliessendem Kunststoffdeckel. Inkl. mitgelieferter Wandhalterung zur sicheren Befestigung.","robots":{"index":"index","follow":"follow","max-snippet":"max-snippet:-1","max-image-preview":"max-image-preview:large","max-video-preview":"max-video-preview:-1"},"canonical":"https:\/\/www.werecycle.ch\/en\/shop\/recycling-entsorgung\/abfalleimer\/alba-krapf-kehrichtsackhalter-110l\/","og_locale":"en_GB","og_type":"article","og_title":"ALBA KRAPF Kehrichtsackhalter 110l - WeRecycle.ch | WR Group AG","og_description":"Kehrichtsackhalter mit 110 Liter Volumen mit dichtschliessendem Kunststoffdeckel. Inkl. mitgelieferter Wandhalterung zur sicheren Befestigung.","og_url":"https:\/\/www.werecycle.ch\/en\/shop\/recycling-entsorgung\/abfalleimer\/alba-krapf-kehrichtsackhalter-110l\/","og_site_name":"WeRecycle.ch | WR Group AG","article_publisher":"https:\/\/www.facebook.com\/www.werecycle.ch","article_modified_time":"2026-03-31T14:09:41+00:00","og_image":[{"width":1200,"height":1200,"url":"https:\/\/www.werecycle.ch\/wp-content\/uploads\/2026\/03\/506640.webp","type":"image\/webp"}],"twitter_card":"summary_large_image","schema":{"@context":"https:\/\/schema.org","@graph":[{"@type":"WebPage","@id":"https:\/\/www.werecycle.ch\/shop\/recycling-entsorgung\/abfalleimer\/alba-krapf-kehrichtsackhalter-110l\/","url":"https:\/\/www.werecycle.ch\/shop\/recycling-entsorgung\/abfalleimer\/alba-krapf-kehrichtsackhalter-110l\/","name":"ALBA KRAPF Kehrichtsackhalter 110l - WeRecycle.ch | WR Group AG","isPartOf":{"@id":"https:\/\/www.werecycle.ch\/de\/#website"},"primaryImageOfPage":{"@id":"https:\/\/www.werecycle.ch\/shop\/recycling-entsorgung\/abfalleimer\/alba-krapf-kehrichtsackhalter-110l\/#primaryimage"},"image":{"@id":"https:\/\/www.werecycle.ch\/shop\/recycling-entsorgung\/abfalleimer\/alba-krapf-kehrichtsackhalter-110l\/#primaryimage"},"thumbnailUrl":"https:\/\/www.werecycle.ch\/wp-content\/uploads\/2026\/03\/506640.webp","datePublished":"2026-03-31T14:02:04+00:00","dateModified":"2026-03-31T14:09:41+00:00","description":"Kehrichtsackhalter mit 110 Liter Volumen mit dichtschliessendem Kunststoffdeckel. Inkl. mitgelieferter Wandhalterung zur sicheren Befestigung.","breadcrumb":{"@id":"https:\/\/www.werecycle.ch\/shop\/recycling-entsorgung\/abfalleimer\/alba-krapf-kehrichtsackhalter-110l\/#breadcrumb"},"inLanguage":"en-GB","potentialAction":[{"@type":"ReadAction","target":["https:\/\/www.werecycle.ch\/shop\/recycling-entsorgung\/abfalleimer\/alba-krapf-kehrichtsackhalter-110l\/"]}]},{"@type":"ImageObject","inLanguage":"en-GB","@id":"https:\/\/www.werecycle.ch\/shop\/recycling-entsorgung\/abfalleimer\/alba-krapf-kehrichtsackhalter-110l\/#primaryimage","url":"https:\/\/www.werecycle.ch\/wp-content\/uploads\/2026\/03\/506640.webp","contentUrl":"https:\/\/www.werecycle.ch\/wp-content\/uploads\/2026\/03\/506640.webp","width":1200,"height":1200},{"@type":"BreadcrumbList","@id":"https:\/\/www.werecycle.ch\/shop\/recycling-entsorgung\/abfalleimer\/alba-krapf-kehrichtsackhalter-110l\/#breadcrumb","itemListElement":[{"@type":"ListItem","position":1,"name":"Startseite","item":"https:\/\/www.werecycle.ch\/"},{"@type":"ListItem","position":2,"name":"Shop","item":"https:\/\/www.werecycle.ch\/de\/shop\/"},{"@type":"ListItem","position":3,"name":"ALBA KRAPF Kehrichtsackhalter 110l"}]},{"@type":"WebSite","@id":"https:\/\/www.werecycle.ch\/de\/#website","url":"https:\/\/www.werecycle.ch\/de\/","name":"WeRecycle.ch | Recycling Services AG","description":"","publisher":{"@id":"https:\/\/www.werecycle.ch\/de\/#organization"},"potentialAction":[{"@type":"SearchAction","target":{"@type":"EntryPoint","urlTemplate":"https:\/\/www.werecycle.ch\/de\/?s={search_term_string}"},"query-input":{"@type":"PropertyValueSpecification","valueRequired":true,"valueName":"search_term_string"}}],"inLanguage":"en-GB"},{"@type":"Organization","@id":"https:\/\/www.werecycle.ch\/de\/#organization","name":"WeRecycle.ch | Recycling Services AG","url":"https:\/\/www.werecycle.ch\/de\/","logo":{"@type":"ImageObject","inLanguage":"en-GB","@id":"https:\/\/www.werecycle.ch\/de\/#\/schema\/logo\/image\/","url":"https:\/\/www.werecycle.ch\/wp-content\/uploads\/2022\/09\/logo_werecycle.webp","contentUrl":"https:\/\/www.werecycle.ch\/wp-content\/uploads\/2022\/09\/logo_werecycle.webp","width":1423,"height":427,"caption":"WeRecycle.ch | Recycling Services AG"},"image":{"@id":"https:\/\/www.werecycle.ch\/de\/#\/schema\/logo\/image\/"},"sameAs":["https:\/\/www.facebook.com\/www.werecycle.ch"]}]}},"tiered_pricing_type":"fixed","tiered_pricing_fixed_rules":[],"tiered_pricing_product_settings":{"layout":"default","base_unit_name":{"singular":null,"plural":null},"default_variation":null},"tiered_pricing_minimum_quantity":null,"tiered_pricing_roles_data":[],"tiered_pricing_percentage_rules":[],"_links":{"self":[{"href":"https:\/\/www.werecycle.ch\/en\/wp-json\/wp\/v2\/product\/53697","targetHints":{"allow":["GET"]}}],"collection":[{"href":"https:\/\/www.werecycle.ch\/en\/wp-json\/wp\/v2\/product"}],"about":[{"href":"https:\/\/www.werecycle.ch\/en\/wp-json\/wp\/v2\/types\/product"}],"wp:featuredmedia":[{"embeddable":true,"href":"https:\/\/www.werecycle.ch\/en\/wp-json\/wp\/v2\/media\/53701"}],"wp:attachment":[{"href":"https:\/\/www.werecycle.ch\/en\/wp-json\/wp\/v2\/media?parent=53697"}],"wp:term":[{"taxonomy":"product_brand","embeddable":true,"href":"https:\/\/www.werecycle.ch\/en\/wp-json\/wp\/v2\/product_brand?post=53697"},{"taxonomy":"product_cat","embeddable":true,"href":"https:\/\/www.werecycle.ch\/en\/wp-json\/wp\/v2\/product_cat?post=53697"},{"taxonomy":"product_tag","embeddable":true,"href":"https:\/\/www.werecycle.ch\/en\/wp-json\/wp\/v2\/product_tag?post=53697"}],"curies":[{"name":"wp","href":"https:\/\/api.w.org\/{rel}","templated":true}]}}