{"id":3635,"date":"2022-11-02T15:53:23","date_gmt":"2022-11-02T14:53:23","guid":{"rendered":"https:\/\/www.werecycle.ch\/?post_type=product&#038;p=3635"},"modified":"2025-09-16T08:04:51","modified_gmt":"2025-09-16T07:04:51","slug":"nikin-headband-knitted-fleece","status":"publish","type":"product","link":"https:\/\/www.werecycle.ch\/en\/shop\/bekleidung\/mode-accessoires\/nikin-headband-knitted-fleece\/","title":{"rendered":"NIKIN Headband Knitted Fleece"},"content":{"rendered":"<div class=\"accordion__section js-accordion-section is-active\">\n<div class=\"accordion__body js-accordion-body\">\n<div class=\"accordion__section js-accordion-section is-active\">\n<div class=\"accordion__body js-accordion-body\">\n<p>Keine Lust auf kalte Ohren? Das NIKIN Headband Knitted Fleece sorgt f\u00fcr ein wohliges W\u00e4rmegef\u00fchl an Stirn und Ohren. Betreibst du gerne Schneesport, dann eignet sich das Stirnband bestens f\u00fcr unter den Helm, sodass du auch im Schnee nicht frieren musst. F\u00fcr unsere Headbands verwenden wir Polylana\u00ae, das unter anderem aus recycelten PET-Chips hergestellt wird, und so ein ressourcen-sparendes Material ist. Dieser positive Effekt macht uns sehr stolz.<\/p>\n<\/div>\n<\/div>\n<\/div>\n<\/div>\n<h4>Material<\/h4>\n<ul>\n<li>30% Polylana\u00ae*<\/li>\n<li>20% Baumwolle<\/li>\n<li>50% Acrylic<\/li>\n<\/ul>\n<p>*Das Material Polylana\u00ae ist eine nachhaltige Alternative zu Acryl. Es verbraucht weniger Wasser, CO\u2082 sowie Energie und produziert au\u00dferdem weniger Abfall.<\/p>\n<p>&nbsp;<\/p>\n<h4>Masse<\/h4>\n<ul>\n<li>H\u00f6he: ca. 10cm<\/li>\n<li>Umfang ca. 44-52cm<\/li>\n<\/ul>\n<p>&nbsp;<\/p>\n<h4>Pflegehinweis<\/h4>\n<ul>\n<li>Handw\u00e4sche<\/li>\n<li>Liegend trocknen<\/li>\n<\/ul>\n<p>&nbsp;<\/p>\n<h4>Herstellung<\/h4>\n<ul>\n<li>Fair hergestellt in Europa<\/li>\n<\/ul>","protected":false},"excerpt":{"rendered":"<p data-handle=\"treebottle-sleeve\">Keine Lust auf kalte Ohren? Das Headband Knitted Fleece sorgt f\u00fcr ein wohliges W\u00e4rmegef\u00fchl an Stirn und Ohren.<\/p>","protected":false},"featured_media":13382,"template":"","meta":{"ocean_post_layout":"","ocean_both_sidebars_style":"","ocean_both_sidebars_content_width":0,"ocean_both_sidebars_sidebars_width":0,"ocean_sidebar":"0","ocean_second_sidebar":"0","ocean_disable_margins":"enable","ocean_add_body_class":"","ocean_shortcode_before_top_bar":"","ocean_shortcode_after_top_bar":"","ocean_shortcode_before_header":"","ocean_shortcode_after_header":"","ocean_has_shortcode":"","ocean_shortcode_after_title":"","ocean_shortcode_before_footer_widgets":"","ocean_shortcode_after_footer_widgets":"","ocean_shortcode_before_footer_bottom":"","ocean_shortcode_after_footer_bottom":"","ocean_display_top_bar":"default","ocean_display_header":"default","ocean_header_style":"","ocean_center_header_left_menu":"0","ocean_custom_header_template":"0","ocean_custom_logo":0,"ocean_custom_retina_logo":0,"ocean_custom_logo_max_width":0,"ocean_custom_logo_tablet_max_width":0,"ocean_custom_logo_mobile_max_width":0,"ocean_custom_logo_max_height":0,"ocean_custom_logo_tablet_max_height":0,"ocean_custom_logo_mobile_max_height":0,"ocean_header_custom_menu":"0","ocean_menu_typo_font_family":"0","ocean_menu_typo_font_subset":"","ocean_menu_typo_font_size":0,"ocean_menu_typo_font_size_tablet":0,"ocean_menu_typo_font_size_mobile":0,"ocean_menu_typo_font_size_unit":"px","ocean_menu_typo_font_weight":"","ocean_menu_typo_font_weight_tablet":"","ocean_menu_typo_font_weight_mobile":"","ocean_menu_typo_transform":"","ocean_menu_typo_transform_tablet":"","ocean_menu_typo_transform_mobile":"","ocean_menu_typo_line_height":0,"ocean_menu_typo_line_height_tablet":0,"ocean_menu_typo_line_height_mobile":0,"ocean_menu_typo_line_height_unit":"","ocean_menu_typo_spacing":0,"ocean_menu_typo_spacing_tablet":0,"ocean_menu_typo_spacing_mobile":0,"ocean_menu_typo_spacing_unit":"","ocean_menu_link_color":"","ocean_menu_link_color_hover":"","ocean_menu_link_color_active":"","ocean_menu_link_background":"","ocean_menu_link_hover_background":"","ocean_menu_link_active_background":"","ocean_menu_social_links_bg":"","ocean_menu_social_hover_links_bg":"","ocean_menu_social_links_color":"","ocean_menu_social_hover_links_color":"","ocean_disable_title":"default","ocean_disable_heading":"default","ocean_post_title":"","ocean_post_subheading":"","ocean_post_title_style":"","ocean_post_title_background_color":"","ocean_post_title_background":0,"ocean_post_title_bg_image_position":"","ocean_post_title_bg_image_attachment":"","ocean_post_title_bg_image_repeat":"","ocean_post_title_bg_image_size":"","ocean_post_title_height":0,"ocean_post_title_bg_overlay":0.5,"ocean_post_title_bg_overlay_color":"","ocean_disable_breadcrumbs":"default","ocean_breadcrumbs_color":"","ocean_breadcrumbs_separator_color":"","ocean_breadcrumbs_links_color":"","ocean_breadcrumbs_links_hover_color":"","ocean_display_footer_widgets":"default","ocean_display_footer_bottom":"default","ocean_custom_footer_template":"0","ofc_meta_disable_footer_callout":"","ofc_meta_callout_button_url":"","ofc_meta_callout_button_txt":"","ofc_meta_callout_text":"","osh_disable_topbar_sticky":"default","osh_disable_header_sticky":"default","osh_sticky_header_style":"default","osh_sticky_header_effect":"","osh_custom_sticky_logo":0,"osh_custom_retina_sticky_logo":0,"osh_custom_sticky_logo_height":0,"osh_background_color":"","osh_links_color":"","osh_links_hover_color":"","osh_links_active_color":"","osh_links_bg_color":"","osh_links_hover_bg_color":"","osh_links_active_bg_color":"","osh_menu_social_links_color":"","osh_menu_social_hover_links_color":""},"product_brand":[2673],"product_cat":[68,89,72],"product_tag":[990,259,1178,1318,191,1395,1179],"class_list":{"0":"post-3635","1":"product","2":"type-product","3":"status-publish","4":"has-post-thumbnail","6":"product_brand-nikin","7":"product_cat-bekleidung","8":"product_cat-geschenke","9":"product_cat-mode-accessoires","10":"product_tag-accessoires","11":"product_tag-headband","12":"product_tag-herbst","13":"product_tag-mode","14":"product_tag-nikin","15":"product_tag-stirnband","16":"product_tag-winter","17":"product_shipping_class-brief","19":"entry","20":"has-media","22":"first","23":"instock","24":"taxable","25":"shipping-taxable","26":"purchasable","27":"product-type-variable","28":"has-default-attributes","29":"col","30":"span_1_of_3","31":"owp-content-center","32":"item-entry","33":"owp-thumbs-layout-horizontal","34":"owp-btn-normal","35":"owp-tabs-layout-horizontal","36":"circle-sale"},"yoast_head":"<!-- This site is optimized with the Yoast SEO plugin v27.5 - https:\/\/yoast.com\/product\/yoast-seo-wordpress\/ -->\n<title>NIKIN Headband Knitted Fleece - WeRecycle.ch | WR Group AG<\/title>\n<meta name=\"description\" content=\"Keine Lust auf kalte Ohren? Das NIKIN Headband Knitted Fleece sorgt f\u00fcr ein wohliges W\u00e4rmegef\u00fchl an Stirn und Ohren. Aus nachhaltigem Polylana hergestellt.\" \/>\n<meta name=\"robots\" content=\"index, follow, max-snippet:-1, max-image-preview:large, max-video-preview:-1\" \/>\n<link rel=\"canonical\" href=\"https:\/\/www.werecycle.ch\/en\/shop\/bekleidung\/mode-accessoires\/nikin-headband-knitted-fleece\/\" \/>\n<meta property=\"og:locale\" content=\"en_GB\" \/>\n<meta property=\"og:type\" content=\"article\" \/>\n<meta property=\"og:title\" content=\"NIKIN Headband Knitted Fleece - WeRecycle.ch | WR Group AG\" \/>\n<meta property=\"og:description\" content=\"Keine Lust auf kalte Ohren? Das NIKIN Headband Knitted Fleece sorgt f\u00fcr ein wohliges W\u00e4rmegef\u00fchl an Stirn und Ohren. Aus nachhaltigem Polylana hergestellt.\" \/>\n<meta property=\"og:url\" content=\"https:\/\/www.werecycle.ch\/en\/shop\/bekleidung\/mode-accessoires\/nikin-headband-knitted-fleece\/\" \/>\n<meta property=\"og:site_name\" content=\"WeRecycle.ch | WR Group AG\" \/>\n<meta property=\"article:publisher\" content=\"https:\/\/www.facebook.com\/www.werecycle.ch\" \/>\n<meta property=\"article:modified_time\" content=\"2025-09-16T07:04:51+00:00\" \/>\n<meta property=\"og:image\" content=\"https:\/\/www.werecycle.ch\/wp-content\/uploads\/2023\/10\/334781.webp\" \/>\n\t<meta property=\"og:image:width\" content=\"800\" \/>\n\t<meta property=\"og:image:height\" content=\"800\" \/>\n\t<meta property=\"og:image:type\" content=\"image\/webp\" \/>\n<meta name=\"twitter:card\" content=\"summary_large_image\" \/>\n<script type=\"application\/ld+json\" class=\"yoast-schema-graph\">{\"@context\":\"https:\\\/\\\/schema.org\",\"@graph\":[{\"@type\":\"WebPage\",\"@id\":\"https:\\\/\\\/www.werecycle.ch\\\/shop\\\/bekleidung\\\/mode-accessoires\\\/nikin-headband-knitted-fleece\\\/\",\"url\":\"https:\\\/\\\/www.werecycle.ch\\\/shop\\\/bekleidung\\\/mode-accessoires\\\/nikin-headband-knitted-fleece\\\/\",\"name\":\"NIKIN Headband Knitted Fleece - WeRecycle.ch | WR Group AG\",\"isPartOf\":{\"@id\":\"https:\\\/\\\/www.werecycle.ch\\\/de\\\/#website\"},\"primaryImageOfPage\":{\"@id\":\"https:\\\/\\\/www.werecycle.ch\\\/shop\\\/bekleidung\\\/mode-accessoires\\\/nikin-headband-knitted-fleece\\\/#primaryimage\"},\"image\":{\"@id\":\"https:\\\/\\\/www.werecycle.ch\\\/shop\\\/bekleidung\\\/mode-accessoires\\\/nikin-headband-knitted-fleece\\\/#primaryimage\"},\"thumbnailUrl\":\"https:\\\/\\\/www.werecycle.ch\\\/wp-content\\\/uploads\\\/2023\\\/10\\\/334781.webp\",\"datePublished\":\"2022-11-02T14:53:23+00:00\",\"dateModified\":\"2025-09-16T07:04:51+00:00\",\"description\":\"Keine Lust auf kalte Ohren? Das NIKIN Headband Knitted Fleece sorgt f\u00fcr ein wohliges W\u00e4rmegef\u00fchl an Stirn und Ohren. Aus nachhaltigem Polylana hergestellt.\",\"breadcrumb\":{\"@id\":\"https:\\\/\\\/www.werecycle.ch\\\/shop\\\/bekleidung\\\/mode-accessoires\\\/nikin-headband-knitted-fleece\\\/#breadcrumb\"},\"inLanguage\":\"en-GB\",\"potentialAction\":[{\"@type\":\"ReadAction\",\"target\":[\"https:\\\/\\\/www.werecycle.ch\\\/shop\\\/bekleidung\\\/mode-accessoires\\\/nikin-headband-knitted-fleece\\\/\"]}]},{\"@type\":\"ImageObject\",\"inLanguage\":\"en-GB\",\"@id\":\"https:\\\/\\\/www.werecycle.ch\\\/shop\\\/bekleidung\\\/mode-accessoires\\\/nikin-headband-knitted-fleece\\\/#primaryimage\",\"url\":\"https:\\\/\\\/www.werecycle.ch\\\/wp-content\\\/uploads\\\/2023\\\/10\\\/334781.webp\",\"contentUrl\":\"https:\\\/\\\/www.werecycle.ch\\\/wp-content\\\/uploads\\\/2023\\\/10\\\/334781.webp\",\"width\":800,\"height\":800},{\"@type\":\"BreadcrumbList\",\"@id\":\"https:\\\/\\\/www.werecycle.ch\\\/shop\\\/bekleidung\\\/mode-accessoires\\\/nikin-headband-knitted-fleece\\\/#breadcrumb\",\"itemListElement\":[{\"@type\":\"ListItem\",\"position\":1,\"name\":\"Startseite\",\"item\":\"https:\\\/\\\/www.werecycle.ch\\\/\"},{\"@type\":\"ListItem\",\"position\":2,\"name\":\"Shop\",\"item\":\"https:\\\/\\\/www.werecycle.ch\\\/de\\\/shop\\\/\"},{\"@type\":\"ListItem\",\"position\":3,\"name\":\"NIKIN Headband Knitted Fleece\"}]},{\"@type\":\"WebSite\",\"@id\":\"https:\\\/\\\/www.werecycle.ch\\\/de\\\/#website\",\"url\":\"https:\\\/\\\/www.werecycle.ch\\\/de\\\/\",\"name\":\"WeRecycle.ch | Recycling Services AG\",\"description\":\"\",\"publisher\":{\"@id\":\"https:\\\/\\\/www.werecycle.ch\\\/de\\\/#organization\"},\"potentialAction\":[{\"@type\":\"SearchAction\",\"target\":{\"@type\":\"EntryPoint\",\"urlTemplate\":\"https:\\\/\\\/www.werecycle.ch\\\/de\\\/?s={search_term_string}\"},\"query-input\":{\"@type\":\"PropertyValueSpecification\",\"valueRequired\":true,\"valueName\":\"search_term_string\"}}],\"inLanguage\":\"en-GB\"},{\"@type\":\"Organization\",\"@id\":\"https:\\\/\\\/www.werecycle.ch\\\/de\\\/#organization\",\"name\":\"WeRecycle.ch | Recycling Services AG\",\"url\":\"https:\\\/\\\/www.werecycle.ch\\\/de\\\/\",\"logo\":{\"@type\":\"ImageObject\",\"inLanguage\":\"en-GB\",\"@id\":\"https:\\\/\\\/www.werecycle.ch\\\/de\\\/#\\\/schema\\\/logo\\\/image\\\/\",\"url\":\"https:\\\/\\\/www.werecycle.ch\\\/wp-content\\\/uploads\\\/2022\\\/09\\\/logo_werecycle.webp\",\"contentUrl\":\"https:\\\/\\\/www.werecycle.ch\\\/wp-content\\\/uploads\\\/2022\\\/09\\\/logo_werecycle.webp\",\"width\":1423,\"height\":427,\"caption\":\"WeRecycle.ch | Recycling Services AG\"},\"image\":{\"@id\":\"https:\\\/\\\/www.werecycle.ch\\\/de\\\/#\\\/schema\\\/logo\\\/image\\\/\"},\"sameAs\":[\"https:\\\/\\\/www.facebook.com\\\/www.werecycle.ch\"]}]}<\/script>\n<!-- \/ Yoast SEO plugin. -->","yoast_head_json":{"title":"NIKIN Headband Knitted Fleece - WeRecycle.ch | WR Group AG","description":"Keine Lust auf kalte Ohren? Das NIKIN Headband Knitted Fleece sorgt f\u00fcr ein wohliges W\u00e4rmegef\u00fchl an Stirn und Ohren. Aus nachhaltigem Polylana hergestellt.","robots":{"index":"index","follow":"follow","max-snippet":"max-snippet:-1","max-image-preview":"max-image-preview:large","max-video-preview":"max-video-preview:-1"},"canonical":"https:\/\/www.werecycle.ch\/en\/shop\/bekleidung\/mode-accessoires\/nikin-headband-knitted-fleece\/","og_locale":"en_GB","og_type":"article","og_title":"NIKIN Headband Knitted Fleece - WeRecycle.ch | WR Group AG","og_description":"Keine Lust auf kalte Ohren? Das NIKIN Headband Knitted Fleece sorgt f\u00fcr ein wohliges W\u00e4rmegef\u00fchl an Stirn und Ohren. Aus nachhaltigem Polylana hergestellt.","og_url":"https:\/\/www.werecycle.ch\/en\/shop\/bekleidung\/mode-accessoires\/nikin-headband-knitted-fleece\/","og_site_name":"WeRecycle.ch | WR Group AG","article_publisher":"https:\/\/www.facebook.com\/www.werecycle.ch","article_modified_time":"2025-09-16T07:04:51+00:00","og_image":[{"width":800,"height":800,"url":"https:\/\/www.werecycle.ch\/wp-content\/uploads\/2023\/10\/334781.webp","type":"image\/webp"}],"twitter_card":"summary_large_image","schema":{"@context":"https:\/\/schema.org","@graph":[{"@type":"WebPage","@id":"https:\/\/www.werecycle.ch\/shop\/bekleidung\/mode-accessoires\/nikin-headband-knitted-fleece\/","url":"https:\/\/www.werecycle.ch\/shop\/bekleidung\/mode-accessoires\/nikin-headband-knitted-fleece\/","name":"NIKIN Headband Knitted Fleece - WeRecycle.ch | WR Group AG","isPartOf":{"@id":"https:\/\/www.werecycle.ch\/de\/#website"},"primaryImageOfPage":{"@id":"https:\/\/www.werecycle.ch\/shop\/bekleidung\/mode-accessoires\/nikin-headband-knitted-fleece\/#primaryimage"},"image":{"@id":"https:\/\/www.werecycle.ch\/shop\/bekleidung\/mode-accessoires\/nikin-headband-knitted-fleece\/#primaryimage"},"thumbnailUrl":"https:\/\/www.werecycle.ch\/wp-content\/uploads\/2023\/10\/334781.webp","datePublished":"2022-11-02T14:53:23+00:00","dateModified":"2025-09-16T07:04:51+00:00","description":"Keine Lust auf kalte Ohren? Das NIKIN Headband Knitted Fleece sorgt f\u00fcr ein wohliges W\u00e4rmegef\u00fchl an Stirn und Ohren. Aus nachhaltigem Polylana hergestellt.","breadcrumb":{"@id":"https:\/\/www.werecycle.ch\/shop\/bekleidung\/mode-accessoires\/nikin-headband-knitted-fleece\/#breadcrumb"},"inLanguage":"en-GB","potentialAction":[{"@type":"ReadAction","target":["https:\/\/www.werecycle.ch\/shop\/bekleidung\/mode-accessoires\/nikin-headband-knitted-fleece\/"]}]},{"@type":"ImageObject","inLanguage":"en-GB","@id":"https:\/\/www.werecycle.ch\/shop\/bekleidung\/mode-accessoires\/nikin-headband-knitted-fleece\/#primaryimage","url":"https:\/\/www.werecycle.ch\/wp-content\/uploads\/2023\/10\/334781.webp","contentUrl":"https:\/\/www.werecycle.ch\/wp-content\/uploads\/2023\/10\/334781.webp","width":800,"height":800},{"@type":"BreadcrumbList","@id":"https:\/\/www.werecycle.ch\/shop\/bekleidung\/mode-accessoires\/nikin-headband-knitted-fleece\/#breadcrumb","itemListElement":[{"@type":"ListItem","position":1,"name":"Startseite","item":"https:\/\/www.werecycle.ch\/"},{"@type":"ListItem","position":2,"name":"Shop","item":"https:\/\/www.werecycle.ch\/de\/shop\/"},{"@type":"ListItem","position":3,"name":"NIKIN Headband Knitted Fleece"}]},{"@type":"WebSite","@id":"https:\/\/www.werecycle.ch\/de\/#website","url":"https:\/\/www.werecycle.ch\/de\/","name":"WeRecycle.ch | Recycling Services AG","description":"","publisher":{"@id":"https:\/\/www.werecycle.ch\/de\/#organization"},"potentialAction":[{"@type":"SearchAction","target":{"@type":"EntryPoint","urlTemplate":"https:\/\/www.werecycle.ch\/de\/?s={search_term_string}"},"query-input":{"@type":"PropertyValueSpecification","valueRequired":true,"valueName":"search_term_string"}}],"inLanguage":"en-GB"},{"@type":"Organization","@id":"https:\/\/www.werecycle.ch\/de\/#organization","name":"WeRecycle.ch | Recycling Services AG","url":"https:\/\/www.werecycle.ch\/de\/","logo":{"@type":"ImageObject","inLanguage":"en-GB","@id":"https:\/\/www.werecycle.ch\/de\/#\/schema\/logo\/image\/","url":"https:\/\/www.werecycle.ch\/wp-content\/uploads\/2022\/09\/logo_werecycle.webp","contentUrl":"https:\/\/www.werecycle.ch\/wp-content\/uploads\/2022\/09\/logo_werecycle.webp","width":1423,"height":427,"caption":"WeRecycle.ch | Recycling Services AG"},"image":{"@id":"https:\/\/www.werecycle.ch\/de\/#\/schema\/logo\/image\/"},"sameAs":["https:\/\/www.facebook.com\/www.werecycle.ch"]}]}},"tiered_pricing_type":"fixed","tiered_pricing_fixed_rules":[],"tiered_pricing_product_settings":{"layout":"default","base_unit_name":{"singular":null,"plural":null},"default_variation":null},"tiered_pricing_minimum_quantity":null,"tiered_pricing_roles_data":[],"tiered_pricing_percentage_rules":[],"_links":{"self":[{"href":"https:\/\/www.werecycle.ch\/en\/wp-json\/wp\/v2\/product\/3635","targetHints":{"allow":["GET"]}}],"collection":[{"href":"https:\/\/www.werecycle.ch\/en\/wp-json\/wp\/v2\/product"}],"about":[{"href":"https:\/\/www.werecycle.ch\/en\/wp-json\/wp\/v2\/types\/product"}],"wp:featuredmedia":[{"embeddable":true,"href":"https:\/\/www.werecycle.ch\/en\/wp-json\/wp\/v2\/media\/13382"}],"wp:attachment":[{"href":"https:\/\/www.werecycle.ch\/en\/wp-json\/wp\/v2\/media?parent=3635"}],"wp:term":[{"taxonomy":"product_brand","embeddable":true,"href":"https:\/\/www.werecycle.ch\/en\/wp-json\/wp\/v2\/product_brand?post=3635"},{"taxonomy":"product_cat","embeddable":true,"href":"https:\/\/www.werecycle.ch\/en\/wp-json\/wp\/v2\/product_cat?post=3635"},{"taxonomy":"product_tag","embeddable":true,"href":"https:\/\/www.werecycle.ch\/en\/wp-json\/wp\/v2\/product_tag?post=3635"}],"curies":[{"name":"wp","href":"https:\/\/api.w.org\/{rel}","templated":true}]}}