{"id":27161,"date":"2025-03-21T14:38:07","date_gmt":"2025-03-21T13:38:07","guid":{"rendered":"https:\/\/www.werecycle.ch\/?post_type=product&#038;p=27161"},"modified":"2025-05-21T14:59:59","modified_gmt":"2025-05-21T13:59:59","slug":"bekos-upcycling-flaschentraeger-fisch-blau-gruen","status":"publish","type":"product","link":"https:\/\/www.werecycle.ch\/en\/shop\/bekleidung\/taschen-rucksaecke\/bekos-upcycling-flaschentraeger-fisch-blau-gruen\/","title":{"rendered":"Upcycling Flaschentr\u00e4ger Fisch Blau \/ Gr\u00fcn"},"content":{"rendered":"<p>Dieser sehr strapazierf\u00e4higer Flaschentr\u00e4ger aus recycelten Zements\u00e4cke bietet Platz f\u00fcr 6 Flaschen oder Dosen bis zu 1,5 Liter. Mit dieser Tasche lassen sich die Flaschen viel sicherer transportieren, als in den Verkaufs \u2013 Verpackungen mit den teils instabilen und unangenehmen Traglaschen.<\/p>\n<p>Durch die hochwertige Verarbeitung der N\u00e4hte, sowie den verst\u00e4rkten Tr\u00e4gern ist dieser Flaschentr\u00e4ger sehr belastbar. Die Einteilung ist mit sehr starken Klettverschl\u00fcssen an den Seitenw\u00e4nden fixiert. Diese kann bei Bedarf problemlos rausgenommen werden und schon hast Du eine praktische Einkaufstasche f\u00fcr kleinere Eink\u00e4ufe.<\/p>\n<p>Innen ist zus\u00e4tzlich ein wasserfester schwarzer Stoff eingen\u00e4ht, sollte mal irgendwas auslaufen, l\u00e4sst es sich ganz leicht wieder reinigen.<\/p>\n<p>&nbsp;<\/p>\n<ul>\n<li>Geeignet f\u00fcr 6 Flaschen oder Dosen bis 1,5 Liter<\/li>\n<li>30 cm Tragegriff mit roher Baumwolle verst\u00e4rkt<\/li>\n<li>wasserdicht und strapazierf\u00e4hig<\/li>\n<li>Hergestellt aus alten Zements\u00e4cken in Kambodscha<\/li>\n<li>FairTrade zertifiziert<\/li>\n<li>Gr\u00f6sse: 30 x 20 x 27 cm<\/li>\n<\/ul>\n<p>&nbsp;<\/p>\n<p>Das recycelte Material aus Zements\u00e4cke ist sehr\u00a0strapazierf\u00e4hig und wasserabweisend. Die aufgedruckten Farben von den S\u00e4cken zeigen, je nach Verwendung, mit der Zeit Abn\u00fctzungen. Dabei handelt es sich um normale Gebrauchsspuren und sind kein M\u00e4ngelgrund. Jedes Produkt ist handgemacht und somit\u00a0ein Unikat. Die Optik und Beschaffenheit des Materials k\u00f6nnen daher etwas variieren.<\/p>","protected":false},"excerpt":{"rendered":"<p>Schicke und stabile Upcycling Einkaufstasche f\u00fcr Getr\u00e4nkeflaschen der Marke Bekos aus recycelten Zements\u00e4cken.<br \/>\nWasserdicht, langlebig und jedes St\u00fcck ein Unikat.<\/p>","protected":false},"featured_media":27165,"template":"","meta":{"ocean_post_layout":"","ocean_both_sidebars_style":"","ocean_both_sidebars_content_width":0,"ocean_both_sidebars_sidebars_width":0,"ocean_sidebar":"0","ocean_second_sidebar":"0","ocean_disable_margins":"enable","ocean_add_body_class":"","ocean_shortcode_before_top_bar":"","ocean_shortcode_after_top_bar":"","ocean_shortcode_before_header":"","ocean_shortcode_after_header":"","ocean_has_shortcode":"","ocean_shortcode_after_title":"","ocean_shortcode_before_footer_widgets":"","ocean_shortcode_after_footer_widgets":"","ocean_shortcode_before_footer_bottom":"","ocean_shortcode_after_footer_bottom":"","ocean_display_top_bar":"default","ocean_display_header":"default","ocean_header_style":"","ocean_center_header_left_menu":"0","ocean_custom_header_template":"0","ocean_custom_logo":0,"ocean_custom_retina_logo":0,"ocean_custom_logo_max_width":0,"ocean_custom_logo_tablet_max_width":0,"ocean_custom_logo_mobile_max_width":0,"ocean_custom_logo_max_height":0,"ocean_custom_logo_tablet_max_height":0,"ocean_custom_logo_mobile_max_height":0,"ocean_header_custom_menu":"0","ocean_menu_typo_font_family":"0","ocean_menu_typo_font_subset":"","ocean_menu_typo_font_size":0,"ocean_menu_typo_font_size_tablet":0,"ocean_menu_typo_font_size_mobile":0,"ocean_menu_typo_font_size_unit":"px","ocean_menu_typo_font_weight":"","ocean_menu_typo_font_weight_tablet":"","ocean_menu_typo_font_weight_mobile":"","ocean_menu_typo_transform":"","ocean_menu_typo_transform_tablet":"","ocean_menu_typo_transform_mobile":"","ocean_menu_typo_line_height":0,"ocean_menu_typo_line_height_tablet":0,"ocean_menu_typo_line_height_mobile":0,"ocean_menu_typo_line_height_unit":"","ocean_menu_typo_spacing":0,"ocean_menu_typo_spacing_tablet":0,"ocean_menu_typo_spacing_mobile":0,"ocean_menu_typo_spacing_unit":"","ocean_menu_link_color":"","ocean_menu_link_color_hover":"","ocean_menu_link_color_active":"","ocean_menu_link_background":"","ocean_menu_link_hover_background":"","ocean_menu_link_active_background":"","ocean_menu_social_links_bg":"","ocean_menu_social_hover_links_bg":"","ocean_menu_social_links_color":"","ocean_menu_social_hover_links_color":"","ocean_disable_title":"default","ocean_disable_heading":"default","ocean_post_title":"","ocean_post_subheading":"","ocean_post_title_style":"","ocean_post_title_background_color":"","ocean_post_title_background":0,"ocean_post_title_bg_image_position":"","ocean_post_title_bg_image_attachment":"","ocean_post_title_bg_image_repeat":"","ocean_post_title_bg_image_size":"","ocean_post_title_height":0,"ocean_post_title_bg_overlay":0.5,"ocean_post_title_bg_overlay_color":"","ocean_disable_breadcrumbs":"default","ocean_breadcrumbs_color":"","ocean_breadcrumbs_separator_color":"","ocean_breadcrumbs_links_color":"","ocean_breadcrumbs_links_hover_color":"","ocean_display_footer_widgets":"default","ocean_display_footer_bottom":"default","ocean_custom_footer_template":"0","ofc_meta_disable_footer_callout":"","ofc_meta_callout_button_url":"","ofc_meta_callout_button_txt":"","ofc_meta_callout_text":"","osh_disable_topbar_sticky":"default","osh_disable_header_sticky":"default","osh_sticky_header_style":"default","osh_sticky_header_effect":"","osh_custom_sticky_logo":0,"osh_custom_retina_sticky_logo":0,"osh_custom_sticky_logo_height":0,"osh_background_color":"","osh_links_color":"","osh_links_hover_color":"","osh_links_active_color":"","osh_links_bg_color":"","osh_links_hover_bg_color":"","osh_links_active_bg_color":"","osh_menu_social_links_color":"","osh_menu_social_hover_links_color":""},"product_brand":[2568],"product_cat":[71],"product_tag":[1054,820,359,1052,1059,1058,1053,1057,1056],"class_list":{"0":"post-27161","1":"product","2":"type-product","3":"status-publish","4":"has-post-thumbnail","6":"product_brand-bekos","7":"product_cat-taschen-rucksaecke","8":"product_tag-bekos","9":"product_tag-einkauf","10":"product_tag-einkaufstasche","11":"product_tag-fairtrade","12":"product_tag-flaschen","13":"product_tag-flaschentraeger","14":"product_tag-kambodscha","15":"product_tag-upcycling","16":"product_tag-zementsack","17":"product_shipping_class-paket","19":"entry","20":"has-media","22":"first","23":"instock","24":"taxable","25":"shipping-taxable","26":"purchasable","27":"product-type-simple","28":"col","29":"span_1_of_3","30":"owp-content-center","31":"item-entry","32":"owp-thumbs-layout-horizontal","33":"owp-btn-normal","34":"owp-tabs-layout-horizontal","35":"circle-sale"},"yoast_head":"<!-- This site is optimized with the Yoast SEO plugin v27.5 - https:\/\/yoast.com\/product\/yoast-seo-wordpress\/ -->\n<title>Upcycling Flaschentr\u00e4ger Fisch Blau \/ Gr\u00fcn - WeRecycle.ch | WR Group AG<\/title>\n<meta name=\"description\" content=\"Extrem stabile Einkaufstasche f\u00fcr Getr\u00e4nkeflaschen der Marke Bekos aus recycelten Zements\u00e4cken. Wasserdicht, langlebig und jedes St\u00fcck ein Unikat.\" \/>\n<meta name=\"robots\" content=\"index, follow, max-snippet:-1, max-image-preview:large, max-video-preview:-1\" \/>\n<link rel=\"canonical\" href=\"https:\/\/www.werecycle.ch\/en\/shop\/bekleidung\/taschen-rucksaecke\/bekos-upcycling-flaschentraeger-fisch-blau-gruen\/\" \/>\n<meta property=\"og:locale\" content=\"en_GB\" \/>\n<meta property=\"og:type\" content=\"article\" \/>\n<meta property=\"og:title\" content=\"Upcycling Flaschentr\u00e4ger Fisch Blau \/ Gr\u00fcn - WeRecycle.ch | WR Group AG\" \/>\n<meta property=\"og:description\" content=\"Extrem stabile Einkaufstasche f\u00fcr Getr\u00e4nkeflaschen der Marke Bekos aus recycelten Zements\u00e4cken. Wasserdicht, langlebig und jedes St\u00fcck ein Unikat.\" \/>\n<meta property=\"og:url\" content=\"https:\/\/www.werecycle.ch\/en\/shop\/bekleidung\/taschen-rucksaecke\/bekos-upcycling-flaschentraeger-fisch-blau-gruen\/\" \/>\n<meta property=\"og:site_name\" content=\"WeRecycle.ch | WR Group AG\" \/>\n<meta property=\"article:publisher\" content=\"https:\/\/www.facebook.com\/www.werecycle.ch\" \/>\n<meta property=\"article:modified_time\" content=\"2025-05-21T13:59:59+00:00\" \/>\n<meta property=\"og:image\" content=\"https:\/\/www.werecycle.ch\/wp-content\/uploads\/2025\/05\/190275.webp\" \/>\n\t<meta property=\"og:image:width\" content=\"800\" \/>\n\t<meta property=\"og:image:height\" content=\"800\" \/>\n\t<meta property=\"og:image:type\" content=\"image\/webp\" \/>\n<meta name=\"twitter:card\" content=\"summary_large_image\" \/>\n<script type=\"application\/ld+json\" class=\"yoast-schema-graph\">{\"@context\":\"https:\\\/\\\/schema.org\",\"@graph\":[{\"@type\":\"WebPage\",\"@id\":\"https:\\\/\\\/www.werecycle.ch\\\/shop\\\/bekleidung\\\/taschen-rucksaecke\\\/bekos-upcycling-flaschentraeger-fisch-blau-gruen\\\/\",\"url\":\"https:\\\/\\\/www.werecycle.ch\\\/shop\\\/bekleidung\\\/taschen-rucksaecke\\\/bekos-upcycling-flaschentraeger-fisch-blau-gruen\\\/\",\"name\":\"Upcycling Flaschentr\u00e4ger Fisch Blau \\\/ Gr\u00fcn - WeRecycle.ch | WR Group AG\",\"isPartOf\":{\"@id\":\"https:\\\/\\\/www.werecycle.ch\\\/de\\\/#website\"},\"primaryImageOfPage\":{\"@id\":\"https:\\\/\\\/www.werecycle.ch\\\/shop\\\/bekleidung\\\/taschen-rucksaecke\\\/bekos-upcycling-flaschentraeger-fisch-blau-gruen\\\/#primaryimage\"},\"image\":{\"@id\":\"https:\\\/\\\/www.werecycle.ch\\\/shop\\\/bekleidung\\\/taschen-rucksaecke\\\/bekos-upcycling-flaschentraeger-fisch-blau-gruen\\\/#primaryimage\"},\"thumbnailUrl\":\"https:\\\/\\\/www.werecycle.ch\\\/wp-content\\\/uploads\\\/2025\\\/05\\\/190275.webp\",\"datePublished\":\"2025-03-21T13:38:07+00:00\",\"dateModified\":\"2025-05-21T13:59:59+00:00\",\"description\":\"Extrem stabile Einkaufstasche f\u00fcr Getr\u00e4nkeflaschen der Marke Bekos aus recycelten Zements\u00e4cken. Wasserdicht, langlebig und jedes St\u00fcck ein Unikat.\",\"breadcrumb\":{\"@id\":\"https:\\\/\\\/www.werecycle.ch\\\/shop\\\/bekleidung\\\/taschen-rucksaecke\\\/bekos-upcycling-flaschentraeger-fisch-blau-gruen\\\/#breadcrumb\"},\"inLanguage\":\"en-GB\",\"potentialAction\":[{\"@type\":\"ReadAction\",\"target\":[\"https:\\\/\\\/www.werecycle.ch\\\/shop\\\/bekleidung\\\/taschen-rucksaecke\\\/bekos-upcycling-flaschentraeger-fisch-blau-gruen\\\/\"]}]},{\"@type\":\"ImageObject\",\"inLanguage\":\"en-GB\",\"@id\":\"https:\\\/\\\/www.werecycle.ch\\\/shop\\\/bekleidung\\\/taschen-rucksaecke\\\/bekos-upcycling-flaschentraeger-fisch-blau-gruen\\\/#primaryimage\",\"url\":\"https:\\\/\\\/www.werecycle.ch\\\/wp-content\\\/uploads\\\/2025\\\/05\\\/190275.webp\",\"contentUrl\":\"https:\\\/\\\/www.werecycle.ch\\\/wp-content\\\/uploads\\\/2025\\\/05\\\/190275.webp\",\"width\":800,\"height\":800},{\"@type\":\"BreadcrumbList\",\"@id\":\"https:\\\/\\\/www.werecycle.ch\\\/shop\\\/bekleidung\\\/taschen-rucksaecke\\\/bekos-upcycling-flaschentraeger-fisch-blau-gruen\\\/#breadcrumb\",\"itemListElement\":[{\"@type\":\"ListItem\",\"position\":1,\"name\":\"Startseite\",\"item\":\"https:\\\/\\\/www.werecycle.ch\\\/\"},{\"@type\":\"ListItem\",\"position\":2,\"name\":\"Shop\",\"item\":\"https:\\\/\\\/www.werecycle.ch\\\/de\\\/shop\\\/\"},{\"@type\":\"ListItem\",\"position\":3,\"name\":\"Upcycling Flaschentr\u00e4ger Fisch Blau \\\/ Gr\u00fcn\"}]},{\"@type\":\"WebSite\",\"@id\":\"https:\\\/\\\/www.werecycle.ch\\\/de\\\/#website\",\"url\":\"https:\\\/\\\/www.werecycle.ch\\\/de\\\/\",\"name\":\"WeRecycle.ch | Recycling Services AG\",\"description\":\"\",\"publisher\":{\"@id\":\"https:\\\/\\\/www.werecycle.ch\\\/de\\\/#organization\"},\"potentialAction\":[{\"@type\":\"SearchAction\",\"target\":{\"@type\":\"EntryPoint\",\"urlTemplate\":\"https:\\\/\\\/www.werecycle.ch\\\/de\\\/?s={search_term_string}\"},\"query-input\":{\"@type\":\"PropertyValueSpecification\",\"valueRequired\":true,\"valueName\":\"search_term_string\"}}],\"inLanguage\":\"en-GB\"},{\"@type\":\"Organization\",\"@id\":\"https:\\\/\\\/www.werecycle.ch\\\/de\\\/#organization\",\"name\":\"WeRecycle.ch | Recycling Services AG\",\"url\":\"https:\\\/\\\/www.werecycle.ch\\\/de\\\/\",\"logo\":{\"@type\":\"ImageObject\",\"inLanguage\":\"en-GB\",\"@id\":\"https:\\\/\\\/www.werecycle.ch\\\/de\\\/#\\\/schema\\\/logo\\\/image\\\/\",\"url\":\"https:\\\/\\\/www.werecycle.ch\\\/wp-content\\\/uploads\\\/2022\\\/09\\\/logo_werecycle.webp\",\"contentUrl\":\"https:\\\/\\\/www.werecycle.ch\\\/wp-content\\\/uploads\\\/2022\\\/09\\\/logo_werecycle.webp\",\"width\":1423,\"height\":427,\"caption\":\"WeRecycle.ch | Recycling Services AG\"},\"image\":{\"@id\":\"https:\\\/\\\/www.werecycle.ch\\\/de\\\/#\\\/schema\\\/logo\\\/image\\\/\"},\"sameAs\":[\"https:\\\/\\\/www.facebook.com\\\/www.werecycle.ch\"]}]}<\/script>\n<!-- \/ Yoast SEO plugin. -->","yoast_head_json":{"title":"Upcycling Flaschentr\u00e4ger Fisch Blau \/ Gr\u00fcn - WeRecycle.ch | WR Group AG","description":"Extrem stabile Einkaufstasche f\u00fcr Getr\u00e4nkeflaschen der Marke Bekos aus recycelten Zements\u00e4cken. Wasserdicht, langlebig und jedes St\u00fcck ein Unikat.","robots":{"index":"index","follow":"follow","max-snippet":"max-snippet:-1","max-image-preview":"max-image-preview:large","max-video-preview":"max-video-preview:-1"},"canonical":"https:\/\/www.werecycle.ch\/en\/shop\/bekleidung\/taschen-rucksaecke\/bekos-upcycling-flaschentraeger-fisch-blau-gruen\/","og_locale":"en_GB","og_type":"article","og_title":"Upcycling Flaschentr\u00e4ger Fisch Blau \/ Gr\u00fcn - WeRecycle.ch | WR Group AG","og_description":"Extrem stabile Einkaufstasche f\u00fcr Getr\u00e4nkeflaschen der Marke Bekos aus recycelten Zements\u00e4cken. Wasserdicht, langlebig und jedes St\u00fcck ein Unikat.","og_url":"https:\/\/www.werecycle.ch\/en\/shop\/bekleidung\/taschen-rucksaecke\/bekos-upcycling-flaschentraeger-fisch-blau-gruen\/","og_site_name":"WeRecycle.ch | WR Group AG","article_publisher":"https:\/\/www.facebook.com\/www.werecycle.ch","article_modified_time":"2025-05-21T13:59:59+00:00","og_image":[{"width":800,"height":800,"url":"https:\/\/www.werecycle.ch\/wp-content\/uploads\/2025\/05\/190275.webp","type":"image\/webp"}],"twitter_card":"summary_large_image","schema":{"@context":"https:\/\/schema.org","@graph":[{"@type":"WebPage","@id":"https:\/\/www.werecycle.ch\/shop\/bekleidung\/taschen-rucksaecke\/bekos-upcycling-flaschentraeger-fisch-blau-gruen\/","url":"https:\/\/www.werecycle.ch\/shop\/bekleidung\/taschen-rucksaecke\/bekos-upcycling-flaschentraeger-fisch-blau-gruen\/","name":"Upcycling Flaschentr\u00e4ger Fisch Blau \/ Gr\u00fcn - WeRecycle.ch | WR Group AG","isPartOf":{"@id":"https:\/\/www.werecycle.ch\/de\/#website"},"primaryImageOfPage":{"@id":"https:\/\/www.werecycle.ch\/shop\/bekleidung\/taschen-rucksaecke\/bekos-upcycling-flaschentraeger-fisch-blau-gruen\/#primaryimage"},"image":{"@id":"https:\/\/www.werecycle.ch\/shop\/bekleidung\/taschen-rucksaecke\/bekos-upcycling-flaschentraeger-fisch-blau-gruen\/#primaryimage"},"thumbnailUrl":"https:\/\/www.werecycle.ch\/wp-content\/uploads\/2025\/05\/190275.webp","datePublished":"2025-03-21T13:38:07+00:00","dateModified":"2025-05-21T13:59:59+00:00","description":"Extrem stabile Einkaufstasche f\u00fcr Getr\u00e4nkeflaschen der Marke Bekos aus recycelten Zements\u00e4cken. Wasserdicht, langlebig und jedes St\u00fcck ein Unikat.","breadcrumb":{"@id":"https:\/\/www.werecycle.ch\/shop\/bekleidung\/taschen-rucksaecke\/bekos-upcycling-flaschentraeger-fisch-blau-gruen\/#breadcrumb"},"inLanguage":"en-GB","potentialAction":[{"@type":"ReadAction","target":["https:\/\/www.werecycle.ch\/shop\/bekleidung\/taschen-rucksaecke\/bekos-upcycling-flaschentraeger-fisch-blau-gruen\/"]}]},{"@type":"ImageObject","inLanguage":"en-GB","@id":"https:\/\/www.werecycle.ch\/shop\/bekleidung\/taschen-rucksaecke\/bekos-upcycling-flaschentraeger-fisch-blau-gruen\/#primaryimage","url":"https:\/\/www.werecycle.ch\/wp-content\/uploads\/2025\/05\/190275.webp","contentUrl":"https:\/\/www.werecycle.ch\/wp-content\/uploads\/2025\/05\/190275.webp","width":800,"height":800},{"@type":"BreadcrumbList","@id":"https:\/\/www.werecycle.ch\/shop\/bekleidung\/taschen-rucksaecke\/bekos-upcycling-flaschentraeger-fisch-blau-gruen\/#breadcrumb","itemListElement":[{"@type":"ListItem","position":1,"name":"Startseite","item":"https:\/\/www.werecycle.ch\/"},{"@type":"ListItem","position":2,"name":"Shop","item":"https:\/\/www.werecycle.ch\/de\/shop\/"},{"@type":"ListItem","position":3,"name":"Upcycling Flaschentr\u00e4ger Fisch Blau \/ Gr\u00fcn"}]},{"@type":"WebSite","@id":"https:\/\/www.werecycle.ch\/de\/#website","url":"https:\/\/www.werecycle.ch\/de\/","name":"WeRecycle.ch | Recycling Services AG","description":"","publisher":{"@id":"https:\/\/www.werecycle.ch\/de\/#organization"},"potentialAction":[{"@type":"SearchAction","target":{"@type":"EntryPoint","urlTemplate":"https:\/\/www.werecycle.ch\/de\/?s={search_term_string}"},"query-input":{"@type":"PropertyValueSpecification","valueRequired":true,"valueName":"search_term_string"}}],"inLanguage":"en-GB"},{"@type":"Organization","@id":"https:\/\/www.werecycle.ch\/de\/#organization","name":"WeRecycle.ch | Recycling Services AG","url":"https:\/\/www.werecycle.ch\/de\/","logo":{"@type":"ImageObject","inLanguage":"en-GB","@id":"https:\/\/www.werecycle.ch\/de\/#\/schema\/logo\/image\/","url":"https:\/\/www.werecycle.ch\/wp-content\/uploads\/2022\/09\/logo_werecycle.webp","contentUrl":"https:\/\/www.werecycle.ch\/wp-content\/uploads\/2022\/09\/logo_werecycle.webp","width":1423,"height":427,"caption":"WeRecycle.ch | Recycling Services AG"},"image":{"@id":"https:\/\/www.werecycle.ch\/de\/#\/schema\/logo\/image\/"},"sameAs":["https:\/\/www.facebook.com\/www.werecycle.ch"]}]}},"tiered_pricing_type":"fixed","tiered_pricing_fixed_rules":[],"tiered_pricing_product_settings":{"layout":"default","base_unit_name":{"singular":null,"plural":null},"default_variation":null},"tiered_pricing_minimum_quantity":null,"tiered_pricing_roles_data":[],"tiered_pricing_percentage_rules":[],"_links":{"self":[{"href":"https:\/\/www.werecycle.ch\/en\/wp-json\/wp\/v2\/product\/27161","targetHints":{"allow":["GET"]}}],"collection":[{"href":"https:\/\/www.werecycle.ch\/en\/wp-json\/wp\/v2\/product"}],"about":[{"href":"https:\/\/www.werecycle.ch\/en\/wp-json\/wp\/v2\/types\/product"}],"wp:featuredmedia":[{"embeddable":true,"href":"https:\/\/www.werecycle.ch\/en\/wp-json\/wp\/v2\/media\/27165"}],"wp:attachment":[{"href":"https:\/\/www.werecycle.ch\/en\/wp-json\/wp\/v2\/media?parent=27161"}],"wp:term":[{"taxonomy":"product_brand","embeddable":true,"href":"https:\/\/www.werecycle.ch\/en\/wp-json\/wp\/v2\/product_brand?post=27161"},{"taxonomy":"product_cat","embeddable":true,"href":"https:\/\/www.werecycle.ch\/en\/wp-json\/wp\/v2\/product_cat?post=27161"},{"taxonomy":"product_tag","embeddable":true,"href":"https:\/\/www.werecycle.ch\/en\/wp-json\/wp\/v2\/product_tag?post=27161"}],"curies":[{"name":"wp","href":"https:\/\/api.w.org\/{rel}","templated":true}]}}