{"id":12158,"date":"2023-07-12T16:44:59","date_gmt":"2023-07-12T15:44:59","guid":{"rendered":"https:\/\/www.werecycle.ch\/?post_type=product&#038;p=12158"},"modified":"2024-11-26T09:12:28","modified_gmt":"2024-11-26T08:12:28","slug":"village-candle-unity-collection-optimism","status":"publish","type":"product","link":"https:\/\/www.werecycle.ch\/en\/shop\/wohlbefinden-wellness\/kerzen\/village-candle-unity-collection-optimism\/","title":{"rendered":"Village Candle Unity Collection &#8222;Optimism&#8220;"},"content":{"rendered":"<div class=\"product--description js-ott-is-expanded\">\n<div>Die Pflege eines Gartens bringt ein Gef\u00fchl von Freude und Gelegenheit mit sich. Wenn das Wasser auf frisch gepflanzten Lavendel, Kr\u00e4uter und Zitruspflanzen kaskadiert, gibt es Hoffnung, die die Luft erf\u00fcllt, und Du wartest gespannt auf das neue Wachstum des Fr\u00fchlings.<\/div>\n<div><\/div>\n<ul>\n<li>Inhalt: 737g<\/li>\n<li>Gewicht: ca. 1180g<\/li>\n<li>Brenndauer: ca. 165-170 Stunden<\/li>\n<\/ul>\n<div>\n<p>&nbsp;<\/p>\n<div>Diese Kerzen sorgen f\u00fcr ein optimales restloses Abbrennen und eine romantische Atmosph\u00e4re<\/div>\n<\/div>\n<div>\n<p>&nbsp;<\/p>\n<div><strong>Anwendungshinweise:<\/strong><\/div>\n<\/div>\n<div>Nimm den Deckel von der Kerze ab und entz\u00fcnde diese an einem feuersicheren Ort.<\/div>\n<div>Beim ersten Anz\u00fcnden ist es wichtig, das Du genug Zeit hast, sodass sich die Oberfl\u00e4che vollst\u00e4ndig verfl\u00fcssigen kann.<\/div>\n<div>Achte stets darauf, dass der Docht kurz genug ist sodass sich kein Russ bildet. (ca. 0,5 &#8211; 1 cm Dochtl\u00e4nge wird empfohlen)<\/div>\n<div><\/div>\n<\/div>","protected":false},"excerpt":{"rendered":"<p>Duftkerze im Glas mit 2 Dochte f\u00fcr optimales und langes Brennen.<\/p>\n<p><span style=\"color: #0fc789;\"><strong>AUSVERKAUF\u00a0<\/strong><\/span><\/p>\n<p><strong>Artikel lieferbar solange Vorrat.<br \/>\n<\/strong>Die R\u00fcckgabe ist ausgeschlossen.<\/p>","protected":false},"featured_media":12159,"template":"","meta":{"ocean_post_layout":"","ocean_both_sidebars_style":"","ocean_both_sidebars_content_width":0,"ocean_both_sidebars_sidebars_width":0,"ocean_sidebar":"0","ocean_second_sidebar":"0","ocean_disable_margins":"enable","ocean_add_body_class":"","ocean_shortcode_before_top_bar":"","ocean_shortcode_after_top_bar":"","ocean_shortcode_before_header":"","ocean_shortcode_after_header":"","ocean_has_shortcode":"","ocean_shortcode_after_title":"","ocean_shortcode_before_footer_widgets":"","ocean_shortcode_after_footer_widgets":"","ocean_shortcode_before_footer_bottom":"","ocean_shortcode_after_footer_bottom":"","ocean_display_top_bar":"default","ocean_display_header":"default","ocean_header_style":"","ocean_center_header_left_menu":"0","ocean_custom_header_template":"0","ocean_custom_logo":0,"ocean_custom_retina_logo":0,"ocean_custom_logo_max_width":0,"ocean_custom_logo_tablet_max_width":0,"ocean_custom_logo_mobile_max_width":0,"ocean_custom_logo_max_height":0,"ocean_custom_logo_tablet_max_height":0,"ocean_custom_logo_mobile_max_height":0,"ocean_header_custom_menu":"0","ocean_menu_typo_font_family":"0","ocean_menu_typo_font_subset":"","ocean_menu_typo_font_size":0,"ocean_menu_typo_font_size_tablet":0,"ocean_menu_typo_font_size_mobile":0,"ocean_menu_typo_font_size_unit":"px","ocean_menu_typo_font_weight":"","ocean_menu_typo_font_weight_tablet":"","ocean_menu_typo_font_weight_mobile":"","ocean_menu_typo_transform":"","ocean_menu_typo_transform_tablet":"","ocean_menu_typo_transform_mobile":"","ocean_menu_typo_line_height":0,"ocean_menu_typo_line_height_tablet":0,"ocean_menu_typo_line_height_mobile":0,"ocean_menu_typo_line_height_unit":"","ocean_menu_typo_spacing":0,"ocean_menu_typo_spacing_tablet":0,"ocean_menu_typo_spacing_mobile":0,"ocean_menu_typo_spacing_unit":"","ocean_menu_link_color":"","ocean_menu_link_color_hover":"","ocean_menu_link_color_active":"","ocean_menu_link_background":"","ocean_menu_link_hover_background":"","ocean_menu_link_active_background":"","ocean_menu_social_links_bg":"","ocean_menu_social_hover_links_bg":"","ocean_menu_social_links_color":"","ocean_menu_social_hover_links_color":"","ocean_disable_title":"default","ocean_disable_heading":"default","ocean_post_title":"","ocean_post_subheading":"","ocean_post_title_style":"","ocean_post_title_background_color":"","ocean_post_title_background":0,"ocean_post_title_bg_image_position":"","ocean_post_title_bg_image_attachment":"","ocean_post_title_bg_image_repeat":"","ocean_post_title_bg_image_size":"","ocean_post_title_height":0,"ocean_post_title_bg_overlay":0.5,"ocean_post_title_bg_overlay_color":"","ocean_disable_breadcrumbs":"default","ocean_breadcrumbs_color":"","ocean_breadcrumbs_separator_color":"","ocean_breadcrumbs_links_color":"","ocean_breadcrumbs_links_hover_color":"","ocean_display_footer_widgets":"default","ocean_display_footer_bottom":"default","ocean_custom_footer_template":"0","ofc_meta_disable_footer_callout":"","ofc_meta_callout_button_url":"","ofc_meta_callout_button_txt":"","ofc_meta_callout_text":"","osh_disable_topbar_sticky":"default","osh_disable_header_sticky":"default","osh_sticky_header_style":"default","osh_sticky_header_effect":"","osh_custom_sticky_logo":0,"osh_custom_retina_sticky_logo":0,"osh_custom_sticky_logo_height":0,"osh_background_color":"","osh_links_color":"","osh_links_hover_color":"","osh_links_active_color":"","osh_links_bg_color":"","osh_links_hover_bg_color":"","osh_links_active_bg_color":"","osh_menu_social_links_color":"","osh_menu_social_hover_links_color":""},"product_brand":[],"product_cat":[785,89,1199],"product_tag":[203,697,1174,1176,1175],"class_list":{"0":"post-12158","1":"product","2":"type-product","3":"status-publish","4":"has-post-thumbnail","6":"product_cat-ausverkauf","7":"product_cat-geschenke","8":"product_cat-kerzen","9":"product_tag-glas","10":"product_tag-kerze","11":"product_tag-kerze-im-glas","12":"product_tag-unity-collection","13":"product_tag-village-candle","15":"entry","16":"has-media","18":"first","19":"instock","20":"sale","21":"taxable","22":"shipping-taxable","23":"purchasable","24":"product-type-simple","25":"col","26":"span_1_of_3","27":"owp-content-center","28":"item-entry","29":"owp-thumbs-layout-horizontal","30":"owp-btn-normal","31":"owp-tabs-layout-horizontal","32":"circle-sale"},"yoast_head":"<!-- This site is optimized with the Yoast SEO plugin v27.5 - https:\/\/yoast.com\/product\/yoast-seo-wordpress\/ -->\n<title>Village Candle Unity Collection &quot;Optimism&quot; - WeRecycle.ch | WR Group AG<\/title>\n<meta name=\"description\" content=\"Village Candle Unity Collection - Duftkerze im Glas mit 2 Dochte f\u00fcr optimales und langes Brennen (\u00fcber 160 Stunden Brenndauer)\" \/>\n<meta name=\"robots\" content=\"index, follow, max-snippet:-1, max-image-preview:large, max-video-preview:-1\" \/>\n<link rel=\"canonical\" href=\"https:\/\/www.werecycle.ch\/en\/shop\/wohlbefinden-wellness\/kerzen\/village-candle-unity-collection-optimism\/\" \/>\n<meta property=\"og:locale\" content=\"en_GB\" \/>\n<meta property=\"og:type\" content=\"article\" \/>\n<meta property=\"og:title\" content=\"Village Candle Unity Collection &quot;Optimism&quot; - WeRecycle.ch | WR Group AG\" \/>\n<meta property=\"og:description\" content=\"Village Candle Unity Collection - Duftkerze im Glas mit 2 Dochte f\u00fcr optimales und langes Brennen (\u00fcber 160 Stunden Brenndauer)\" \/>\n<meta property=\"og:url\" content=\"https:\/\/www.werecycle.ch\/en\/shop\/wohlbefinden-wellness\/kerzen\/village-candle-unity-collection-optimism\/\" \/>\n<meta property=\"og:site_name\" content=\"WeRecycle.ch | WR Group AG\" \/>\n<meta property=\"article:publisher\" content=\"https:\/\/www.facebook.com\/www.werecycle.ch\" \/>\n<meta property=\"article:modified_time\" content=\"2024-11-26T08:12:28+00:00\" \/>\n<meta property=\"og:image\" content=\"https:\/\/www.werecycle.ch\/wp-content\/uploads\/2023\/09\/217203.webp\" \/>\n\t<meta property=\"og:image:width\" content=\"1000\" \/>\n\t<meta property=\"og:image:height\" content=\"1000\" \/>\n\t<meta property=\"og:image:type\" content=\"image\/webp\" \/>\n<meta name=\"twitter:card\" content=\"summary_large_image\" \/>\n<script type=\"application\/ld+json\" class=\"yoast-schema-graph\">{\"@context\":\"https:\\\/\\\/schema.org\",\"@graph\":[{\"@type\":\"WebPage\",\"@id\":\"https:\\\/\\\/www.werecycle.ch\\\/shop\\\/wohlbefinden-wellness\\\/kerzen\\\/village-candle-unity-collection-optimism\\\/\",\"url\":\"https:\\\/\\\/www.werecycle.ch\\\/shop\\\/wohlbefinden-wellness\\\/kerzen\\\/village-candle-unity-collection-optimism\\\/\",\"name\":\"Village Candle Unity Collection \\\"Optimism\\\" - WeRecycle.ch | WR Group AG\",\"isPartOf\":{\"@id\":\"https:\\\/\\\/www.werecycle.ch\\\/de\\\/#website\"},\"primaryImageOfPage\":{\"@id\":\"https:\\\/\\\/www.werecycle.ch\\\/shop\\\/wohlbefinden-wellness\\\/kerzen\\\/village-candle-unity-collection-optimism\\\/#primaryimage\"},\"image\":{\"@id\":\"https:\\\/\\\/www.werecycle.ch\\\/shop\\\/wohlbefinden-wellness\\\/kerzen\\\/village-candle-unity-collection-optimism\\\/#primaryimage\"},\"thumbnailUrl\":\"https:\\\/\\\/www.werecycle.ch\\\/wp-content\\\/uploads\\\/2023\\\/09\\\/217203.webp\",\"datePublished\":\"2023-07-12T15:44:59+00:00\",\"dateModified\":\"2024-11-26T08:12:28+00:00\",\"description\":\"Village Candle Unity Collection - Duftkerze im Glas mit 2 Dochte f\u00fcr optimales und langes Brennen (\u00fcber 160 Stunden Brenndauer)\",\"breadcrumb\":{\"@id\":\"https:\\\/\\\/www.werecycle.ch\\\/shop\\\/wohlbefinden-wellness\\\/kerzen\\\/village-candle-unity-collection-optimism\\\/#breadcrumb\"},\"inLanguage\":\"en-GB\",\"potentialAction\":[{\"@type\":\"ReadAction\",\"target\":[\"https:\\\/\\\/www.werecycle.ch\\\/shop\\\/wohlbefinden-wellness\\\/kerzen\\\/village-candle-unity-collection-optimism\\\/\"]}]},{\"@type\":\"ImageObject\",\"inLanguage\":\"en-GB\",\"@id\":\"https:\\\/\\\/www.werecycle.ch\\\/shop\\\/wohlbefinden-wellness\\\/kerzen\\\/village-candle-unity-collection-optimism\\\/#primaryimage\",\"url\":\"https:\\\/\\\/www.werecycle.ch\\\/wp-content\\\/uploads\\\/2023\\\/09\\\/217203.webp\",\"contentUrl\":\"https:\\\/\\\/www.werecycle.ch\\\/wp-content\\\/uploads\\\/2023\\\/09\\\/217203.webp\",\"width\":1000,\"height\":1000},{\"@type\":\"BreadcrumbList\",\"@id\":\"https:\\\/\\\/www.werecycle.ch\\\/shop\\\/wohlbefinden-wellness\\\/kerzen\\\/village-candle-unity-collection-optimism\\\/#breadcrumb\",\"itemListElement\":[{\"@type\":\"ListItem\",\"position\":1,\"name\":\"Startseite\",\"item\":\"https:\\\/\\\/www.werecycle.ch\\\/\"},{\"@type\":\"ListItem\",\"position\":2,\"name\":\"Shop\",\"item\":\"https:\\\/\\\/www.werecycle.ch\\\/de\\\/shop\\\/\"},{\"@type\":\"ListItem\",\"position\":3,\"name\":\"Village Candle Unity Collection &#8220;Optimism&#8221;\"}]},{\"@type\":\"WebSite\",\"@id\":\"https:\\\/\\\/www.werecycle.ch\\\/de\\\/#website\",\"url\":\"https:\\\/\\\/www.werecycle.ch\\\/de\\\/\",\"name\":\"WeRecycle.ch | Recycling Services AG\",\"description\":\"\",\"publisher\":{\"@id\":\"https:\\\/\\\/www.werecycle.ch\\\/de\\\/#organization\"},\"potentialAction\":[{\"@type\":\"SearchAction\",\"target\":{\"@type\":\"EntryPoint\",\"urlTemplate\":\"https:\\\/\\\/www.werecycle.ch\\\/de\\\/?s={search_term_string}\"},\"query-input\":{\"@type\":\"PropertyValueSpecification\",\"valueRequired\":true,\"valueName\":\"search_term_string\"}}],\"inLanguage\":\"en-GB\"},{\"@type\":\"Organization\",\"@id\":\"https:\\\/\\\/www.werecycle.ch\\\/de\\\/#organization\",\"name\":\"WeRecycle.ch | Recycling Services AG\",\"url\":\"https:\\\/\\\/www.werecycle.ch\\\/de\\\/\",\"logo\":{\"@type\":\"ImageObject\",\"inLanguage\":\"en-GB\",\"@id\":\"https:\\\/\\\/www.werecycle.ch\\\/de\\\/#\\\/schema\\\/logo\\\/image\\\/\",\"url\":\"https:\\\/\\\/www.werecycle.ch\\\/wp-content\\\/uploads\\\/2022\\\/09\\\/logo_werecycle.webp\",\"contentUrl\":\"https:\\\/\\\/www.werecycle.ch\\\/wp-content\\\/uploads\\\/2022\\\/09\\\/logo_werecycle.webp\",\"width\":1423,\"height\":427,\"caption\":\"WeRecycle.ch | Recycling Services AG\"},\"image\":{\"@id\":\"https:\\\/\\\/www.werecycle.ch\\\/de\\\/#\\\/schema\\\/logo\\\/image\\\/\"},\"sameAs\":[\"https:\\\/\\\/www.facebook.com\\\/www.werecycle.ch\"]}]}<\/script>\n<!-- \/ Yoast SEO plugin. -->","yoast_head_json":{"title":"Village Candle Unity Collection \"Optimism\" - WeRecycle.ch | WR Group AG","description":"Village Candle Unity Collection - Duftkerze im Glas mit 2 Dochte f\u00fcr optimales und langes Brennen (\u00fcber 160 Stunden Brenndauer)","robots":{"index":"index","follow":"follow","max-snippet":"max-snippet:-1","max-image-preview":"max-image-preview:large","max-video-preview":"max-video-preview:-1"},"canonical":"https:\/\/www.werecycle.ch\/en\/shop\/wohlbefinden-wellness\/kerzen\/village-candle-unity-collection-optimism\/","og_locale":"en_GB","og_type":"article","og_title":"Village Candle Unity Collection \"Optimism\" - WeRecycle.ch | WR Group AG","og_description":"Village Candle Unity Collection - Duftkerze im Glas mit 2 Dochte f\u00fcr optimales und langes Brennen (\u00fcber 160 Stunden Brenndauer)","og_url":"https:\/\/www.werecycle.ch\/en\/shop\/wohlbefinden-wellness\/kerzen\/village-candle-unity-collection-optimism\/","og_site_name":"WeRecycle.ch | WR Group AG","article_publisher":"https:\/\/www.facebook.com\/www.werecycle.ch","article_modified_time":"2024-11-26T08:12:28+00:00","og_image":[{"width":1000,"height":1000,"url":"https:\/\/www.werecycle.ch\/wp-content\/uploads\/2023\/09\/217203.webp","type":"image\/webp"}],"twitter_card":"summary_large_image","schema":{"@context":"https:\/\/schema.org","@graph":[{"@type":"WebPage","@id":"https:\/\/www.werecycle.ch\/shop\/wohlbefinden-wellness\/kerzen\/village-candle-unity-collection-optimism\/","url":"https:\/\/www.werecycle.ch\/shop\/wohlbefinden-wellness\/kerzen\/village-candle-unity-collection-optimism\/","name":"Village Candle Unity Collection \"Optimism\" - WeRecycle.ch | WR Group AG","isPartOf":{"@id":"https:\/\/www.werecycle.ch\/de\/#website"},"primaryImageOfPage":{"@id":"https:\/\/www.werecycle.ch\/shop\/wohlbefinden-wellness\/kerzen\/village-candle-unity-collection-optimism\/#primaryimage"},"image":{"@id":"https:\/\/www.werecycle.ch\/shop\/wohlbefinden-wellness\/kerzen\/village-candle-unity-collection-optimism\/#primaryimage"},"thumbnailUrl":"https:\/\/www.werecycle.ch\/wp-content\/uploads\/2023\/09\/217203.webp","datePublished":"2023-07-12T15:44:59+00:00","dateModified":"2024-11-26T08:12:28+00:00","description":"Village Candle Unity Collection - Duftkerze im Glas mit 2 Dochte f\u00fcr optimales und langes Brennen (\u00fcber 160 Stunden Brenndauer)","breadcrumb":{"@id":"https:\/\/www.werecycle.ch\/shop\/wohlbefinden-wellness\/kerzen\/village-candle-unity-collection-optimism\/#breadcrumb"},"inLanguage":"en-GB","potentialAction":[{"@type":"ReadAction","target":["https:\/\/www.werecycle.ch\/shop\/wohlbefinden-wellness\/kerzen\/village-candle-unity-collection-optimism\/"]}]},{"@type":"ImageObject","inLanguage":"en-GB","@id":"https:\/\/www.werecycle.ch\/shop\/wohlbefinden-wellness\/kerzen\/village-candle-unity-collection-optimism\/#primaryimage","url":"https:\/\/www.werecycle.ch\/wp-content\/uploads\/2023\/09\/217203.webp","contentUrl":"https:\/\/www.werecycle.ch\/wp-content\/uploads\/2023\/09\/217203.webp","width":1000,"height":1000},{"@type":"BreadcrumbList","@id":"https:\/\/www.werecycle.ch\/shop\/wohlbefinden-wellness\/kerzen\/village-candle-unity-collection-optimism\/#breadcrumb","itemListElement":[{"@type":"ListItem","position":1,"name":"Startseite","item":"https:\/\/www.werecycle.ch\/"},{"@type":"ListItem","position":2,"name":"Shop","item":"https:\/\/www.werecycle.ch\/de\/shop\/"},{"@type":"ListItem","position":3,"name":"Village Candle Unity Collection &#8220;Optimism&#8221;"}]},{"@type":"WebSite","@id":"https:\/\/www.werecycle.ch\/de\/#website","url":"https:\/\/www.werecycle.ch\/de\/","name":"WeRecycle.ch | Recycling Services AG","description":"","publisher":{"@id":"https:\/\/www.werecycle.ch\/de\/#organization"},"potentialAction":[{"@type":"SearchAction","target":{"@type":"EntryPoint","urlTemplate":"https:\/\/www.werecycle.ch\/de\/?s={search_term_string}"},"query-input":{"@type":"PropertyValueSpecification","valueRequired":true,"valueName":"search_term_string"}}],"inLanguage":"en-GB"},{"@type":"Organization","@id":"https:\/\/www.werecycle.ch\/de\/#organization","name":"WeRecycle.ch | Recycling Services AG","url":"https:\/\/www.werecycle.ch\/de\/","logo":{"@type":"ImageObject","inLanguage":"en-GB","@id":"https:\/\/www.werecycle.ch\/de\/#\/schema\/logo\/image\/","url":"https:\/\/www.werecycle.ch\/wp-content\/uploads\/2022\/09\/logo_werecycle.webp","contentUrl":"https:\/\/www.werecycle.ch\/wp-content\/uploads\/2022\/09\/logo_werecycle.webp","width":1423,"height":427,"caption":"WeRecycle.ch | Recycling Services AG"},"image":{"@id":"https:\/\/www.werecycle.ch\/de\/#\/schema\/logo\/image\/"},"sameAs":["https:\/\/www.facebook.com\/www.werecycle.ch"]}]}},"tiered_pricing_type":"fixed","tiered_pricing_fixed_rules":[],"tiered_pricing_product_settings":{"layout":"default","base_unit_name":{"singular":null,"plural":null},"default_variation":null},"tiered_pricing_minimum_quantity":null,"tiered_pricing_roles_data":[],"tiered_pricing_percentage_rules":[],"_links":{"self":[{"href":"https:\/\/www.werecycle.ch\/en\/wp-json\/wp\/v2\/product\/12158","targetHints":{"allow":["GET"]}}],"collection":[{"href":"https:\/\/www.werecycle.ch\/en\/wp-json\/wp\/v2\/product"}],"about":[{"href":"https:\/\/www.werecycle.ch\/en\/wp-json\/wp\/v2\/types\/product"}],"wp:featuredmedia":[{"embeddable":true,"href":"https:\/\/www.werecycle.ch\/en\/wp-json\/wp\/v2\/media\/12159"}],"wp:attachment":[{"href":"https:\/\/www.werecycle.ch\/en\/wp-json\/wp\/v2\/media?parent=12158"}],"wp:term":[{"taxonomy":"product_brand","embeddable":true,"href":"https:\/\/www.werecycle.ch\/en\/wp-json\/wp\/v2\/product_brand?post=12158"},{"taxonomy":"product_cat","embeddable":true,"href":"https:\/\/www.werecycle.ch\/en\/wp-json\/wp\/v2\/product_cat?post=12158"},{"taxonomy":"product_tag","embeddable":true,"href":"https:\/\/www.werecycle.ch\/en\/wp-json\/wp\/v2\/product_tag?post=12158"}],"curies":[{"name":"wp","href":"https:\/\/api.w.org\/{rel}","templated":true}]}}