{"id":9003,"date":"2023-03-26T14:49:41","date_gmt":"2023-03-26T12:49:41","guid":{"rendered":"https:\/\/www.werecycle.ch\/?post_type=product&#038;p=9003"},"modified":"2024-10-24T14:18:16","modified_gmt":"2024-10-24T13:18:16","slug":"teelichter-duftkerzen-rosmarin-lavendel","status":"publish","type":"product","link":"https:\/\/www.werecycle.ch\/de\/shop\/wohlbefinden-wellness\/kerzen\/teelichter-duftkerzen-rosmarin-lavendel\/","title":{"rendered":"Teelichter Duftkerzen Rosmarin &#038; Lavendel"},"content":{"rendered":"<ul class=\"cds-List cds-List--Bulleted\">\n<li>Nachhaltig produzierte Duftlichte aus Raps\u00f6l-Mischung<\/li>\n<li>In dekorativer, FSC-zertifizierter Verpackung<\/li>\n<li>H\u00fclsen aus 100% recyceltem Material, Kerzen aus nat\u00fcrlichem Wachs, in der EU hergestellt<\/li>\n<li>Abmessungen: 3.8 x 2.1 cm (DxH)<\/li>\n<li>Lieferumfang: 9 St\u00fcck<\/li>\n<li>Brenndauer pro Teelicht: ca. 6 Stunden<\/li>\n<\/ul>\n<p>&nbsp;<\/p>\n<div class=\"ProductDescription-Paragraph\">\n<h4 class=\"ProductDescription-ParagraphTitle\">Aus recyceltem Material<\/h4>\n<p>Bei diesem Produkt und\/oder der Verpackung wurde das Ger\u00e4t, oder Teile davon, aus recycelten Rohstoffen hergestellt. Dieses Verfahren ist umweltschonender, da die Rohstoffe nicht mit hohem Aufwand neu gewonnen werden m\u00fcssen. Joghurtbecher, Einwegflaschen, Plastikm\u00fcll und Folienverpackungen werden durch Recycling in den Kreislauf der Herstellung miteinbezogen.<\/p>\n<\/div>\n<div class=\"ProductDescription-Paragraph\">\n<h4 class=\"ProductDescription-ParagraphTitle\">Aus nat\u00fcrlichem Wachs<\/h4>\n<p>Kerzen aus Wachs mit nat\u00fcrlichem oder pflanzlichem Ursprung bieten eine echte Alternative zu herk\u00f6mmlichen Kerzen aus Paraffin. Der Rohstoff ist nachhaltig und erm\u00f6glicht ein sauberes und russfreies Abbrennen.<\/p>\n<\/div>\n<div class=\"ProductDescription-Paragraph\">\n<h4 class=\"ProductDescription-ParagraphTitle\">FSC- zertifiziert (Verantwortungsvolle Waldwirtschaft)<\/h4>\n<p>FSC steht f\u00fcr \u00abForest Stewardship Council\u00bb. Es ist ein internationales Zertifizierungssystem f\u00fcr nachhaltigere Waldwirtschaft. Das Holz von M\u00f6beln, Spielzeugen, B\u00fcchern, Schulheften oder Bleistiften mit FSC-Siegel kommt aus W\u00e4ldern, die verantwortungsvoller bewirtschaftet werden. Es gibt zehn weltweit g\u00fcltige Prinzipien, die von allen FSC-Standards der verschiedenen L\u00e4nder eingehalten werden m\u00fcssen. FSC zertifiziert werden W\u00e4lder und Plantagen, die unter anderem nach strengeren \u00f6kologischen und sozialen Prinzipien bewirtschaftet werden. Das soll dazu beitragen, dass die W\u00e4lder langfristig erhalten bleiben k\u00f6nnen.<\/p>\n<\/div>\n","protected":false},"excerpt":{"rendered":"<p class=\"ProductDescription-Title\">Nachhaltig produzierte Duftlichter aus Raps\u00f6l-Mischung in dekorativer FSC-zertifizierter Verpackung.<br \/>\nAus 100% recyceltem Material, aus nat\u00fcrlichem Wachs.<\/p>\n","protected":false},"featured_media":9008,"template":"","meta":{"ocean_post_layout":"","ocean_both_sidebars_style":"","ocean_both_sidebars_content_width":0,"ocean_both_sidebars_sidebars_width":0,"ocean_sidebar":"0","ocean_second_sidebar":"0","ocean_disable_margins":"enable","ocean_add_body_class":"","ocean_shortcode_before_top_bar":"","ocean_shortcode_after_top_bar":"","ocean_shortcode_before_header":"","ocean_shortcode_after_header":"","ocean_has_shortcode":"","ocean_shortcode_after_title":"","ocean_shortcode_before_footer_widgets":"","ocean_shortcode_after_footer_widgets":"","ocean_shortcode_before_footer_bottom":"","ocean_shortcode_after_footer_bottom":"","ocean_display_top_bar":"default","ocean_display_header":"default","ocean_header_style":"","ocean_center_header_left_menu":"0","ocean_custom_header_template":"0","ocean_custom_logo":0,"ocean_custom_retina_logo":0,"ocean_custom_logo_max_width":0,"ocean_custom_logo_tablet_max_width":0,"ocean_custom_logo_mobile_max_width":0,"ocean_custom_logo_max_height":0,"ocean_custom_logo_tablet_max_height":0,"ocean_custom_logo_mobile_max_height":0,"ocean_header_custom_menu":"0","ocean_menu_typo_font_family":"0","ocean_menu_typo_font_subset":"","ocean_menu_typo_font_size":0,"ocean_menu_typo_font_size_tablet":0,"ocean_menu_typo_font_size_mobile":0,"ocean_menu_typo_font_size_unit":"px","ocean_menu_typo_font_weight":"","ocean_menu_typo_font_weight_tablet":"","ocean_menu_typo_font_weight_mobile":"","ocean_menu_typo_transform":"","ocean_menu_typo_transform_tablet":"","ocean_menu_typo_transform_mobile":"","ocean_menu_typo_line_height":0,"ocean_menu_typo_line_height_tablet":0,"ocean_menu_typo_line_height_mobile":0,"ocean_menu_typo_line_height_unit":"","ocean_menu_typo_spacing":0,"ocean_menu_typo_spacing_tablet":0,"ocean_menu_typo_spacing_mobile":0,"ocean_menu_typo_spacing_unit":"","ocean_menu_link_color":"","ocean_menu_link_color_hover":"","ocean_menu_link_color_active":"","ocean_menu_link_background":"","ocean_menu_link_hover_background":"","ocean_menu_link_active_background":"","ocean_menu_social_links_bg":"","ocean_menu_social_hover_links_bg":"","ocean_menu_social_links_color":"","ocean_menu_social_hover_links_color":"","ocean_disable_title":"default","ocean_disable_heading":"default","ocean_post_title":"","ocean_post_subheading":"","ocean_post_title_style":"","ocean_post_title_background_color":"","ocean_post_title_background":0,"ocean_post_title_bg_image_position":"","ocean_post_title_bg_image_attachment":"","ocean_post_title_bg_image_repeat":"","ocean_post_title_bg_image_size":"","ocean_post_title_height":0,"ocean_post_title_bg_overlay":0.5,"ocean_post_title_bg_overlay_color":"","ocean_disable_breadcrumbs":"default","ocean_breadcrumbs_color":"","ocean_breadcrumbs_separator_color":"","ocean_breadcrumbs_links_color":"","ocean_breadcrumbs_links_hover_color":"","ocean_display_footer_widgets":"default","ocean_display_footer_bottom":"default","ocean_custom_footer_template":"0","ofc_meta_disable_footer_callout":"","ofc_meta_callout_button_url":"","ofc_meta_callout_button_txt":"","ofc_meta_callout_text":"","osh_disable_topbar_sticky":"default","osh_disable_header_sticky":"default","osh_sticky_header_style":"default","osh_sticky_header_effect":"","osh_custom_sticky_logo":0,"osh_custom_retina_sticky_logo":0,"osh_custom_sticky_logo_height":0,"osh_background_color":"","osh_links_color":"","osh_links_hover_color":"","osh_links_active_color":"","osh_links_bg_color":"","osh_links_hover_bg_color":"","osh_links_active_bg_color":"","osh_menu_social_links_color":"","osh_menu_social_hover_links_color":""},"product_brand":[],"product_cat":[1199],"product_tag":[143,697,121,708,711,710,709],"class_list":{"0":"post-9003","1":"product","2":"type-product","3":"status-publish","4":"has-post-thumbnail","6":"product_cat-kerzen","7":"product_tag-duftkerze","8":"product_tag-kerze","9":"product_tag-lavendel","10":"product_tag-mueller","11":"product_tag-rapsoel","12":"product_tag-rosmarin","13":"product_tag-teelicht","15":"entry","16":"has-media","18":"first","19":"instock","20":"taxable","21":"shipping-taxable","22":"purchasable","23":"product-type-simple","24":"col","25":"span_1_of_3","26":"owp-content-center","27":"item-entry","28":"owp-thumbs-layout-horizontal","29":"owp-btn-normal","30":"owp-tabs-layout-horizontal","31":"circle-sale"},"yoast_head":"<!-- This site is optimized with the Yoast SEO plugin v27.5 - https:\/\/yoast.com\/product\/yoast-seo-wordpress\/ -->\n<title>Teelichter Duftkerzen Rosmarin &amp; Lavendel - WeRecycle.ch | WR Group AG<\/title>\n<meta name=\"description\" content=\"Nachhaltig produzierte Duftlichter aus Raps\u00f6l-Mischung in dekorativer FSC-zertifizierter Verpackung. Aus 100% recyceltem Material, aus nat\u00fcrlichem Wachs\" \/>\n<meta name=\"robots\" content=\"index, follow, max-snippet:-1, max-image-preview:large, max-video-preview:-1\" \/>\n<link rel=\"canonical\" href=\"https:\/\/www.werecycle.ch\/de\/shop\/wohlbefinden-wellness\/kerzen\/teelichter-duftkerzen-rosmarin-lavendel\/\" \/>\n<meta property=\"og:locale\" content=\"de_DE\" \/>\n<meta property=\"og:type\" content=\"article\" \/>\n<meta property=\"og:title\" content=\"Teelichter Duftkerzen Rosmarin &amp; Lavendel - WeRecycle.ch | WR Group AG\" \/>\n<meta property=\"og:description\" content=\"Nachhaltig produzierte Duftlichter aus Raps\u00f6l-Mischung in dekorativer FSC-zertifizierter Verpackung. Aus 100% recyceltem Material, aus nat\u00fcrlichem Wachs\" \/>\n<meta property=\"og:url\" content=\"https:\/\/www.werecycle.ch\/de\/shop\/wohlbefinden-wellness\/kerzen\/teelichter-duftkerzen-rosmarin-lavendel\/\" \/>\n<meta property=\"og:site_name\" content=\"WeRecycle.ch | WR Group AG\" \/>\n<meta property=\"article:publisher\" content=\"https:\/\/www.facebook.com\/www.werecycle.ch\" \/>\n<meta property=\"article:modified_time\" content=\"2024-10-24T13:18:16+00:00\" \/>\n<meta property=\"og:image\" content=\"https:\/\/www.werecycle.ch\/wp-content\/uploads\/2023\/04\/509313.webp\" \/>\n\t<meta property=\"og:image:width\" content=\"1500\" \/>\n\t<meta property=\"og:image:height\" content=\"1500\" \/>\n\t<meta property=\"og:image:type\" content=\"image\/webp\" \/>\n<meta name=\"twitter:card\" content=\"summary_large_image\" \/>\n<script type=\"application\/ld+json\" class=\"yoast-schema-graph\">{\"@context\":\"https:\\\/\\\/schema.org\",\"@graph\":[{\"@type\":\"WebPage\",\"@id\":\"https:\\\/\\\/www.werecycle.ch\\\/shop\\\/wohlbefinden-wellness\\\/kerzen\\\/teelichter-duftkerzen-rosmarin-lavendel\\\/\",\"url\":\"https:\\\/\\\/www.werecycle.ch\\\/shop\\\/wohlbefinden-wellness\\\/kerzen\\\/teelichter-duftkerzen-rosmarin-lavendel\\\/\",\"name\":\"Teelichter Duftkerzen Rosmarin & Lavendel - WeRecycle.ch | WR Group AG\",\"isPartOf\":{\"@id\":\"https:\\\/\\\/www.werecycle.ch\\\/de\\\/#website\"},\"primaryImageOfPage\":{\"@id\":\"https:\\\/\\\/www.werecycle.ch\\\/shop\\\/wohlbefinden-wellness\\\/kerzen\\\/teelichter-duftkerzen-rosmarin-lavendel\\\/#primaryimage\"},\"image\":{\"@id\":\"https:\\\/\\\/www.werecycle.ch\\\/shop\\\/wohlbefinden-wellness\\\/kerzen\\\/teelichter-duftkerzen-rosmarin-lavendel\\\/#primaryimage\"},\"thumbnailUrl\":\"https:\\\/\\\/www.werecycle.ch\\\/wp-content\\\/uploads\\\/2023\\\/04\\\/509313.webp\",\"datePublished\":\"2023-03-26T12:49:41+00:00\",\"dateModified\":\"2024-10-24T13:18:16+00:00\",\"description\":\"Nachhaltig produzierte Duftlichter aus Raps\u00f6l-Mischung in dekorativer FSC-zertifizierter Verpackung. Aus 100% recyceltem Material, aus nat\u00fcrlichem Wachs\",\"breadcrumb\":{\"@id\":\"https:\\\/\\\/www.werecycle.ch\\\/shop\\\/wohlbefinden-wellness\\\/kerzen\\\/teelichter-duftkerzen-rosmarin-lavendel\\\/#breadcrumb\"},\"inLanguage\":\"de\",\"potentialAction\":[{\"@type\":\"ReadAction\",\"target\":[\"https:\\\/\\\/www.werecycle.ch\\\/shop\\\/wohlbefinden-wellness\\\/kerzen\\\/teelichter-duftkerzen-rosmarin-lavendel\\\/\"]}]},{\"@type\":\"ImageObject\",\"inLanguage\":\"de\",\"@id\":\"https:\\\/\\\/www.werecycle.ch\\\/shop\\\/wohlbefinden-wellness\\\/kerzen\\\/teelichter-duftkerzen-rosmarin-lavendel\\\/#primaryimage\",\"url\":\"https:\\\/\\\/www.werecycle.ch\\\/wp-content\\\/uploads\\\/2023\\\/04\\\/509313.webp\",\"contentUrl\":\"https:\\\/\\\/www.werecycle.ch\\\/wp-content\\\/uploads\\\/2023\\\/04\\\/509313.webp\",\"width\":1500,\"height\":1500},{\"@type\":\"BreadcrumbList\",\"@id\":\"https:\\\/\\\/www.werecycle.ch\\\/shop\\\/wohlbefinden-wellness\\\/kerzen\\\/teelichter-duftkerzen-rosmarin-lavendel\\\/#breadcrumb\",\"itemListElement\":[{\"@type\":\"ListItem\",\"position\":1,\"name\":\"Startseite\",\"item\":\"https:\\\/\\\/www.werecycle.ch\\\/\"},{\"@type\":\"ListItem\",\"position\":2,\"name\":\"Shop\",\"item\":\"https:\\\/\\\/www.werecycle.ch\\\/de\\\/shop\\\/\"},{\"@type\":\"ListItem\",\"position\":3,\"name\":\"Teelichter Duftkerzen Rosmarin &#038; Lavendel\"}]},{\"@type\":\"WebSite\",\"@id\":\"https:\\\/\\\/www.werecycle.ch\\\/de\\\/#website\",\"url\":\"https:\\\/\\\/www.werecycle.ch\\\/de\\\/\",\"name\":\"WeRecycle.ch | Recycling Services AG\",\"description\":\"\",\"publisher\":{\"@id\":\"https:\\\/\\\/www.werecycle.ch\\\/de\\\/#organization\"},\"potentialAction\":[{\"@type\":\"SearchAction\",\"target\":{\"@type\":\"EntryPoint\",\"urlTemplate\":\"https:\\\/\\\/www.werecycle.ch\\\/de\\\/?s={search_term_string}\"},\"query-input\":{\"@type\":\"PropertyValueSpecification\",\"valueRequired\":true,\"valueName\":\"search_term_string\"}}],\"inLanguage\":\"de\"},{\"@type\":\"Organization\",\"@id\":\"https:\\\/\\\/www.werecycle.ch\\\/de\\\/#organization\",\"name\":\"WeRecycle.ch | Recycling Services AG\",\"url\":\"https:\\\/\\\/www.werecycle.ch\\\/de\\\/\",\"logo\":{\"@type\":\"ImageObject\",\"inLanguage\":\"de\",\"@id\":\"https:\\\/\\\/www.werecycle.ch\\\/de\\\/#\\\/schema\\\/logo\\\/image\\\/\",\"url\":\"https:\\\/\\\/www.werecycle.ch\\\/wp-content\\\/uploads\\\/2022\\\/09\\\/logo_werecycle.webp\",\"contentUrl\":\"https:\\\/\\\/www.werecycle.ch\\\/wp-content\\\/uploads\\\/2022\\\/09\\\/logo_werecycle.webp\",\"width\":1423,\"height\":427,\"caption\":\"WeRecycle.ch | Recycling Services AG\"},\"image\":{\"@id\":\"https:\\\/\\\/www.werecycle.ch\\\/de\\\/#\\\/schema\\\/logo\\\/image\\\/\"},\"sameAs\":[\"https:\\\/\\\/www.facebook.com\\\/www.werecycle.ch\"]}]}<\/script>\n<!-- \/ Yoast SEO plugin. -->","yoast_head_json":{"title":"Teelichter Duftkerzen Rosmarin & Lavendel - WeRecycle.ch | WR Group AG","description":"Nachhaltig produzierte Duftlichter aus Raps\u00f6l-Mischung in dekorativer FSC-zertifizierter Verpackung. Aus 100% recyceltem Material, aus nat\u00fcrlichem Wachs","robots":{"index":"index","follow":"follow","max-snippet":"max-snippet:-1","max-image-preview":"max-image-preview:large","max-video-preview":"max-video-preview:-1"},"canonical":"https:\/\/www.werecycle.ch\/de\/shop\/wohlbefinden-wellness\/kerzen\/teelichter-duftkerzen-rosmarin-lavendel\/","og_locale":"de_DE","og_type":"article","og_title":"Teelichter Duftkerzen Rosmarin & Lavendel - WeRecycle.ch | WR Group AG","og_description":"Nachhaltig produzierte Duftlichter aus Raps\u00f6l-Mischung in dekorativer FSC-zertifizierter Verpackung. Aus 100% recyceltem Material, aus nat\u00fcrlichem Wachs","og_url":"https:\/\/www.werecycle.ch\/de\/shop\/wohlbefinden-wellness\/kerzen\/teelichter-duftkerzen-rosmarin-lavendel\/","og_site_name":"WeRecycle.ch | WR Group AG","article_publisher":"https:\/\/www.facebook.com\/www.werecycle.ch","article_modified_time":"2024-10-24T13:18:16+00:00","og_image":[{"width":1500,"height":1500,"url":"https:\/\/www.werecycle.ch\/wp-content\/uploads\/2023\/04\/509313.webp","type":"image\/webp"}],"twitter_card":"summary_large_image","schema":{"@context":"https:\/\/schema.org","@graph":[{"@type":"WebPage","@id":"https:\/\/www.werecycle.ch\/shop\/wohlbefinden-wellness\/kerzen\/teelichter-duftkerzen-rosmarin-lavendel\/","url":"https:\/\/www.werecycle.ch\/shop\/wohlbefinden-wellness\/kerzen\/teelichter-duftkerzen-rosmarin-lavendel\/","name":"Teelichter Duftkerzen Rosmarin & Lavendel - WeRecycle.ch | WR Group AG","isPartOf":{"@id":"https:\/\/www.werecycle.ch\/de\/#website"},"primaryImageOfPage":{"@id":"https:\/\/www.werecycle.ch\/shop\/wohlbefinden-wellness\/kerzen\/teelichter-duftkerzen-rosmarin-lavendel\/#primaryimage"},"image":{"@id":"https:\/\/www.werecycle.ch\/shop\/wohlbefinden-wellness\/kerzen\/teelichter-duftkerzen-rosmarin-lavendel\/#primaryimage"},"thumbnailUrl":"https:\/\/www.werecycle.ch\/wp-content\/uploads\/2023\/04\/509313.webp","datePublished":"2023-03-26T12:49:41+00:00","dateModified":"2024-10-24T13:18:16+00:00","description":"Nachhaltig produzierte Duftlichter aus Raps\u00f6l-Mischung in dekorativer FSC-zertifizierter Verpackung. Aus 100% recyceltem Material, aus nat\u00fcrlichem Wachs","breadcrumb":{"@id":"https:\/\/www.werecycle.ch\/shop\/wohlbefinden-wellness\/kerzen\/teelichter-duftkerzen-rosmarin-lavendel\/#breadcrumb"},"inLanguage":"de","potentialAction":[{"@type":"ReadAction","target":["https:\/\/www.werecycle.ch\/shop\/wohlbefinden-wellness\/kerzen\/teelichter-duftkerzen-rosmarin-lavendel\/"]}]},{"@type":"ImageObject","inLanguage":"de","@id":"https:\/\/www.werecycle.ch\/shop\/wohlbefinden-wellness\/kerzen\/teelichter-duftkerzen-rosmarin-lavendel\/#primaryimage","url":"https:\/\/www.werecycle.ch\/wp-content\/uploads\/2023\/04\/509313.webp","contentUrl":"https:\/\/www.werecycle.ch\/wp-content\/uploads\/2023\/04\/509313.webp","width":1500,"height":1500},{"@type":"BreadcrumbList","@id":"https:\/\/www.werecycle.ch\/shop\/wohlbefinden-wellness\/kerzen\/teelichter-duftkerzen-rosmarin-lavendel\/#breadcrumb","itemListElement":[{"@type":"ListItem","position":1,"name":"Startseite","item":"https:\/\/www.werecycle.ch\/"},{"@type":"ListItem","position":2,"name":"Shop","item":"https:\/\/www.werecycle.ch\/de\/shop\/"},{"@type":"ListItem","position":3,"name":"Teelichter Duftkerzen Rosmarin &#038; Lavendel"}]},{"@type":"WebSite","@id":"https:\/\/www.werecycle.ch\/de\/#website","url":"https:\/\/www.werecycle.ch\/de\/","name":"WeRecycle.ch | Recycling Services AG","description":"","publisher":{"@id":"https:\/\/www.werecycle.ch\/de\/#organization"},"potentialAction":[{"@type":"SearchAction","target":{"@type":"EntryPoint","urlTemplate":"https:\/\/www.werecycle.ch\/de\/?s={search_term_string}"},"query-input":{"@type":"PropertyValueSpecification","valueRequired":true,"valueName":"search_term_string"}}],"inLanguage":"de"},{"@type":"Organization","@id":"https:\/\/www.werecycle.ch\/de\/#organization","name":"WeRecycle.ch | Recycling Services AG","url":"https:\/\/www.werecycle.ch\/de\/","logo":{"@type":"ImageObject","inLanguage":"de","@id":"https:\/\/www.werecycle.ch\/de\/#\/schema\/logo\/image\/","url":"https:\/\/www.werecycle.ch\/wp-content\/uploads\/2022\/09\/logo_werecycle.webp","contentUrl":"https:\/\/www.werecycle.ch\/wp-content\/uploads\/2022\/09\/logo_werecycle.webp","width":1423,"height":427,"caption":"WeRecycle.ch | Recycling Services AG"},"image":{"@id":"https:\/\/www.werecycle.ch\/de\/#\/schema\/logo\/image\/"},"sameAs":["https:\/\/www.facebook.com\/www.werecycle.ch"]}]}},"tiered_pricing_type":"fixed","tiered_pricing_fixed_rules":{"3":7.85},"tiered_pricing_product_settings":{"layout":"default","base_unit_name":{"singular":null,"plural":null},"default_variation":null},"tiered_pricing_minimum_quantity":null,"tiered_pricing_roles_data":[],"tiered_pricing_percentage_rules":[],"_links":{"self":[{"href":"https:\/\/www.werecycle.ch\/de\/wp-json\/wp\/v2\/product\/9003","targetHints":{"allow":["GET"]}}],"collection":[{"href":"https:\/\/www.werecycle.ch\/de\/wp-json\/wp\/v2\/product"}],"about":[{"href":"https:\/\/www.werecycle.ch\/de\/wp-json\/wp\/v2\/types\/product"}],"wp:featuredmedia":[{"embeddable":true,"href":"https:\/\/www.werecycle.ch\/de\/wp-json\/wp\/v2\/media\/9008"}],"wp:attachment":[{"href":"https:\/\/www.werecycle.ch\/de\/wp-json\/wp\/v2\/media?parent=9003"}],"wp:term":[{"taxonomy":"product_brand","embeddable":true,"href":"https:\/\/www.werecycle.ch\/de\/wp-json\/wp\/v2\/product_brand?post=9003"},{"taxonomy":"product_cat","embeddable":true,"href":"https:\/\/www.werecycle.ch\/de\/wp-json\/wp\/v2\/product_cat?post=9003"},{"taxonomy":"product_tag","embeddable":true,"href":"https:\/\/www.werecycle.ch\/de\/wp-json\/wp\/v2\/product_tag?post=9003"}],"curies":[{"name":"wp","href":"https:\/\/api.w.org\/{rel}","templated":true}]}}