{"id":54611,"date":"2026-04-08T13:07:17","date_gmt":"2026-04-08T11:07:17","guid":{"rendered":"https:\/\/www.werecycle.ch\/?post_type=product&#038;p=54611"},"modified":"2026-04-24T14:57:39","modified_gmt":"2026-04-24T12:57:39","slug":"doppelhaengematte-mit-gestell","status":"publish","type":"product","link":"https:\/\/www.werecycle.ch\/de\/shop\/freizeit\/outdoor-camping\/doppelhaengematte-mit-gestell\/","title":{"rendered":"Doppelh\u00e4ngematte mit Gestell"},"content":{"rendered":"<p>Die Doppelh\u00e4ngematte mit Gestell ist die perfekte Kombination aus Komfort, Stabilit\u00e4t und stilvollem Design. Ob im Garten, auf der Terrasse oder im Innenbereich &#8211; sie bietet dir einen idealen R\u00fcckzugsort zum Entspannen und Abschalten.<\/p>\n<p>Die grossz\u00fcgige Liegefl\u00e4che aus hochwertigem Leinen bietet Platz f\u00fcr bis zu zwei Personen und sorgt f\u00fcr ein angenehm weiches, anschmiegsames Liegegef\u00fchl. Dank der durchdachten Konstruktion passt sich die H\u00e4ngematte optimal deinem K\u00f6rper an und vermittelt ein schwebendes Gef\u00fchl der Entspannung &#8211; perfekt f\u00fcr ruhige Momente allein oder gemeinsam.<\/p>\n<p>Das stabile Gestell aus pulverbeschichtetem Stahl garantiert eine hohe Standfestigkeit und Langlebigkeit. Durch das freistehende Gestell kannst du die H\u00e4ngematte v\u00f6llig unabh\u00e4ngig von B\u00e4umen oder festen Befestigungspunkten flexibel dort aufstellen, wo es dir am besten gef\u00e4llt.<\/p>\n<p>Auch optisch \u00fcberzeugt die H\u00e4ngematte durch ihr modernes, zeitloses Design in Weiss, das sich harmonisch in jede Umgebung einf\u00fcgt und eine ruhige, elegante Atmosph\u00e4re schafft.<\/p>\n<p>Die Doppelh\u00e4ngematte ist die ideale Wahl f\u00fcr alle, die Komfort, Qualit\u00e4t und Flexibilit\u00e4t in einem Produkt vereinen m\u00f6chten &#8211; dein pers\u00f6nlicher Ort f\u00fcr t\u00e4gliche Erholung.<\/p>\n<p>Weitere Informationen:<\/p>\n<ul>\n<li>Ausreichend Platz f\u00fcr 2 Personen<\/li>\n<li>Rostfrei<\/li>\n<li>Inklusive Transporttasche<\/li>\n<li>Material: Leinen, Stahl (pulverbeschichtet)<\/li>\n<li>Belastbarkeit: 300kg<\/li>\n<\/ul>\n","protected":false},"excerpt":{"rendered":"<p>Die Doppelh\u00e4ngematte mit Gestell bietet dir komfortable Entspannung f\u00fcr bis zu zwei Personen. Die grossz\u00fcgige Liegefl\u00e4che aus weichem Leinen sorgt f\u00fcr ein angenehmes Liegegef\u00fchl, w\u00e4hrend das stabile Gestell aus pulverbeschichtetem Stahl maximale Sicherheit bis 300 kg gew\u00e4hrleistet. Dank freistehendem Design ist sie flexibel im Garten, auf der Terrasse oder im Innenbereich einsetzbar. Stilvoll, robust und bequem \u2013 dein perfekter R\u00fcckzugsort f\u00fcr entspannte Momente.<\/p>\n","protected":false},"featured_media":54630,"template":"","meta":{"ocean_post_layout":"","ocean_both_sidebars_style":"","ocean_both_sidebars_content_width":0,"ocean_both_sidebars_sidebars_width":0,"ocean_sidebar":"","ocean_second_sidebar":"","ocean_disable_margins":"enable","ocean_add_body_class":"","ocean_shortcode_before_top_bar":"","ocean_shortcode_after_top_bar":"","ocean_shortcode_before_header":"","ocean_shortcode_after_header":"","ocean_has_shortcode":"","ocean_shortcode_after_title":"","ocean_shortcode_before_footer_widgets":"","ocean_shortcode_after_footer_widgets":"","ocean_shortcode_before_footer_bottom":"","ocean_shortcode_after_footer_bottom":"","ocean_display_top_bar":"default","ocean_display_header":"default","ocean_header_style":"","ocean_center_header_left_menu":"","ocean_custom_header_template":"","ocean_custom_logo":0,"ocean_custom_retina_logo":0,"ocean_custom_logo_max_width":0,"ocean_custom_logo_tablet_max_width":0,"ocean_custom_logo_mobile_max_width":0,"ocean_custom_logo_max_height":0,"ocean_custom_logo_tablet_max_height":0,"ocean_custom_logo_mobile_max_height":0,"ocean_header_custom_menu":"","ocean_menu_typo_font_family":"","ocean_menu_typo_font_subset":"","ocean_menu_typo_font_size":0,"ocean_menu_typo_font_size_tablet":0,"ocean_menu_typo_font_size_mobile":0,"ocean_menu_typo_font_size_unit":"px","ocean_menu_typo_font_weight":"","ocean_menu_typo_font_weight_tablet":"","ocean_menu_typo_font_weight_mobile":"","ocean_menu_typo_transform":"","ocean_menu_typo_transform_tablet":"","ocean_menu_typo_transform_mobile":"","ocean_menu_typo_line_height":0,"ocean_menu_typo_line_height_tablet":0,"ocean_menu_typo_line_height_mobile":0,"ocean_menu_typo_line_height_unit":"","ocean_menu_typo_spacing":0,"ocean_menu_typo_spacing_tablet":0,"ocean_menu_typo_spacing_mobile":0,"ocean_menu_typo_spacing_unit":"","ocean_menu_link_color":"","ocean_menu_link_color_hover":"","ocean_menu_link_color_active":"","ocean_menu_link_background":"","ocean_menu_link_hover_background":"","ocean_menu_link_active_background":"","ocean_menu_social_links_bg":"","ocean_menu_social_hover_links_bg":"","ocean_menu_social_links_color":"","ocean_menu_social_hover_links_color":"","ocean_disable_title":"default","ocean_disable_heading":"default","ocean_post_title":"","ocean_post_subheading":"","ocean_post_title_style":"","ocean_post_title_background_color":"","ocean_post_title_background":0,"ocean_post_title_bg_image_position":"","ocean_post_title_bg_image_attachment":"","ocean_post_title_bg_image_repeat":"","ocean_post_title_bg_image_size":"","ocean_post_title_height":0,"ocean_post_title_bg_overlay":0.5,"ocean_post_title_bg_overlay_color":"","ocean_disable_breadcrumbs":"default","ocean_breadcrumbs_color":"","ocean_breadcrumbs_separator_color":"","ocean_breadcrumbs_links_color":"","ocean_breadcrumbs_links_hover_color":"","ocean_display_footer_widgets":"default","ocean_display_footer_bottom":"default","ocean_custom_footer_template":"","ofc_meta_disable_footer_callout":"","ofc_meta_callout_button_url":"","ofc_meta_callout_button_txt":"","ofc_meta_callout_text":"","osh_disable_topbar_sticky":"default","osh_disable_header_sticky":"default","osh_sticky_header_style":"default","osh_sticky_header_effect":"","osh_custom_sticky_logo":0,"osh_custom_retina_sticky_logo":0,"osh_custom_sticky_logo_height":0,"osh_background_color":"","osh_links_color":"","osh_links_hover_color":"","osh_links_active_color":"","osh_links_bg_color":"","osh_links_hover_bg_color":"","osh_links_active_bg_color":"","osh_menu_social_links_color":"","osh_menu_social_hover_links_color":""},"product_brand":[2708],"product_cat":[86,2735],"product_tag":[612,432,608,568],"class_list":{"0":"post-54611","1":"product","2":"type-product","3":"status-publish","4":"has-post-thumbnail","6":"product_brand-koor","7":"product_cat-freizeit","8":"product_cat-outdoor-camping","9":"product_tag-doppelhaengematte","10":"product_tag-garten","11":"product_tag-haengematte","12":"product_tag-outdoor","14":"entry","15":"has-media","17":"first","18":"instock","19":"taxable","20":"shipping-taxable","21":"purchasable","22":"product-type-variable","23":"has-default-attributes","24":"col","25":"span_1_of_3","26":"owp-content-center","27":"item-entry","28":"owp-thumbs-layout-horizontal","29":"owp-btn-normal","30":"owp-tabs-layout-horizontal","31":"circle-sale"},"yoast_head":"<!-- This site is optimized with the Yoast SEO plugin v27.5 - https:\/\/yoast.com\/product\/yoast-seo-wordpress\/ -->\n<title>Doppelh\u00e4ngematte mit Gestell - WeRecycle.ch | WR Group AG<\/title>\n<meta name=\"robots\" content=\"index, follow, max-snippet:-1, max-image-preview:large, max-video-preview:-1\" \/>\n<link rel=\"canonical\" href=\"https:\/\/www.werecycle.ch\/de\/shop\/freizeit\/outdoor-camping\/doppelhaengematte-mit-gestell\/\" \/>\n<meta property=\"og:locale\" content=\"de_DE\" \/>\n<meta property=\"og:type\" content=\"article\" \/>\n<meta property=\"og:title\" content=\"Doppelh\u00e4ngematte mit Gestell - WeRecycle.ch | WR Group AG\" \/>\n<meta property=\"og:description\" content=\"Die Doppelh\u00e4ngematte mit Gestell bietet dir komfortable Entspannung f\u00fcr bis zu zwei Personen. Die grossz\u00fcgige Liegefl\u00e4che aus weichem Leinen sorgt f\u00fcr ein angenehmes Liegegef\u00fchl, w\u00e4hrend das stabile Gestell aus pulverbeschichtetem Stahl maximale Sicherheit bis 300 kg gew\u00e4hrleistet. Dank freistehendem Design ist sie flexibel im Garten, auf der Terrasse oder im Innenbereich einsetzbar. Stilvoll, robust und bequem \u2013 dein perfekter R\u00fcckzugsort f\u00fcr entspannte Momente.\" \/>\n<meta property=\"og:url\" content=\"https:\/\/www.werecycle.ch\/de\/shop\/freizeit\/outdoor-camping\/doppelhaengematte-mit-gestell\/\" \/>\n<meta property=\"og:site_name\" content=\"WeRecycle.ch | WR Group AG\" \/>\n<meta property=\"article:publisher\" content=\"https:\/\/www.facebook.com\/www.werecycle.ch\" \/>\n<meta property=\"article:modified_time\" content=\"2026-04-24T12:57:39+00:00\" \/>\n<meta property=\"og:image\" content=\"https:\/\/www.werecycle.ch\/wp-content\/uploads\/2026\/04\/503292.webp\" \/>\n\t<meta property=\"og:image:width\" content=\"800\" \/>\n\t<meta property=\"og:image:height\" content=\"800\" \/>\n\t<meta property=\"og:image:type\" content=\"image\/webp\" \/>\n<meta name=\"twitter:card\" content=\"summary_large_image\" \/>\n<script type=\"application\/ld+json\" class=\"yoast-schema-graph\">{\"@context\":\"https:\\\/\\\/schema.org\",\"@graph\":[{\"@type\":\"WebPage\",\"@id\":\"https:\\\/\\\/www.werecycle.ch\\\/shop\\\/freizeit\\\/outdoor-camping\\\/doppelhaengematte-mit-gestell\\\/\",\"url\":\"https:\\\/\\\/www.werecycle.ch\\\/shop\\\/freizeit\\\/outdoor-camping\\\/doppelhaengematte-mit-gestell\\\/\",\"name\":\"Doppelh\u00e4ngematte mit Gestell - WeRecycle.ch | WR Group AG\",\"isPartOf\":{\"@id\":\"https:\\\/\\\/www.werecycle.ch\\\/de\\\/#website\"},\"primaryImageOfPage\":{\"@id\":\"https:\\\/\\\/www.werecycle.ch\\\/shop\\\/freizeit\\\/outdoor-camping\\\/doppelhaengematte-mit-gestell\\\/#primaryimage\"},\"image\":{\"@id\":\"https:\\\/\\\/www.werecycle.ch\\\/shop\\\/freizeit\\\/outdoor-camping\\\/doppelhaengematte-mit-gestell\\\/#primaryimage\"},\"thumbnailUrl\":\"https:\\\/\\\/www.werecycle.ch\\\/wp-content\\\/uploads\\\/2026\\\/04\\\/503292.webp\",\"datePublished\":\"2026-04-08T11:07:17+00:00\",\"dateModified\":\"2026-04-24T12:57:39+00:00\",\"breadcrumb\":{\"@id\":\"https:\\\/\\\/www.werecycle.ch\\\/shop\\\/freizeit\\\/outdoor-camping\\\/doppelhaengematte-mit-gestell\\\/#breadcrumb\"},\"inLanguage\":\"de\",\"potentialAction\":[{\"@type\":\"ReadAction\",\"target\":[\"https:\\\/\\\/www.werecycle.ch\\\/shop\\\/freizeit\\\/outdoor-camping\\\/doppelhaengematte-mit-gestell\\\/\"]}]},{\"@type\":\"ImageObject\",\"inLanguage\":\"de\",\"@id\":\"https:\\\/\\\/www.werecycle.ch\\\/shop\\\/freizeit\\\/outdoor-camping\\\/doppelhaengematte-mit-gestell\\\/#primaryimage\",\"url\":\"https:\\\/\\\/www.werecycle.ch\\\/wp-content\\\/uploads\\\/2026\\\/04\\\/503292.webp\",\"contentUrl\":\"https:\\\/\\\/www.werecycle.ch\\\/wp-content\\\/uploads\\\/2026\\\/04\\\/503292.webp\",\"width\":800,\"height\":800,\"caption\":\"Doppelh\u00e4ngematte\"},{\"@type\":\"BreadcrumbList\",\"@id\":\"https:\\\/\\\/www.werecycle.ch\\\/shop\\\/freizeit\\\/outdoor-camping\\\/doppelhaengematte-mit-gestell\\\/#breadcrumb\",\"itemListElement\":[{\"@type\":\"ListItem\",\"position\":1,\"name\":\"Startseite\",\"item\":\"https:\\\/\\\/www.werecycle.ch\\\/\"},{\"@type\":\"ListItem\",\"position\":2,\"name\":\"Shop\",\"item\":\"https:\\\/\\\/www.werecycle.ch\\\/de\\\/shop\\\/\"},{\"@type\":\"ListItem\",\"position\":3,\"name\":\"Doppelh\u00e4ngematte mit Gestell\"}]},{\"@type\":\"WebSite\",\"@id\":\"https:\\\/\\\/www.werecycle.ch\\\/de\\\/#website\",\"url\":\"https:\\\/\\\/www.werecycle.ch\\\/de\\\/\",\"name\":\"WeRecycle.ch | Recycling Services AG\",\"description\":\"\",\"publisher\":{\"@id\":\"https:\\\/\\\/www.werecycle.ch\\\/de\\\/#organization\"},\"potentialAction\":[{\"@type\":\"SearchAction\",\"target\":{\"@type\":\"EntryPoint\",\"urlTemplate\":\"https:\\\/\\\/www.werecycle.ch\\\/de\\\/?s={search_term_string}\"},\"query-input\":{\"@type\":\"PropertyValueSpecification\",\"valueRequired\":true,\"valueName\":\"search_term_string\"}}],\"inLanguage\":\"de\"},{\"@type\":\"Organization\",\"@id\":\"https:\\\/\\\/www.werecycle.ch\\\/de\\\/#organization\",\"name\":\"WeRecycle.ch | Recycling Services AG\",\"url\":\"https:\\\/\\\/www.werecycle.ch\\\/de\\\/\",\"logo\":{\"@type\":\"ImageObject\",\"inLanguage\":\"de\",\"@id\":\"https:\\\/\\\/www.werecycle.ch\\\/de\\\/#\\\/schema\\\/logo\\\/image\\\/\",\"url\":\"https:\\\/\\\/www.werecycle.ch\\\/wp-content\\\/uploads\\\/2022\\\/09\\\/logo_werecycle.webp\",\"contentUrl\":\"https:\\\/\\\/www.werecycle.ch\\\/wp-content\\\/uploads\\\/2022\\\/09\\\/logo_werecycle.webp\",\"width\":1423,\"height\":427,\"caption\":\"WeRecycle.ch | Recycling Services AG\"},\"image\":{\"@id\":\"https:\\\/\\\/www.werecycle.ch\\\/de\\\/#\\\/schema\\\/logo\\\/image\\\/\"},\"sameAs\":[\"https:\\\/\\\/www.facebook.com\\\/www.werecycle.ch\"]}]}<\/script>\n<!-- \/ Yoast SEO plugin. -->","yoast_head_json":{"title":"Doppelh\u00e4ngematte mit Gestell - WeRecycle.ch | WR Group AG","robots":{"index":"index","follow":"follow","max-snippet":"max-snippet:-1","max-image-preview":"max-image-preview:large","max-video-preview":"max-video-preview:-1"},"canonical":"https:\/\/www.werecycle.ch\/de\/shop\/freizeit\/outdoor-camping\/doppelhaengematte-mit-gestell\/","og_locale":"de_DE","og_type":"article","og_title":"Doppelh\u00e4ngematte mit Gestell - WeRecycle.ch | WR Group AG","og_description":"Die Doppelh\u00e4ngematte mit Gestell bietet dir komfortable Entspannung f\u00fcr bis zu zwei Personen. Die grossz\u00fcgige Liegefl\u00e4che aus weichem Leinen sorgt f\u00fcr ein angenehmes Liegegef\u00fchl, w\u00e4hrend das stabile Gestell aus pulverbeschichtetem Stahl maximale Sicherheit bis 300 kg gew\u00e4hrleistet. Dank freistehendem Design ist sie flexibel im Garten, auf der Terrasse oder im Innenbereich einsetzbar. Stilvoll, robust und bequem \u2013 dein perfekter R\u00fcckzugsort f\u00fcr entspannte Momente.","og_url":"https:\/\/www.werecycle.ch\/de\/shop\/freizeit\/outdoor-camping\/doppelhaengematte-mit-gestell\/","og_site_name":"WeRecycle.ch | WR Group AG","article_publisher":"https:\/\/www.facebook.com\/www.werecycle.ch","article_modified_time":"2026-04-24T12:57:39+00:00","og_image":[{"width":800,"height":800,"url":"https:\/\/www.werecycle.ch\/wp-content\/uploads\/2026\/04\/503292.webp","type":"image\/webp"}],"twitter_card":"summary_large_image","schema":{"@context":"https:\/\/schema.org","@graph":[{"@type":"WebPage","@id":"https:\/\/www.werecycle.ch\/shop\/freizeit\/outdoor-camping\/doppelhaengematte-mit-gestell\/","url":"https:\/\/www.werecycle.ch\/shop\/freizeit\/outdoor-camping\/doppelhaengematte-mit-gestell\/","name":"Doppelh\u00e4ngematte mit Gestell - WeRecycle.ch | WR Group AG","isPartOf":{"@id":"https:\/\/www.werecycle.ch\/de\/#website"},"primaryImageOfPage":{"@id":"https:\/\/www.werecycle.ch\/shop\/freizeit\/outdoor-camping\/doppelhaengematte-mit-gestell\/#primaryimage"},"image":{"@id":"https:\/\/www.werecycle.ch\/shop\/freizeit\/outdoor-camping\/doppelhaengematte-mit-gestell\/#primaryimage"},"thumbnailUrl":"https:\/\/www.werecycle.ch\/wp-content\/uploads\/2026\/04\/503292.webp","datePublished":"2026-04-08T11:07:17+00:00","dateModified":"2026-04-24T12:57:39+00:00","breadcrumb":{"@id":"https:\/\/www.werecycle.ch\/shop\/freizeit\/outdoor-camping\/doppelhaengematte-mit-gestell\/#breadcrumb"},"inLanguage":"de","potentialAction":[{"@type":"ReadAction","target":["https:\/\/www.werecycle.ch\/shop\/freizeit\/outdoor-camping\/doppelhaengematte-mit-gestell\/"]}]},{"@type":"ImageObject","inLanguage":"de","@id":"https:\/\/www.werecycle.ch\/shop\/freizeit\/outdoor-camping\/doppelhaengematte-mit-gestell\/#primaryimage","url":"https:\/\/www.werecycle.ch\/wp-content\/uploads\/2026\/04\/503292.webp","contentUrl":"https:\/\/www.werecycle.ch\/wp-content\/uploads\/2026\/04\/503292.webp","width":800,"height":800,"caption":"Doppelh\u00e4ngematte"},{"@type":"BreadcrumbList","@id":"https:\/\/www.werecycle.ch\/shop\/freizeit\/outdoor-camping\/doppelhaengematte-mit-gestell\/#breadcrumb","itemListElement":[{"@type":"ListItem","position":1,"name":"Startseite","item":"https:\/\/www.werecycle.ch\/"},{"@type":"ListItem","position":2,"name":"Shop","item":"https:\/\/www.werecycle.ch\/de\/shop\/"},{"@type":"ListItem","position":3,"name":"Doppelh\u00e4ngematte mit Gestell"}]},{"@type":"WebSite","@id":"https:\/\/www.werecycle.ch\/de\/#website","url":"https:\/\/www.werecycle.ch\/de\/","name":"WeRecycle.ch | Recycling Services AG","description":"","publisher":{"@id":"https:\/\/www.werecycle.ch\/de\/#organization"},"potentialAction":[{"@type":"SearchAction","target":{"@type":"EntryPoint","urlTemplate":"https:\/\/www.werecycle.ch\/de\/?s={search_term_string}"},"query-input":{"@type":"PropertyValueSpecification","valueRequired":true,"valueName":"search_term_string"}}],"inLanguage":"de"},{"@type":"Organization","@id":"https:\/\/www.werecycle.ch\/de\/#organization","name":"WeRecycle.ch | Recycling Services AG","url":"https:\/\/www.werecycle.ch\/de\/","logo":{"@type":"ImageObject","inLanguage":"de","@id":"https:\/\/www.werecycle.ch\/de\/#\/schema\/logo\/image\/","url":"https:\/\/www.werecycle.ch\/wp-content\/uploads\/2022\/09\/logo_werecycle.webp","contentUrl":"https:\/\/www.werecycle.ch\/wp-content\/uploads\/2022\/09\/logo_werecycle.webp","width":1423,"height":427,"caption":"WeRecycle.ch | Recycling Services AG"},"image":{"@id":"https:\/\/www.werecycle.ch\/de\/#\/schema\/logo\/image\/"},"sameAs":["https:\/\/www.facebook.com\/www.werecycle.ch"]}]}},"tiered_pricing_type":"fixed","tiered_pricing_fixed_rules":[],"tiered_pricing_product_settings":{"layout":"default","base_unit_name":{"singular":null,"plural":null},"default_variation":null},"tiered_pricing_minimum_quantity":null,"tiered_pricing_roles_data":[],"tiered_pricing_percentage_rules":[],"_links":{"self":[{"href":"https:\/\/www.werecycle.ch\/de\/wp-json\/wp\/v2\/product\/54611","targetHints":{"allow":["GET"]}}],"collection":[{"href":"https:\/\/www.werecycle.ch\/de\/wp-json\/wp\/v2\/product"}],"about":[{"href":"https:\/\/www.werecycle.ch\/de\/wp-json\/wp\/v2\/types\/product"}],"wp:featuredmedia":[{"embeddable":true,"href":"https:\/\/www.werecycle.ch\/de\/wp-json\/wp\/v2\/media\/54630"}],"wp:attachment":[{"href":"https:\/\/www.werecycle.ch\/de\/wp-json\/wp\/v2\/media?parent=54611"}],"wp:term":[{"taxonomy":"product_brand","embeddable":true,"href":"https:\/\/www.werecycle.ch\/de\/wp-json\/wp\/v2\/product_brand?post=54611"},{"taxonomy":"product_cat","embeddable":true,"href":"https:\/\/www.werecycle.ch\/de\/wp-json\/wp\/v2\/product_cat?post=54611"},{"taxonomy":"product_tag","embeddable":true,"href":"https:\/\/www.werecycle.ch\/de\/wp-json\/wp\/v2\/product_tag?post=54611"}],"curies":[{"name":"wp","href":"https:\/\/api.w.org\/{rel}","templated":true}]}}