{"id":2677,"date":"2022-10-19T09:38:22","date_gmt":"2022-10-19T07:38:22","guid":{"rendered":"https:\/\/www.werecycle.ch\/?post_type=product&#038;p=2677"},"modified":"2025-06-20T10:45:39","modified_gmt":"2025-06-20T09:45:39","slug":"laroma-badesalz-alpenkraeuter","status":"publish","type":"product","link":"https:\/\/www.werecycle.ch\/de\/shop\/wohlbefinden-wellness\/koerperpflege\/laroma-badesalz-alpenkraeuter\/","title":{"rendered":"LAROMA Badesalz Alpenkr\u00e4uter"},"content":{"rendered":"<div>LAROMA Badesalz Alpenkr\u00e4uter in Apothekerflasche braun &#8211; Totes Meer Salz.<\/div>\n<div><\/div>\n<div>\n<div>Alpenkr\u00e4uter sind frisch, saftig und widerstandsf\u00e4hig.<\/div>\n<\/div>\n<h4><b>Einzigartige Wirkung des Toten Meer Salzes:<\/b><\/h4>\n<div>\n<p>Die hohe Natrium- und Kalium-Konzentration im Toten Meer Salz f\u00f6rdert und beschleunigt die Mineralienzufuhr. Dies f\u00fchrt dazu, dass die Zellen verst\u00e4rkt in der Lage sind, ihren Feuchtigkeitsgehalt zu bewahren. Besonders bei trockener und empfindlicher Haut oder Hautproblemen wirkt ein Bad mit Salz aus dem Toten Meer hautberuhigend, juckreizlindernd und entspannend.<\/p>\n<\/div>\n<h4>Anwendung:<\/h4>\n<p>F\u00fcr ein Vollbad ca. 2-3 Essl\u00f6ffel Alpenkr\u00e4uter-Meersalz in m\u00f6glichst heissem Wasser aufl\u00f6sen. Badetemperatur ca. 37 Grad. Es empfiehlt sich ein Bad f\u00fcr die Dauer von 15-25 Minuten. Danach die Haut mit Wasser absp\u00fclen.<\/p>\n<ul>\n<li>Abgef\u00fcllt in hochwertiger Apothekerflasche Braunglas mit Glasstopfen braun<\/li>\n<li>In der Schweiz hergestellt.<\/li>\n<\/ul>\n","protected":false},"excerpt":{"rendered":"<div>Badesalz Alpenkr\u00e4uter in Apothekerflasche.<\/div>\n<div><\/div>\n<div>\n<div>Alpenkr\u00e4uter sind frisch, saftig und widerstandsf\u00e4hig.<\/div>\n<\/div>\n","protected":false},"featured_media":2680,"template":"","meta":{"ocean_post_layout":"","ocean_both_sidebars_style":"","ocean_both_sidebars_content_width":0,"ocean_both_sidebars_sidebars_width":0,"ocean_sidebar":"0","ocean_second_sidebar":"0","ocean_disable_margins":"enable","ocean_add_body_class":"","ocean_shortcode_before_top_bar":"","ocean_shortcode_after_top_bar":"","ocean_shortcode_before_header":"","ocean_shortcode_after_header":"","ocean_has_shortcode":"","ocean_shortcode_after_title":"","ocean_shortcode_before_footer_widgets":"","ocean_shortcode_after_footer_widgets":"","ocean_shortcode_before_footer_bottom":"","ocean_shortcode_after_footer_bottom":"","ocean_display_top_bar":"default","ocean_display_header":"default","ocean_header_style":"","ocean_center_header_left_menu":"0","ocean_custom_header_template":"0","ocean_custom_logo":0,"ocean_custom_retina_logo":0,"ocean_custom_logo_max_width":0,"ocean_custom_logo_tablet_max_width":0,"ocean_custom_logo_mobile_max_width":0,"ocean_custom_logo_max_height":0,"ocean_custom_logo_tablet_max_height":0,"ocean_custom_logo_mobile_max_height":0,"ocean_header_custom_menu":"0","ocean_menu_typo_font_family":"0","ocean_menu_typo_font_subset":"","ocean_menu_typo_font_size":0,"ocean_menu_typo_font_size_tablet":0,"ocean_menu_typo_font_size_mobile":0,"ocean_menu_typo_font_size_unit":"px","ocean_menu_typo_font_weight":"","ocean_menu_typo_font_weight_tablet":"","ocean_menu_typo_font_weight_mobile":"","ocean_menu_typo_transform":"","ocean_menu_typo_transform_tablet":"","ocean_menu_typo_transform_mobile":"","ocean_menu_typo_line_height":0,"ocean_menu_typo_line_height_tablet":0,"ocean_menu_typo_line_height_mobile":0,"ocean_menu_typo_line_height_unit":"","ocean_menu_typo_spacing":0,"ocean_menu_typo_spacing_tablet":0,"ocean_menu_typo_spacing_mobile":0,"ocean_menu_typo_spacing_unit":"","ocean_menu_link_color":"","ocean_menu_link_color_hover":"","ocean_menu_link_color_active":"","ocean_menu_link_background":"","ocean_menu_link_hover_background":"","ocean_menu_link_active_background":"","ocean_menu_social_links_bg":"","ocean_menu_social_hover_links_bg":"","ocean_menu_social_links_color":"","ocean_menu_social_hover_links_color":"","ocean_disable_title":"default","ocean_disable_heading":"default","ocean_post_title":"","ocean_post_subheading":"","ocean_post_title_style":"","ocean_post_title_background_color":"","ocean_post_title_background":0,"ocean_post_title_bg_image_position":"","ocean_post_title_bg_image_attachment":"","ocean_post_title_bg_image_repeat":"","ocean_post_title_bg_image_size":"","ocean_post_title_height":0,"ocean_post_title_bg_overlay":0.5,"ocean_post_title_bg_overlay_color":"","ocean_disable_breadcrumbs":"default","ocean_breadcrumbs_color":"","ocean_breadcrumbs_separator_color":"","ocean_breadcrumbs_links_color":"","ocean_breadcrumbs_links_hover_color":"","ocean_display_footer_widgets":"default","ocean_display_footer_bottom":"default","ocean_custom_footer_template":"0","ofc_meta_disable_footer_callout":"","ofc_meta_callout_button_url":"","ofc_meta_callout_button_txt":"","ofc_meta_callout_text":"","osh_disable_topbar_sticky":"default","osh_disable_header_sticky":"default","osh_sticky_header_style":"default","osh_sticky_header_effect":"","osh_custom_sticky_logo":0,"osh_custom_retina_sticky_logo":0,"osh_custom_sticky_logo_height":0,"osh_background_color":"","osh_links_color":"","osh_links_hover_color":"","osh_links_active_color":"","osh_links_bg_color":"","osh_links_hover_bg_color":"","osh_links_active_bg_color":"","osh_menu_social_links_color":"","osh_menu_social_hover_links_color":""},"product_brand":[2606],"product_cat":[78,60],"product_tag":[123,116,81,82,115],"class_list":{"0":"post-2677","1":"product","2":"type-product","3":"status-publish","4":"has-post-thumbnail","6":"product_brand-laroma","7":"product_cat-koerperpflege","8":"product_cat-wohlbefinden-wellness","9":"product_tag-alpenkraeuter","10":"product_tag-apothecary","11":"product_tag-badesalz","12":"product_tag-laroma","13":"product_tag-swiss-made","15":"entry","16":"has-media","18":"first","19":"instock","20":"taxable","21":"shipping-taxable","22":"purchasable","23":"product-type-variable","24":"has-default-attributes","25":"col","26":"span_1_of_3","27":"owp-content-center","28":"item-entry","29":"owp-thumbs-layout-horizontal","30":"owp-btn-normal","31":"owp-tabs-layout-horizontal","32":"circle-sale"},"yoast_head":"<!-- This site is optimized with the Yoast SEO plugin v27.5 - https:\/\/yoast.com\/product\/yoast-seo-wordpress\/ -->\n<title>LAROMA Badesalz Alpenkr\u00e4uter - WeRecycle.ch | WR Group AG<\/title>\n<meta name=\"description\" content=\"Badesalz von Laroma mit Alpenkr\u00e4uter Duft in Apothekerflasche. Alpenkr\u00e4uter sind frisch, saftig und widerstandsf\u00e4hig.\" \/>\n<meta name=\"robots\" content=\"index, follow, max-snippet:-1, max-image-preview:large, max-video-preview:-1\" \/>\n<link rel=\"canonical\" href=\"https:\/\/www.werecycle.ch\/de\/shop\/wohlbefinden-wellness\/koerperpflege\/laroma-badesalz-alpenkraeuter\/\" \/>\n<meta property=\"og:locale\" content=\"de_DE\" \/>\n<meta property=\"og:type\" content=\"article\" \/>\n<meta property=\"og:title\" content=\"LAROMA Badesalz Alpenkr\u00e4uter - WeRecycle.ch | WR Group AG\" \/>\n<meta property=\"og:description\" content=\"Badesalz von Laroma mit Alpenkr\u00e4uter Duft in Apothekerflasche. Alpenkr\u00e4uter sind frisch, saftig und widerstandsf\u00e4hig.\" \/>\n<meta property=\"og:url\" content=\"https:\/\/www.werecycle.ch\/de\/shop\/wohlbefinden-wellness\/koerperpflege\/laroma-badesalz-alpenkraeuter\/\" \/>\n<meta property=\"og:site_name\" content=\"WeRecycle.ch | WR Group AG\" \/>\n<meta property=\"article:publisher\" content=\"https:\/\/www.facebook.com\/www.werecycle.ch\" \/>\n<meta property=\"article:modified_time\" content=\"2025-06-20T09:45:39+00:00\" \/>\n<meta property=\"og:image\" content=\"https:\/\/www.werecycle.ch\/wp-content\/uploads\/2022\/10\/219652.webp\" \/>\n\t<meta property=\"og:image:width\" content=\"925\" \/>\n\t<meta property=\"og:image:height\" content=\"925\" \/>\n\t<meta property=\"og:image:type\" content=\"image\/webp\" \/>\n<meta name=\"twitter:card\" content=\"summary_large_image\" \/>\n<script type=\"application\/ld+json\" class=\"yoast-schema-graph\">{\"@context\":\"https:\\\/\\\/schema.org\",\"@graph\":[{\"@type\":\"WebPage\",\"@id\":\"https:\\\/\\\/www.werecycle.ch\\\/shop\\\/wohlbefinden-wellness\\\/koerperpflege\\\/laroma-badesalz-alpenkraeuter\\\/\",\"url\":\"https:\\\/\\\/www.werecycle.ch\\\/shop\\\/wohlbefinden-wellness\\\/koerperpflege\\\/laroma-badesalz-alpenkraeuter\\\/\",\"name\":\"LAROMA Badesalz Alpenkr\u00e4uter - WeRecycle.ch | WR Group AG\",\"isPartOf\":{\"@id\":\"https:\\\/\\\/www.werecycle.ch\\\/de\\\/#website\"},\"primaryImageOfPage\":{\"@id\":\"https:\\\/\\\/www.werecycle.ch\\\/shop\\\/wohlbefinden-wellness\\\/koerperpflege\\\/laroma-badesalz-alpenkraeuter\\\/#primaryimage\"},\"image\":{\"@id\":\"https:\\\/\\\/www.werecycle.ch\\\/shop\\\/wohlbefinden-wellness\\\/koerperpflege\\\/laroma-badesalz-alpenkraeuter\\\/#primaryimage\"},\"thumbnailUrl\":\"https:\\\/\\\/www.werecycle.ch\\\/wp-content\\\/uploads\\\/2022\\\/10\\\/219652.webp\",\"datePublished\":\"2022-10-19T07:38:22+00:00\",\"dateModified\":\"2025-06-20T09:45:39+00:00\",\"description\":\"Badesalz von Laroma mit Alpenkr\u00e4uter Duft in Apothekerflasche. Alpenkr\u00e4uter sind frisch, saftig und widerstandsf\u00e4hig.\",\"breadcrumb\":{\"@id\":\"https:\\\/\\\/www.werecycle.ch\\\/shop\\\/wohlbefinden-wellness\\\/koerperpflege\\\/laroma-badesalz-alpenkraeuter\\\/#breadcrumb\"},\"inLanguage\":\"de\",\"potentialAction\":[{\"@type\":\"ReadAction\",\"target\":[\"https:\\\/\\\/www.werecycle.ch\\\/shop\\\/wohlbefinden-wellness\\\/koerperpflege\\\/laroma-badesalz-alpenkraeuter\\\/\"]}]},{\"@type\":\"ImageObject\",\"inLanguage\":\"de\",\"@id\":\"https:\\\/\\\/www.werecycle.ch\\\/shop\\\/wohlbefinden-wellness\\\/koerperpflege\\\/laroma-badesalz-alpenkraeuter\\\/#primaryimage\",\"url\":\"https:\\\/\\\/www.werecycle.ch\\\/wp-content\\\/uploads\\\/2022\\\/10\\\/219652.webp\",\"contentUrl\":\"https:\\\/\\\/www.werecycle.ch\\\/wp-content\\\/uploads\\\/2022\\\/10\\\/219652.webp\",\"width\":925,\"height\":925},{\"@type\":\"BreadcrumbList\",\"@id\":\"https:\\\/\\\/www.werecycle.ch\\\/shop\\\/wohlbefinden-wellness\\\/koerperpflege\\\/laroma-badesalz-alpenkraeuter\\\/#breadcrumb\",\"itemListElement\":[{\"@type\":\"ListItem\",\"position\":1,\"name\":\"Startseite\",\"item\":\"https:\\\/\\\/www.werecycle.ch\\\/\"},{\"@type\":\"ListItem\",\"position\":2,\"name\":\"Shop\",\"item\":\"https:\\\/\\\/www.werecycle.ch\\\/de\\\/shop\\\/\"},{\"@type\":\"ListItem\",\"position\":3,\"name\":\"LAROMA Badesalz Alpenkr\u00e4uter\"}]},{\"@type\":\"WebSite\",\"@id\":\"https:\\\/\\\/www.werecycle.ch\\\/de\\\/#website\",\"url\":\"https:\\\/\\\/www.werecycle.ch\\\/de\\\/\",\"name\":\"WeRecycle.ch | Recycling Services AG\",\"description\":\"\",\"publisher\":{\"@id\":\"https:\\\/\\\/www.werecycle.ch\\\/de\\\/#organization\"},\"potentialAction\":[{\"@type\":\"SearchAction\",\"target\":{\"@type\":\"EntryPoint\",\"urlTemplate\":\"https:\\\/\\\/www.werecycle.ch\\\/de\\\/?s={search_term_string}\"},\"query-input\":{\"@type\":\"PropertyValueSpecification\",\"valueRequired\":true,\"valueName\":\"search_term_string\"}}],\"inLanguage\":\"de\"},{\"@type\":\"Organization\",\"@id\":\"https:\\\/\\\/www.werecycle.ch\\\/de\\\/#organization\",\"name\":\"WeRecycle.ch | Recycling Services AG\",\"url\":\"https:\\\/\\\/www.werecycle.ch\\\/de\\\/\",\"logo\":{\"@type\":\"ImageObject\",\"inLanguage\":\"de\",\"@id\":\"https:\\\/\\\/www.werecycle.ch\\\/de\\\/#\\\/schema\\\/logo\\\/image\\\/\",\"url\":\"https:\\\/\\\/www.werecycle.ch\\\/wp-content\\\/uploads\\\/2022\\\/09\\\/logo_werecycle.webp\",\"contentUrl\":\"https:\\\/\\\/www.werecycle.ch\\\/wp-content\\\/uploads\\\/2022\\\/09\\\/logo_werecycle.webp\",\"width\":1423,\"height\":427,\"caption\":\"WeRecycle.ch | Recycling Services AG\"},\"image\":{\"@id\":\"https:\\\/\\\/www.werecycle.ch\\\/de\\\/#\\\/schema\\\/logo\\\/image\\\/\"},\"sameAs\":[\"https:\\\/\\\/www.facebook.com\\\/www.werecycle.ch\"]}]}<\/script>\n<!-- \/ Yoast SEO plugin. -->","yoast_head_json":{"title":"LAROMA Badesalz Alpenkr\u00e4uter - WeRecycle.ch | WR Group AG","description":"Badesalz von Laroma mit Alpenkr\u00e4uter Duft in Apothekerflasche. Alpenkr\u00e4uter sind frisch, saftig und widerstandsf\u00e4hig.","robots":{"index":"index","follow":"follow","max-snippet":"max-snippet:-1","max-image-preview":"max-image-preview:large","max-video-preview":"max-video-preview:-1"},"canonical":"https:\/\/www.werecycle.ch\/de\/shop\/wohlbefinden-wellness\/koerperpflege\/laroma-badesalz-alpenkraeuter\/","og_locale":"de_DE","og_type":"article","og_title":"LAROMA Badesalz Alpenkr\u00e4uter - WeRecycle.ch | WR Group AG","og_description":"Badesalz von Laroma mit Alpenkr\u00e4uter Duft in Apothekerflasche. Alpenkr\u00e4uter sind frisch, saftig und widerstandsf\u00e4hig.","og_url":"https:\/\/www.werecycle.ch\/de\/shop\/wohlbefinden-wellness\/koerperpflege\/laroma-badesalz-alpenkraeuter\/","og_site_name":"WeRecycle.ch | WR Group AG","article_publisher":"https:\/\/www.facebook.com\/www.werecycle.ch","article_modified_time":"2025-06-20T09:45:39+00:00","og_image":[{"width":925,"height":925,"url":"https:\/\/www.werecycle.ch\/wp-content\/uploads\/2022\/10\/219652.webp","type":"image\/webp"}],"twitter_card":"summary_large_image","schema":{"@context":"https:\/\/schema.org","@graph":[{"@type":"WebPage","@id":"https:\/\/www.werecycle.ch\/shop\/wohlbefinden-wellness\/koerperpflege\/laroma-badesalz-alpenkraeuter\/","url":"https:\/\/www.werecycle.ch\/shop\/wohlbefinden-wellness\/koerperpflege\/laroma-badesalz-alpenkraeuter\/","name":"LAROMA Badesalz Alpenkr\u00e4uter - WeRecycle.ch | WR Group AG","isPartOf":{"@id":"https:\/\/www.werecycle.ch\/de\/#website"},"primaryImageOfPage":{"@id":"https:\/\/www.werecycle.ch\/shop\/wohlbefinden-wellness\/koerperpflege\/laroma-badesalz-alpenkraeuter\/#primaryimage"},"image":{"@id":"https:\/\/www.werecycle.ch\/shop\/wohlbefinden-wellness\/koerperpflege\/laroma-badesalz-alpenkraeuter\/#primaryimage"},"thumbnailUrl":"https:\/\/www.werecycle.ch\/wp-content\/uploads\/2022\/10\/219652.webp","datePublished":"2022-10-19T07:38:22+00:00","dateModified":"2025-06-20T09:45:39+00:00","description":"Badesalz von Laroma mit Alpenkr\u00e4uter Duft in Apothekerflasche. Alpenkr\u00e4uter sind frisch, saftig und widerstandsf\u00e4hig.","breadcrumb":{"@id":"https:\/\/www.werecycle.ch\/shop\/wohlbefinden-wellness\/koerperpflege\/laroma-badesalz-alpenkraeuter\/#breadcrumb"},"inLanguage":"de","potentialAction":[{"@type":"ReadAction","target":["https:\/\/www.werecycle.ch\/shop\/wohlbefinden-wellness\/koerperpflege\/laroma-badesalz-alpenkraeuter\/"]}]},{"@type":"ImageObject","inLanguage":"de","@id":"https:\/\/www.werecycle.ch\/shop\/wohlbefinden-wellness\/koerperpflege\/laroma-badesalz-alpenkraeuter\/#primaryimage","url":"https:\/\/www.werecycle.ch\/wp-content\/uploads\/2022\/10\/219652.webp","contentUrl":"https:\/\/www.werecycle.ch\/wp-content\/uploads\/2022\/10\/219652.webp","width":925,"height":925},{"@type":"BreadcrumbList","@id":"https:\/\/www.werecycle.ch\/shop\/wohlbefinden-wellness\/koerperpflege\/laroma-badesalz-alpenkraeuter\/#breadcrumb","itemListElement":[{"@type":"ListItem","position":1,"name":"Startseite","item":"https:\/\/www.werecycle.ch\/"},{"@type":"ListItem","position":2,"name":"Shop","item":"https:\/\/www.werecycle.ch\/de\/shop\/"},{"@type":"ListItem","position":3,"name":"LAROMA Badesalz Alpenkr\u00e4uter"}]},{"@type":"WebSite","@id":"https:\/\/www.werecycle.ch\/de\/#website","url":"https:\/\/www.werecycle.ch\/de\/","name":"WeRecycle.ch | Recycling Services AG","description":"","publisher":{"@id":"https:\/\/www.werecycle.ch\/de\/#organization"},"potentialAction":[{"@type":"SearchAction","target":{"@type":"EntryPoint","urlTemplate":"https:\/\/www.werecycle.ch\/de\/?s={search_term_string}"},"query-input":{"@type":"PropertyValueSpecification","valueRequired":true,"valueName":"search_term_string"}}],"inLanguage":"de"},{"@type":"Organization","@id":"https:\/\/www.werecycle.ch\/de\/#organization","name":"WeRecycle.ch | Recycling Services AG","url":"https:\/\/www.werecycle.ch\/de\/","logo":{"@type":"ImageObject","inLanguage":"de","@id":"https:\/\/www.werecycle.ch\/de\/#\/schema\/logo\/image\/","url":"https:\/\/www.werecycle.ch\/wp-content\/uploads\/2022\/09\/logo_werecycle.webp","contentUrl":"https:\/\/www.werecycle.ch\/wp-content\/uploads\/2022\/09\/logo_werecycle.webp","width":1423,"height":427,"caption":"WeRecycle.ch | Recycling Services AG"},"image":{"@id":"https:\/\/www.werecycle.ch\/de\/#\/schema\/logo\/image\/"},"sameAs":["https:\/\/www.facebook.com\/www.werecycle.ch"]}]}},"tiered_pricing_type":"fixed","tiered_pricing_fixed_rules":[],"tiered_pricing_product_settings":{"layout":"default","base_unit_name":{"singular":null,"plural":null},"default_variation":null},"tiered_pricing_minimum_quantity":null,"tiered_pricing_roles_data":[],"tiered_pricing_percentage_rules":[],"_links":{"self":[{"href":"https:\/\/www.werecycle.ch\/de\/wp-json\/wp\/v2\/product\/2677","targetHints":{"allow":["GET"]}}],"collection":[{"href":"https:\/\/www.werecycle.ch\/de\/wp-json\/wp\/v2\/product"}],"about":[{"href":"https:\/\/www.werecycle.ch\/de\/wp-json\/wp\/v2\/types\/product"}],"wp:featuredmedia":[{"embeddable":true,"href":"https:\/\/www.werecycle.ch\/de\/wp-json\/wp\/v2\/media\/2680"}],"wp:attachment":[{"href":"https:\/\/www.werecycle.ch\/de\/wp-json\/wp\/v2\/media?parent=2677"}],"wp:term":[{"taxonomy":"product_brand","embeddable":true,"href":"https:\/\/www.werecycle.ch\/de\/wp-json\/wp\/v2\/product_brand?post=2677"},{"taxonomy":"product_cat","embeddable":true,"href":"https:\/\/www.werecycle.ch\/de\/wp-json\/wp\/v2\/product_cat?post=2677"},{"taxonomy":"product_tag","embeddable":true,"href":"https:\/\/www.werecycle.ch\/de\/wp-json\/wp\/v2\/product_tag?post=2677"}],"curies":[{"name":"wp","href":"https:\/\/api.w.org\/{rel}","templated":true}]}}