{"id":21679,"date":"2024-09-03T14:20:34","date_gmt":"2024-09-03T13:20:34","guid":{"rendered":"https:\/\/www.werecycle.ch\/?post_type=product&#038;p=21679"},"modified":"2025-06-18T19:50:03","modified_gmt":"2025-06-18T18:50:03","slug":"mulchvlies-aus-schafwolle-und-flachsstroh-250x110cm","status":"publish","type":"product","link":"https:\/\/www.werecycle.ch\/de\/shop\/garten-outdoor\/mulchvlies-aus-schafwolle-und-flachsstroh-250x110cm\/","title":{"rendered":"Mulchvlies aus Schafwolle + Flachsstroh 250 x 110 cm"},"content":{"rendered":"<p>Das Mulchvlies aus Wolle von Schweizer Schwarznasenschafen und Flachsstroh verhindert Unkrautwuchs, reduziert Schneckenfrass und f\u00f6rdert die Fruchtbarkeit des Bodens. Der Boden unter dem Vlies trocknet weniger schnell aus und verschl\u00e4mmt nicht. Das Mulchvlies eignet sich perfekt f\u00fcr Gem\u00fcsebeete, kann aber im Beerengarten eingesetzt werden.<\/p>\n<p>Aufgrund seiner nat\u00fcrlichen Zusammensetzung ist das Mulchvlies vollst\u00e4ndig kompostierbar. Durch leichte Zersetzungsprozesse werden laufend N\u00e4hrstoffe an den Boden abgegeben.<\/p>\n<p>Nach Ende der Saison kann das Mulchvlies entweder an Ort und Stelle in den Boden eingearbeitet oder auch zusammen mit den Pflanzenresten nachhaltig ohne R\u00fcckst\u00e4nde kompostiert werden.<\/p>\n<p>&nbsp;<\/p>\n<ul>\n<li>Verhindert Unkrautwuchs<\/li>\n<li>Reduziert Schneckenfrass<\/li>\n<li>F\u00f6rdert die Fruchtbarkeit des Bodens<\/li>\n<li>Gr\u00f6sse: 250 x 110 cm<\/li>\n<li>St\u00e4rke: 150 g \/ m2<\/li>\n<li>Material: Schweizer Schafwolle mit Flachs<\/li>\n<li>Kompostierbar<\/li>\n<\/ul>\n","protected":false},"excerpt":{"rendered":"<p>Das Mulchvlies aus Schafwolle und Flachs ist eine einfache M\u00f6glichkeit, aufkommenden Unkrautbewuchs zu verhindern und die Bodenfruchtbarkeit zu f\u00f6rdern.<br \/>\nGr\u00f6sse: 250 x 110 cm<\/p>\n","protected":false},"featured_media":21683,"template":"","meta":{"ocean_post_layout":"","ocean_both_sidebars_style":"","ocean_both_sidebars_content_width":0,"ocean_both_sidebars_sidebars_width":0,"ocean_sidebar":"0","ocean_second_sidebar":"0","ocean_disable_margins":"enable","ocean_add_body_class":"","ocean_shortcode_before_top_bar":"","ocean_shortcode_after_top_bar":"","ocean_shortcode_before_header":"","ocean_shortcode_after_header":"","ocean_has_shortcode":"","ocean_shortcode_after_title":"","ocean_shortcode_before_footer_widgets":"","ocean_shortcode_after_footer_widgets":"","ocean_shortcode_before_footer_bottom":"","ocean_shortcode_after_footer_bottom":"","ocean_display_top_bar":"default","ocean_display_header":"default","ocean_header_style":"","ocean_center_header_left_menu":"0","ocean_custom_header_template":"0","ocean_custom_logo":0,"ocean_custom_retina_logo":0,"ocean_custom_logo_max_width":0,"ocean_custom_logo_tablet_max_width":0,"ocean_custom_logo_mobile_max_width":0,"ocean_custom_logo_max_height":0,"ocean_custom_logo_tablet_max_height":0,"ocean_custom_logo_mobile_max_height":0,"ocean_header_custom_menu":"0","ocean_menu_typo_font_family":"0","ocean_menu_typo_font_subset":"","ocean_menu_typo_font_size":0,"ocean_menu_typo_font_size_tablet":0,"ocean_menu_typo_font_size_mobile":0,"ocean_menu_typo_font_size_unit":"px","ocean_menu_typo_font_weight":"","ocean_menu_typo_font_weight_tablet":"","ocean_menu_typo_font_weight_mobile":"","ocean_menu_typo_transform":"","ocean_menu_typo_transform_tablet":"","ocean_menu_typo_transform_mobile":"","ocean_menu_typo_line_height":0,"ocean_menu_typo_line_height_tablet":0,"ocean_menu_typo_line_height_mobile":0,"ocean_menu_typo_line_height_unit":"","ocean_menu_typo_spacing":0,"ocean_menu_typo_spacing_tablet":0,"ocean_menu_typo_spacing_mobile":0,"ocean_menu_typo_spacing_unit":"","ocean_menu_link_color":"","ocean_menu_link_color_hover":"","ocean_menu_link_color_active":"","ocean_menu_link_background":"","ocean_menu_link_hover_background":"","ocean_menu_link_active_background":"","ocean_menu_social_links_bg":"","ocean_menu_social_hover_links_bg":"","ocean_menu_social_links_color":"","ocean_menu_social_hover_links_color":"","ocean_disable_title":"default","ocean_disable_heading":"default","ocean_post_title":"","ocean_post_subheading":"","ocean_post_title_style":"","ocean_post_title_background_color":"","ocean_post_title_background":0,"ocean_post_title_bg_image_position":"","ocean_post_title_bg_image_attachment":"","ocean_post_title_bg_image_repeat":"","ocean_post_title_bg_image_size":"","ocean_post_title_height":0,"ocean_post_title_bg_overlay":0.5,"ocean_post_title_bg_overlay_color":"","ocean_disable_breadcrumbs":"default","ocean_breadcrumbs_color":"","ocean_breadcrumbs_separator_color":"","ocean_breadcrumbs_links_color":"","ocean_breadcrumbs_links_hover_color":"","ocean_display_footer_widgets":"default","ocean_display_footer_bottom":"default","ocean_custom_footer_template":"0","ofc_meta_disable_footer_callout":"","ofc_meta_callout_button_url":"","ofc_meta_callout_button_txt":"","ofc_meta_callout_text":"","osh_disable_topbar_sticky":"default","osh_disable_header_sticky":"default","osh_sticky_header_style":"default","osh_sticky_header_effect":"","osh_custom_sticky_logo":0,"osh_custom_retina_sticky_logo":0,"osh_custom_sticky_logo_height":0,"osh_background_color":"","osh_links_color":"","osh_links_hover_color":"","osh_links_active_color":"","osh_links_bg_color":"","osh_links_hover_bg_color":"","osh_links_active_bg_color":"","osh_menu_social_links_color":"","osh_menu_social_hover_links_color":""},"product_brand":[],"product_cat":[434],"product_tag":[432,2242,468,845,1084,2238,756,2237,115,2241,1057,1520],"class_list":{"0":"post-21679","1":"product","2":"type-product","3":"status-publish","4":"has-post-thumbnail","6":"product_cat-garten-outdoor","7":"product_tag-garten","8":"product_tag-mulch","9":"product_tag-nachhaltig","10":"product_tag-nachhaltigkeit","11":"product_tag-pflanzen","12":"product_tag-pflanzenschutz","13":"product_tag-recycling","14":"product_tag-schafwolle","15":"product_tag-swiss-made","16":"product_tag-unkraut","17":"product_tag-upcycling","18":"product_tag-vlies","20":"entry","21":"has-media","23":"first","24":"instock","25":"taxable","26":"shipping-taxable","27":"purchasable","28":"product-type-simple","29":"col","30":"span_1_of_3","31":"owp-content-center","32":"item-entry","33":"owp-thumbs-layout-horizontal","34":"owp-btn-normal","35":"owp-tabs-layout-horizontal","36":"circle-sale"},"yoast_head":"<!-- This site is optimized with the Yoast SEO plugin v27.5 - https:\/\/yoast.com\/product\/yoast-seo-wordpress\/ -->\n<title>Mulchvlies aus Schafwolle + Flachsstroh 250 x 110 cm - WeRecycle.ch | WR Group AG<\/title>\n<meta name=\"description\" content=\"Das Mulchvlies aus Schafwolle und Flachs ist eine einfache M\u00f6glichkeit, aufkommenden Unkrautbewuchs zu verhindern und die Bodenfruchtbarkeit zu f\u00f6rdern.\u00a0Gr\u00f6sse: 250 x 110 cm\" \/>\n<meta name=\"robots\" content=\"index, follow, max-snippet:-1, max-image-preview:large, max-video-preview:-1\" \/>\n<link rel=\"canonical\" href=\"https:\/\/www.werecycle.ch\/de\/shop\/garten-outdoor\/mulchvlies-aus-schafwolle-und-flachsstroh-250x110cm\/\" \/>\n<meta property=\"og:locale\" content=\"de_DE\" \/>\n<meta property=\"og:type\" content=\"article\" \/>\n<meta property=\"og:title\" content=\"Mulchvlies aus Schafwolle + Flachsstroh 250 x 110 cm - WeRecycle.ch | WR Group AG\" \/>\n<meta property=\"og:description\" content=\"Das Mulchvlies aus Schafwolle und Flachs ist eine einfache M\u00f6glichkeit, aufkommenden Unkrautbewuchs zu verhindern und die Bodenfruchtbarkeit zu f\u00f6rdern.\u00a0Gr\u00f6sse: 250 x 110 cm\" \/>\n<meta property=\"og:url\" content=\"https:\/\/www.werecycle.ch\/de\/shop\/garten-outdoor\/mulchvlies-aus-schafwolle-und-flachsstroh-250x110cm\/\" \/>\n<meta property=\"og:site_name\" content=\"WeRecycle.ch | WR Group AG\" \/>\n<meta property=\"article:publisher\" content=\"https:\/\/www.facebook.com\/www.werecycle.ch\" \/>\n<meta property=\"article:modified_time\" content=\"2025-06-18T18:50:03+00:00\" \/>\n<meta property=\"og:image\" content=\"https:\/\/www.werecycle.ch\/wp-content\/uploads\/2024\/10\/277120.webp\" \/>\n\t<meta property=\"og:image:width\" content=\"800\" \/>\n\t<meta property=\"og:image:height\" content=\"800\" \/>\n\t<meta property=\"og:image:type\" content=\"image\/webp\" \/>\n<meta name=\"twitter:card\" content=\"summary_large_image\" \/>\n<script type=\"application\/ld+json\" class=\"yoast-schema-graph\">{\"@context\":\"https:\\\/\\\/schema.org\",\"@graph\":[{\"@type\":\"WebPage\",\"@id\":\"https:\\\/\\\/www.werecycle.ch\\\/shop\\\/garten-outdoor\\\/mulchvlies-aus-schafwolle-und-flachsstroh-250x110cm\\\/\",\"url\":\"https:\\\/\\\/www.werecycle.ch\\\/shop\\\/garten-outdoor\\\/mulchvlies-aus-schafwolle-und-flachsstroh-250x110cm\\\/\",\"name\":\"Mulchvlies aus Schafwolle + Flachsstroh 250 x 110 cm - WeRecycle.ch | WR Group AG\",\"isPartOf\":{\"@id\":\"https:\\\/\\\/www.werecycle.ch\\\/de\\\/#website\"},\"primaryImageOfPage\":{\"@id\":\"https:\\\/\\\/www.werecycle.ch\\\/shop\\\/garten-outdoor\\\/mulchvlies-aus-schafwolle-und-flachsstroh-250x110cm\\\/#primaryimage\"},\"image\":{\"@id\":\"https:\\\/\\\/www.werecycle.ch\\\/shop\\\/garten-outdoor\\\/mulchvlies-aus-schafwolle-und-flachsstroh-250x110cm\\\/#primaryimage\"},\"thumbnailUrl\":\"https:\\\/\\\/www.werecycle.ch\\\/wp-content\\\/uploads\\\/2024\\\/10\\\/277120.webp\",\"datePublished\":\"2024-09-03T13:20:34+00:00\",\"dateModified\":\"2025-06-18T18:50:03+00:00\",\"description\":\"Das Mulchvlies aus Schafwolle und Flachs ist eine einfache M\u00f6glichkeit, aufkommenden Unkrautbewuchs zu verhindern und die Bodenfruchtbarkeit zu f\u00f6rdern.\u00a0Gr\u00f6sse: 250 x 110 cm\",\"breadcrumb\":{\"@id\":\"https:\\\/\\\/www.werecycle.ch\\\/shop\\\/garten-outdoor\\\/mulchvlies-aus-schafwolle-und-flachsstroh-250x110cm\\\/#breadcrumb\"},\"inLanguage\":\"de\",\"potentialAction\":[{\"@type\":\"ReadAction\",\"target\":[\"https:\\\/\\\/www.werecycle.ch\\\/shop\\\/garten-outdoor\\\/mulchvlies-aus-schafwolle-und-flachsstroh-250x110cm\\\/\"]}]},{\"@type\":\"ImageObject\",\"inLanguage\":\"de\",\"@id\":\"https:\\\/\\\/www.werecycle.ch\\\/shop\\\/garten-outdoor\\\/mulchvlies-aus-schafwolle-und-flachsstroh-250x110cm\\\/#primaryimage\",\"url\":\"https:\\\/\\\/www.werecycle.ch\\\/wp-content\\\/uploads\\\/2024\\\/10\\\/277120.webp\",\"contentUrl\":\"https:\\\/\\\/www.werecycle.ch\\\/wp-content\\\/uploads\\\/2024\\\/10\\\/277120.webp\",\"width\":800,\"height\":800},{\"@type\":\"BreadcrumbList\",\"@id\":\"https:\\\/\\\/www.werecycle.ch\\\/shop\\\/garten-outdoor\\\/mulchvlies-aus-schafwolle-und-flachsstroh-250x110cm\\\/#breadcrumb\",\"itemListElement\":[{\"@type\":\"ListItem\",\"position\":1,\"name\":\"Startseite\",\"item\":\"https:\\\/\\\/www.werecycle.ch\\\/\"},{\"@type\":\"ListItem\",\"position\":2,\"name\":\"Shop\",\"item\":\"https:\\\/\\\/www.werecycle.ch\\\/de\\\/shop\\\/\"},{\"@type\":\"ListItem\",\"position\":3,\"name\":\"Mulchvlies aus Schafwolle + Flachsstroh 250 x 110 cm\"}]},{\"@type\":\"WebSite\",\"@id\":\"https:\\\/\\\/www.werecycle.ch\\\/de\\\/#website\",\"url\":\"https:\\\/\\\/www.werecycle.ch\\\/de\\\/\",\"name\":\"WeRecycle.ch | Recycling Services AG\",\"description\":\"\",\"publisher\":{\"@id\":\"https:\\\/\\\/www.werecycle.ch\\\/de\\\/#organization\"},\"potentialAction\":[{\"@type\":\"SearchAction\",\"target\":{\"@type\":\"EntryPoint\",\"urlTemplate\":\"https:\\\/\\\/www.werecycle.ch\\\/de\\\/?s={search_term_string}\"},\"query-input\":{\"@type\":\"PropertyValueSpecification\",\"valueRequired\":true,\"valueName\":\"search_term_string\"}}],\"inLanguage\":\"de\"},{\"@type\":\"Organization\",\"@id\":\"https:\\\/\\\/www.werecycle.ch\\\/de\\\/#organization\",\"name\":\"WeRecycle.ch | Recycling Services AG\",\"url\":\"https:\\\/\\\/www.werecycle.ch\\\/de\\\/\",\"logo\":{\"@type\":\"ImageObject\",\"inLanguage\":\"de\",\"@id\":\"https:\\\/\\\/www.werecycle.ch\\\/de\\\/#\\\/schema\\\/logo\\\/image\\\/\",\"url\":\"https:\\\/\\\/www.werecycle.ch\\\/wp-content\\\/uploads\\\/2022\\\/09\\\/logo_werecycle.webp\",\"contentUrl\":\"https:\\\/\\\/www.werecycle.ch\\\/wp-content\\\/uploads\\\/2022\\\/09\\\/logo_werecycle.webp\",\"width\":1423,\"height\":427,\"caption\":\"WeRecycle.ch | Recycling Services AG\"},\"image\":{\"@id\":\"https:\\\/\\\/www.werecycle.ch\\\/de\\\/#\\\/schema\\\/logo\\\/image\\\/\"},\"sameAs\":[\"https:\\\/\\\/www.facebook.com\\\/www.werecycle.ch\"]}]}<\/script>\n<!-- \/ Yoast SEO plugin. -->","yoast_head_json":{"title":"Mulchvlies aus Schafwolle + Flachsstroh 250 x 110 cm - WeRecycle.ch | WR Group AG","description":"Das Mulchvlies aus Schafwolle und Flachs ist eine einfache M\u00f6glichkeit, aufkommenden Unkrautbewuchs zu verhindern und die Bodenfruchtbarkeit zu f\u00f6rdern.\u00a0Gr\u00f6sse: 250 x 110 cm","robots":{"index":"index","follow":"follow","max-snippet":"max-snippet:-1","max-image-preview":"max-image-preview:large","max-video-preview":"max-video-preview:-1"},"canonical":"https:\/\/www.werecycle.ch\/de\/shop\/garten-outdoor\/mulchvlies-aus-schafwolle-und-flachsstroh-250x110cm\/","og_locale":"de_DE","og_type":"article","og_title":"Mulchvlies aus Schafwolle + Flachsstroh 250 x 110 cm - WeRecycle.ch | WR Group AG","og_description":"Das Mulchvlies aus Schafwolle und Flachs ist eine einfache M\u00f6glichkeit, aufkommenden Unkrautbewuchs zu verhindern und die Bodenfruchtbarkeit zu f\u00f6rdern.\u00a0Gr\u00f6sse: 250 x 110 cm","og_url":"https:\/\/www.werecycle.ch\/de\/shop\/garten-outdoor\/mulchvlies-aus-schafwolle-und-flachsstroh-250x110cm\/","og_site_name":"WeRecycle.ch | WR Group AG","article_publisher":"https:\/\/www.facebook.com\/www.werecycle.ch","article_modified_time":"2025-06-18T18:50:03+00:00","og_image":[{"width":800,"height":800,"url":"https:\/\/www.werecycle.ch\/wp-content\/uploads\/2024\/10\/277120.webp","type":"image\/webp"}],"twitter_card":"summary_large_image","schema":{"@context":"https:\/\/schema.org","@graph":[{"@type":"WebPage","@id":"https:\/\/www.werecycle.ch\/shop\/garten-outdoor\/mulchvlies-aus-schafwolle-und-flachsstroh-250x110cm\/","url":"https:\/\/www.werecycle.ch\/shop\/garten-outdoor\/mulchvlies-aus-schafwolle-und-flachsstroh-250x110cm\/","name":"Mulchvlies aus Schafwolle + Flachsstroh 250 x 110 cm - WeRecycle.ch | WR Group AG","isPartOf":{"@id":"https:\/\/www.werecycle.ch\/de\/#website"},"primaryImageOfPage":{"@id":"https:\/\/www.werecycle.ch\/shop\/garten-outdoor\/mulchvlies-aus-schafwolle-und-flachsstroh-250x110cm\/#primaryimage"},"image":{"@id":"https:\/\/www.werecycle.ch\/shop\/garten-outdoor\/mulchvlies-aus-schafwolle-und-flachsstroh-250x110cm\/#primaryimage"},"thumbnailUrl":"https:\/\/www.werecycle.ch\/wp-content\/uploads\/2024\/10\/277120.webp","datePublished":"2024-09-03T13:20:34+00:00","dateModified":"2025-06-18T18:50:03+00:00","description":"Das Mulchvlies aus Schafwolle und Flachs ist eine einfache M\u00f6glichkeit, aufkommenden Unkrautbewuchs zu verhindern und die Bodenfruchtbarkeit zu f\u00f6rdern.\u00a0Gr\u00f6sse: 250 x 110 cm","breadcrumb":{"@id":"https:\/\/www.werecycle.ch\/shop\/garten-outdoor\/mulchvlies-aus-schafwolle-und-flachsstroh-250x110cm\/#breadcrumb"},"inLanguage":"de","potentialAction":[{"@type":"ReadAction","target":["https:\/\/www.werecycle.ch\/shop\/garten-outdoor\/mulchvlies-aus-schafwolle-und-flachsstroh-250x110cm\/"]}]},{"@type":"ImageObject","inLanguage":"de","@id":"https:\/\/www.werecycle.ch\/shop\/garten-outdoor\/mulchvlies-aus-schafwolle-und-flachsstroh-250x110cm\/#primaryimage","url":"https:\/\/www.werecycle.ch\/wp-content\/uploads\/2024\/10\/277120.webp","contentUrl":"https:\/\/www.werecycle.ch\/wp-content\/uploads\/2024\/10\/277120.webp","width":800,"height":800},{"@type":"BreadcrumbList","@id":"https:\/\/www.werecycle.ch\/shop\/garten-outdoor\/mulchvlies-aus-schafwolle-und-flachsstroh-250x110cm\/#breadcrumb","itemListElement":[{"@type":"ListItem","position":1,"name":"Startseite","item":"https:\/\/www.werecycle.ch\/"},{"@type":"ListItem","position":2,"name":"Shop","item":"https:\/\/www.werecycle.ch\/de\/shop\/"},{"@type":"ListItem","position":3,"name":"Mulchvlies aus Schafwolle + Flachsstroh 250 x 110 cm"}]},{"@type":"WebSite","@id":"https:\/\/www.werecycle.ch\/de\/#website","url":"https:\/\/www.werecycle.ch\/de\/","name":"WeRecycle.ch | Recycling Services AG","description":"","publisher":{"@id":"https:\/\/www.werecycle.ch\/de\/#organization"},"potentialAction":[{"@type":"SearchAction","target":{"@type":"EntryPoint","urlTemplate":"https:\/\/www.werecycle.ch\/de\/?s={search_term_string}"},"query-input":{"@type":"PropertyValueSpecification","valueRequired":true,"valueName":"search_term_string"}}],"inLanguage":"de"},{"@type":"Organization","@id":"https:\/\/www.werecycle.ch\/de\/#organization","name":"WeRecycle.ch | Recycling Services AG","url":"https:\/\/www.werecycle.ch\/de\/","logo":{"@type":"ImageObject","inLanguage":"de","@id":"https:\/\/www.werecycle.ch\/de\/#\/schema\/logo\/image\/","url":"https:\/\/www.werecycle.ch\/wp-content\/uploads\/2022\/09\/logo_werecycle.webp","contentUrl":"https:\/\/www.werecycle.ch\/wp-content\/uploads\/2022\/09\/logo_werecycle.webp","width":1423,"height":427,"caption":"WeRecycle.ch | Recycling Services AG"},"image":{"@id":"https:\/\/www.werecycle.ch\/de\/#\/schema\/logo\/image\/"},"sameAs":["https:\/\/www.facebook.com\/www.werecycle.ch"]}]}},"tiered_pricing_type":"fixed","tiered_pricing_fixed_rules":[],"tiered_pricing_product_settings":{"layout":"default","base_unit_name":{"singular":null,"plural":null},"default_variation":null},"tiered_pricing_minimum_quantity":null,"tiered_pricing_roles_data":[],"tiered_pricing_percentage_rules":[],"_links":{"self":[{"href":"https:\/\/www.werecycle.ch\/de\/wp-json\/wp\/v2\/product\/21679","targetHints":{"allow":["GET"]}}],"collection":[{"href":"https:\/\/www.werecycle.ch\/de\/wp-json\/wp\/v2\/product"}],"about":[{"href":"https:\/\/www.werecycle.ch\/de\/wp-json\/wp\/v2\/types\/product"}],"wp:featuredmedia":[{"embeddable":true,"href":"https:\/\/www.werecycle.ch\/de\/wp-json\/wp\/v2\/media\/21683"}],"wp:attachment":[{"href":"https:\/\/www.werecycle.ch\/de\/wp-json\/wp\/v2\/media?parent=21679"}],"wp:term":[{"taxonomy":"product_brand","embeddable":true,"href":"https:\/\/www.werecycle.ch\/de\/wp-json\/wp\/v2\/product_brand?post=21679"},{"taxonomy":"product_cat","embeddable":true,"href":"https:\/\/www.werecycle.ch\/de\/wp-json\/wp\/v2\/product_cat?post=21679"},{"taxonomy":"product_tag","embeddable":true,"href":"https:\/\/www.werecycle.ch\/de\/wp-json\/wp\/v2\/product_tag?post=21679"}],"curies":[{"name":"wp","href":"https:\/\/api.w.org\/{rel}","templated":true}]}}