{"id":20375,"date":"2024-07-14T08:37:43","date_gmt":"2024-07-14T07:37:43","guid":{"rendered":"https:\/\/www.werecycle.ch\/?post_type=product&#038;p=20375"},"modified":"2025-09-03T12:40:56","modified_gmt":"2025-09-03T11:40:56","slug":"wunderle-adventskalender-diy-set-gruen-zum-selbst-gestalten","status":"publish","type":"product","link":"https:\/\/www.werecycle.ch\/de\/shop\/geschenke\/wunderle-adventskalender-diy-set-gruen-zum-selbst-gestalten\/","title":{"rendered":"Adventskalender DIY Set gr\u00fcn zum selbst gestalten"},"content":{"rendered":"<p>Adventskalender selber machen war noch nie so einfach und spassig! Unser Adventskalender DIY Set in Gr\u00fcn bietet dir alles, was du brauchst, um deinen ganz pers\u00f6nlichen Adventskalender zu gestalten. Lass deiner Kreativit\u00e4t freien Lauf und zaubere eine einzigartige \u00dcberraschung f\u00fcr die Vorweihnachtszeit.<\/p>\n<p>Mit diesem Bastelset kannst du deiner Fantasie freien Lauf lassen. Es enth\u00e4lt alles, was du brauchst, um deinen eigenen Adventskalender zu gestalten: von kleinen T\u00fcten \u00fcber Sticker bis hin zu bunten B\u00e4ndern. Perfekt f\u00fcr alle, die gerne basteln und individuelle Geschenkideen lieben.<\/p>\n<p>Ein selbst gemachter Adventskalender ist mehr als nur eine Geschenkidee. Er zeigt, wie viel M\u00fche und Liebe du in jede einzelne \u00dcberraschung gesteckt hast. Deine Liebsten werden sich jeden Tag \u00fcber eine neue, kleine Aufmerksamkeit freuen.<\/p>\n<p>Das Adventskalender DIY Set bringt Spass und Kreativit\u00e4t in die Vorweihnachtszeit. Du kannst die T\u00fcten individuell bef\u00fcllen und gestalten, sodass jeder Tag eine neue \u00dcberraschung bereith\u00e4lt. Egal ob S\u00fcssigkeiten, kleine Botschaften oder liebevolle Geschenke \u2013 du bestimmst den Inhalt.<\/p>\n<p>&nbsp;<\/p>\n<p>Inhalt:<\/p>\n<ul>\n<li>24 T\u00fcten in 6 verschiedenen Gr\u00fcnt\u00f6nen<\/li>\n<li>12 Meter Kordel<\/li>\n<li>24 Aufkleber Zahlen Zahlen 1-24<\/li>\n<\/ul>\n<p>Gr\u00f6sse:<\/p>\n<ul>\n<li>Box: ca. 25 x 17,5 x 5 cm<\/li>\n<li>T\u00fcten: 14 x 22 cm<\/li>\n<\/ul>\n","protected":false},"excerpt":{"rendered":"<p>Der Do-it-yourself Adventskalender mit 24 T\u00fcten zum selbst bef\u00fcllen. Liebevoll zusammengestellt von Menschen mit Beeintr\u00e4chtigung sorgt dieses Set nicht nur jeden Tag in der Adventszeit f\u00fcr eine \u00dcberraschung, sondern dient auch der Inklusion.<\/p>\n","protected":false},"featured_media":20379,"template":"","meta":{"ocean_post_layout":"","ocean_both_sidebars_style":"","ocean_both_sidebars_content_width":0,"ocean_both_sidebars_sidebars_width":0,"ocean_sidebar":"0","ocean_second_sidebar":"0","ocean_disable_margins":"enable","ocean_add_body_class":"","ocean_shortcode_before_top_bar":"","ocean_shortcode_after_top_bar":"","ocean_shortcode_before_header":"","ocean_shortcode_after_header":"","ocean_has_shortcode":"","ocean_shortcode_after_title":"","ocean_shortcode_before_footer_widgets":"","ocean_shortcode_after_footer_widgets":"","ocean_shortcode_before_footer_bottom":"","ocean_shortcode_after_footer_bottom":"","ocean_display_top_bar":"default","ocean_display_header":"default","ocean_header_style":"","ocean_center_header_left_menu":"0","ocean_custom_header_template":"0","ocean_custom_logo":0,"ocean_custom_retina_logo":0,"ocean_custom_logo_max_width":0,"ocean_custom_logo_tablet_max_width":0,"ocean_custom_logo_mobile_max_width":0,"ocean_custom_logo_max_height":0,"ocean_custom_logo_tablet_max_height":0,"ocean_custom_logo_mobile_max_height":0,"ocean_header_custom_menu":"0","ocean_menu_typo_font_family":"0","ocean_menu_typo_font_subset":"","ocean_menu_typo_font_size":0,"ocean_menu_typo_font_size_tablet":0,"ocean_menu_typo_font_size_mobile":0,"ocean_menu_typo_font_size_unit":"px","ocean_menu_typo_font_weight":"","ocean_menu_typo_font_weight_tablet":"","ocean_menu_typo_font_weight_mobile":"","ocean_menu_typo_transform":"","ocean_menu_typo_transform_tablet":"","ocean_menu_typo_transform_mobile":"","ocean_menu_typo_line_height":0,"ocean_menu_typo_line_height_tablet":0,"ocean_menu_typo_line_height_mobile":0,"ocean_menu_typo_line_height_unit":"","ocean_menu_typo_spacing":0,"ocean_menu_typo_spacing_tablet":0,"ocean_menu_typo_spacing_mobile":0,"ocean_menu_typo_spacing_unit":"","ocean_menu_link_color":"","ocean_menu_link_color_hover":"","ocean_menu_link_color_active":"","ocean_menu_link_background":"","ocean_menu_link_hover_background":"","ocean_menu_link_active_background":"","ocean_menu_social_links_bg":"","ocean_menu_social_hover_links_bg":"","ocean_menu_social_links_color":"","ocean_menu_social_hover_links_color":"","ocean_disable_title":"default","ocean_disable_heading":"default","ocean_post_title":"","ocean_post_subheading":"","ocean_post_title_style":"","ocean_post_title_background_color":"","ocean_post_title_background":0,"ocean_post_title_bg_image_position":"","ocean_post_title_bg_image_attachment":"","ocean_post_title_bg_image_repeat":"","ocean_post_title_bg_image_size":"","ocean_post_title_height":0,"ocean_post_title_bg_overlay":0.5,"ocean_post_title_bg_overlay_color":"","ocean_disable_breadcrumbs":"default","ocean_breadcrumbs_color":"","ocean_breadcrumbs_separator_color":"","ocean_breadcrumbs_links_color":"","ocean_breadcrumbs_links_hover_color":"","ocean_display_footer_widgets":"default","ocean_display_footer_bottom":"default","ocean_custom_footer_template":"0","ofc_meta_disable_footer_callout":"","ofc_meta_callout_button_url":"","ofc_meta_callout_button_txt":"","ofc_meta_callout_text":"","osh_disable_topbar_sticky":"default","osh_disable_header_sticky":"default","osh_sticky_header_style":"default","osh_sticky_header_effect":"","osh_custom_sticky_logo":0,"osh_custom_retina_sticky_logo":0,"osh_custom_sticky_logo_height":0,"osh_background_color":"","osh_links_color":"","osh_links_hover_color":"","osh_links_active_color":"","osh_links_bg_color":"","osh_links_hover_bg_color":"","osh_links_active_bg_color":"","osh_menu_social_links_color":"","osh_menu_social_hover_links_color":""},"product_brand":[2597],"product_cat":[89],"product_tag":[1354,1356,1073,1218,318,846,1178,1122,1183],"class_list":{"0":"post-20375","1":"product","2":"type-product","3":"status-publish","4":"has-post-thumbnail","6":"product_brand-wunderle","7":"product_cat-geschenke","8":"product_tag-advent","9":"product_tag-adventskalender","10":"product_tag-basteln","11":"product_tag-diy","12":"product_tag-geschenk","13":"product_tag-geschenkidee","14":"product_tag-herbst","15":"product_tag-weihnachten","16":"product_tag-wunderle","17":"product_shipping_class-paket","19":"entry","20":"has-media","22":"first","23":"instock","24":"taxable","25":"shipping-taxable","26":"purchasable","27":"product-type-simple","28":"col","29":"span_1_of_3","30":"owp-content-center","31":"item-entry","32":"owp-thumbs-layout-horizontal","33":"owp-btn-normal","34":"owp-tabs-layout-horizontal","35":"circle-sale"},"yoast_head":"<!-- This site is optimized with the Yoast SEO plugin v27.5 - https:\/\/yoast.com\/product\/yoast-seo-wordpress\/ -->\n<title>Adventskalender DIY Set gr\u00fcn zum selbst gestalten - WeRecycle.ch | WR Group AG<\/title>\n<meta name=\"description\" content=\"Der Do-it-yourself Adventskalender mit 24 T\u00fcten zum selbst bef\u00fcllen. Liebevoll zusammengestellt von Menschen mit Beeintr\u00e4chtigung.\" \/>\n<meta name=\"robots\" content=\"index, follow, max-snippet:-1, max-image-preview:large, max-video-preview:-1\" \/>\n<link rel=\"canonical\" href=\"https:\/\/www.werecycle.ch\/de\/shop\/geschenke\/wunderle-adventskalender-diy-set-gruen-zum-selbst-gestalten\/\" \/>\n<meta property=\"og:locale\" content=\"de_DE\" \/>\n<meta property=\"og:type\" content=\"article\" \/>\n<meta property=\"og:title\" content=\"Adventskalender DIY Set gr\u00fcn zum selbst gestalten - WeRecycle.ch | WR Group AG\" \/>\n<meta property=\"og:description\" content=\"Der Do-it-yourself Adventskalender mit 24 T\u00fcten zum selbst bef\u00fcllen. Liebevoll zusammengestellt von Menschen mit Beeintr\u00e4chtigung.\" \/>\n<meta property=\"og:url\" content=\"https:\/\/www.werecycle.ch\/de\/shop\/geschenke\/wunderle-adventskalender-diy-set-gruen-zum-selbst-gestalten\/\" \/>\n<meta property=\"og:site_name\" content=\"WeRecycle.ch | WR Group AG\" \/>\n<meta property=\"article:publisher\" content=\"https:\/\/www.facebook.com\/www.werecycle.ch\" \/>\n<meta property=\"article:modified_time\" content=\"2025-09-03T11:40:56+00:00\" \/>\n<meta property=\"og:image\" content=\"https:\/\/www.werecycle.ch\/wp-content\/uploads\/2024\/08\/606359.webp\" \/>\n\t<meta property=\"og:image:width\" content=\"800\" \/>\n\t<meta property=\"og:image:height\" content=\"800\" \/>\n\t<meta property=\"og:image:type\" content=\"image\/webp\" \/>\n<meta name=\"twitter:card\" content=\"summary_large_image\" \/>\n<script type=\"application\/ld+json\" class=\"yoast-schema-graph\">{\"@context\":\"https:\\\/\\\/schema.org\",\"@graph\":[{\"@type\":\"WebPage\",\"@id\":\"https:\\\/\\\/www.werecycle.ch\\\/shop\\\/geschenke\\\/wunderle-adventskalender-diy-set-gruen-zum-selbst-gestalten\\\/\",\"url\":\"https:\\\/\\\/www.werecycle.ch\\\/shop\\\/geschenke\\\/wunderle-adventskalender-diy-set-gruen-zum-selbst-gestalten\\\/\",\"name\":\"Adventskalender DIY Set gr\u00fcn zum selbst gestalten - WeRecycle.ch | WR Group AG\",\"isPartOf\":{\"@id\":\"https:\\\/\\\/www.werecycle.ch\\\/de\\\/#website\"},\"primaryImageOfPage\":{\"@id\":\"https:\\\/\\\/www.werecycle.ch\\\/shop\\\/geschenke\\\/wunderle-adventskalender-diy-set-gruen-zum-selbst-gestalten\\\/#primaryimage\"},\"image\":{\"@id\":\"https:\\\/\\\/www.werecycle.ch\\\/shop\\\/geschenke\\\/wunderle-adventskalender-diy-set-gruen-zum-selbst-gestalten\\\/#primaryimage\"},\"thumbnailUrl\":\"https:\\\/\\\/www.werecycle.ch\\\/wp-content\\\/uploads\\\/2024\\\/08\\\/606359.webp\",\"datePublished\":\"2024-07-14T07:37:43+00:00\",\"dateModified\":\"2025-09-03T11:40:56+00:00\",\"description\":\"Der Do-it-yourself Adventskalender mit 24 T\u00fcten zum selbst bef\u00fcllen. Liebevoll zusammengestellt von Menschen mit Beeintr\u00e4chtigung.\",\"breadcrumb\":{\"@id\":\"https:\\\/\\\/www.werecycle.ch\\\/shop\\\/geschenke\\\/wunderle-adventskalender-diy-set-gruen-zum-selbst-gestalten\\\/#breadcrumb\"},\"inLanguage\":\"de\",\"potentialAction\":[{\"@type\":\"ReadAction\",\"target\":[\"https:\\\/\\\/www.werecycle.ch\\\/shop\\\/geschenke\\\/wunderle-adventskalender-diy-set-gruen-zum-selbst-gestalten\\\/\"]}]},{\"@type\":\"ImageObject\",\"inLanguage\":\"de\",\"@id\":\"https:\\\/\\\/www.werecycle.ch\\\/shop\\\/geschenke\\\/wunderle-adventskalender-diy-set-gruen-zum-selbst-gestalten\\\/#primaryimage\",\"url\":\"https:\\\/\\\/www.werecycle.ch\\\/wp-content\\\/uploads\\\/2024\\\/08\\\/606359.webp\",\"contentUrl\":\"https:\\\/\\\/www.werecycle.ch\\\/wp-content\\\/uploads\\\/2024\\\/08\\\/606359.webp\",\"width\":800,\"height\":800},{\"@type\":\"BreadcrumbList\",\"@id\":\"https:\\\/\\\/www.werecycle.ch\\\/shop\\\/geschenke\\\/wunderle-adventskalender-diy-set-gruen-zum-selbst-gestalten\\\/#breadcrumb\",\"itemListElement\":[{\"@type\":\"ListItem\",\"position\":1,\"name\":\"Startseite\",\"item\":\"https:\\\/\\\/www.werecycle.ch\\\/\"},{\"@type\":\"ListItem\",\"position\":2,\"name\":\"Shop\",\"item\":\"https:\\\/\\\/www.werecycle.ch\\\/de\\\/shop\\\/\"},{\"@type\":\"ListItem\",\"position\":3,\"name\":\"Adventskalender DIY Set gr\u00fcn zum selbst gestalten\"}]},{\"@type\":\"WebSite\",\"@id\":\"https:\\\/\\\/www.werecycle.ch\\\/de\\\/#website\",\"url\":\"https:\\\/\\\/www.werecycle.ch\\\/de\\\/\",\"name\":\"WeRecycle.ch | Recycling Services AG\",\"description\":\"\",\"publisher\":{\"@id\":\"https:\\\/\\\/www.werecycle.ch\\\/de\\\/#organization\"},\"potentialAction\":[{\"@type\":\"SearchAction\",\"target\":{\"@type\":\"EntryPoint\",\"urlTemplate\":\"https:\\\/\\\/www.werecycle.ch\\\/de\\\/?s={search_term_string}\"},\"query-input\":{\"@type\":\"PropertyValueSpecification\",\"valueRequired\":true,\"valueName\":\"search_term_string\"}}],\"inLanguage\":\"de\"},{\"@type\":\"Organization\",\"@id\":\"https:\\\/\\\/www.werecycle.ch\\\/de\\\/#organization\",\"name\":\"WeRecycle.ch | Recycling Services AG\",\"url\":\"https:\\\/\\\/www.werecycle.ch\\\/de\\\/\",\"logo\":{\"@type\":\"ImageObject\",\"inLanguage\":\"de\",\"@id\":\"https:\\\/\\\/www.werecycle.ch\\\/de\\\/#\\\/schema\\\/logo\\\/image\\\/\",\"url\":\"https:\\\/\\\/www.werecycle.ch\\\/wp-content\\\/uploads\\\/2022\\\/09\\\/logo_werecycle.webp\",\"contentUrl\":\"https:\\\/\\\/www.werecycle.ch\\\/wp-content\\\/uploads\\\/2022\\\/09\\\/logo_werecycle.webp\",\"width\":1423,\"height\":427,\"caption\":\"WeRecycle.ch | Recycling Services AG\"},\"image\":{\"@id\":\"https:\\\/\\\/www.werecycle.ch\\\/de\\\/#\\\/schema\\\/logo\\\/image\\\/\"},\"sameAs\":[\"https:\\\/\\\/www.facebook.com\\\/www.werecycle.ch\"]}]}<\/script>\n<!-- \/ Yoast SEO plugin. -->","yoast_head_json":{"title":"Adventskalender DIY Set gr\u00fcn zum selbst gestalten - WeRecycle.ch | WR Group AG","description":"Der Do-it-yourself Adventskalender mit 24 T\u00fcten zum selbst bef\u00fcllen. Liebevoll zusammengestellt von Menschen mit Beeintr\u00e4chtigung.","robots":{"index":"index","follow":"follow","max-snippet":"max-snippet:-1","max-image-preview":"max-image-preview:large","max-video-preview":"max-video-preview:-1"},"canonical":"https:\/\/www.werecycle.ch\/de\/shop\/geschenke\/wunderle-adventskalender-diy-set-gruen-zum-selbst-gestalten\/","og_locale":"de_DE","og_type":"article","og_title":"Adventskalender DIY Set gr\u00fcn zum selbst gestalten - WeRecycle.ch | WR Group AG","og_description":"Der Do-it-yourself Adventskalender mit 24 T\u00fcten zum selbst bef\u00fcllen. Liebevoll zusammengestellt von Menschen mit Beeintr\u00e4chtigung.","og_url":"https:\/\/www.werecycle.ch\/de\/shop\/geschenke\/wunderle-adventskalender-diy-set-gruen-zum-selbst-gestalten\/","og_site_name":"WeRecycle.ch | WR Group AG","article_publisher":"https:\/\/www.facebook.com\/www.werecycle.ch","article_modified_time":"2025-09-03T11:40:56+00:00","og_image":[{"width":800,"height":800,"url":"https:\/\/www.werecycle.ch\/wp-content\/uploads\/2024\/08\/606359.webp","type":"image\/webp"}],"twitter_card":"summary_large_image","schema":{"@context":"https:\/\/schema.org","@graph":[{"@type":"WebPage","@id":"https:\/\/www.werecycle.ch\/shop\/geschenke\/wunderle-adventskalender-diy-set-gruen-zum-selbst-gestalten\/","url":"https:\/\/www.werecycle.ch\/shop\/geschenke\/wunderle-adventskalender-diy-set-gruen-zum-selbst-gestalten\/","name":"Adventskalender DIY Set gr\u00fcn zum selbst gestalten - WeRecycle.ch | WR Group AG","isPartOf":{"@id":"https:\/\/www.werecycle.ch\/de\/#website"},"primaryImageOfPage":{"@id":"https:\/\/www.werecycle.ch\/shop\/geschenke\/wunderle-adventskalender-diy-set-gruen-zum-selbst-gestalten\/#primaryimage"},"image":{"@id":"https:\/\/www.werecycle.ch\/shop\/geschenke\/wunderle-adventskalender-diy-set-gruen-zum-selbst-gestalten\/#primaryimage"},"thumbnailUrl":"https:\/\/www.werecycle.ch\/wp-content\/uploads\/2024\/08\/606359.webp","datePublished":"2024-07-14T07:37:43+00:00","dateModified":"2025-09-03T11:40:56+00:00","description":"Der Do-it-yourself Adventskalender mit 24 T\u00fcten zum selbst bef\u00fcllen. Liebevoll zusammengestellt von Menschen mit Beeintr\u00e4chtigung.","breadcrumb":{"@id":"https:\/\/www.werecycle.ch\/shop\/geschenke\/wunderle-adventskalender-diy-set-gruen-zum-selbst-gestalten\/#breadcrumb"},"inLanguage":"de","potentialAction":[{"@type":"ReadAction","target":["https:\/\/www.werecycle.ch\/shop\/geschenke\/wunderle-adventskalender-diy-set-gruen-zum-selbst-gestalten\/"]}]},{"@type":"ImageObject","inLanguage":"de","@id":"https:\/\/www.werecycle.ch\/shop\/geschenke\/wunderle-adventskalender-diy-set-gruen-zum-selbst-gestalten\/#primaryimage","url":"https:\/\/www.werecycle.ch\/wp-content\/uploads\/2024\/08\/606359.webp","contentUrl":"https:\/\/www.werecycle.ch\/wp-content\/uploads\/2024\/08\/606359.webp","width":800,"height":800},{"@type":"BreadcrumbList","@id":"https:\/\/www.werecycle.ch\/shop\/geschenke\/wunderle-adventskalender-diy-set-gruen-zum-selbst-gestalten\/#breadcrumb","itemListElement":[{"@type":"ListItem","position":1,"name":"Startseite","item":"https:\/\/www.werecycle.ch\/"},{"@type":"ListItem","position":2,"name":"Shop","item":"https:\/\/www.werecycle.ch\/de\/shop\/"},{"@type":"ListItem","position":3,"name":"Adventskalender DIY Set gr\u00fcn zum selbst gestalten"}]},{"@type":"WebSite","@id":"https:\/\/www.werecycle.ch\/de\/#website","url":"https:\/\/www.werecycle.ch\/de\/","name":"WeRecycle.ch | Recycling Services AG","description":"","publisher":{"@id":"https:\/\/www.werecycle.ch\/de\/#organization"},"potentialAction":[{"@type":"SearchAction","target":{"@type":"EntryPoint","urlTemplate":"https:\/\/www.werecycle.ch\/de\/?s={search_term_string}"},"query-input":{"@type":"PropertyValueSpecification","valueRequired":true,"valueName":"search_term_string"}}],"inLanguage":"de"},{"@type":"Organization","@id":"https:\/\/www.werecycle.ch\/de\/#organization","name":"WeRecycle.ch | Recycling Services AG","url":"https:\/\/www.werecycle.ch\/de\/","logo":{"@type":"ImageObject","inLanguage":"de","@id":"https:\/\/www.werecycle.ch\/de\/#\/schema\/logo\/image\/","url":"https:\/\/www.werecycle.ch\/wp-content\/uploads\/2022\/09\/logo_werecycle.webp","contentUrl":"https:\/\/www.werecycle.ch\/wp-content\/uploads\/2022\/09\/logo_werecycle.webp","width":1423,"height":427,"caption":"WeRecycle.ch | Recycling Services AG"},"image":{"@id":"https:\/\/www.werecycle.ch\/de\/#\/schema\/logo\/image\/"},"sameAs":["https:\/\/www.facebook.com\/www.werecycle.ch"]}]}},"tiered_pricing_type":"fixed","tiered_pricing_fixed_rules":[],"tiered_pricing_product_settings":{"layout":"default","base_unit_name":{"singular":null,"plural":null},"default_variation":null},"tiered_pricing_minimum_quantity":null,"tiered_pricing_roles_data":[],"tiered_pricing_percentage_rules":[],"_links":{"self":[{"href":"https:\/\/www.werecycle.ch\/de\/wp-json\/wp\/v2\/product\/20375","targetHints":{"allow":["GET"]}}],"collection":[{"href":"https:\/\/www.werecycle.ch\/de\/wp-json\/wp\/v2\/product"}],"about":[{"href":"https:\/\/www.werecycle.ch\/de\/wp-json\/wp\/v2\/types\/product"}],"wp:featuredmedia":[{"embeddable":true,"href":"https:\/\/www.werecycle.ch\/de\/wp-json\/wp\/v2\/media\/20379"}],"wp:attachment":[{"href":"https:\/\/www.werecycle.ch\/de\/wp-json\/wp\/v2\/media?parent=20375"}],"wp:term":[{"taxonomy":"product_brand","embeddable":true,"href":"https:\/\/www.werecycle.ch\/de\/wp-json\/wp\/v2\/product_brand?post=20375"},{"taxonomy":"product_cat","embeddable":true,"href":"https:\/\/www.werecycle.ch\/de\/wp-json\/wp\/v2\/product_cat?post=20375"},{"taxonomy":"product_tag","embeddable":true,"href":"https:\/\/www.werecycle.ch\/de\/wp-json\/wp\/v2\/product_tag?post=20375"}],"curies":[{"name":"wp","href":"https:\/\/api.w.org\/{rel}","templated":true}]}}