{"id":20092,"date":"2024-07-06T15:23:35","date_gmt":"2024-07-06T14:23:35","guid":{"rendered":"https:\/\/www.werecycle.ch\/?post_type=product&#038;p=20092"},"modified":"2025-07-01T08:32:39","modified_gmt":"2025-07-01T07:32:39","slug":"wunderle-wundertuete-wander-man","status":"publish","type":"product","link":"https:\/\/www.werecycle.ch\/de\/shop\/geschenke\/wunderle-wundertuete-wander-man\/","title":{"rendered":"Wundert\u00fcte Wander Man"},"content":{"rendered":"<p>Hey Abenteurer, sp\u00fcrt ihr schon das Kribbeln der Vorfreude? Unsere ultimative M\u00e4nner Wander T\u00fcte steht bereit, um euch in die unber\u00fchrte Natur zu entf\u00fchren! Sie ist das ideale Geschenk f\u00fcr Naturfreunde und Wanderer.<\/p>\n<p>Dieser treue Gef\u00e4hrte ist prall gef\u00fcllt mit innovativen Gadgets und originellen \u00dcberraschungen, die jede Tour zum Highlight machen. Sie ist der Inbegriff f\u00fcr alle, die das Echo der Berge in ihren Herzen tragen und sich nach der grenzenlosen Freiheit der Wildnis sehnen.<\/p>\n<p>Zieht die Boots fest, packt eure &#8222;Wanderer-T\u00fcte f\u00fcr M\u00e4nner&#8220; und lasst uns gemeinsam dem Ruf der Abenteuerlust folgen. Die Gipfel rufen nach euch \u2013 es ist an der Zeit, neue Wege zu erkunden und unvergessliche Momente in der Wildnis zu schaffen.<\/p>\n<p>Mit dem Kauf dieser T\u00fcte unterst\u00fctzt ihr nicht nur eure eigenen Outdoor-Aktivit\u00e4ten, sondern auch ein Projekt, das Menschen mit Behinderungen f\u00f6rdert. Jede T\u00fcte wird mit Liebe und Sorgfalt in Deutschland zusammengestellt.<\/p>\n<p>Neben praktischen Helfern \u00fcberrascht die T\u00fcte mit witzigen Kleinigkeiten, die das Wandererherz h\u00f6her schlagen lassen.<\/p>\n<p>&nbsp;<\/p>\n<p>Inhalt (kann leicht variieren):<\/p>\n<ul>\n<li>Regenponcho<\/li>\n<li>Pflasterset f\u00fcr kleine Notf\u00e4lle<\/li>\n<li>Notfall Karte<\/li>\n<li>Schwamm zum Reinigen der Wanderschuhe<\/li>\n<li>Mini Kompass<\/li>\n<li>Wanderliedkarte<\/li>\n<\/ul>\n<p>Gr\u00f6sse:<\/p>\n<ul>\n<li>Breite: ca. 14 cm<\/li>\n<li>H\u00f6he: ca. 22 cm<\/li>\n<\/ul>\n","protected":false},"excerpt":{"rendered":"<p>Die Wander-Man Wundert\u00fcte ist das perfekte kleine Mitbringsel f\u00fcr Wander-Freunde. Liebevoll zusammengestellt von Menschen mit Beeintr\u00e4chtigung hilft dieses Geschenk nicht nur den richtigen Weg zu finden, sondern auch der Inklusion.<\/p>\n","protected":false},"featured_media":20093,"template":"","meta":{"ocean_post_layout":"","ocean_both_sidebars_style":"","ocean_both_sidebars_content_width":0,"ocean_both_sidebars_sidebars_width":0,"ocean_sidebar":"0","ocean_second_sidebar":"0","ocean_disable_margins":"enable","ocean_add_body_class":"","ocean_shortcode_before_top_bar":"","ocean_shortcode_after_top_bar":"","ocean_shortcode_before_header":"","ocean_shortcode_after_header":"","ocean_has_shortcode":"","ocean_shortcode_after_title":"","ocean_shortcode_before_footer_widgets":"","ocean_shortcode_after_footer_widgets":"","ocean_shortcode_before_footer_bottom":"","ocean_shortcode_after_footer_bottom":"","ocean_display_top_bar":"default","ocean_display_header":"default","ocean_header_style":"","ocean_center_header_left_menu":"0","ocean_custom_header_template":"0","ocean_custom_logo":0,"ocean_custom_retina_logo":0,"ocean_custom_logo_max_width":0,"ocean_custom_logo_tablet_max_width":0,"ocean_custom_logo_mobile_max_width":0,"ocean_custom_logo_max_height":0,"ocean_custom_logo_tablet_max_height":0,"ocean_custom_logo_mobile_max_height":0,"ocean_header_custom_menu":"0","ocean_menu_typo_font_family":"0","ocean_menu_typo_font_subset":"","ocean_menu_typo_font_size":0,"ocean_menu_typo_font_size_tablet":0,"ocean_menu_typo_font_size_mobile":0,"ocean_menu_typo_font_size_unit":"px","ocean_menu_typo_font_weight":"","ocean_menu_typo_font_weight_tablet":"","ocean_menu_typo_font_weight_mobile":"","ocean_menu_typo_transform":"","ocean_menu_typo_transform_tablet":"","ocean_menu_typo_transform_mobile":"","ocean_menu_typo_line_height":0,"ocean_menu_typo_line_height_tablet":0,"ocean_menu_typo_line_height_mobile":0,"ocean_menu_typo_line_height_unit":"","ocean_menu_typo_spacing":0,"ocean_menu_typo_spacing_tablet":0,"ocean_menu_typo_spacing_mobile":0,"ocean_menu_typo_spacing_unit":"","ocean_menu_link_color":"","ocean_menu_link_color_hover":"","ocean_menu_link_color_active":"","ocean_menu_link_background":"","ocean_menu_link_hover_background":"","ocean_menu_link_active_background":"","ocean_menu_social_links_bg":"","ocean_menu_social_hover_links_bg":"","ocean_menu_social_links_color":"","ocean_menu_social_hover_links_color":"","ocean_disable_title":"default","ocean_disable_heading":"default","ocean_post_title":"","ocean_post_subheading":"","ocean_post_title_style":"","ocean_post_title_background_color":"","ocean_post_title_background":0,"ocean_post_title_bg_image_position":"","ocean_post_title_bg_image_attachment":"","ocean_post_title_bg_image_repeat":"","ocean_post_title_bg_image_size":"","ocean_post_title_height":0,"ocean_post_title_bg_overlay":0.5,"ocean_post_title_bg_overlay_color":"","ocean_disable_breadcrumbs":"default","ocean_breadcrumbs_color":"","ocean_breadcrumbs_separator_color":"","ocean_breadcrumbs_links_color":"","ocean_breadcrumbs_links_hover_color":"","ocean_display_footer_widgets":"default","ocean_display_footer_bottom":"default","ocean_custom_footer_template":"0","ofc_meta_disable_footer_callout":"","ofc_meta_callout_button_url":"","ofc_meta_callout_button_txt":"","ofc_meta_callout_text":"","osh_disable_topbar_sticky":"default","osh_disable_header_sticky":"default","osh_sticky_header_style":"default","osh_sticky_header_effect":"","osh_custom_sticky_logo":0,"osh_custom_retina_sticky_logo":0,"osh_custom_sticky_logo_height":0,"osh_background_color":"","osh_links_color":"","osh_links_hover_color":"","osh_links_active_color":"","osh_links_bg_color":"","osh_links_hover_bg_color":"","osh_links_active_bg_color":"","osh_menu_social_links_color":"","osh_menu_social_hover_links_color":""},"product_brand":[2597],"product_cat":[89],"product_tag":[318,846,2098,1618,1183,1181],"class_list":{"0":"post-20092","1":"product","2":"type-product","3":"status-publish","4":"has-post-thumbnail","6":"product_brand-wunderle","7":"product_cat-geschenke","8":"product_tag-geschenk","9":"product_tag-geschenkidee","10":"product_tag-wanderer","11":"product_tag-wandern","12":"product_tag-wunderle","13":"product_tag-wundertuete","15":"entry","16":"has-media","18":"first","19":"instock","20":"taxable","21":"shipping-taxable","22":"purchasable","23":"product-type-simple","24":"col","25":"span_1_of_3","26":"owp-content-center","27":"item-entry","28":"owp-thumbs-layout-horizontal","29":"owp-btn-normal","30":"owp-tabs-layout-horizontal","31":"circle-sale"},"yoast_head":"<!-- This site is optimized with the Yoast SEO plugin v27.5 - https:\/\/yoast.com\/product\/yoast-seo-wordpress\/ -->\n<title>Wundert\u00fcte Wander Man - WeRecycle.ch | WR Group AG<\/title>\n<meta name=\"description\" content=\"Die Wander-Man Wundert\u00fcte ist das perfekte kleine Mitbringsel f\u00fcr Wander-Freunde. Liebevoll zusammengestellt von Menschen mit Beeintr\u00e4chtigung\" \/>\n<meta name=\"robots\" content=\"index, follow, max-snippet:-1, max-image-preview:large, max-video-preview:-1\" \/>\n<link rel=\"canonical\" href=\"https:\/\/www.werecycle.ch\/de\/shop\/geschenke\/wunderle-wundertuete-wander-man\/\" \/>\n<meta property=\"og:locale\" content=\"de_DE\" \/>\n<meta property=\"og:type\" content=\"article\" \/>\n<meta property=\"og:title\" content=\"Wundert\u00fcte Wander Man - WeRecycle.ch | WR Group AG\" \/>\n<meta property=\"og:description\" content=\"Die Wander-Man Wundert\u00fcte ist das perfekte kleine Mitbringsel f\u00fcr Wander-Freunde. Liebevoll zusammengestellt von Menschen mit Beeintr\u00e4chtigung\" \/>\n<meta property=\"og:url\" content=\"https:\/\/www.werecycle.ch\/de\/shop\/geschenke\/wunderle-wundertuete-wander-man\/\" \/>\n<meta property=\"og:site_name\" content=\"WeRecycle.ch | WR Group AG\" \/>\n<meta property=\"article:publisher\" content=\"https:\/\/www.facebook.com\/www.werecycle.ch\" \/>\n<meta property=\"article:modified_time\" content=\"2025-07-01T07:32:39+00:00\" \/>\n<meta property=\"og:image\" content=\"https:\/\/www.werecycle.ch\/wp-content\/uploads\/2024\/08\/603452.webp\" \/>\n\t<meta property=\"og:image:width\" content=\"900\" \/>\n\t<meta property=\"og:image:height\" content=\"900\" \/>\n\t<meta property=\"og:image:type\" content=\"image\/webp\" \/>\n<meta name=\"twitter:card\" content=\"summary_large_image\" \/>\n<script type=\"application\/ld+json\" class=\"yoast-schema-graph\">{\"@context\":\"https:\\\/\\\/schema.org\",\"@graph\":[{\"@type\":\"WebPage\",\"@id\":\"https:\\\/\\\/www.werecycle.ch\\\/shop\\\/geschenke\\\/wunderle-wundertuete-wander-man\\\/\",\"url\":\"https:\\\/\\\/www.werecycle.ch\\\/shop\\\/geschenke\\\/wunderle-wundertuete-wander-man\\\/\",\"name\":\"Wundert\u00fcte Wander Man - WeRecycle.ch | WR Group AG\",\"isPartOf\":{\"@id\":\"https:\\\/\\\/www.werecycle.ch\\\/de\\\/#website\"},\"primaryImageOfPage\":{\"@id\":\"https:\\\/\\\/www.werecycle.ch\\\/shop\\\/geschenke\\\/wunderle-wundertuete-wander-man\\\/#primaryimage\"},\"image\":{\"@id\":\"https:\\\/\\\/www.werecycle.ch\\\/shop\\\/geschenke\\\/wunderle-wundertuete-wander-man\\\/#primaryimage\"},\"thumbnailUrl\":\"https:\\\/\\\/www.werecycle.ch\\\/wp-content\\\/uploads\\\/2024\\\/08\\\/603452.webp\",\"datePublished\":\"2024-07-06T14:23:35+00:00\",\"dateModified\":\"2025-07-01T07:32:39+00:00\",\"description\":\"Die Wander-Man Wundert\u00fcte ist das perfekte kleine Mitbringsel f\u00fcr Wander-Freunde. Liebevoll zusammengestellt von Menschen mit Beeintr\u00e4chtigung\",\"breadcrumb\":{\"@id\":\"https:\\\/\\\/www.werecycle.ch\\\/shop\\\/geschenke\\\/wunderle-wundertuete-wander-man\\\/#breadcrumb\"},\"inLanguage\":\"de\",\"potentialAction\":[{\"@type\":\"ReadAction\",\"target\":[\"https:\\\/\\\/www.werecycle.ch\\\/shop\\\/geschenke\\\/wunderle-wundertuete-wander-man\\\/\"]}]},{\"@type\":\"ImageObject\",\"inLanguage\":\"de\",\"@id\":\"https:\\\/\\\/www.werecycle.ch\\\/shop\\\/geschenke\\\/wunderle-wundertuete-wander-man\\\/#primaryimage\",\"url\":\"https:\\\/\\\/www.werecycle.ch\\\/wp-content\\\/uploads\\\/2024\\\/08\\\/603452.webp\",\"contentUrl\":\"https:\\\/\\\/www.werecycle.ch\\\/wp-content\\\/uploads\\\/2024\\\/08\\\/603452.webp\",\"width\":900,\"height\":900},{\"@type\":\"BreadcrumbList\",\"@id\":\"https:\\\/\\\/www.werecycle.ch\\\/shop\\\/geschenke\\\/wunderle-wundertuete-wander-man\\\/#breadcrumb\",\"itemListElement\":[{\"@type\":\"ListItem\",\"position\":1,\"name\":\"Startseite\",\"item\":\"https:\\\/\\\/www.werecycle.ch\\\/\"},{\"@type\":\"ListItem\",\"position\":2,\"name\":\"Shop\",\"item\":\"https:\\\/\\\/www.werecycle.ch\\\/de\\\/shop\\\/\"},{\"@type\":\"ListItem\",\"position\":3,\"name\":\"Wundert\u00fcte Wander Man\"}]},{\"@type\":\"WebSite\",\"@id\":\"https:\\\/\\\/www.werecycle.ch\\\/de\\\/#website\",\"url\":\"https:\\\/\\\/www.werecycle.ch\\\/de\\\/\",\"name\":\"WeRecycle.ch | Recycling Services AG\",\"description\":\"\",\"publisher\":{\"@id\":\"https:\\\/\\\/www.werecycle.ch\\\/de\\\/#organization\"},\"potentialAction\":[{\"@type\":\"SearchAction\",\"target\":{\"@type\":\"EntryPoint\",\"urlTemplate\":\"https:\\\/\\\/www.werecycle.ch\\\/de\\\/?s={search_term_string}\"},\"query-input\":{\"@type\":\"PropertyValueSpecification\",\"valueRequired\":true,\"valueName\":\"search_term_string\"}}],\"inLanguage\":\"de\"},{\"@type\":\"Organization\",\"@id\":\"https:\\\/\\\/www.werecycle.ch\\\/de\\\/#organization\",\"name\":\"WeRecycle.ch | Recycling Services AG\",\"url\":\"https:\\\/\\\/www.werecycle.ch\\\/de\\\/\",\"logo\":{\"@type\":\"ImageObject\",\"inLanguage\":\"de\",\"@id\":\"https:\\\/\\\/www.werecycle.ch\\\/de\\\/#\\\/schema\\\/logo\\\/image\\\/\",\"url\":\"https:\\\/\\\/www.werecycle.ch\\\/wp-content\\\/uploads\\\/2022\\\/09\\\/logo_werecycle.webp\",\"contentUrl\":\"https:\\\/\\\/www.werecycle.ch\\\/wp-content\\\/uploads\\\/2022\\\/09\\\/logo_werecycle.webp\",\"width\":1423,\"height\":427,\"caption\":\"WeRecycle.ch | Recycling Services AG\"},\"image\":{\"@id\":\"https:\\\/\\\/www.werecycle.ch\\\/de\\\/#\\\/schema\\\/logo\\\/image\\\/\"},\"sameAs\":[\"https:\\\/\\\/www.facebook.com\\\/www.werecycle.ch\"]}]}<\/script>\n<!-- \/ Yoast SEO plugin. -->","yoast_head_json":{"title":"Wundert\u00fcte Wander Man - WeRecycle.ch | WR Group AG","description":"Die Wander-Man Wundert\u00fcte ist das perfekte kleine Mitbringsel f\u00fcr Wander-Freunde. Liebevoll zusammengestellt von Menschen mit Beeintr\u00e4chtigung","robots":{"index":"index","follow":"follow","max-snippet":"max-snippet:-1","max-image-preview":"max-image-preview:large","max-video-preview":"max-video-preview:-1"},"canonical":"https:\/\/www.werecycle.ch\/de\/shop\/geschenke\/wunderle-wundertuete-wander-man\/","og_locale":"de_DE","og_type":"article","og_title":"Wundert\u00fcte Wander Man - WeRecycle.ch | WR Group AG","og_description":"Die Wander-Man Wundert\u00fcte ist das perfekte kleine Mitbringsel f\u00fcr Wander-Freunde. Liebevoll zusammengestellt von Menschen mit Beeintr\u00e4chtigung","og_url":"https:\/\/www.werecycle.ch\/de\/shop\/geschenke\/wunderle-wundertuete-wander-man\/","og_site_name":"WeRecycle.ch | WR Group AG","article_publisher":"https:\/\/www.facebook.com\/www.werecycle.ch","article_modified_time":"2025-07-01T07:32:39+00:00","og_image":[{"width":900,"height":900,"url":"https:\/\/www.werecycle.ch\/wp-content\/uploads\/2024\/08\/603452.webp","type":"image\/webp"}],"twitter_card":"summary_large_image","schema":{"@context":"https:\/\/schema.org","@graph":[{"@type":"WebPage","@id":"https:\/\/www.werecycle.ch\/shop\/geschenke\/wunderle-wundertuete-wander-man\/","url":"https:\/\/www.werecycle.ch\/shop\/geschenke\/wunderle-wundertuete-wander-man\/","name":"Wundert\u00fcte Wander Man - WeRecycle.ch | WR Group AG","isPartOf":{"@id":"https:\/\/www.werecycle.ch\/de\/#website"},"primaryImageOfPage":{"@id":"https:\/\/www.werecycle.ch\/shop\/geschenke\/wunderle-wundertuete-wander-man\/#primaryimage"},"image":{"@id":"https:\/\/www.werecycle.ch\/shop\/geschenke\/wunderle-wundertuete-wander-man\/#primaryimage"},"thumbnailUrl":"https:\/\/www.werecycle.ch\/wp-content\/uploads\/2024\/08\/603452.webp","datePublished":"2024-07-06T14:23:35+00:00","dateModified":"2025-07-01T07:32:39+00:00","description":"Die Wander-Man Wundert\u00fcte ist das perfekte kleine Mitbringsel f\u00fcr Wander-Freunde. Liebevoll zusammengestellt von Menschen mit Beeintr\u00e4chtigung","breadcrumb":{"@id":"https:\/\/www.werecycle.ch\/shop\/geschenke\/wunderle-wundertuete-wander-man\/#breadcrumb"},"inLanguage":"de","potentialAction":[{"@type":"ReadAction","target":["https:\/\/www.werecycle.ch\/shop\/geschenke\/wunderle-wundertuete-wander-man\/"]}]},{"@type":"ImageObject","inLanguage":"de","@id":"https:\/\/www.werecycle.ch\/shop\/geschenke\/wunderle-wundertuete-wander-man\/#primaryimage","url":"https:\/\/www.werecycle.ch\/wp-content\/uploads\/2024\/08\/603452.webp","contentUrl":"https:\/\/www.werecycle.ch\/wp-content\/uploads\/2024\/08\/603452.webp","width":900,"height":900},{"@type":"BreadcrumbList","@id":"https:\/\/www.werecycle.ch\/shop\/geschenke\/wunderle-wundertuete-wander-man\/#breadcrumb","itemListElement":[{"@type":"ListItem","position":1,"name":"Startseite","item":"https:\/\/www.werecycle.ch\/"},{"@type":"ListItem","position":2,"name":"Shop","item":"https:\/\/www.werecycle.ch\/de\/shop\/"},{"@type":"ListItem","position":3,"name":"Wundert\u00fcte Wander Man"}]},{"@type":"WebSite","@id":"https:\/\/www.werecycle.ch\/de\/#website","url":"https:\/\/www.werecycle.ch\/de\/","name":"WeRecycle.ch | Recycling Services AG","description":"","publisher":{"@id":"https:\/\/www.werecycle.ch\/de\/#organization"},"potentialAction":[{"@type":"SearchAction","target":{"@type":"EntryPoint","urlTemplate":"https:\/\/www.werecycle.ch\/de\/?s={search_term_string}"},"query-input":{"@type":"PropertyValueSpecification","valueRequired":true,"valueName":"search_term_string"}}],"inLanguage":"de"},{"@type":"Organization","@id":"https:\/\/www.werecycle.ch\/de\/#organization","name":"WeRecycle.ch | Recycling Services AG","url":"https:\/\/www.werecycle.ch\/de\/","logo":{"@type":"ImageObject","inLanguage":"de","@id":"https:\/\/www.werecycle.ch\/de\/#\/schema\/logo\/image\/","url":"https:\/\/www.werecycle.ch\/wp-content\/uploads\/2022\/09\/logo_werecycle.webp","contentUrl":"https:\/\/www.werecycle.ch\/wp-content\/uploads\/2022\/09\/logo_werecycle.webp","width":1423,"height":427,"caption":"WeRecycle.ch | Recycling Services AG"},"image":{"@id":"https:\/\/www.werecycle.ch\/de\/#\/schema\/logo\/image\/"},"sameAs":["https:\/\/www.facebook.com\/www.werecycle.ch"]}]}},"tiered_pricing_type":"fixed","tiered_pricing_fixed_rules":[],"tiered_pricing_product_settings":{"layout":"default","base_unit_name":{"singular":null,"plural":null},"default_variation":null},"tiered_pricing_minimum_quantity":null,"tiered_pricing_roles_data":[],"tiered_pricing_percentage_rules":[],"_links":{"self":[{"href":"https:\/\/www.werecycle.ch\/de\/wp-json\/wp\/v2\/product\/20092","targetHints":{"allow":["GET"]}}],"collection":[{"href":"https:\/\/www.werecycle.ch\/de\/wp-json\/wp\/v2\/product"}],"about":[{"href":"https:\/\/www.werecycle.ch\/de\/wp-json\/wp\/v2\/types\/product"}],"wp:featuredmedia":[{"embeddable":true,"href":"https:\/\/www.werecycle.ch\/de\/wp-json\/wp\/v2\/media\/20093"}],"wp:attachment":[{"href":"https:\/\/www.werecycle.ch\/de\/wp-json\/wp\/v2\/media?parent=20092"}],"wp:term":[{"taxonomy":"product_brand","embeddable":true,"href":"https:\/\/www.werecycle.ch\/de\/wp-json\/wp\/v2\/product_brand?post=20092"},{"taxonomy":"product_cat","embeddable":true,"href":"https:\/\/www.werecycle.ch\/de\/wp-json\/wp\/v2\/product_cat?post=20092"},{"taxonomy":"product_tag","embeddable":true,"href":"https:\/\/www.werecycle.ch\/de\/wp-json\/wp\/v2\/product_tag?post=20092"}],"curies":[{"name":"wp","href":"https:\/\/api.w.org\/{rel}","templated":true}]}}