{"id":18821,"date":"2024-06-13T08:02:45","date_gmt":"2024-06-13T07:02:45","guid":{"rendered":"https:\/\/www.werecycle.ch\/?post_type=product&#038;p=18821"},"modified":"2026-04-11T18:11:48","modified_gmt":"2026-04-11T16:11:48","slug":"kupfer-schneckennetz-schneckenschutz","status":"publish","type":"product","link":"https:\/\/www.werecycle.ch\/de\/shop\/garten-outdoor\/kupfer-schneckennetz-schneckenschutz\/","title":{"rendered":"Kupfer Schneckennetz \/ Schneckenschutz"},"content":{"rendered":"<p>Das Kupfer Schneckennetz ist die ideale L\u00f6sung f\u00fcr Deinen Garten, um Pflanzen effektiv vor Schnecken zu sch\u00fctzen. Mit einer Breite von 12,5 cm und einer L\u00e4nge von 3 Metern bietet dir dieses Band zuverl\u00e4ssigen und umweltfreundlichen Schutz vor den gefr\u00e4ssigen Kriechtieren.<\/p>\n<p>Sch\u00fctze Deine Pflanzen auf nat\u00fcrliche Weise mit unserem Kupfer Schneckenband. Einfach in der Handhabung und effektiv im Ergebnis \u2013 so bleibt Dein Garten frei von Schnecken und deine Pflanzen k\u00f6nnen ungest\u00f6rt gedeihen.<\/p>\n<p><strong>Tipp<\/strong>: Reibe das angebrachte Kupfer mit einer aufgeschnittenen Zitrone ein. Durch den sauren Zitrussaft wird das Kupfer aktiviert und es entstehen die f\u00fcr Weichtiere giftigen Ionen.<\/p>\n<p>Das Kupfernetz kann ausserdem als wirksamer Schutz vor Insekten (z.B. Wespen) M\u00e4usen oder V\u00f6gel verwendet werden, die sich in Ritzen, Fugen usw. einnisten.<\/p>\n<p>&nbsp;<\/p>\n<ul>\n<li>Schnecken-Abwehr ohne Einsatz von Chemikalien<\/li>\n<li>Geeignet f\u00fcr G\u00e4rten, T\u00f6pfe und Hochbeete<\/li>\n<li>Widerstandsf\u00e4hig, rostfrei und langlebig<\/li>\n<li>Wiederverwendbar &amp; recycelbar<\/li>\n<li>Flexibel formbar und anpassbar<\/li>\n<li>Breite: 12,5 cm<\/li>\n<li>L\u00e4ngen: 3 Meter \/ 10 Meter<\/li>\n<\/ul>\n","protected":false},"excerpt":{"rendered":"<p>Kupfer Geflecht u.a. zur nat\u00fcrlichen Abwehr von Schnecken im Garten oder Hochbeet.<br \/>\nBreite: 12,5 cm<\/p>\n","protected":false},"featured_media":18827,"template":"","meta":{"ocean_post_layout":"","ocean_both_sidebars_style":"","ocean_both_sidebars_content_width":0,"ocean_both_sidebars_sidebars_width":0,"ocean_sidebar":"0","ocean_second_sidebar":"0","ocean_disable_margins":"enable","ocean_add_body_class":"","ocean_shortcode_before_top_bar":"","ocean_shortcode_after_top_bar":"","ocean_shortcode_before_header":"","ocean_shortcode_after_header":"","ocean_has_shortcode":"","ocean_shortcode_after_title":"","ocean_shortcode_before_footer_widgets":"","ocean_shortcode_after_footer_widgets":"","ocean_shortcode_before_footer_bottom":"","ocean_shortcode_after_footer_bottom":"","ocean_display_top_bar":"default","ocean_display_header":"default","ocean_header_style":"","ocean_center_header_left_menu":"0","ocean_custom_header_template":"0","ocean_custom_logo":0,"ocean_custom_retina_logo":0,"ocean_custom_logo_max_width":0,"ocean_custom_logo_tablet_max_width":0,"ocean_custom_logo_mobile_max_width":0,"ocean_custom_logo_max_height":0,"ocean_custom_logo_tablet_max_height":0,"ocean_custom_logo_mobile_max_height":0,"ocean_header_custom_menu":"0","ocean_menu_typo_font_family":"0","ocean_menu_typo_font_subset":"","ocean_menu_typo_font_size":0,"ocean_menu_typo_font_size_tablet":0,"ocean_menu_typo_font_size_mobile":0,"ocean_menu_typo_font_size_unit":"px","ocean_menu_typo_font_weight":"","ocean_menu_typo_font_weight_tablet":"","ocean_menu_typo_font_weight_mobile":"","ocean_menu_typo_transform":"","ocean_menu_typo_transform_tablet":"","ocean_menu_typo_transform_mobile":"","ocean_menu_typo_line_height":0,"ocean_menu_typo_line_height_tablet":0,"ocean_menu_typo_line_height_mobile":0,"ocean_menu_typo_line_height_unit":"","ocean_menu_typo_spacing":0,"ocean_menu_typo_spacing_tablet":0,"ocean_menu_typo_spacing_mobile":0,"ocean_menu_typo_spacing_unit":"","ocean_menu_link_color":"","ocean_menu_link_color_hover":"","ocean_menu_link_color_active":"","ocean_menu_link_background":"","ocean_menu_link_hover_background":"","ocean_menu_link_active_background":"","ocean_menu_social_links_bg":"","ocean_menu_social_hover_links_bg":"","ocean_menu_social_links_color":"","ocean_menu_social_hover_links_color":"","ocean_disable_title":"default","ocean_disable_heading":"default","ocean_post_title":"","ocean_post_subheading":"","ocean_post_title_style":"","ocean_post_title_background_color":"","ocean_post_title_background":0,"ocean_post_title_bg_image_position":"","ocean_post_title_bg_image_attachment":"","ocean_post_title_bg_image_repeat":"","ocean_post_title_bg_image_size":"","ocean_post_title_height":0,"ocean_post_title_bg_overlay":0.5,"ocean_post_title_bg_overlay_color":"","ocean_disable_breadcrumbs":"default","ocean_breadcrumbs_color":"","ocean_breadcrumbs_separator_color":"","ocean_breadcrumbs_links_color":"","ocean_breadcrumbs_links_hover_color":"","ocean_display_footer_widgets":"default","ocean_display_footer_bottom":"default","ocean_custom_footer_template":"0","ofc_meta_disable_footer_callout":"","ofc_meta_callout_button_url":"","ofc_meta_callout_button_txt":"","ofc_meta_callout_text":"","osh_disable_topbar_sticky":"default","osh_disable_header_sticky":"default","osh_sticky_header_style":"default","osh_sticky_header_effect":"","osh_custom_sticky_logo":0,"osh_custom_retina_sticky_logo":0,"osh_custom_sticky_logo_height":0,"osh_background_color":"","osh_links_color":"","osh_links_hover_color":"","osh_links_active_color":"","osh_links_bg_color":"","osh_links_hover_bg_color":"","osh_links_active_bg_color":"","osh_menu_social_links_color":"","osh_menu_social_hover_links_color":""},"product_brand":[2704],"product_cat":[434],"product_tag":[432,868,1939,1084,859,1940],"class_list":{"0":"post-18821","1":"product","2":"type-product","3":"status-publish","4":"has-post-thumbnail","6":"product_brand-sh-line","7":"product_cat-garten-outdoor","8":"product_tag-garten","9":"product_tag-gemuese","10":"product_tag-kupfer","11":"product_tag-pflanzen","12":"product_tag-schnecken","13":"product_tag-schneckenschutz","14":"product_shipping_class-paket","16":"entry","17":"has-media","19":"first","20":"instock","21":"taxable","22":"shipping-taxable","23":"purchasable","24":"product-type-variable","25":"has-default-attributes","26":"col","27":"span_1_of_3","28":"owp-content-center","29":"item-entry","30":"owp-thumbs-layout-horizontal","31":"owp-btn-normal","32":"owp-tabs-layout-horizontal","33":"circle-sale"},"yoast_head":"<!-- This site is optimized with the Yoast SEO plugin v27.5 - https:\/\/yoast.com\/product\/yoast-seo-wordpress\/ -->\n<title>Kupfer Schneckennetz \/ Schneckenschutz - WeRecycle.ch | WR Group AG<\/title>\n<meta name=\"description\" content=\"Kupfer Schneckengeflecht zur nat\u00fcrlichen Abwehr von Schnecken im Garten oder Hochbeet. Breite: 12,5 cm, Flexibel formbar und abl\u00e4ngbar.\" \/>\n<meta name=\"robots\" content=\"index, follow, max-snippet:-1, max-image-preview:large, max-video-preview:-1\" \/>\n<link rel=\"canonical\" href=\"https:\/\/www.werecycle.ch\/de\/shop\/garten-outdoor\/kupfer-schneckennetz-schneckenschutz\/\" \/>\n<meta property=\"og:locale\" content=\"de_DE\" \/>\n<meta property=\"og:type\" content=\"article\" \/>\n<meta property=\"og:title\" content=\"Kupfer Schneckennetz \/ Schneckenschutz - WeRecycle.ch | WR Group AG\" \/>\n<meta property=\"og:description\" content=\"Kupfer Schneckengeflecht zur nat\u00fcrlichen Abwehr von Schnecken im Garten oder Hochbeet. Breite: 12,5 cm, Flexibel formbar und abl\u00e4ngbar.\" \/>\n<meta property=\"og:url\" content=\"https:\/\/www.werecycle.ch\/de\/shop\/garten-outdoor\/kupfer-schneckennetz-schneckenschutz\/\" \/>\n<meta property=\"og:site_name\" content=\"WeRecycle.ch | WR Group AG\" \/>\n<meta property=\"article:publisher\" content=\"https:\/\/www.facebook.com\/www.werecycle.ch\" \/>\n<meta property=\"article:modified_time\" content=\"2026-04-11T16:11:48+00:00\" \/>\n<meta property=\"og:image\" content=\"https:\/\/www.werecycle.ch\/wp-content\/uploads\/2024\/06\/226501.webp\" \/>\n\t<meta property=\"og:image:width\" content=\"1200\" \/>\n\t<meta property=\"og:image:height\" content=\"1200\" \/>\n\t<meta property=\"og:image:type\" content=\"image\/webp\" \/>\n<meta name=\"twitter:card\" content=\"summary_large_image\" \/>\n<script type=\"application\/ld+json\" class=\"yoast-schema-graph\">{\"@context\":\"https:\\\/\\\/schema.org\",\"@graph\":[{\"@type\":\"WebPage\",\"@id\":\"https:\\\/\\\/www.werecycle.ch\\\/shop\\\/garten-outdoor\\\/kupfer-schneckennetz-schneckenschutz\\\/\",\"url\":\"https:\\\/\\\/www.werecycle.ch\\\/shop\\\/garten-outdoor\\\/kupfer-schneckennetz-schneckenschutz\\\/\",\"name\":\"Kupfer Schneckennetz \\\/ Schneckenschutz - WeRecycle.ch | WR Group AG\",\"isPartOf\":{\"@id\":\"https:\\\/\\\/www.werecycle.ch\\\/de\\\/#website\"},\"primaryImageOfPage\":{\"@id\":\"https:\\\/\\\/www.werecycle.ch\\\/shop\\\/garten-outdoor\\\/kupfer-schneckennetz-schneckenschutz\\\/#primaryimage\"},\"image\":{\"@id\":\"https:\\\/\\\/www.werecycle.ch\\\/shop\\\/garten-outdoor\\\/kupfer-schneckennetz-schneckenschutz\\\/#primaryimage\"},\"thumbnailUrl\":\"https:\\\/\\\/www.werecycle.ch\\\/wp-content\\\/uploads\\\/2024\\\/06\\\/226501.webp\",\"datePublished\":\"2024-06-13T07:02:45+00:00\",\"dateModified\":\"2026-04-11T16:11:48+00:00\",\"description\":\"Kupfer Schneckengeflecht zur nat\u00fcrlichen Abwehr von Schnecken im Garten oder Hochbeet. Breite: 12,5 cm, Flexibel formbar und abl\u00e4ngbar.\",\"breadcrumb\":{\"@id\":\"https:\\\/\\\/www.werecycle.ch\\\/shop\\\/garten-outdoor\\\/kupfer-schneckennetz-schneckenschutz\\\/#breadcrumb\"},\"inLanguage\":\"de\",\"potentialAction\":[{\"@type\":\"ReadAction\",\"target\":[\"https:\\\/\\\/www.werecycle.ch\\\/shop\\\/garten-outdoor\\\/kupfer-schneckennetz-schneckenschutz\\\/\"]}]},{\"@type\":\"ImageObject\",\"inLanguage\":\"de\",\"@id\":\"https:\\\/\\\/www.werecycle.ch\\\/shop\\\/garten-outdoor\\\/kupfer-schneckennetz-schneckenschutz\\\/#primaryimage\",\"url\":\"https:\\\/\\\/www.werecycle.ch\\\/wp-content\\\/uploads\\\/2024\\\/06\\\/226501.webp\",\"contentUrl\":\"https:\\\/\\\/www.werecycle.ch\\\/wp-content\\\/uploads\\\/2024\\\/06\\\/226501.webp\",\"width\":1200,\"height\":1200},{\"@type\":\"BreadcrumbList\",\"@id\":\"https:\\\/\\\/www.werecycle.ch\\\/shop\\\/garten-outdoor\\\/kupfer-schneckennetz-schneckenschutz\\\/#breadcrumb\",\"itemListElement\":[{\"@type\":\"ListItem\",\"position\":1,\"name\":\"Startseite\",\"item\":\"https:\\\/\\\/www.werecycle.ch\\\/\"},{\"@type\":\"ListItem\",\"position\":2,\"name\":\"Shop\",\"item\":\"https:\\\/\\\/www.werecycle.ch\\\/de\\\/shop\\\/\"},{\"@type\":\"ListItem\",\"position\":3,\"name\":\"Kupfer Schneckennetz \\\/ Schneckenschutz\"}]},{\"@type\":\"WebSite\",\"@id\":\"https:\\\/\\\/www.werecycle.ch\\\/de\\\/#website\",\"url\":\"https:\\\/\\\/www.werecycle.ch\\\/de\\\/\",\"name\":\"WeRecycle.ch | Recycling Services AG\",\"description\":\"\",\"publisher\":{\"@id\":\"https:\\\/\\\/www.werecycle.ch\\\/de\\\/#organization\"},\"potentialAction\":[{\"@type\":\"SearchAction\",\"target\":{\"@type\":\"EntryPoint\",\"urlTemplate\":\"https:\\\/\\\/www.werecycle.ch\\\/de\\\/?s={search_term_string}\"},\"query-input\":{\"@type\":\"PropertyValueSpecification\",\"valueRequired\":true,\"valueName\":\"search_term_string\"}}],\"inLanguage\":\"de\"},{\"@type\":\"Organization\",\"@id\":\"https:\\\/\\\/www.werecycle.ch\\\/de\\\/#organization\",\"name\":\"WeRecycle.ch | Recycling Services AG\",\"url\":\"https:\\\/\\\/www.werecycle.ch\\\/de\\\/\",\"logo\":{\"@type\":\"ImageObject\",\"inLanguage\":\"de\",\"@id\":\"https:\\\/\\\/www.werecycle.ch\\\/de\\\/#\\\/schema\\\/logo\\\/image\\\/\",\"url\":\"https:\\\/\\\/www.werecycle.ch\\\/wp-content\\\/uploads\\\/2022\\\/09\\\/logo_werecycle.webp\",\"contentUrl\":\"https:\\\/\\\/www.werecycle.ch\\\/wp-content\\\/uploads\\\/2022\\\/09\\\/logo_werecycle.webp\",\"width\":1423,\"height\":427,\"caption\":\"WeRecycle.ch | Recycling Services AG\"},\"image\":{\"@id\":\"https:\\\/\\\/www.werecycle.ch\\\/de\\\/#\\\/schema\\\/logo\\\/image\\\/\"},\"sameAs\":[\"https:\\\/\\\/www.facebook.com\\\/www.werecycle.ch\"]}]}<\/script>\n<!-- \/ Yoast SEO plugin. -->","yoast_head_json":{"title":"Kupfer Schneckennetz \/ Schneckenschutz - WeRecycle.ch | WR Group AG","description":"Kupfer Schneckengeflecht zur nat\u00fcrlichen Abwehr von Schnecken im Garten oder Hochbeet. Breite: 12,5 cm, Flexibel formbar und abl\u00e4ngbar.","robots":{"index":"index","follow":"follow","max-snippet":"max-snippet:-1","max-image-preview":"max-image-preview:large","max-video-preview":"max-video-preview:-1"},"canonical":"https:\/\/www.werecycle.ch\/de\/shop\/garten-outdoor\/kupfer-schneckennetz-schneckenschutz\/","og_locale":"de_DE","og_type":"article","og_title":"Kupfer Schneckennetz \/ Schneckenschutz - WeRecycle.ch | WR Group AG","og_description":"Kupfer Schneckengeflecht zur nat\u00fcrlichen Abwehr von Schnecken im Garten oder Hochbeet. Breite: 12,5 cm, Flexibel formbar und abl\u00e4ngbar.","og_url":"https:\/\/www.werecycle.ch\/de\/shop\/garten-outdoor\/kupfer-schneckennetz-schneckenschutz\/","og_site_name":"WeRecycle.ch | WR Group AG","article_publisher":"https:\/\/www.facebook.com\/www.werecycle.ch","article_modified_time":"2026-04-11T16:11:48+00:00","og_image":[{"width":1200,"height":1200,"url":"https:\/\/www.werecycle.ch\/wp-content\/uploads\/2024\/06\/226501.webp","type":"image\/webp"}],"twitter_card":"summary_large_image","schema":{"@context":"https:\/\/schema.org","@graph":[{"@type":"WebPage","@id":"https:\/\/www.werecycle.ch\/shop\/garten-outdoor\/kupfer-schneckennetz-schneckenschutz\/","url":"https:\/\/www.werecycle.ch\/shop\/garten-outdoor\/kupfer-schneckennetz-schneckenschutz\/","name":"Kupfer Schneckennetz \/ Schneckenschutz - WeRecycle.ch | WR Group AG","isPartOf":{"@id":"https:\/\/www.werecycle.ch\/de\/#website"},"primaryImageOfPage":{"@id":"https:\/\/www.werecycle.ch\/shop\/garten-outdoor\/kupfer-schneckennetz-schneckenschutz\/#primaryimage"},"image":{"@id":"https:\/\/www.werecycle.ch\/shop\/garten-outdoor\/kupfer-schneckennetz-schneckenschutz\/#primaryimage"},"thumbnailUrl":"https:\/\/www.werecycle.ch\/wp-content\/uploads\/2024\/06\/226501.webp","datePublished":"2024-06-13T07:02:45+00:00","dateModified":"2026-04-11T16:11:48+00:00","description":"Kupfer Schneckengeflecht zur nat\u00fcrlichen Abwehr von Schnecken im Garten oder Hochbeet. Breite: 12,5 cm, Flexibel formbar und abl\u00e4ngbar.","breadcrumb":{"@id":"https:\/\/www.werecycle.ch\/shop\/garten-outdoor\/kupfer-schneckennetz-schneckenschutz\/#breadcrumb"},"inLanguage":"de","potentialAction":[{"@type":"ReadAction","target":["https:\/\/www.werecycle.ch\/shop\/garten-outdoor\/kupfer-schneckennetz-schneckenschutz\/"]}]},{"@type":"ImageObject","inLanguage":"de","@id":"https:\/\/www.werecycle.ch\/shop\/garten-outdoor\/kupfer-schneckennetz-schneckenschutz\/#primaryimage","url":"https:\/\/www.werecycle.ch\/wp-content\/uploads\/2024\/06\/226501.webp","contentUrl":"https:\/\/www.werecycle.ch\/wp-content\/uploads\/2024\/06\/226501.webp","width":1200,"height":1200},{"@type":"BreadcrumbList","@id":"https:\/\/www.werecycle.ch\/shop\/garten-outdoor\/kupfer-schneckennetz-schneckenschutz\/#breadcrumb","itemListElement":[{"@type":"ListItem","position":1,"name":"Startseite","item":"https:\/\/www.werecycle.ch\/"},{"@type":"ListItem","position":2,"name":"Shop","item":"https:\/\/www.werecycle.ch\/de\/shop\/"},{"@type":"ListItem","position":3,"name":"Kupfer Schneckennetz \/ Schneckenschutz"}]},{"@type":"WebSite","@id":"https:\/\/www.werecycle.ch\/de\/#website","url":"https:\/\/www.werecycle.ch\/de\/","name":"WeRecycle.ch | Recycling Services AG","description":"","publisher":{"@id":"https:\/\/www.werecycle.ch\/de\/#organization"},"potentialAction":[{"@type":"SearchAction","target":{"@type":"EntryPoint","urlTemplate":"https:\/\/www.werecycle.ch\/de\/?s={search_term_string}"},"query-input":{"@type":"PropertyValueSpecification","valueRequired":true,"valueName":"search_term_string"}}],"inLanguage":"de"},{"@type":"Organization","@id":"https:\/\/www.werecycle.ch\/de\/#organization","name":"WeRecycle.ch | Recycling Services AG","url":"https:\/\/www.werecycle.ch\/de\/","logo":{"@type":"ImageObject","inLanguage":"de","@id":"https:\/\/www.werecycle.ch\/de\/#\/schema\/logo\/image\/","url":"https:\/\/www.werecycle.ch\/wp-content\/uploads\/2022\/09\/logo_werecycle.webp","contentUrl":"https:\/\/www.werecycle.ch\/wp-content\/uploads\/2022\/09\/logo_werecycle.webp","width":1423,"height":427,"caption":"WeRecycle.ch | Recycling Services AG"},"image":{"@id":"https:\/\/www.werecycle.ch\/de\/#\/schema\/logo\/image\/"},"sameAs":["https:\/\/www.facebook.com\/www.werecycle.ch"]}]}},"tiered_pricing_type":"fixed","tiered_pricing_fixed_rules":[],"tiered_pricing_product_settings":{"layout":"default","base_unit_name":{"singular":null,"plural":null},"default_variation":null},"tiered_pricing_minimum_quantity":null,"tiered_pricing_roles_data":[],"tiered_pricing_percentage_rules":[],"_links":{"self":[{"href":"https:\/\/www.werecycle.ch\/de\/wp-json\/wp\/v2\/product\/18821","targetHints":{"allow":["GET"]}}],"collection":[{"href":"https:\/\/www.werecycle.ch\/de\/wp-json\/wp\/v2\/product"}],"about":[{"href":"https:\/\/www.werecycle.ch\/de\/wp-json\/wp\/v2\/types\/product"}],"wp:featuredmedia":[{"embeddable":true,"href":"https:\/\/www.werecycle.ch\/de\/wp-json\/wp\/v2\/media\/18827"}],"wp:attachment":[{"href":"https:\/\/www.werecycle.ch\/de\/wp-json\/wp\/v2\/media?parent=18821"}],"wp:term":[{"taxonomy":"product_brand","embeddable":true,"href":"https:\/\/www.werecycle.ch\/de\/wp-json\/wp\/v2\/product_brand?post=18821"},{"taxonomy":"product_cat","embeddable":true,"href":"https:\/\/www.werecycle.ch\/de\/wp-json\/wp\/v2\/product_cat?post=18821"},{"taxonomy":"product_tag","embeddable":true,"href":"https:\/\/www.werecycle.ch\/de\/wp-json\/wp\/v2\/product_tag?post=18821"}],"curies":[{"name":"wp","href":"https:\/\/api.w.org\/{rel}","templated":true}]}}