{"id":13997,"date":"2023-11-15T09:41:03","date_gmt":"2023-11-15T08:41:03","guid":{"rendered":"https:\/\/www.werecycle.ch\/?post_type=product&#038;p=13997"},"modified":"2025-01-09T15:49:55","modified_gmt":"2025-01-09T14:49:55","slug":"schultertasche-brusttasche-kork","status":"publish","type":"product","link":"https:\/\/www.werecycle.ch\/de\/shop\/bekleidung\/taschen-rucksaecke\/schultertasche-brusttasche-kork\/","title":{"rendered":"Schultertasche \/ Brusttasche Kork"},"content":{"rendered":"<p><span class=\"VIpgJd-yAWNEb-VIpgJd-fmcmS-sn54Q\">Nachhaltige Umh\u00e4ngetasche mit durchdachtem Design und langer Haltbarkeit.<\/span><\/p>\n<p>Diese vielseitige Tasche verf\u00fcgt \u00fcber eine Dreifachaufteilung f\u00fcr optimale Organisation. Das \u00e4usserste Fach wird mit einem Magnetverschluss sicher verschlossen, w\u00e4hrend die beiden anderen F\u00e4cher mit zuverl\u00e4ssigen Reissverschl\u00fcssen ausgestattet sind. Dar\u00fcber hinaus verf\u00fcgt die R\u00fcckseite der Tasche \u00fcber eine praktische Aufbewahrungstasche.<\/p>\n<p>Die auf modernen Komfort ausgelegte R\u00fcckseite der Tasche verf\u00fcgt \u00fcber einen diskreten Kopfh\u00f6rer- oder Ladekabelanschluss, sodass Du das Kabel m\u00fchelos durchf\u00fchren kannst. Der Schultergurt aus Baumwolle sorgt f\u00fcr Komfort bei l\u00e4ngerem Tragen und die robusten Reissverschl\u00fcsse in Antikbronze sorgen f\u00fcr einen Hauch von Vintage-Charme. Gefertigt ist diese wundersch\u00f6ne Umh\u00e4ngetasche aus samtig weichem Korkleder.<\/p>\n<p>&nbsp;<\/p>\n<ul>\n<li>100% nachhaltiges Korkprodukt<\/li>\n<li>Hauptfach mit Reissverschluss, Aussenfach mit Reissverschluss und Magnetverschluss<\/li>\n<li>Verstellbarer Tragegurt aus Baumwolle<\/li>\n<li>Robust, leicht und wasserabweisend<\/li>\n<li>Umweltfreundlich und nat\u00fcrlich<\/li>\n<li>Hochwertige Verarbeitung<\/li>\n<li>Fair produziert in Portugal<\/li>\n<li>Material: Kork, Baumwolle<\/li>\n<li>Gr\u00f6sse: ca. 26 x 14 x 7 cm<\/li>\n<\/ul>\n<p>&nbsp;<\/p>\n<p>Naturkork ist zu 100 Prozent nachhaltig und recycelbar. Aus der Rinde einer einzigen Korkeiche k\u00f6nnen nach jeder Ernte rund 3.000 Naturkorken hergestellt werden. Kork ist kein Holz, sondern wird aus der Rinde der Korkeiche gewonnen. Sobald die Eiche ca. 25 Jahre alt ist, kann in einem Abstand von 9 Jahren die Rinde der Eiche geerntet werden. Im Laufe des Lebens einer Korkeiche, kann ein einzelner Baum bis zu 1000 kg Kork produzieren. Die B\u00e4ume k\u00f6nnen bis zu 250 Jahre alt werden.<\/p>\n<p>Ein weiterer spannender Fakt \u00fcber die Rinde: Sie sch\u00fctzt die Korkeiche vor Waldbr\u00e4nden, denn Kork ist nur schwer entflammbar. Diese Strategie hilft den Korkw\u00e4ldern seit Jahrhunderten in\u00a0sehr\u00a0warmen und trockenen Region zu \u00fcberleben.<\/p>\n","protected":false},"excerpt":{"rendered":"<p>Trendige Schultertasche aus nat\u00fcrlichem Kork mit 3 F\u00e4chern und verstellbarem Tragegurt aus Baumwolle. Fair hergestellt in Handarbeit in Portugal.<\/p>\n","protected":false},"featured_media":14002,"template":"","meta":{"ocean_post_layout":"","ocean_both_sidebars_style":"","ocean_both_sidebars_content_width":0,"ocean_both_sidebars_sidebars_width":0,"ocean_sidebar":"0","ocean_second_sidebar":"0","ocean_disable_margins":"enable","ocean_add_body_class":"","ocean_shortcode_before_top_bar":"","ocean_shortcode_after_top_bar":"","ocean_shortcode_before_header":"","ocean_shortcode_after_header":"","ocean_has_shortcode":"","ocean_shortcode_after_title":"","ocean_shortcode_before_footer_widgets":"","ocean_shortcode_after_footer_widgets":"","ocean_shortcode_before_footer_bottom":"","ocean_shortcode_after_footer_bottom":"","ocean_display_top_bar":"default","ocean_display_header":"default","ocean_header_style":"","ocean_center_header_left_menu":"0","ocean_custom_header_template":"0","ocean_custom_logo":0,"ocean_custom_retina_logo":0,"ocean_custom_logo_max_width":0,"ocean_custom_logo_tablet_max_width":0,"ocean_custom_logo_mobile_max_width":0,"ocean_custom_logo_max_height":0,"ocean_custom_logo_tablet_max_height":0,"ocean_custom_logo_mobile_max_height":0,"ocean_header_custom_menu":"0","ocean_menu_typo_font_family":"0","ocean_menu_typo_font_subset":"","ocean_menu_typo_font_size":0,"ocean_menu_typo_font_size_tablet":0,"ocean_menu_typo_font_size_mobile":0,"ocean_menu_typo_font_size_unit":"px","ocean_menu_typo_font_weight":"","ocean_menu_typo_font_weight_tablet":"","ocean_menu_typo_font_weight_mobile":"","ocean_menu_typo_transform":"","ocean_menu_typo_transform_tablet":"","ocean_menu_typo_transform_mobile":"","ocean_menu_typo_line_height":0,"ocean_menu_typo_line_height_tablet":0,"ocean_menu_typo_line_height_mobile":0,"ocean_menu_typo_line_height_unit":"","ocean_menu_typo_spacing":0,"ocean_menu_typo_spacing_tablet":0,"ocean_menu_typo_spacing_mobile":0,"ocean_menu_typo_spacing_unit":"","ocean_menu_link_color":"","ocean_menu_link_color_hover":"","ocean_menu_link_color_active":"","ocean_menu_link_background":"","ocean_menu_link_hover_background":"","ocean_menu_link_active_background":"","ocean_menu_social_links_bg":"","ocean_menu_social_hover_links_bg":"","ocean_menu_social_links_color":"","ocean_menu_social_hover_links_color":"","ocean_disable_title":"default","ocean_disable_heading":"default","ocean_post_title":"","ocean_post_subheading":"","ocean_post_title_style":"","ocean_post_title_background_color":"","ocean_post_title_background":0,"ocean_post_title_bg_image_position":"","ocean_post_title_bg_image_attachment":"","ocean_post_title_bg_image_repeat":"","ocean_post_title_bg_image_size":"","ocean_post_title_height":0,"ocean_post_title_bg_overlay":0.5,"ocean_post_title_bg_overlay_color":"","ocean_disable_breadcrumbs":"default","ocean_breadcrumbs_color":"","ocean_breadcrumbs_separator_color":"","ocean_breadcrumbs_links_color":"","ocean_breadcrumbs_links_hover_color":"","ocean_display_footer_widgets":"default","ocean_display_footer_bottom":"default","ocean_custom_footer_template":"0","ofc_meta_disable_footer_callout":"","ofc_meta_callout_button_url":"","ofc_meta_callout_button_txt":"","ofc_meta_callout_text":"","osh_disable_topbar_sticky":"default","osh_disable_header_sticky":"default","osh_sticky_header_style":"default","osh_sticky_header_effect":"","osh_custom_sticky_logo":0,"osh_custom_retina_sticky_logo":0,"osh_custom_sticky_logo_height":0,"osh_background_color":"","osh_links_color":"","osh_links_hover_color":"","osh_links_active_color":"","osh_links_bg_color":"","osh_links_hover_bg_color":"","osh_links_active_bg_color":"","osh_menu_social_links_color":"","osh_menu_social_hover_links_color":""},"product_brand":[],"product_cat":[89,71],"product_tag":[1471,1470,106,237,109,240],"class_list":{"0":"post-13997","1":"product","2":"type-product","3":"status-publish","4":"has-post-thumbnail","6":"product_cat-geschenke","7":"product_cat-taschen-rucksaecke","8":"product_tag-brustbeutel","9":"product_tag-brusttasche","10":"product_tag-kork","11":"product_tag-rucksack","12":"product_tag-schultertasche","13":"product_tag-umhaengetasche","14":"product_shipping_class-paket","16":"entry","17":"has-media","19":"first","20":"instock","21":"taxable","22":"shipping-taxable","23":"purchasable","24":"product-type-variable","25":"has-default-attributes","26":"col","27":"span_1_of_3","28":"owp-content-center","29":"item-entry","30":"owp-thumbs-layout-horizontal","31":"owp-btn-normal","32":"owp-tabs-layout-horizontal","33":"circle-sale"},"yoast_head":"<!-- This site is optimized with the Yoast SEO plugin v27.5 - https:\/\/yoast.com\/product\/yoast-seo-wordpress\/ -->\n<title>Schultertasche \/ Brusttasche Kork - WeRecycle.ch | WR Group AG<\/title>\n<meta name=\"description\" content=\"Trendige Schultertasche aus nat\u00fcrlichem Kork mit 3 F\u00e4chern und verstellbarem Tragegurt aus Baumwolle. Fair hergestellt in Handarbeit in Portugal.\" \/>\n<meta name=\"robots\" content=\"index, follow, max-snippet:-1, max-image-preview:large, max-video-preview:-1\" \/>\n<link rel=\"canonical\" href=\"https:\/\/www.werecycle.ch\/de\/shop\/bekleidung\/taschen-rucksaecke\/schultertasche-brusttasche-kork\/\" \/>\n<meta property=\"og:locale\" content=\"de_DE\" \/>\n<meta property=\"og:type\" content=\"article\" \/>\n<meta property=\"og:title\" content=\"Schultertasche \/ Brusttasche Kork - WeRecycle.ch | WR Group AG\" \/>\n<meta property=\"og:description\" content=\"Trendige Schultertasche aus nat\u00fcrlichem Kork mit 3 F\u00e4chern und verstellbarem Tragegurt aus Baumwolle. Fair hergestellt in Handarbeit in Portugal.\" \/>\n<meta property=\"og:url\" content=\"https:\/\/www.werecycle.ch\/de\/shop\/bekleidung\/taschen-rucksaecke\/schultertasche-brusttasche-kork\/\" \/>\n<meta property=\"og:site_name\" content=\"WeRecycle.ch | WR Group AG\" \/>\n<meta property=\"article:publisher\" content=\"https:\/\/www.facebook.com\/www.werecycle.ch\" \/>\n<meta property=\"article:modified_time\" content=\"2025-01-09T14:49:55+00:00\" \/>\n<meta property=\"og:image\" content=\"https:\/\/www.werecycle.ch\/wp-content\/uploads\/2023\/11\/702273.webp\" \/>\n\t<meta property=\"og:image:width\" content=\"1200\" \/>\n\t<meta property=\"og:image:height\" content=\"1200\" \/>\n\t<meta property=\"og:image:type\" content=\"image\/webp\" \/>\n<meta name=\"twitter:card\" content=\"summary_large_image\" \/>\n<script type=\"application\/ld+json\" class=\"yoast-schema-graph\">{\"@context\":\"https:\\\/\\\/schema.org\",\"@graph\":[{\"@type\":\"WebPage\",\"@id\":\"https:\\\/\\\/www.werecycle.ch\\\/shop\\\/bekleidung\\\/taschen-rucksaecke\\\/schultertasche-brusttasche-kork\\\/\",\"url\":\"https:\\\/\\\/www.werecycle.ch\\\/shop\\\/bekleidung\\\/taschen-rucksaecke\\\/schultertasche-brusttasche-kork\\\/\",\"name\":\"Schultertasche \\\/ Brusttasche Kork - WeRecycle.ch | WR Group AG\",\"isPartOf\":{\"@id\":\"https:\\\/\\\/www.werecycle.ch\\\/de\\\/#website\"},\"primaryImageOfPage\":{\"@id\":\"https:\\\/\\\/www.werecycle.ch\\\/shop\\\/bekleidung\\\/taschen-rucksaecke\\\/schultertasche-brusttasche-kork\\\/#primaryimage\"},\"image\":{\"@id\":\"https:\\\/\\\/www.werecycle.ch\\\/shop\\\/bekleidung\\\/taschen-rucksaecke\\\/schultertasche-brusttasche-kork\\\/#primaryimage\"},\"thumbnailUrl\":\"https:\\\/\\\/www.werecycle.ch\\\/wp-content\\\/uploads\\\/2023\\\/11\\\/702273.webp\",\"datePublished\":\"2023-11-15T08:41:03+00:00\",\"dateModified\":\"2025-01-09T14:49:55+00:00\",\"description\":\"Trendige Schultertasche aus nat\u00fcrlichem Kork mit 3 F\u00e4chern und verstellbarem Tragegurt aus Baumwolle. Fair hergestellt in Handarbeit in Portugal.\",\"breadcrumb\":{\"@id\":\"https:\\\/\\\/www.werecycle.ch\\\/shop\\\/bekleidung\\\/taschen-rucksaecke\\\/schultertasche-brusttasche-kork\\\/#breadcrumb\"},\"inLanguage\":\"de\",\"potentialAction\":[{\"@type\":\"ReadAction\",\"target\":[\"https:\\\/\\\/www.werecycle.ch\\\/shop\\\/bekleidung\\\/taschen-rucksaecke\\\/schultertasche-brusttasche-kork\\\/\"]}]},{\"@type\":\"ImageObject\",\"inLanguage\":\"de\",\"@id\":\"https:\\\/\\\/www.werecycle.ch\\\/shop\\\/bekleidung\\\/taschen-rucksaecke\\\/schultertasche-brusttasche-kork\\\/#primaryimage\",\"url\":\"https:\\\/\\\/www.werecycle.ch\\\/wp-content\\\/uploads\\\/2023\\\/11\\\/702273.webp\",\"contentUrl\":\"https:\\\/\\\/www.werecycle.ch\\\/wp-content\\\/uploads\\\/2023\\\/11\\\/702273.webp\",\"width\":1200,\"height\":1200},{\"@type\":\"BreadcrumbList\",\"@id\":\"https:\\\/\\\/www.werecycle.ch\\\/shop\\\/bekleidung\\\/taschen-rucksaecke\\\/schultertasche-brusttasche-kork\\\/#breadcrumb\",\"itemListElement\":[{\"@type\":\"ListItem\",\"position\":1,\"name\":\"Startseite\",\"item\":\"https:\\\/\\\/www.werecycle.ch\\\/\"},{\"@type\":\"ListItem\",\"position\":2,\"name\":\"Shop\",\"item\":\"https:\\\/\\\/www.werecycle.ch\\\/de\\\/shop\\\/\"},{\"@type\":\"ListItem\",\"position\":3,\"name\":\"Schultertasche \\\/ Brusttasche Kork\"}]},{\"@type\":\"WebSite\",\"@id\":\"https:\\\/\\\/www.werecycle.ch\\\/de\\\/#website\",\"url\":\"https:\\\/\\\/www.werecycle.ch\\\/de\\\/\",\"name\":\"WeRecycle.ch | Recycling Services AG\",\"description\":\"\",\"publisher\":{\"@id\":\"https:\\\/\\\/www.werecycle.ch\\\/de\\\/#organization\"},\"potentialAction\":[{\"@type\":\"SearchAction\",\"target\":{\"@type\":\"EntryPoint\",\"urlTemplate\":\"https:\\\/\\\/www.werecycle.ch\\\/de\\\/?s={search_term_string}\"},\"query-input\":{\"@type\":\"PropertyValueSpecification\",\"valueRequired\":true,\"valueName\":\"search_term_string\"}}],\"inLanguage\":\"de\"},{\"@type\":\"Organization\",\"@id\":\"https:\\\/\\\/www.werecycle.ch\\\/de\\\/#organization\",\"name\":\"WeRecycle.ch | Recycling Services AG\",\"url\":\"https:\\\/\\\/www.werecycle.ch\\\/de\\\/\",\"logo\":{\"@type\":\"ImageObject\",\"inLanguage\":\"de\",\"@id\":\"https:\\\/\\\/www.werecycle.ch\\\/de\\\/#\\\/schema\\\/logo\\\/image\\\/\",\"url\":\"https:\\\/\\\/www.werecycle.ch\\\/wp-content\\\/uploads\\\/2022\\\/09\\\/logo_werecycle.webp\",\"contentUrl\":\"https:\\\/\\\/www.werecycle.ch\\\/wp-content\\\/uploads\\\/2022\\\/09\\\/logo_werecycle.webp\",\"width\":1423,\"height\":427,\"caption\":\"WeRecycle.ch | Recycling Services AG\"},\"image\":{\"@id\":\"https:\\\/\\\/www.werecycle.ch\\\/de\\\/#\\\/schema\\\/logo\\\/image\\\/\"},\"sameAs\":[\"https:\\\/\\\/www.facebook.com\\\/www.werecycle.ch\"]}]}<\/script>\n<!-- \/ Yoast SEO plugin. -->","yoast_head_json":{"title":"Schultertasche \/ Brusttasche Kork - WeRecycle.ch | WR Group AG","description":"Trendige Schultertasche aus nat\u00fcrlichem Kork mit 3 F\u00e4chern und verstellbarem Tragegurt aus Baumwolle. Fair hergestellt in Handarbeit in Portugal.","robots":{"index":"index","follow":"follow","max-snippet":"max-snippet:-1","max-image-preview":"max-image-preview:large","max-video-preview":"max-video-preview:-1"},"canonical":"https:\/\/www.werecycle.ch\/de\/shop\/bekleidung\/taschen-rucksaecke\/schultertasche-brusttasche-kork\/","og_locale":"de_DE","og_type":"article","og_title":"Schultertasche \/ Brusttasche Kork - WeRecycle.ch | WR Group AG","og_description":"Trendige Schultertasche aus nat\u00fcrlichem Kork mit 3 F\u00e4chern und verstellbarem Tragegurt aus Baumwolle. Fair hergestellt in Handarbeit in Portugal.","og_url":"https:\/\/www.werecycle.ch\/de\/shop\/bekleidung\/taschen-rucksaecke\/schultertasche-brusttasche-kork\/","og_site_name":"WeRecycle.ch | WR Group AG","article_publisher":"https:\/\/www.facebook.com\/www.werecycle.ch","article_modified_time":"2025-01-09T14:49:55+00:00","og_image":[{"width":1200,"height":1200,"url":"https:\/\/www.werecycle.ch\/wp-content\/uploads\/2023\/11\/702273.webp","type":"image\/webp"}],"twitter_card":"summary_large_image","schema":{"@context":"https:\/\/schema.org","@graph":[{"@type":"WebPage","@id":"https:\/\/www.werecycle.ch\/shop\/bekleidung\/taschen-rucksaecke\/schultertasche-brusttasche-kork\/","url":"https:\/\/www.werecycle.ch\/shop\/bekleidung\/taschen-rucksaecke\/schultertasche-brusttasche-kork\/","name":"Schultertasche \/ Brusttasche Kork - WeRecycle.ch | WR Group AG","isPartOf":{"@id":"https:\/\/www.werecycle.ch\/de\/#website"},"primaryImageOfPage":{"@id":"https:\/\/www.werecycle.ch\/shop\/bekleidung\/taschen-rucksaecke\/schultertasche-brusttasche-kork\/#primaryimage"},"image":{"@id":"https:\/\/www.werecycle.ch\/shop\/bekleidung\/taschen-rucksaecke\/schultertasche-brusttasche-kork\/#primaryimage"},"thumbnailUrl":"https:\/\/www.werecycle.ch\/wp-content\/uploads\/2023\/11\/702273.webp","datePublished":"2023-11-15T08:41:03+00:00","dateModified":"2025-01-09T14:49:55+00:00","description":"Trendige Schultertasche aus nat\u00fcrlichem Kork mit 3 F\u00e4chern und verstellbarem Tragegurt aus Baumwolle. Fair hergestellt in Handarbeit in Portugal.","breadcrumb":{"@id":"https:\/\/www.werecycle.ch\/shop\/bekleidung\/taschen-rucksaecke\/schultertasche-brusttasche-kork\/#breadcrumb"},"inLanguage":"de","potentialAction":[{"@type":"ReadAction","target":["https:\/\/www.werecycle.ch\/shop\/bekleidung\/taschen-rucksaecke\/schultertasche-brusttasche-kork\/"]}]},{"@type":"ImageObject","inLanguage":"de","@id":"https:\/\/www.werecycle.ch\/shop\/bekleidung\/taschen-rucksaecke\/schultertasche-brusttasche-kork\/#primaryimage","url":"https:\/\/www.werecycle.ch\/wp-content\/uploads\/2023\/11\/702273.webp","contentUrl":"https:\/\/www.werecycle.ch\/wp-content\/uploads\/2023\/11\/702273.webp","width":1200,"height":1200},{"@type":"BreadcrumbList","@id":"https:\/\/www.werecycle.ch\/shop\/bekleidung\/taschen-rucksaecke\/schultertasche-brusttasche-kork\/#breadcrumb","itemListElement":[{"@type":"ListItem","position":1,"name":"Startseite","item":"https:\/\/www.werecycle.ch\/"},{"@type":"ListItem","position":2,"name":"Shop","item":"https:\/\/www.werecycle.ch\/de\/shop\/"},{"@type":"ListItem","position":3,"name":"Schultertasche \/ Brusttasche Kork"}]},{"@type":"WebSite","@id":"https:\/\/www.werecycle.ch\/de\/#website","url":"https:\/\/www.werecycle.ch\/de\/","name":"WeRecycle.ch | Recycling Services AG","description":"","publisher":{"@id":"https:\/\/www.werecycle.ch\/de\/#organization"},"potentialAction":[{"@type":"SearchAction","target":{"@type":"EntryPoint","urlTemplate":"https:\/\/www.werecycle.ch\/de\/?s={search_term_string}"},"query-input":{"@type":"PropertyValueSpecification","valueRequired":true,"valueName":"search_term_string"}}],"inLanguage":"de"},{"@type":"Organization","@id":"https:\/\/www.werecycle.ch\/de\/#organization","name":"WeRecycle.ch | Recycling Services AG","url":"https:\/\/www.werecycle.ch\/de\/","logo":{"@type":"ImageObject","inLanguage":"de","@id":"https:\/\/www.werecycle.ch\/de\/#\/schema\/logo\/image\/","url":"https:\/\/www.werecycle.ch\/wp-content\/uploads\/2022\/09\/logo_werecycle.webp","contentUrl":"https:\/\/www.werecycle.ch\/wp-content\/uploads\/2022\/09\/logo_werecycle.webp","width":1423,"height":427,"caption":"WeRecycle.ch | Recycling Services AG"},"image":{"@id":"https:\/\/www.werecycle.ch\/de\/#\/schema\/logo\/image\/"},"sameAs":["https:\/\/www.facebook.com\/www.werecycle.ch"]}]}},"tiered_pricing_type":"fixed","tiered_pricing_fixed_rules":[],"tiered_pricing_product_settings":{"layout":"default","base_unit_name":{"singular":null,"plural":null},"default_variation":null},"tiered_pricing_minimum_quantity":null,"tiered_pricing_roles_data":[],"tiered_pricing_percentage_rules":[],"_links":{"self":[{"href":"https:\/\/www.werecycle.ch\/de\/wp-json\/wp\/v2\/product\/13997","targetHints":{"allow":["GET"]}}],"collection":[{"href":"https:\/\/www.werecycle.ch\/de\/wp-json\/wp\/v2\/product"}],"about":[{"href":"https:\/\/www.werecycle.ch\/de\/wp-json\/wp\/v2\/types\/product"}],"wp:featuredmedia":[{"embeddable":true,"href":"https:\/\/www.werecycle.ch\/de\/wp-json\/wp\/v2\/media\/14002"}],"wp:attachment":[{"href":"https:\/\/www.werecycle.ch\/de\/wp-json\/wp\/v2\/media?parent=13997"}],"wp:term":[{"taxonomy":"product_brand","embeddable":true,"href":"https:\/\/www.werecycle.ch\/de\/wp-json\/wp\/v2\/product_brand?post=13997"},{"taxonomy":"product_cat","embeddable":true,"href":"https:\/\/www.werecycle.ch\/de\/wp-json\/wp\/v2\/product_cat?post=13997"},{"taxonomy":"product_tag","embeddable":true,"href":"https:\/\/www.werecycle.ch\/de\/wp-json\/wp\/v2\/product_tag?post=13997"}],"curies":[{"name":"wp","href":"https:\/\/api.w.org\/{rel}","templated":true}]}}