{"id":10545,"date":"2023-04-15T10:21:37","date_gmt":"2023-04-15T09:21:37","guid":{"rendered":"https:\/\/www.werecycle.ch\/?post_type=product&#038;p=10545"},"modified":"2024-10-29T10:27:55","modified_gmt":"2024-10-29T09:27:55","slug":"haslinger-aloe-vera-rasierseife","status":"publish","type":"product","link":"https:\/\/www.werecycle.ch\/de\/shop\/wohlbefinden-wellness\/koerperpflege\/haslinger-aloe-vera-rasierseife\/","title":{"rendered":"Aloe Vera Rasierseife"},"content":{"rendered":"<div class=\"product--description js-ott-is-expanded\">\n<div>Aloe Vera Rasierseife in Metalldose 60g Haslinger<\/div>\n<div><\/div>\n<div>Diese Rasierseife wird so hergestellt, damit der Schaum cremig wird und stabil bleibt. Die Seife ist geschmeidig und l\u00e4sst sich gut aufsch\u00e4umen.<\/div>\n<div><\/div>\n<div>Hochwertige Kosmetik traditionell hergestellt seit 1890 in Wien<\/div>\n<div><\/div>\n<div>Fr\u00fchzeitig verzichtete Haslinger nicht nur auf Rohstoffe tierischen Ursprungs, sondern forschte und entwickelte ausgewogene und gut vertr\u00e4gliche Kosmetikrezepturen auf reiner Pflanzen\u00f6lbasis. Sein Lebenswerk galt auch der Nutzung der Kraft und positiven Eigenschaften von Honig, Kr\u00e4utern, Heilpflanzen und \u00e4therischen \u00d6len in mild pflegenden Kosmetikformulierungen.<\/div>\n<div><\/div>\n<div>Aufbauend auf diese Erkenntnisse bietet das Haslinger Wellness Sortiment eine breite Palette bew\u00e4hrter Kosmetikprodukte zum Wohlf\u00fchlen und Entspannen.<\/div>\n<div>Heute werden in bei Haslinger reine Pflanzen\u00f6lseifen, Schaumb\u00e4der, Duschb\u00e4der, Shampoos, K\u00f6rperlotionen, Badesalze, \u00d6lb\u00e4der und Saunaaufguss\u00f6le nach modernstem Standard hergestellt. Die laufenden Laboruntersuchungen und ein modernes Hygiene- und Qualit\u00e4tsmanagementsystem gew\u00e4hrleisten den hohen Qualit\u00e4tsstandard.<\/div>\n<div><\/div>\n<div>Zeit nehmen, eintauchen, entspannen, wohlf\u00fchlen. Das ist Haslinger Wellness Kosmetik.<\/div>\n<div>frei von Tierversuchen<\/div>\n<div>frei von Silikone<\/div>\n<div>frei von Aluminium<\/div>\n<div>frei von Paraben<\/div>\n<div>frei von Phenoxyetahnol<\/div>\n<div>frei von Ethanolamine<\/div>\n<div>frei von Paraffin<\/div>\n<div>frei von Mineral\u00f6len<\/div>\n<div><\/div>\n<\/div>\n","protected":false},"excerpt":{"rendered":"<p>Hochwertige Rasierseife in edler Metalldose.<\/p>\n<p>Einf\u00fcllmenge: 60 Gramm<\/p>\n","protected":false},"featured_media":10547,"template":"","meta":{"ocean_post_layout":"","ocean_both_sidebars_style":"","ocean_both_sidebars_content_width":0,"ocean_both_sidebars_sidebars_width":0,"ocean_sidebar":"0","ocean_second_sidebar":"0","ocean_disable_margins":"enable","ocean_add_body_class":"","ocean_shortcode_before_top_bar":"","ocean_shortcode_after_top_bar":"","ocean_shortcode_before_header":"","ocean_shortcode_after_header":"","ocean_has_shortcode":"","ocean_shortcode_after_title":"","ocean_shortcode_before_footer_widgets":"","ocean_shortcode_after_footer_widgets":"","ocean_shortcode_before_footer_bottom":"","ocean_shortcode_after_footer_bottom":"","ocean_display_top_bar":"default","ocean_display_header":"default","ocean_header_style":"","ocean_center_header_left_menu":"0","ocean_custom_header_template":"0","ocean_custom_logo":0,"ocean_custom_retina_logo":0,"ocean_custom_logo_max_width":0,"ocean_custom_logo_tablet_max_width":0,"ocean_custom_logo_mobile_max_width":0,"ocean_custom_logo_max_height":0,"ocean_custom_logo_tablet_max_height":0,"ocean_custom_logo_mobile_max_height":0,"ocean_header_custom_menu":"0","ocean_menu_typo_font_family":"0","ocean_menu_typo_font_subset":"","ocean_menu_typo_font_size":0,"ocean_menu_typo_font_size_tablet":0,"ocean_menu_typo_font_size_mobile":0,"ocean_menu_typo_font_size_unit":"px","ocean_menu_typo_font_weight":"","ocean_menu_typo_font_weight_tablet":"","ocean_menu_typo_font_weight_mobile":"","ocean_menu_typo_transform":"","ocean_menu_typo_transform_tablet":"","ocean_menu_typo_transform_mobile":"","ocean_menu_typo_line_height":0,"ocean_menu_typo_line_height_tablet":0,"ocean_menu_typo_line_height_mobile":0,"ocean_menu_typo_line_height_unit":"","ocean_menu_typo_spacing":0,"ocean_menu_typo_spacing_tablet":0,"ocean_menu_typo_spacing_mobile":0,"ocean_menu_typo_spacing_unit":"","ocean_menu_link_color":"","ocean_menu_link_color_hover":"","ocean_menu_link_color_active":"","ocean_menu_link_background":"","ocean_menu_link_hover_background":"","ocean_menu_link_active_background":"","ocean_menu_social_links_bg":"","ocean_menu_social_hover_links_bg":"","ocean_menu_social_links_color":"","ocean_menu_social_hover_links_color":"","ocean_disable_title":"default","ocean_disable_heading":"default","ocean_post_title":"","ocean_post_subheading":"","ocean_post_title_style":"","ocean_post_title_background_color":"","ocean_post_title_background":0,"ocean_post_title_bg_image_position":"","ocean_post_title_bg_image_attachment":"","ocean_post_title_bg_image_repeat":"","ocean_post_title_bg_image_size":"","ocean_post_title_height":0,"ocean_post_title_bg_overlay":0.5,"ocean_post_title_bg_overlay_color":"","ocean_disable_breadcrumbs":"default","ocean_breadcrumbs_color":"","ocean_breadcrumbs_separator_color":"","ocean_breadcrumbs_links_color":"","ocean_breadcrumbs_links_hover_color":"","ocean_display_footer_widgets":"default","ocean_display_footer_bottom":"default","ocean_custom_footer_template":"0","ofc_meta_disable_footer_callout":"","ofc_meta_callout_button_url":"","ofc_meta_callout_button_txt":"","ofc_meta_callout_text":"","osh_disable_topbar_sticky":"default","osh_disable_header_sticky":"default","osh_sticky_header_style":"default","osh_sticky_header_effect":"","osh_custom_sticky_logo":0,"osh_custom_retina_sticky_logo":0,"osh_custom_sticky_logo_height":0,"osh_background_color":"","osh_links_color":"","osh_links_hover_color":"","osh_links_active_color":"","osh_links_bg_color":"","osh_links_hover_bg_color":"","osh_links_active_bg_color":"","osh_menu_social_links_color":"","osh_menu_social_hover_links_color":""},"product_brand":[],"product_cat":[78],"product_tag":[922,923,921,920,807,919,806,144],"class_list":{"0":"post-10545","1":"product","2":"type-product","3":"status-publish","4":"has-post-thumbnail","6":"product_cat-koerperpflege","7":"product_tag-aloe-vera","8":"product_tag-haslinger","9":"product_tag-koerperpflege","10":"product_tag-kosmetik","11":"product_tag-rasieren","12":"product_tag-rasierseife","13":"product_tag-rasur","14":"product_tag-seife","15":"product_shipping_class-brief","17":"entry","18":"has-media","20":"first","21":"instock","22":"taxable","23":"shipping-taxable","24":"purchasable","25":"product-type-simple","26":"col","27":"span_1_of_3","28":"owp-content-center","29":"item-entry","30":"owp-thumbs-layout-horizontal","31":"owp-btn-normal","32":"owp-tabs-layout-horizontal","33":"circle-sale"},"yoast_head":"<!-- This site is optimized with the Yoast SEO plugin v27.5 - https:\/\/yoast.com\/product\/yoast-seo-wordpress\/ -->\n<title>Aloe Vera Rasierseife - WeRecycle.ch | WR Group AG<\/title>\n<meta name=\"description\" content=\"Hochwertige Haslinger Rasierseife in edler Metalldose. Einf\u00fcllmenge: 60 Gramm. Traditionell hergestellt in Wien seit 1890\" \/>\n<meta name=\"robots\" content=\"index, follow, max-snippet:-1, max-image-preview:large, max-video-preview:-1\" \/>\n<link rel=\"canonical\" href=\"https:\/\/www.werecycle.ch\/de\/shop\/wohlbefinden-wellness\/koerperpflege\/haslinger-aloe-vera-rasierseife\/\" \/>\n<meta property=\"og:locale\" content=\"de_DE\" \/>\n<meta property=\"og:type\" content=\"article\" \/>\n<meta property=\"og:title\" content=\"Aloe Vera Rasierseife - WeRecycle.ch | WR Group AG\" \/>\n<meta property=\"og:description\" content=\"Hochwertige Haslinger Rasierseife in edler Metalldose. Einf\u00fcllmenge: 60 Gramm. Traditionell hergestellt in Wien seit 1890\" \/>\n<meta property=\"og:url\" content=\"https:\/\/www.werecycle.ch\/de\/shop\/wohlbefinden-wellness\/koerperpflege\/haslinger-aloe-vera-rasierseife\/\" \/>\n<meta property=\"og:site_name\" content=\"WeRecycle.ch | WR Group AG\" \/>\n<meta property=\"article:publisher\" content=\"https:\/\/www.facebook.com\/www.werecycle.ch\" \/>\n<meta property=\"article:modified_time\" content=\"2024-10-29T09:27:55+00:00\" \/>\n<meta property=\"og:image\" content=\"https:\/\/www.werecycle.ch\/wp-content\/uploads\/2023\/06\/210055.webp\" \/>\n\t<meta property=\"og:image:width\" content=\"1000\" \/>\n\t<meta property=\"og:image:height\" content=\"1000\" \/>\n\t<meta property=\"og:image:type\" content=\"image\/webp\" \/>\n<meta name=\"twitter:card\" content=\"summary_large_image\" \/>\n<script type=\"application\/ld+json\" class=\"yoast-schema-graph\">{\"@context\":\"https:\\\/\\\/schema.org\",\"@graph\":[{\"@type\":\"WebPage\",\"@id\":\"https:\\\/\\\/www.werecycle.ch\\\/shop\\\/wohlbefinden-wellness\\\/koerperpflege\\\/haslinger-aloe-vera-rasierseife\\\/\",\"url\":\"https:\\\/\\\/www.werecycle.ch\\\/shop\\\/wohlbefinden-wellness\\\/koerperpflege\\\/haslinger-aloe-vera-rasierseife\\\/\",\"name\":\"Aloe Vera Rasierseife - WeRecycle.ch | WR Group AG\",\"isPartOf\":{\"@id\":\"https:\\\/\\\/www.werecycle.ch\\\/de\\\/#website\"},\"primaryImageOfPage\":{\"@id\":\"https:\\\/\\\/www.werecycle.ch\\\/shop\\\/wohlbefinden-wellness\\\/koerperpflege\\\/haslinger-aloe-vera-rasierseife\\\/#primaryimage\"},\"image\":{\"@id\":\"https:\\\/\\\/www.werecycle.ch\\\/shop\\\/wohlbefinden-wellness\\\/koerperpflege\\\/haslinger-aloe-vera-rasierseife\\\/#primaryimage\"},\"thumbnailUrl\":\"https:\\\/\\\/www.werecycle.ch\\\/wp-content\\\/uploads\\\/2023\\\/06\\\/210055.webp\",\"datePublished\":\"2023-04-15T09:21:37+00:00\",\"dateModified\":\"2024-10-29T09:27:55+00:00\",\"description\":\"Hochwertige Haslinger Rasierseife in edler Metalldose. Einf\u00fcllmenge: 60 Gramm. Traditionell hergestellt in Wien seit 1890\",\"breadcrumb\":{\"@id\":\"https:\\\/\\\/www.werecycle.ch\\\/shop\\\/wohlbefinden-wellness\\\/koerperpflege\\\/haslinger-aloe-vera-rasierseife\\\/#breadcrumb\"},\"inLanguage\":\"de\",\"potentialAction\":[{\"@type\":\"ReadAction\",\"target\":[\"https:\\\/\\\/www.werecycle.ch\\\/shop\\\/wohlbefinden-wellness\\\/koerperpflege\\\/haslinger-aloe-vera-rasierseife\\\/\"]}]},{\"@type\":\"ImageObject\",\"inLanguage\":\"de\",\"@id\":\"https:\\\/\\\/www.werecycle.ch\\\/shop\\\/wohlbefinden-wellness\\\/koerperpflege\\\/haslinger-aloe-vera-rasierseife\\\/#primaryimage\",\"url\":\"https:\\\/\\\/www.werecycle.ch\\\/wp-content\\\/uploads\\\/2023\\\/06\\\/210055.webp\",\"contentUrl\":\"https:\\\/\\\/www.werecycle.ch\\\/wp-content\\\/uploads\\\/2023\\\/06\\\/210055.webp\",\"width\":1000,\"height\":1000},{\"@type\":\"BreadcrumbList\",\"@id\":\"https:\\\/\\\/www.werecycle.ch\\\/shop\\\/wohlbefinden-wellness\\\/koerperpflege\\\/haslinger-aloe-vera-rasierseife\\\/#breadcrumb\",\"itemListElement\":[{\"@type\":\"ListItem\",\"position\":1,\"name\":\"Startseite\",\"item\":\"https:\\\/\\\/www.werecycle.ch\\\/\"},{\"@type\":\"ListItem\",\"position\":2,\"name\":\"Shop\",\"item\":\"https:\\\/\\\/www.werecycle.ch\\\/de\\\/shop\\\/\"},{\"@type\":\"ListItem\",\"position\":3,\"name\":\"Aloe Vera Rasierseife\"}]},{\"@type\":\"WebSite\",\"@id\":\"https:\\\/\\\/www.werecycle.ch\\\/de\\\/#website\",\"url\":\"https:\\\/\\\/www.werecycle.ch\\\/de\\\/\",\"name\":\"WeRecycle.ch | Recycling Services AG\",\"description\":\"\",\"publisher\":{\"@id\":\"https:\\\/\\\/www.werecycle.ch\\\/de\\\/#organization\"},\"potentialAction\":[{\"@type\":\"SearchAction\",\"target\":{\"@type\":\"EntryPoint\",\"urlTemplate\":\"https:\\\/\\\/www.werecycle.ch\\\/de\\\/?s={search_term_string}\"},\"query-input\":{\"@type\":\"PropertyValueSpecification\",\"valueRequired\":true,\"valueName\":\"search_term_string\"}}],\"inLanguage\":\"de\"},{\"@type\":\"Organization\",\"@id\":\"https:\\\/\\\/www.werecycle.ch\\\/de\\\/#organization\",\"name\":\"WeRecycle.ch | Recycling Services AG\",\"url\":\"https:\\\/\\\/www.werecycle.ch\\\/de\\\/\",\"logo\":{\"@type\":\"ImageObject\",\"inLanguage\":\"de\",\"@id\":\"https:\\\/\\\/www.werecycle.ch\\\/de\\\/#\\\/schema\\\/logo\\\/image\\\/\",\"url\":\"https:\\\/\\\/www.werecycle.ch\\\/wp-content\\\/uploads\\\/2022\\\/09\\\/logo_werecycle.webp\",\"contentUrl\":\"https:\\\/\\\/www.werecycle.ch\\\/wp-content\\\/uploads\\\/2022\\\/09\\\/logo_werecycle.webp\",\"width\":1423,\"height\":427,\"caption\":\"WeRecycle.ch | Recycling Services AG\"},\"image\":{\"@id\":\"https:\\\/\\\/www.werecycle.ch\\\/de\\\/#\\\/schema\\\/logo\\\/image\\\/\"},\"sameAs\":[\"https:\\\/\\\/www.facebook.com\\\/www.werecycle.ch\"]}]}<\/script>\n<!-- \/ Yoast SEO plugin. -->","yoast_head_json":{"title":"Aloe Vera Rasierseife - WeRecycle.ch | WR Group AG","description":"Hochwertige Haslinger Rasierseife in edler Metalldose. Einf\u00fcllmenge: 60 Gramm. Traditionell hergestellt in Wien seit 1890","robots":{"index":"index","follow":"follow","max-snippet":"max-snippet:-1","max-image-preview":"max-image-preview:large","max-video-preview":"max-video-preview:-1"},"canonical":"https:\/\/www.werecycle.ch\/de\/shop\/wohlbefinden-wellness\/koerperpflege\/haslinger-aloe-vera-rasierseife\/","og_locale":"de_DE","og_type":"article","og_title":"Aloe Vera Rasierseife - WeRecycle.ch | WR Group AG","og_description":"Hochwertige Haslinger Rasierseife in edler Metalldose. Einf\u00fcllmenge: 60 Gramm. Traditionell hergestellt in Wien seit 1890","og_url":"https:\/\/www.werecycle.ch\/de\/shop\/wohlbefinden-wellness\/koerperpflege\/haslinger-aloe-vera-rasierseife\/","og_site_name":"WeRecycle.ch | WR Group AG","article_publisher":"https:\/\/www.facebook.com\/www.werecycle.ch","article_modified_time":"2024-10-29T09:27:55+00:00","og_image":[{"width":1000,"height":1000,"url":"https:\/\/www.werecycle.ch\/wp-content\/uploads\/2023\/06\/210055.webp","type":"image\/webp"}],"twitter_card":"summary_large_image","schema":{"@context":"https:\/\/schema.org","@graph":[{"@type":"WebPage","@id":"https:\/\/www.werecycle.ch\/shop\/wohlbefinden-wellness\/koerperpflege\/haslinger-aloe-vera-rasierseife\/","url":"https:\/\/www.werecycle.ch\/shop\/wohlbefinden-wellness\/koerperpflege\/haslinger-aloe-vera-rasierseife\/","name":"Aloe Vera Rasierseife - WeRecycle.ch | WR Group AG","isPartOf":{"@id":"https:\/\/www.werecycle.ch\/de\/#website"},"primaryImageOfPage":{"@id":"https:\/\/www.werecycle.ch\/shop\/wohlbefinden-wellness\/koerperpflege\/haslinger-aloe-vera-rasierseife\/#primaryimage"},"image":{"@id":"https:\/\/www.werecycle.ch\/shop\/wohlbefinden-wellness\/koerperpflege\/haslinger-aloe-vera-rasierseife\/#primaryimage"},"thumbnailUrl":"https:\/\/www.werecycle.ch\/wp-content\/uploads\/2023\/06\/210055.webp","datePublished":"2023-04-15T09:21:37+00:00","dateModified":"2024-10-29T09:27:55+00:00","description":"Hochwertige Haslinger Rasierseife in edler Metalldose. Einf\u00fcllmenge: 60 Gramm. Traditionell hergestellt in Wien seit 1890","breadcrumb":{"@id":"https:\/\/www.werecycle.ch\/shop\/wohlbefinden-wellness\/koerperpflege\/haslinger-aloe-vera-rasierseife\/#breadcrumb"},"inLanguage":"de","potentialAction":[{"@type":"ReadAction","target":["https:\/\/www.werecycle.ch\/shop\/wohlbefinden-wellness\/koerperpflege\/haslinger-aloe-vera-rasierseife\/"]}]},{"@type":"ImageObject","inLanguage":"de","@id":"https:\/\/www.werecycle.ch\/shop\/wohlbefinden-wellness\/koerperpflege\/haslinger-aloe-vera-rasierseife\/#primaryimage","url":"https:\/\/www.werecycle.ch\/wp-content\/uploads\/2023\/06\/210055.webp","contentUrl":"https:\/\/www.werecycle.ch\/wp-content\/uploads\/2023\/06\/210055.webp","width":1000,"height":1000},{"@type":"BreadcrumbList","@id":"https:\/\/www.werecycle.ch\/shop\/wohlbefinden-wellness\/koerperpflege\/haslinger-aloe-vera-rasierseife\/#breadcrumb","itemListElement":[{"@type":"ListItem","position":1,"name":"Startseite","item":"https:\/\/www.werecycle.ch\/"},{"@type":"ListItem","position":2,"name":"Shop","item":"https:\/\/www.werecycle.ch\/de\/shop\/"},{"@type":"ListItem","position":3,"name":"Aloe Vera Rasierseife"}]},{"@type":"WebSite","@id":"https:\/\/www.werecycle.ch\/de\/#website","url":"https:\/\/www.werecycle.ch\/de\/","name":"WeRecycle.ch | Recycling Services AG","description":"","publisher":{"@id":"https:\/\/www.werecycle.ch\/de\/#organization"},"potentialAction":[{"@type":"SearchAction","target":{"@type":"EntryPoint","urlTemplate":"https:\/\/www.werecycle.ch\/de\/?s={search_term_string}"},"query-input":{"@type":"PropertyValueSpecification","valueRequired":true,"valueName":"search_term_string"}}],"inLanguage":"de"},{"@type":"Organization","@id":"https:\/\/www.werecycle.ch\/de\/#organization","name":"WeRecycle.ch | Recycling Services AG","url":"https:\/\/www.werecycle.ch\/de\/","logo":{"@type":"ImageObject","inLanguage":"de","@id":"https:\/\/www.werecycle.ch\/de\/#\/schema\/logo\/image\/","url":"https:\/\/www.werecycle.ch\/wp-content\/uploads\/2022\/09\/logo_werecycle.webp","contentUrl":"https:\/\/www.werecycle.ch\/wp-content\/uploads\/2022\/09\/logo_werecycle.webp","width":1423,"height":427,"caption":"WeRecycle.ch | Recycling Services AG"},"image":{"@id":"https:\/\/www.werecycle.ch\/de\/#\/schema\/logo\/image\/"},"sameAs":["https:\/\/www.facebook.com\/www.werecycle.ch"]}]}},"tiered_pricing_type":"fixed","tiered_pricing_fixed_rules":[],"tiered_pricing_product_settings":{"layout":"default","base_unit_name":{"singular":null,"plural":null},"default_variation":null},"tiered_pricing_minimum_quantity":null,"tiered_pricing_roles_data":[],"tiered_pricing_percentage_rules":[],"_links":{"self":[{"href":"https:\/\/www.werecycle.ch\/de\/wp-json\/wp\/v2\/product\/10545","targetHints":{"allow":["GET"]}}],"collection":[{"href":"https:\/\/www.werecycle.ch\/de\/wp-json\/wp\/v2\/product"}],"about":[{"href":"https:\/\/www.werecycle.ch\/de\/wp-json\/wp\/v2\/types\/product"}],"wp:featuredmedia":[{"embeddable":true,"href":"https:\/\/www.werecycle.ch\/de\/wp-json\/wp\/v2\/media\/10547"}],"wp:attachment":[{"href":"https:\/\/www.werecycle.ch\/de\/wp-json\/wp\/v2\/media?parent=10545"}],"wp:term":[{"taxonomy":"product_brand","embeddable":true,"href":"https:\/\/www.werecycle.ch\/de\/wp-json\/wp\/v2\/product_brand?post=10545"},{"taxonomy":"product_cat","embeddable":true,"href":"https:\/\/www.werecycle.ch\/de\/wp-json\/wp\/v2\/product_cat?post=10545"},{"taxonomy":"product_tag","embeddable":true,"href":"https:\/\/www.werecycle.ch\/de\/wp-json\/wp\/v2\/product_tag?post=10545"}],"curies":[{"name":"wp","href":"https:\/\/api.w.org\/{rel}","templated":true}]}}