{"id":10522,"date":"2023-04-14T12:55:04","date_gmt":"2023-04-14T11:55:04","guid":{"rendered":"https:\/\/www.werecycle.ch\/?post_type=product&#038;p=10522"},"modified":"2024-07-18T08:27:09","modified_gmt":"2024-07-18T07:27:09","slug":"victorinox-brotmesser-deluxe-palisanderholz","status":"publish","type":"product","link":"https:\/\/www.werecycle.ch\/de\/shop\/haushalt-wohnen\/accessoires\/victorinox-brotmesser-deluxe-palisanderholz\/","title":{"rendered":"Victorinox Brotmesser Deluxe"},"content":{"rendered":"<div class=\"cds-Tabs\">\n<div class=\"cds-Tabs-ContentList\">\n<div class=\"cds-Tabs-ContentWrapper\">\n<div id=\"panel-cc52228e65b264cbc9f29b94418956825-0\" class=\"cds-Tabs-Content cds-Tabs-Content--Active\" role=\"tabpanel\" aria-hidden=\"false\" aria-labelledby=\"tab-cc52228e65b264cbc9f29b94418956825-0\">\n<div class=\"ProductDescription\">\n<div class=\"ProductDescription-Paragraph\">\n<p>Das formsch\u00f6ne und zugleich hochfunktionelle Grand Ma\u00eetre Brotmesser der geschmiedeten Messerlinie von Victorinox verf\u00fcgt \u00fcber eine Full-Tang-Klinge, die gleichm\u00e4ssig geh\u00e4rtet und perfekt ausgewogen ist.<\/p>\n<p>Es ist aber nicht nur die Klinge, die dem Messer seine robuste St\u00e4rke verleiht &#8211; sein Holzgriff zeugt ebenfalls von Eleganz und Robustheit. Der von Hand polierte und ergonomische Griff liegt angenehm in der Hand und verspricht eine erleichterte Anwendung auf unbegrenzte Zeit. Die Brotmesser-Klinge hat einen extra scharfen Wellenschliff, der m\u00fchelos durch knusprige Brotlaibe und jegliche Arten von Backwaren gleitet, ohne dass S\u00e4gen erforderlich ist. Dieses Messer eignet sich ideal f\u00fcr den privaten Gebrauch wie auch f\u00fcr den professionellen Einsatz.<\/p>\n<\/div>\n<\/div>\n<\/div>\n<\/div>\n<div class=\"cds-Tabs-ContentWrapper\"><\/div>\n<\/div>\n<\/div>\n<ul class=\"cds-List cds-List--Bulleted\">\n<li>Farbe: Braun<\/li>\n<li>Griffmaterial: Palisanderholz<\/li>\n<li>Klingenmaterial: Edelstahl<\/li>\n<li>Klingenschliff: Wellen Schliff<\/li>\n<li>Klingenl\u00e4nge: 23 cm<\/li>\n<li>Swiss Made<\/li>\n<li>Sp\u00fclmaschinenfest: Nein<\/li>\n<\/ul>\n","protected":false},"excerpt":{"rendered":"<div class=\"cds-Tabs\">\n<div class=\"cds-Tabs-ContentList\">\n<div class=\"cds-Tabs-ContentWrapper\">\n<div id=\"panel-c2fa89af61da74b48ad3e39c64cf03913-0\" class=\"cds-Tabs-Content cds-Tabs-Content--Active\" role=\"tabpanel\" aria-hidden=\"false\" aria-labelledby=\"tab-c2fa89af61da74b48ad3e39c64cf03913-0\">\n<div class=\"ProductDescription\">\n<div class=\"ProductDescription-Paragraph\">\n<p>Brotmesser der Premium Linie von Victorinox mit geschmiedeter Klinge mit Wellenschliff.<\/p>\n<\/div>\n<\/div>\n<\/div>\n<\/div>\n<\/div>\n<\/div>\n","protected":false},"featured_media":10526,"template":"","meta":{"ocean_post_layout":"","ocean_both_sidebars_style":"","ocean_both_sidebars_content_width":0,"ocean_both_sidebars_sidebars_width":0,"ocean_sidebar":"0","ocean_second_sidebar":"0","ocean_disable_margins":"enable","ocean_add_body_class":"","ocean_shortcode_before_top_bar":"","ocean_shortcode_after_top_bar":"","ocean_shortcode_before_header":"","ocean_shortcode_after_header":"","ocean_has_shortcode":"","ocean_shortcode_after_title":"","ocean_shortcode_before_footer_widgets":"","ocean_shortcode_after_footer_widgets":"","ocean_shortcode_before_footer_bottom":"","ocean_shortcode_after_footer_bottom":"","ocean_display_top_bar":"default","ocean_display_header":"default","ocean_header_style":"","ocean_center_header_left_menu":"0","ocean_custom_header_template":"0","ocean_custom_logo":0,"ocean_custom_retina_logo":0,"ocean_custom_logo_max_width":0,"ocean_custom_logo_tablet_max_width":0,"ocean_custom_logo_mobile_max_width":0,"ocean_custom_logo_max_height":0,"ocean_custom_logo_tablet_max_height":0,"ocean_custom_logo_mobile_max_height":0,"ocean_header_custom_menu":"0","ocean_menu_typo_font_family":"0","ocean_menu_typo_font_subset":"","ocean_menu_typo_font_size":0,"ocean_menu_typo_font_size_tablet":0,"ocean_menu_typo_font_size_mobile":0,"ocean_menu_typo_font_size_unit":"px","ocean_menu_typo_font_weight":"","ocean_menu_typo_font_weight_tablet":"","ocean_menu_typo_font_weight_mobile":"","ocean_menu_typo_transform":"","ocean_menu_typo_transform_tablet":"","ocean_menu_typo_transform_mobile":"","ocean_menu_typo_line_height":0,"ocean_menu_typo_line_height_tablet":0,"ocean_menu_typo_line_height_mobile":0,"ocean_menu_typo_line_height_unit":"","ocean_menu_typo_spacing":0,"ocean_menu_typo_spacing_tablet":0,"ocean_menu_typo_spacing_mobile":0,"ocean_menu_typo_spacing_unit":"","ocean_menu_link_color":"","ocean_menu_link_color_hover":"","ocean_menu_link_color_active":"","ocean_menu_link_background":"","ocean_menu_link_hover_background":"","ocean_menu_link_active_background":"","ocean_menu_social_links_bg":"","ocean_menu_social_hover_links_bg":"","ocean_menu_social_links_color":"","ocean_menu_social_hover_links_color":"","ocean_disable_title":"default","ocean_disable_heading":"default","ocean_post_title":"","ocean_post_subheading":"","ocean_post_title_style":"","ocean_post_title_background_color":"","ocean_post_title_background":0,"ocean_post_title_bg_image_position":"","ocean_post_title_bg_image_attachment":"","ocean_post_title_bg_image_repeat":"","ocean_post_title_bg_image_size":"","ocean_post_title_height":0,"ocean_post_title_bg_overlay":0.5,"ocean_post_title_bg_overlay_color":"","ocean_disable_breadcrumbs":"default","ocean_breadcrumbs_color":"","ocean_breadcrumbs_separator_color":"","ocean_breadcrumbs_links_color":"","ocean_breadcrumbs_links_hover_color":"","ocean_display_footer_widgets":"default","ocean_display_footer_bottom":"default","ocean_custom_footer_template":"0","ofc_meta_disable_footer_callout":"","ofc_meta_callout_button_url":"","ofc_meta_callout_button_txt":"","ofc_meta_callout_text":"","osh_disable_topbar_sticky":"default","osh_disable_header_sticky":"default","osh_sticky_header_style":"default","osh_sticky_header_effect":"","osh_custom_sticky_logo":0,"osh_custom_retina_sticky_logo":0,"osh_custom_sticky_logo_height":0,"osh_background_color":"","osh_links_color":"","osh_links_hover_color":"","osh_links_active_color":"","osh_links_bg_color":"","osh_links_hover_bg_color":"","osh_links_active_bg_color":"","osh_menu_social_links_color":"","osh_menu_social_hover_links_color":""},"product_brand":[],"product_cat":[66],"product_tag":[795,917,902,913,648,900],"class_list":{"0":"post-10522","1":"product","2":"type-product","3":"status-publish","4":"has-post-thumbnail","6":"product_cat-accessoires","7":"product_tag-brot","8":"product_tag-brotmesser","9":"product_tag-haushalt","10":"product_tag-kuechenmesser","11":"product_tag-messer","12":"product_tag-victorinox","14":"entry","15":"has-media","17":"first","18":"instock","19":"taxable","20":"shipping-taxable","21":"purchasable","22":"product-type-simple","23":"col","24":"span_1_of_3","25":"owp-content-center","26":"item-entry","27":"owp-thumbs-layout-horizontal","28":"owp-btn-normal","29":"owp-tabs-layout-horizontal","30":"circle-sale"},"yoast_head":"<!-- This site is optimized with the Yoast SEO plugin v27.5 - https:\/\/yoast.com\/product\/yoast-seo-wordpress\/ -->\n<title>Victorinox Brotmesser Deluxe - WeRecycle.ch | WR Group AG<\/title>\n<meta name=\"description\" content=\"Hochwertiges Brotmesser der Premium Linie von Victorinox mit geschmiedeter Edelstahl Klinge und Wellenschliff. Klingenl\u00e4nge: 23 cm\" \/>\n<meta name=\"robots\" content=\"index, follow, max-snippet:-1, max-image-preview:large, max-video-preview:-1\" \/>\n<link rel=\"canonical\" href=\"https:\/\/www.werecycle.ch\/de\/shop\/haushalt-wohnen\/accessoires\/victorinox-brotmesser-deluxe-palisanderholz\/\" \/>\n<meta property=\"og:locale\" content=\"de_DE\" \/>\n<meta property=\"og:type\" content=\"article\" \/>\n<meta property=\"og:title\" content=\"Victorinox Brotmesser Deluxe - WeRecycle.ch | WR Group AG\" \/>\n<meta property=\"og:description\" content=\"Hochwertiges Brotmesser der Premium Linie von Victorinox mit geschmiedeter Edelstahl Klinge und Wellenschliff. Klingenl\u00e4nge: 23 cm\" \/>\n<meta property=\"og:url\" content=\"https:\/\/www.werecycle.ch\/de\/shop\/haushalt-wohnen\/accessoires\/victorinox-brotmesser-deluxe-palisanderholz\/\" \/>\n<meta property=\"og:site_name\" content=\"WeRecycle.ch | WR Group AG\" \/>\n<meta property=\"article:publisher\" content=\"https:\/\/www.facebook.com\/www.werecycle.ch\" \/>\n<meta property=\"article:modified_time\" content=\"2024-07-18T07:27:09+00:00\" \/>\n<meta property=\"og:image\" content=\"https:\/\/www.werecycle.ch\/wp-content\/uploads\/2023\/06\/508955.webp\" \/>\n\t<meta property=\"og:image:width\" content=\"1500\" \/>\n\t<meta property=\"og:image:height\" content=\"1500\" \/>\n\t<meta property=\"og:image:type\" content=\"image\/webp\" \/>\n<meta name=\"twitter:card\" content=\"summary_large_image\" \/>\n<script type=\"application\/ld+json\" class=\"yoast-schema-graph\">{\"@context\":\"https:\\\/\\\/schema.org\",\"@graph\":[{\"@type\":\"WebPage\",\"@id\":\"https:\\\/\\\/www.werecycle.ch\\\/shop\\\/haushalt-wohnen\\\/accessoires\\\/victorinox-brotmesser-deluxe-palisanderholz\\\/\",\"url\":\"https:\\\/\\\/www.werecycle.ch\\\/shop\\\/haushalt-wohnen\\\/accessoires\\\/victorinox-brotmesser-deluxe-palisanderholz\\\/\",\"name\":\"Victorinox Brotmesser Deluxe - WeRecycle.ch | WR Group AG\",\"isPartOf\":{\"@id\":\"https:\\\/\\\/www.werecycle.ch\\\/de\\\/#website\"},\"primaryImageOfPage\":{\"@id\":\"https:\\\/\\\/www.werecycle.ch\\\/shop\\\/haushalt-wohnen\\\/accessoires\\\/victorinox-brotmesser-deluxe-palisanderholz\\\/#primaryimage\"},\"image\":{\"@id\":\"https:\\\/\\\/www.werecycle.ch\\\/shop\\\/haushalt-wohnen\\\/accessoires\\\/victorinox-brotmesser-deluxe-palisanderholz\\\/#primaryimage\"},\"thumbnailUrl\":\"https:\\\/\\\/www.werecycle.ch\\\/wp-content\\\/uploads\\\/2023\\\/06\\\/508955.webp\",\"datePublished\":\"2023-04-14T11:55:04+00:00\",\"dateModified\":\"2024-07-18T07:27:09+00:00\",\"description\":\"Hochwertiges Brotmesser der Premium Linie von Victorinox mit geschmiedeter Edelstahl Klinge und Wellenschliff. Klingenl\u00e4nge: 23 cm\",\"breadcrumb\":{\"@id\":\"https:\\\/\\\/www.werecycle.ch\\\/shop\\\/haushalt-wohnen\\\/accessoires\\\/victorinox-brotmesser-deluxe-palisanderholz\\\/#breadcrumb\"},\"inLanguage\":\"de\",\"potentialAction\":[{\"@type\":\"ReadAction\",\"target\":[\"https:\\\/\\\/www.werecycle.ch\\\/shop\\\/haushalt-wohnen\\\/accessoires\\\/victorinox-brotmesser-deluxe-palisanderholz\\\/\"]}]},{\"@type\":\"ImageObject\",\"inLanguage\":\"de\",\"@id\":\"https:\\\/\\\/www.werecycle.ch\\\/shop\\\/haushalt-wohnen\\\/accessoires\\\/victorinox-brotmesser-deluxe-palisanderholz\\\/#primaryimage\",\"url\":\"https:\\\/\\\/www.werecycle.ch\\\/wp-content\\\/uploads\\\/2023\\\/06\\\/508955.webp\",\"contentUrl\":\"https:\\\/\\\/www.werecycle.ch\\\/wp-content\\\/uploads\\\/2023\\\/06\\\/508955.webp\",\"width\":1500,\"height\":1500},{\"@type\":\"BreadcrumbList\",\"@id\":\"https:\\\/\\\/www.werecycle.ch\\\/shop\\\/haushalt-wohnen\\\/accessoires\\\/victorinox-brotmesser-deluxe-palisanderholz\\\/#breadcrumb\",\"itemListElement\":[{\"@type\":\"ListItem\",\"position\":1,\"name\":\"Startseite\",\"item\":\"https:\\\/\\\/www.werecycle.ch\\\/\"},{\"@type\":\"ListItem\",\"position\":2,\"name\":\"Shop\",\"item\":\"https:\\\/\\\/www.werecycle.ch\\\/de\\\/shop\\\/\"},{\"@type\":\"ListItem\",\"position\":3,\"name\":\"Victorinox Brotmesser Deluxe\"}]},{\"@type\":\"WebSite\",\"@id\":\"https:\\\/\\\/www.werecycle.ch\\\/de\\\/#website\",\"url\":\"https:\\\/\\\/www.werecycle.ch\\\/de\\\/\",\"name\":\"WeRecycle.ch | Recycling Services AG\",\"description\":\"\",\"publisher\":{\"@id\":\"https:\\\/\\\/www.werecycle.ch\\\/de\\\/#organization\"},\"potentialAction\":[{\"@type\":\"SearchAction\",\"target\":{\"@type\":\"EntryPoint\",\"urlTemplate\":\"https:\\\/\\\/www.werecycle.ch\\\/de\\\/?s={search_term_string}\"},\"query-input\":{\"@type\":\"PropertyValueSpecification\",\"valueRequired\":true,\"valueName\":\"search_term_string\"}}],\"inLanguage\":\"de\"},{\"@type\":\"Organization\",\"@id\":\"https:\\\/\\\/www.werecycle.ch\\\/de\\\/#organization\",\"name\":\"WeRecycle.ch | Recycling Services AG\",\"url\":\"https:\\\/\\\/www.werecycle.ch\\\/de\\\/\",\"logo\":{\"@type\":\"ImageObject\",\"inLanguage\":\"de\",\"@id\":\"https:\\\/\\\/www.werecycle.ch\\\/de\\\/#\\\/schema\\\/logo\\\/image\\\/\",\"url\":\"https:\\\/\\\/www.werecycle.ch\\\/wp-content\\\/uploads\\\/2022\\\/09\\\/logo_werecycle.webp\",\"contentUrl\":\"https:\\\/\\\/www.werecycle.ch\\\/wp-content\\\/uploads\\\/2022\\\/09\\\/logo_werecycle.webp\",\"width\":1423,\"height\":427,\"caption\":\"WeRecycle.ch | Recycling Services AG\"},\"image\":{\"@id\":\"https:\\\/\\\/www.werecycle.ch\\\/de\\\/#\\\/schema\\\/logo\\\/image\\\/\"},\"sameAs\":[\"https:\\\/\\\/www.facebook.com\\\/www.werecycle.ch\"]}]}<\/script>\n<!-- \/ Yoast SEO plugin. -->","yoast_head_json":{"title":"Victorinox Brotmesser Deluxe - WeRecycle.ch | WR Group AG","description":"Hochwertiges Brotmesser der Premium Linie von Victorinox mit geschmiedeter Edelstahl Klinge und Wellenschliff. Klingenl\u00e4nge: 23 cm","robots":{"index":"index","follow":"follow","max-snippet":"max-snippet:-1","max-image-preview":"max-image-preview:large","max-video-preview":"max-video-preview:-1"},"canonical":"https:\/\/www.werecycle.ch\/de\/shop\/haushalt-wohnen\/accessoires\/victorinox-brotmesser-deluxe-palisanderholz\/","og_locale":"de_DE","og_type":"article","og_title":"Victorinox Brotmesser Deluxe - WeRecycle.ch | WR Group AG","og_description":"Hochwertiges Brotmesser der Premium Linie von Victorinox mit geschmiedeter Edelstahl Klinge und Wellenschliff. Klingenl\u00e4nge: 23 cm","og_url":"https:\/\/www.werecycle.ch\/de\/shop\/haushalt-wohnen\/accessoires\/victorinox-brotmesser-deluxe-palisanderholz\/","og_site_name":"WeRecycle.ch | WR Group AG","article_publisher":"https:\/\/www.facebook.com\/www.werecycle.ch","article_modified_time":"2024-07-18T07:27:09+00:00","og_image":[{"width":1500,"height":1500,"url":"https:\/\/www.werecycle.ch\/wp-content\/uploads\/2023\/06\/508955.webp","type":"image\/webp"}],"twitter_card":"summary_large_image","schema":{"@context":"https:\/\/schema.org","@graph":[{"@type":"WebPage","@id":"https:\/\/www.werecycle.ch\/shop\/haushalt-wohnen\/accessoires\/victorinox-brotmesser-deluxe-palisanderholz\/","url":"https:\/\/www.werecycle.ch\/shop\/haushalt-wohnen\/accessoires\/victorinox-brotmesser-deluxe-palisanderholz\/","name":"Victorinox Brotmesser Deluxe - WeRecycle.ch | WR Group AG","isPartOf":{"@id":"https:\/\/www.werecycle.ch\/de\/#website"},"primaryImageOfPage":{"@id":"https:\/\/www.werecycle.ch\/shop\/haushalt-wohnen\/accessoires\/victorinox-brotmesser-deluxe-palisanderholz\/#primaryimage"},"image":{"@id":"https:\/\/www.werecycle.ch\/shop\/haushalt-wohnen\/accessoires\/victorinox-brotmesser-deluxe-palisanderholz\/#primaryimage"},"thumbnailUrl":"https:\/\/www.werecycle.ch\/wp-content\/uploads\/2023\/06\/508955.webp","datePublished":"2023-04-14T11:55:04+00:00","dateModified":"2024-07-18T07:27:09+00:00","description":"Hochwertiges Brotmesser der Premium Linie von Victorinox mit geschmiedeter Edelstahl Klinge und Wellenschliff. Klingenl\u00e4nge: 23 cm","breadcrumb":{"@id":"https:\/\/www.werecycle.ch\/shop\/haushalt-wohnen\/accessoires\/victorinox-brotmesser-deluxe-palisanderholz\/#breadcrumb"},"inLanguage":"de","potentialAction":[{"@type":"ReadAction","target":["https:\/\/www.werecycle.ch\/shop\/haushalt-wohnen\/accessoires\/victorinox-brotmesser-deluxe-palisanderholz\/"]}]},{"@type":"ImageObject","inLanguage":"de","@id":"https:\/\/www.werecycle.ch\/shop\/haushalt-wohnen\/accessoires\/victorinox-brotmesser-deluxe-palisanderholz\/#primaryimage","url":"https:\/\/www.werecycle.ch\/wp-content\/uploads\/2023\/06\/508955.webp","contentUrl":"https:\/\/www.werecycle.ch\/wp-content\/uploads\/2023\/06\/508955.webp","width":1500,"height":1500},{"@type":"BreadcrumbList","@id":"https:\/\/www.werecycle.ch\/shop\/haushalt-wohnen\/accessoires\/victorinox-brotmesser-deluxe-palisanderholz\/#breadcrumb","itemListElement":[{"@type":"ListItem","position":1,"name":"Startseite","item":"https:\/\/www.werecycle.ch\/"},{"@type":"ListItem","position":2,"name":"Shop","item":"https:\/\/www.werecycle.ch\/de\/shop\/"},{"@type":"ListItem","position":3,"name":"Victorinox Brotmesser Deluxe"}]},{"@type":"WebSite","@id":"https:\/\/www.werecycle.ch\/de\/#website","url":"https:\/\/www.werecycle.ch\/de\/","name":"WeRecycle.ch | Recycling Services AG","description":"","publisher":{"@id":"https:\/\/www.werecycle.ch\/de\/#organization"},"potentialAction":[{"@type":"SearchAction","target":{"@type":"EntryPoint","urlTemplate":"https:\/\/www.werecycle.ch\/de\/?s={search_term_string}"},"query-input":{"@type":"PropertyValueSpecification","valueRequired":true,"valueName":"search_term_string"}}],"inLanguage":"de"},{"@type":"Organization","@id":"https:\/\/www.werecycle.ch\/de\/#organization","name":"WeRecycle.ch | Recycling Services AG","url":"https:\/\/www.werecycle.ch\/de\/","logo":{"@type":"ImageObject","inLanguage":"de","@id":"https:\/\/www.werecycle.ch\/de\/#\/schema\/logo\/image\/","url":"https:\/\/www.werecycle.ch\/wp-content\/uploads\/2022\/09\/logo_werecycle.webp","contentUrl":"https:\/\/www.werecycle.ch\/wp-content\/uploads\/2022\/09\/logo_werecycle.webp","width":1423,"height":427,"caption":"WeRecycle.ch | Recycling Services AG"},"image":{"@id":"https:\/\/www.werecycle.ch\/de\/#\/schema\/logo\/image\/"},"sameAs":["https:\/\/www.facebook.com\/www.werecycle.ch"]}]}},"tiered_pricing_type":"fixed","tiered_pricing_fixed_rules":[],"tiered_pricing_product_settings":{"layout":"default","base_unit_name":{"singular":null,"plural":null},"default_variation":null},"tiered_pricing_minimum_quantity":null,"tiered_pricing_roles_data":[],"tiered_pricing_percentage_rules":[],"_links":{"self":[{"href":"https:\/\/www.werecycle.ch\/de\/wp-json\/wp\/v2\/product\/10522","targetHints":{"allow":["GET"]}}],"collection":[{"href":"https:\/\/www.werecycle.ch\/de\/wp-json\/wp\/v2\/product"}],"about":[{"href":"https:\/\/www.werecycle.ch\/de\/wp-json\/wp\/v2\/types\/product"}],"wp:featuredmedia":[{"embeddable":true,"href":"https:\/\/www.werecycle.ch\/de\/wp-json\/wp\/v2\/media\/10526"}],"wp:attachment":[{"href":"https:\/\/www.werecycle.ch\/de\/wp-json\/wp\/v2\/media?parent=10522"}],"wp:term":[{"taxonomy":"product_brand","embeddable":true,"href":"https:\/\/www.werecycle.ch\/de\/wp-json\/wp\/v2\/product_brand?post=10522"},{"taxonomy":"product_cat","embeddable":true,"href":"https:\/\/www.werecycle.ch\/de\/wp-json\/wp\/v2\/product_cat?post=10522"},{"taxonomy":"product_tag","embeddable":true,"href":"https:\/\/www.werecycle.ch\/de\/wp-json\/wp\/v2\/product_tag?post=10522"}],"curies":[{"name":"wp","href":"https:\/\/api.w.org\/{rel}","templated":true}]}}