{"id":27778,"date":"2025-06-19T10:36:29","date_gmt":"2025-06-19T09:36:29","guid":{"rendered":"https:\/\/www.werecycle.ch\/?page_id=27778"},"modified":"2025-08-07T10:19:08","modified_gmt":"2025-08-07T09:19:08","slug":"faq","status":"publish","type":"page","link":"https:\/\/www.werecycle.ch\/de\/faq\/","title":{"rendered":"FAQ &#8211; Meistgestellte Fragen und Antworten"},"content":{"rendered":"\t\t<div data-elementor-type=\"wp-page\" data-elementor-id=\"27778\" class=\"elementor elementor-27778\" data-elementor-post-type=\"page\">\n\t\t\t\t\t\t<section class=\"elementor-section elementor-top-section elementor-element elementor-element-1eaac86 elementor-section-boxed elementor-section-height-default elementor-section-height-default\" data-id=\"1eaac86\" data-element_type=\"section\" data-e-type=\"section\">\n\t\t\t\t\t\t<div class=\"elementor-container elementor-column-gap-default\">\n\t\t\t\t\t<div class=\"elementor-column elementor-col-100 elementor-top-column elementor-element elementor-element-55d615b\" data-id=\"55d615b\" data-element_type=\"column\" data-e-type=\"column\">\n\t\t\t<div class=\"elementor-widget-wrap elementor-element-populated\">\n\t\t\t\t\t\t<div class=\"elementor-element elementor-element-23bb79b elementor-widget elementor-widget-heading\" data-id=\"23bb79b\" data-element_type=\"widget\" data-e-type=\"widget\" data-widget_type=\"heading.default\">\n\t\t\t\t<div class=\"elementor-widget-container\">\n\t\t\t\t\t<h1 class=\"elementor-heading-title elementor-size-large\">FAQ - H\u00e4ufig gestellte Fragen &amp; Antworten<\/h1>\t\t\t\t<\/div>\n\t\t\t\t<\/div>\n\t\t\t\t\t<\/div>\n\t\t<\/div>\n\t\t\t\t\t<\/div>\n\t\t<\/section>\n\t\t<div class=\"elementor-element elementor-element-8348e04 e-flex e-con-boxed e-con e-parent\" data-id=\"8348e04\" data-element_type=\"container\" data-e-type=\"container\">\n\t\t\t\t\t<div class=\"e-con-inner\">\n\t\t<div class=\"elementor-element elementor-element-b661b7e e-con-full e-flex e-con e-child\" data-id=\"b661b7e\" data-element_type=\"container\" data-e-type=\"container\">\n\t\t\t\t<div class=\"elementor-element elementor-element-5b6681d elementor-widget elementor-widget-heading\" data-id=\"5b6681d\" data-element_type=\"widget\" data-e-type=\"widget\" data-widget_type=\"heading.default\">\n\t\t\t\t<div class=\"elementor-widget-container\">\n\t\t\t\t\t<h2 class=\"elementor-heading-title elementor-size-default\">Recycling Abonnement<\/h2>\t\t\t\t<\/div>\n\t\t\t\t<\/div>\n\t\t\t\t<div class=\"elementor-element elementor-element-e577594 elementor-widget elementor-widget-n-accordion\" data-id=\"e577594\" data-element_type=\"widget\" data-e-type=\"widget\" data-settings=\"{&quot;default_state&quot;:&quot;all_collapsed&quot;,&quot;max_items_expended&quot;:&quot;one&quot;,&quot;n_accordion_animation_duration&quot;:{&quot;unit&quot;:&quot;ms&quot;,&quot;size&quot;:400,&quot;sizes&quot;:[]}}\" data-widget_type=\"nested-accordion.default\">\n\t\t\t\t<div class=\"elementor-widget-container\">\n\t\t\t\t\t\t\t<div class=\"e-n-accordion\" aria-label=\"Accordion. Open links with Enter or Space, close with Escape, and navigate with Arrow Keys\">\n\t\t\t\t\t\t<details id=\"e-n-accordion-item-2400\" class=\"e-n-accordion-item\" >\n\t\t\t\t<summary class=\"e-n-accordion-item-title\" data-accordion-index=\"1\" tabindex=\"0\" aria-expanded=\"false\" aria-controls=\"e-n-accordion-item-2400\" >\n\t\t\t\t\t<span class='e-n-accordion-item-title-header'><div class=\"e-n-accordion-item-title-text\"> In welchen Regionen ist das Recycling Abo verf\u00fcgbar <\/div><\/span>\n\t\t\t\t\t\t\t<span class='e-n-accordion-item-title-icon'>\n\t\t\t<span class='e-opened' ><i aria-hidden=\"true\" class=\"fas fa-chevron-up\"><\/i><\/span>\n\t\t\t<span class='e-closed'><i aria-hidden=\"true\" class=\"fas fa-angle-down\"><\/i><\/span>\n\t\t<\/span>\n\n\t\t\t\t\t\t<\/summary>\n\t\t\t\t<div role=\"region\" aria-labelledby=\"e-n-accordion-item-2400\" class=\"elementor-element elementor-element-514a006 e-con-full e-flex e-con e-child\" data-id=\"514a006\" data-element_type=\"container\" data-e-type=\"container\">\n\t\t\t\t<div class=\"elementor-element elementor-element-a169c42 elementor-widget elementor-widget-text-editor\" data-id=\"a169c42\" data-element_type=\"widget\" data-e-type=\"widget\" data-widget_type=\"text-editor.default\">\n\t\t\t\t<div class=\"elementor-widget-container\">\n\t\t\t\t\t\t\t\t\t<p>Einen \u00dcberblick unseres aktuellen Abholgebietes findest Du auf der untenstehenden Karte.&nbsp;Auf der Seite &#8222;<a href=\"https:\/\/www.werecycle.ch\/abholdaten\" target=\"_blank\">Abholdaten<\/a>&#8220; kannst Du Deine PLZ individuell \u00fcberpr\u00fcfen.<\/p>\t\t\t\t\t\t\t\t<\/div>\n\t\t\t\t<\/div>\n\t\t\t\t<div class=\"elementor-element elementor-element-4d2e6d7 elementor-widget elementor-widget-image\" data-id=\"4d2e6d7\" data-element_type=\"widget\" data-e-type=\"widget\" data-widget_type=\"image.default\">\n\t\t\t\t<div class=\"elementor-widget-container\">\n\t\t\t\t\t\t\t\t\t\t\t\t\t\t\t<img fetchpriority=\"high\" decoding=\"async\" width=\"1024\" height=\"685\" src=\"https:\/\/www.werecycle.ch\/wp-content\/uploads\/2022\/09\/Karte-Servicegebiete-inkl.-Basel-1024x685.webp\" class=\"attachment-large size-large wp-image-1770\" alt=\"\" srcset=\"https:\/\/www.werecycle.ch\/wp-content\/uploads\/2022\/09\/Karte-Servicegebiete-inkl.-Basel-1024x685.webp 1024w, https:\/\/www.werecycle.ch\/wp-content\/uploads\/2022\/09\/Karte-Servicegebiete-inkl.-Basel-scaled-504x337.webp 504w, https:\/\/www.werecycle.ch\/wp-content\/uploads\/2022\/09\/Karte-Servicegebiete-inkl.-Basel-300x201.webp 300w, https:\/\/www.werecycle.ch\/wp-content\/uploads\/2022\/09\/Karte-Servicegebiete-inkl.-Basel-768x514.webp 768w, https:\/\/www.werecycle.ch\/wp-content\/uploads\/2022\/09\/Karte-Servicegebiete-inkl.-Basel-1536x1028.webp 1536w, https:\/\/www.werecycle.ch\/wp-content\/uploads\/2022\/09\/Karte-Servicegebiete-inkl.-Basel-2048x1371.webp 2048w\" sizes=\"(max-width: 1024px) 100vw, 1024px\" \/>\t\t\t\t\t\t\t\t\t\t\t\t\t\t\t<\/div>\n\t\t\t\t<\/div>\n\t\t\t\t<\/div>\n\t\t\t\t\t<\/details>\n\t\t\t\t\t\t<details id=\"e-n-accordion-item-2401\" class=\"e-n-accordion-item\" >\n\t\t\t\t<summary class=\"e-n-accordion-item-title\" data-accordion-index=\"2\" tabindex=\"-1\" aria-expanded=\"false\" aria-controls=\"e-n-accordion-item-2401\" >\n\t\t\t\t\t<span class='e-n-accordion-item-title-header'><div class=\"e-n-accordion-item-title-text\"> Abonnement verl\u00e4ngern <\/div><\/span>\n\t\t\t\t\t\t\t<span class='e-n-accordion-item-title-icon'>\n\t\t\t<span class='e-opened' ><i aria-hidden=\"true\" class=\"fas fa-chevron-up\"><\/i><\/span>\n\t\t\t<span class='e-closed'><i aria-hidden=\"true\" class=\"fas fa-angle-down\"><\/i><\/span>\n\t\t<\/span>\n\n\t\t\t\t\t\t<\/summary>\n\t\t\t\t<div role=\"region\" aria-labelledby=\"e-n-accordion-item-2401\" class=\"elementor-element elementor-element-88dc1cc e-con-full e-flex e-con e-child\" data-id=\"88dc1cc\" data-element_type=\"container\" data-e-type=\"container\">\n\t\t\t\t<div class=\"elementor-element elementor-element-bd9d93e elementor-widget elementor-widget-text-editor\" data-id=\"bd9d93e\" data-element_type=\"widget\" data-e-type=\"widget\" data-widget_type=\"text-editor.default\">\n\t\t\t\t<div class=\"elementor-widget-container\">\n\t\t\t\t\t\t\t\t\t<p>Dein Recycling Abonnement ist (wie jedes andere Abonnement von Handy, Zeitung, Internet etc.) unbefrist und l\u00e4uft bis zu einer allf\u00e4lligen K\u00fcndigung. <b>Eine Verl\u00e4ngerung ist nicht notwendig.<\/b> Du erh\u00e4ltst automatisch eine neue Rechnung.<\/p><p>Solltest Du Dein Abonnement irgend wann nicht mehr ben\u00f6tigen, dann sende uns Deine K\u00fcndigung.<\/p>\t\t\t\t\t\t\t\t<\/div>\n\t\t\t\t<\/div>\n\t\t\t\t<\/div>\n\t\t\t\t\t<\/details>\n\t\t\t\t\t\t<details id=\"e-n-accordion-item-2402\" class=\"e-n-accordion-item\" >\n\t\t\t\t<summary class=\"e-n-accordion-item-title\" data-accordion-index=\"3\" tabindex=\"-1\" aria-expanded=\"false\" aria-controls=\"e-n-accordion-item-2402\" >\n\t\t\t\t\t<span class='e-n-accordion-item-title-header'><div class=\"e-n-accordion-item-title-text\"> Abonnement bezahlen <\/div><\/span>\n\t\t\t\t\t\t\t<span class='e-n-accordion-item-title-icon'>\n\t\t\t<span class='e-opened' ><i aria-hidden=\"true\" class=\"fas fa-chevron-up\"><\/i><\/span>\n\t\t\t<span class='e-closed'><i aria-hidden=\"true\" class=\"fas fa-angle-down\"><\/i><\/span>\n\t\t<\/span>\n\n\t\t\t\t\t\t<\/summary>\n\t\t\t\t<div role=\"region\" aria-labelledby=\"e-n-accordion-item-2402\" class=\"elementor-element elementor-element-ed85dbf e-con-full e-flex e-con e-child\" data-id=\"ed85dbf\" data-element_type=\"container\" data-e-type=\"container\">\n\t\t\t\t<div class=\"elementor-element elementor-element-ae37768 elementor-widget elementor-widget-text-editor\" data-id=\"ae37768\" data-element_type=\"widget\" data-e-type=\"widget\" data-widget_type=\"text-editor.default\">\n\t\t\t\t<div class=\"elementor-widget-container\">\n\t\t\t\t\t\t\t\t\t<p>Bei der Online Bestellung hast Du zahlreiche M\u00f6glichkeiten zur Zahlung der ersten Laufzeit (z.B. Rechnung, Twint, Kreditkarte).\u00a0<\/p><p><strong>Nach Ablauf der ersten Laufzeit erh\u00e4ltst Du automatisch eine Rechnung.<\/strong> Da unser Abonnement smart ist und Du z.B. Abholungen auslassen kannst, ist eine automatische Abozahlung per Kreditkarte oder mittels anderer Zahlungsarten leider nicht m\u00f6glich.<\/p>\t\t\t\t\t\t\t\t<\/div>\n\t\t\t\t<\/div>\n\t\t\t\t<\/div>\n\t\t\t\t\t<\/details>\n\t\t\t\t\t\t<details id=\"e-n-accordion-item-2403\" class=\"e-n-accordion-item\" >\n\t\t\t\t<summary class=\"e-n-accordion-item-title\" data-accordion-index=\"4\" tabindex=\"-1\" aria-expanded=\"false\" aria-controls=\"e-n-accordion-item-2403\" >\n\t\t\t\t\t<span class='e-n-accordion-item-title-header'><div class=\"e-n-accordion-item-title-text\"> Abonnement \u00e4ndern <\/div><\/span>\n\t\t\t\t\t\t\t<span class='e-n-accordion-item-title-icon'>\n\t\t\t<span class='e-opened' ><i aria-hidden=\"true\" class=\"fas fa-chevron-up\"><\/i><\/span>\n\t\t\t<span class='e-closed'><i aria-hidden=\"true\" class=\"fas fa-angle-down\"><\/i><\/span>\n\t\t<\/span>\n\n\t\t\t\t\t\t<\/summary>\n\t\t\t\t<div role=\"region\" aria-labelledby=\"e-n-accordion-item-2403\" class=\"elementor-element elementor-element-c20b5c8 e-con-full e-flex e-con e-child\" data-id=\"c20b5c8\" data-element_type=\"container\" data-e-type=\"container\">\n\t\t\t\t<div class=\"elementor-element elementor-element-8a922bc elementor-widget elementor-widget-text-editor\" data-id=\"8a922bc\" data-element_type=\"widget\" data-e-type=\"widget\" data-widget_type=\"text-editor.default\">\n\t\t\t\t<div class=\"elementor-widget-container\">\n\t\t\t\t\t\t\t\t\t<p>Ein Wechsel Deines Abonnements ist jeweils per Beginn einer neuen Rechnungsperiode m\u00f6glich.\u00a0<\/p><p><strong>Bitte beachte, dass eine bereits erstellte Rechnung nicht mehr angepasst werden kann.<\/strong>\u00a0<br \/>Ein fr\u00fchzeitiges Downgrade (ein Wechsel auf ein g\u00fcnstigeres Abonnement) ist daher nicht m\u00f6glich oder kann zu Mehrkosten f\u00fchren.<\/p><p>Ein Upgrade (Wechsel auf ein teureres Abonnement) ist i.d.R. problemlos m\u00f6glich, sofern die entsprechenden Kapazit\u00e4ten kurzfristig vorhanden sind.<\/p>\t\t\t\t\t\t\t\t<\/div>\n\t\t\t\t<\/div>\n\t\t\t\t<\/div>\n\t\t\t\t\t<\/details>\n\t\t\t\t\t\t<details id=\"e-n-accordion-item-2404\" class=\"e-n-accordion-item\" >\n\t\t\t\t<summary class=\"e-n-accordion-item-title\" data-accordion-index=\"5\" tabindex=\"-1\" aria-expanded=\"false\" aria-controls=\"e-n-accordion-item-2404\" >\n\t\t\t\t\t<span class='e-n-accordion-item-title-header'><div class=\"e-n-accordion-item-title-text\"> Abonnement k\u00fcndigen <\/div><\/span>\n\t\t\t\t\t\t\t<span class='e-n-accordion-item-title-icon'>\n\t\t\t<span class='e-opened' ><i aria-hidden=\"true\" class=\"fas fa-chevron-up\"><\/i><\/span>\n\t\t\t<span class='e-closed'><i aria-hidden=\"true\" class=\"fas fa-angle-down\"><\/i><\/span>\n\t\t<\/span>\n\n\t\t\t\t\t\t<\/summary>\n\t\t\t\t<div role=\"region\" aria-labelledby=\"e-n-accordion-item-2404\" class=\"elementor-element elementor-element-ca788c9 e-con-full e-flex e-con e-child\" data-id=\"ca788c9\" data-element_type=\"container\" data-e-type=\"container\">\n\t\t\t\t<div class=\"elementor-element elementor-element-62e87ab elementor-widget elementor-widget-text-editor\" data-id=\"62e87ab\" data-element_type=\"widget\" data-e-type=\"widget\" data-widget_type=\"text-editor.default\">\n\t\t\t\t<div class=\"elementor-widget-container\">\n\t\t\t\t\t\t\t\t\t<p>Du kannst Dein Abonnement jederzeit mit einer K\u00fcndigungsfrist von <strong>60 Tagen<\/strong> zum Ende Deiner Rechnungsperiode k\u00fcndigen. Du findest die Rechnungsperiode (Leistungszeitraum) auf jeder Rechnung. Schicke uns dazu einfach eine E-Mail an <a href=\"mailto:info@werecycle.ch\">info@werecycle.ch<\/a> &#8211; wir werden den Erhalt Deiner K\u00fcndigung best\u00e4tigen und Dir den letzten Abholtermin mitteilen.<br \/><br \/>Falls Du den Postweg f\u00fcr Deine K\u00fcndigung bevorzugst, schick diese bitte an:<br \/><br \/>WeRecycle AG<br \/>Kemptpark 5<br \/>8310 Kemptthal<\/p>\t\t\t\t\t\t\t\t<\/div>\n\t\t\t\t<\/div>\n\t\t\t\t<\/div>\n\t\t\t\t\t<\/details>\n\t\t\t\t\t\t<details id=\"e-n-accordion-item-2405\" class=\"e-n-accordion-item\" >\n\t\t\t\t<summary class=\"e-n-accordion-item-title\" data-accordion-index=\"6\" tabindex=\"-1\" aria-expanded=\"false\" aria-controls=\"e-n-accordion-item-2405\" >\n\t\t\t\t\t<span class='e-n-accordion-item-title-header'><div class=\"e-n-accordion-item-title-text\"> Ich ziehe um <\/div><\/span>\n\t\t\t\t\t\t\t<span class='e-n-accordion-item-title-icon'>\n\t\t\t<span class='e-opened' ><i aria-hidden=\"true\" class=\"fas fa-chevron-up\"><\/i><\/span>\n\t\t\t<span class='e-closed'><i aria-hidden=\"true\" class=\"fas fa-angle-down\"><\/i><\/span>\n\t\t<\/span>\n\n\t\t\t\t\t\t<\/summary>\n\t\t\t\t<div role=\"region\" aria-labelledby=\"e-n-accordion-item-2405\" class=\"elementor-element elementor-element-a70e3a2 e-con-full e-flex e-con e-child\" data-id=\"a70e3a2\" data-element_type=\"container\" data-e-type=\"container\">\n\t\t\t\t<div class=\"elementor-element elementor-element-f25df25 elementor-widget elementor-widget-text-editor\" data-id=\"f25df25\" data-element_type=\"widget\" data-e-type=\"widget\" data-widget_type=\"text-editor.default\">\n\t\t\t\t<div class=\"elementor-widget-container\">\n\t\t\t\t\t\t\t\t\t<p>Bitte melde uns Deinen Umzug fr\u00fchzeitig (mind. 1 Monat vorher) per <a href=\"mailto:info@werecycle.ch\">E-Mail<\/a>, damit wir sicherstellen k\u00f6nnen, dass die Abholung auch an Deiner neuen Adresse reibungslos l\u00e4uft.<\/p><p><strong>Wir brauchen folgende Angaben von Dir:<\/strong><\/p><ul><li>Neue Adresse<\/li><li>Umzugstermin<\/li><li>Standort der Sammelbags<\/li><li>T\u00fcrcode \/ Zugangscode (falls erforderlich)<\/li><\/ul><p>Falls Du vor dem Umzug noch nicht weisst, wo Du die vollen Sammelbags deponieren wirst, dann teile uns dies m\u00f6glichst umgehend nach deinem Umzug mit.<\/p>\t\t\t\t\t\t\t\t<\/div>\n\t\t\t\t<\/div>\n\t\t\t\t<\/div>\n\t\t\t\t\t<\/details>\n\t\t\t\t\t\t<details id=\"e-n-accordion-item-2406\" class=\"e-n-accordion-item\" >\n\t\t\t\t<summary class=\"e-n-accordion-item-title\" data-accordion-index=\"7\" tabindex=\"-1\" aria-expanded=\"false\" aria-controls=\"e-n-accordion-item-2406\" >\n\t\t\t\t\t<span class='e-n-accordion-item-title-header'><div class=\"e-n-accordion-item-title-text\"> WeRecycle FLEX - Zus\u00e4tzliche Dinge mitgeben <\/div><\/span>\n\t\t\t\t\t\t\t<span class='e-n-accordion-item-title-icon'>\n\t\t\t<span class='e-opened' ><i aria-hidden=\"true\" class=\"fas fa-chevron-up\"><\/i><\/span>\n\t\t\t<span class='e-closed'><i aria-hidden=\"true\" class=\"fas fa-angle-down\"><\/i><\/span>\n\t\t<\/span>\n\n\t\t\t\t\t\t<\/summary>\n\t\t\t\t<div role=\"region\" aria-labelledby=\"e-n-accordion-item-2406\" class=\"elementor-element elementor-element-210db41 e-con-full e-flex e-con e-child\" data-id=\"210db41\" data-element_type=\"container\" data-e-type=\"container\">\n\t\t\t\t<div class=\"elementor-element elementor-element-ea5a5aa elementor-widget elementor-widget-text-editor\" data-id=\"ea5a5aa\" data-element_type=\"widget\" data-e-type=\"widget\" data-widget_type=\"text-editor.default\">\n\t\t\t\t<div class=\"elementor-widget-container\">\n\t\t\t\t\t\t\t\t\t<p>Mit WeRecycle <em>FLEX<\/em> hast Du die M\u00f6glichkeit Dein Abonnement f\u00fcr eine Abholung zu erweitern, ohne Dein Abonnement wechseln zu m\u00fcssen.\u00a0<\/p><p>Aktuell kannst Du mit <a href=\"https:\/\/www.werecycle.ch\/flex\">WeRecycle <em>FLEX<\/em><\/a><\/p><ul><li>S\u00e4cke hinzuf\u00fcgen<\/li><li>Karton hinzuf\u00fcgen<\/li><\/ul><p>Deine Bestellung muss mindestens 48 Stunden vor dem Abholtermin erfolgen, damit wir gen\u00fcgend Platz im Fahrzeug einplanen k\u00f6nnen.<\/p><p><b>\u2794 <\/b>Die Bestellung kannst Du selbst\u00e4ndig vornehmen unter <a href=\"https:\/\/www.werecycle.ch\/flex\">https:\/\/www.werecycle.ch\/flex<\/a>\u00a0<\/p><p>Die Bezahlung erfolgt direkt bei der Bestellung per Kreditkarte, Twint oder PayPal.<\/p>\t\t\t\t\t\t\t\t<\/div>\n\t\t\t\t<\/div>\n\t\t\t\t<\/div>\n\t\t\t\t\t<\/details>\n\t\t\t\t\t\t<details id=\"e-n-accordion-item-2407\" class=\"e-n-accordion-item\" >\n\t\t\t\t<summary class=\"e-n-accordion-item-title\" data-accordion-index=\"8\" tabindex=\"-1\" aria-expanded=\"false\" aria-controls=\"e-n-accordion-item-2407\" >\n\t\t\t\t\t<span class='e-n-accordion-item-title-header'><div class=\"e-n-accordion-item-title-text\"> Ich habe eine Rechnung \/ Mahnung von CembraPay erhalten <\/div><\/span>\n\t\t\t\t\t\t\t<span class='e-n-accordion-item-title-icon'>\n\t\t\t<span class='e-opened' ><i aria-hidden=\"true\" class=\"fas fa-chevron-up\"><\/i><\/span>\n\t\t\t<span class='e-closed'><i aria-hidden=\"true\" class=\"fas fa-angle-down\"><\/i><\/span>\n\t\t<\/span>\n\n\t\t\t\t\t\t<\/summary>\n\t\t\t\t<div role=\"region\" aria-labelledby=\"e-n-accordion-item-2407\" class=\"elementor-element elementor-element-cccc7a2 e-con-full e-flex e-con e-child\" data-id=\"cccc7a2\" data-element_type=\"container\" data-e-type=\"container\">\n\t\t\t\t<div class=\"elementor-element elementor-element-cc5836e elementor-widget elementor-widget-text-editor\" data-id=\"cc5836e\" data-element_type=\"widget\" data-e-type=\"widget\" data-widget_type=\"text-editor.default\">\n\t\t\t\t<div class=\"elementor-widget-container\">\n\t\t\t\t\t\t\t\t\t<p>WeRecycle arbeitet im Bereich der Privatkunden mit Swissbilling by CembraPay zusammen. CembraPay versendet im Auftrag von WeRecycle die Rechnungen.<\/p><p>F\u00fcr Dich als Kunde hat dies den Vorteil, dass Du die Rechnung z.B. in Raten zahlen kannst und wir uns auf unsere Dienstleistung k\u00fcmmern k\u00f6nnen.<\/p><p><strong><b>\u2794 <\/b>Bitte beachte unbedingt die Zahlungsfristen<\/strong>.\u00a0<br \/>F\u00fcr ausbleibende oder versp\u00e4tete Zahlungen k\u00f6nnen zus\u00e4tzliche Geb\u00fchren anfallen, auf die wir keinen Einfluss haben.<\/p><p>Du erh\u00e4ltst unsere Original-Rechnung im Anhang der CembraPay Rechnung.<\/p><p>Bitte wende Dich bei Fragen zur Zahlung, Mahngeb\u00fchren etc. direkt an <a href=\"https:\/\/swissbilling.ch\/de\/privat\/kontakt\" target=\"_blank\" rel=\"noopener\">CembraPay<\/a><\/p>\t\t\t\t\t\t\t\t<\/div>\n\t\t\t\t<\/div>\n\t\t\t\t<\/div>\n\t\t\t\t\t<\/details>\n\t\t\t\t\t<\/div>\n\t\t\t\t\t\t<\/div>\n\t\t\t\t<\/div>\n\t\t\t\t<\/div>\n\t\t<div class=\"elementor-element elementor-element-a766d32 e-con-full e-flex e-con e-child\" data-id=\"a766d32\" data-element_type=\"container\" data-e-type=\"container\">\n\t\t\t\t<div class=\"elementor-element elementor-element-b6789c7 elementor-widget elementor-widget-heading\" data-id=\"b6789c7\" data-element_type=\"widget\" data-e-type=\"widget\" data-widget_type=\"heading.default\">\n\t\t\t\t<div class=\"elementor-widget-container\">\n\t\t\t\t\t<h2 class=\"elementor-heading-title elementor-size-default\">Abholdaten<\/h2>\t\t\t\t<\/div>\n\t\t\t\t<\/div>\n\t\t\t\t<div class=\"elementor-element elementor-element-0d403dd elementor-widget elementor-widget-n-accordion\" data-id=\"0d403dd\" data-element_type=\"widget\" data-e-type=\"widget\" data-settings=\"{&quot;default_state&quot;:&quot;all_collapsed&quot;,&quot;max_items_expended&quot;:&quot;one&quot;,&quot;n_accordion_animation_duration&quot;:{&quot;unit&quot;:&quot;ms&quot;,&quot;size&quot;:400,&quot;sizes&quot;:[]}}\" data-widget_type=\"nested-accordion.default\">\n\t\t\t\t<div class=\"elementor-widget-container\">\n\t\t\t\t\t\t\t<div class=\"e-n-accordion\" aria-label=\"Accordion. Open links with Enter or Space, close with Escape, and navigate with Arrow Keys\">\n\t\t\t\t\t\t<details id=\"e-n-accordion-item-1380\" class=\"e-n-accordion-item\" >\n\t\t\t\t<summary class=\"e-n-accordion-item-title\" data-accordion-index=\"1\" tabindex=\"0\" aria-expanded=\"false\" aria-controls=\"e-n-accordion-item-1380\" >\n\t\t\t\t\t<span class='e-n-accordion-item-title-header'><div class=\"e-n-accordion-item-title-text\"> Wann ist meine Abholung <\/div><\/span>\n\t\t\t\t\t\t\t<span class='e-n-accordion-item-title-icon'>\n\t\t\t<span class='e-opened' ><i aria-hidden=\"true\" class=\"fas fa-chevron-up\"><\/i><\/span>\n\t\t\t<span class='e-closed'><i aria-hidden=\"true\" class=\"fas fa-angle-down\"><\/i><\/span>\n\t\t<\/span>\n\n\t\t\t\t\t\t<\/summary>\n\t\t\t\t<div role=\"region\" aria-labelledby=\"e-n-accordion-item-1380\" class=\"elementor-element elementor-element-3ed5307 e-con-full e-flex e-con e-child\" data-id=\"3ed5307\" data-element_type=\"container\" data-e-type=\"container\">\n\t\t\t\t<div class=\"elementor-element elementor-element-8caae0a elementor-widget elementor-widget-text-editor\" data-id=\"8caae0a\" data-element_type=\"widget\" data-e-type=\"widget\" data-widget_type=\"text-editor.default\">\n\t\t\t\t<div class=\"elementor-widget-container\">\n\t\t\t\t\t\t\t\t\t<p>Du findest den Termin Deiner n\u00e4chsten Abholung durch Eingabe Deiner PLZ und Auswahl Deines Abonnements. Alternativ kannst Du den Abholplan f\u00fcr jeweils 3 Monate im Voraus als PDF herunterladen auf der Seite\u00a0<span style=\"font-family: Lato; font-size: 14px; font-style: normal; font-variant-ligatures: normal; font-variant-caps: normal; font-weight: 400;\">&#8222;<\/span><a style=\"font-family: Lato; font-size: 14px; font-style: normal; font-variant-ligatures: normal; font-variant-caps: normal; font-weight: 400; background-color: #ffffff; color: #0fc789;\" href=\"https:\/\/www.werecycle.ch\/abholdaten\/\">Abholdaten<\/a><span style=\"font-family: Lato; font-size: 14px; font-style: normal; font-variant-ligatures: normal; font-variant-caps: normal; font-weight: 400;\">&#8222;.<\/span><\/p>\t\t\t\t\t\t\t\t<\/div>\n\t\t\t\t<\/div>\n\t\t\t\t<div class=\"elementor-element elementor-element-fb0f376 elementor-widget elementor-widget-shortcode\" data-id=\"fb0f376\" data-element_type=\"widget\" data-e-type=\"widget\" data-widget_type=\"shortcode.default\">\n\t\t\t\t<div class=\"elementor-widget-container\">\n\t\t\t\t\t    <link rel=\"stylesheet\" type=\"text\/css\" href=\"https:\/\/www.werecycle.ch\/wp-content\/plugins\/zpt-region-pickup-dates\/assets\/css\/custom.css\">\r\n    \r\n    <div id=\"pickup-header\">\r\n        <p class=\"preloader\" style=\"display: none;\">ich suche Deine Abholdaten...<\/p>\r\n        <p class=\"first-step\">N\u00e4chste Abholung in <\/p>\r\n        <div class=\"sec-step zpt-hidden\">\r\n            <p class=\"second-step\">N\u00e4chste Abholung in <strong id=\"zip-code-title\"><\/strong>\r\n                <a class=\"edit-link\">\u00e4ndern<\/a>\r\n                <br>\r\n                <span class=\"next-date zpt-date-1\"><\/span>\r\n                <span class=\"next-date zpt-date-2\"><\/span>\r\n            <\/p>\r\n        <\/div>\r\n        <div class=\"search\">\r\n            <input type=text id=\"zpt_seacrh_zip\" placeholder=\"Deine Postleitzahl\" autocomplete=\"off\" onfocus=\"this.placeholder = ''\" onfocusout=\"this.placeholder = 'Deine Postleitzahl'\"\/>\r\n            <div class=\"zpt-message zpt-hidden\">Deine Postleitzahl konnte ich leider nicht finden. Bitte nimm Kontakt mit uns auf!<\/div>\r\n            <div class=\"zpt-result zpt-hidden\">\r\n            <\/div>\r\n        <\/div>\r\n    <\/div>\r\n\r\n    <script>\r\n        jQuery(document).ready(function(){\r\n            \r\n            jQuery(document).on(\"input\", \"#zpt_seacrh_zip\", function(){\r\n                \r\n                var input = jQuery(this).val();\r\n                if(input.trim() != \"\"){\r\n                    \r\n                    jQuery(\"#pickup-header .zpt-result\").html(\"<strong class='zpt_fetching'>einen Moment bitte...<\/strong>\").removeClass(\"zpt-hidden\");\r\n                    jQuery(\"#pickup-header .zpt-message\").addClass(\"zpt-hidden\");\r\n                    \r\n                    jQuery.ajax({\r\n                        \r\n                        'url' : 'https:\/\/www.werecycle.ch\/wp-content\/plugins\/zpt-region-pickup-dates\/includes\/ajax.php',\r\n                        'type' : 'post',\r\n                        'data' : {\r\n                            'zpt_get_zip_code_data' : 'true',\r\n                            'data' : input\r\n                        },\r\n                        success : function(resp){\r\n                            resp = JSON.parse(resp);\r\n                            \r\n                            if(typeof resp.type !== typeof undefined && resp.type == \"success\"){\r\n                                \r\n                                var received_data = resp.msg;\r\n                                \r\n                                var displayData = '';\r\n                                jQuery.each(received_data, function(key, data){\r\n                                    var pickup = \"1x monatlich\";\r\n                                    if(data.pickup == \"two\"){\r\n                                        pickup = \"2x monatlich\";\r\n                                    }\r\n                                    \r\n                                    displayData +=  '<div class=\"zpt-option zpt-option-btn\" data-value=\"'+data.zip+'\" data-pickup=\"'+data.pickup+'\" data-date1=\"'+data.dates.date1+'\" data-date2=\"'+data.dates.date2+'\">';\r\n                                    displayData +=      '<div class=\"zpt-option-label\"><span>'+data.zip+'<\/span> '+pickup+'<\/div>';\r\n                                    displayData +=  '<\/div>';\r\n                                });\r\n                                \r\n                                jQuery(\"#pickup-header .zpt-result\").html(displayData).removeClass(\"zpt-hidden\");\r\n                                jQuery(\"#pickup-header .zpt-message\").addClass(\"zpt-hidden\");\r\n                                \r\n                            }\r\n                            else{\r\n                                jQuery(\"#pickup-header .zpt-message\").removeClass(\"zpt-hidden\");\r\n                                jQuery(\"#pickup-header .zpt-result\").addClass(\"zpt-hidden\");\r\n                                \r\n                            }\r\n                        },\r\n                        error : function(e){\r\n                            jQuery(\"#pickup-header .zpt-message\").removeClass(\"zpt-hidden\");\r\n                            jQuery(\"#pickup-header .zpt-result\").addClass(\"zpt-hidden\");\r\n                            console.log(e);\r\n                        }\r\n                    });\r\n                }\r\n                else{\r\n                    jQuery(\".zpt-message, .zpt-result\").addClass(\"zpt-hidden\");\r\n                }\r\n            });\r\n            \r\n            jQuery(document).on(\"click\", \".zpt-option-btn\", function(){\r\n                var zip    = jQuery(this).attr(\"data-value\");\r\n                var date1   = jQuery(this).attr(\"data-date1\");\r\n                var date2   = jQuery(this).attr(\"data-date2\");\r\n                var pickup_type = jQuery(this).attr(\"data-pickup\");\r\n                \r\n                \r\n                var pickup = \"1x monatlich\";\r\n                if(pickup_type.trim() == \"two\"){\r\n                    pickup = \"2x monatlich\";\r\n                }\r\n                \r\n                if(zip.trim() != \"\"){\r\n                    jQuery(\"#pickup-header #zpt_seacrh_zip\").val(\"\").attr(\"placeholder\",\"Deine Postleitzahl\");\r\n                    jQuery(\"#pickup-header .search\").addClass(\"zpt-hidden\");\r\n                    jQuery(\"#pickup-header .zpt-message\").addClass(\"zpt-hidden\");\r\n                    jQuery(\"#pickup-header .zpt-result\").addClass(\"zpt-hidden\");\r\n                    jQuery(\"#pickup-header .first-step\").hide();\r\n                    jQuery(\"#pickup-header .preloader\").hide().fadeIn(\"slow\");\r\n                    \r\n                    setTimeout(function(){\r\n                        jQuery(\"#pickup-header .preloader\").hide();\r\n                        jQuery(\"#pickup-header #zip-code-title\").html(zip+\" \"+pickup);\r\n                        jQuery(\"#pickup-header .sec-step .zpt-date-1\").html(date1);\r\n                        if(date2.trim() != \"\"){\r\n                            jQuery(\"#pickup-header .sec-step .zpt-date-2\").html(date2).removeClass(\"zpt-hidden\");\r\n                        }\r\n                        else{\r\n                            jQuery(\"#pickup-header .sec-step .zpt-date-2\").html(\"\").addClass(\"zpt-hidden\");\r\n                        }\r\n                        \r\n                        jQuery(\"#pickup-header .sec-step\").removeClass(\"zpt-hidden\");\r\n                    }, 1500);\r\n                }\r\n            });\r\n            \r\n            jQuery(document).on(\"click\", \"#pickup-header .edit-link\", function(){\r\n                jQuery(\"#pickup-header .sec-step\").addClass(\"zpt-hidden\");\r\n                jQuery(\"#pickup-header .first-step\").show();\r\n                jQuery(\"#pickup-header .search\").removeClass(\"zpt-hidden\");\r\n            });\r\n        });\r\n    <\/script>\r\n    \r\n\t\t<div class=\"elementor-shortcode\"><\/div>\n\t\t\t\t\t\t<\/div>\n\t\t\t\t<\/div>\n\t\t\t\t<\/div>\n\t\t\t\t\t<\/details>\n\t\t\t\t\t\t<details id=\"e-n-accordion-item-1381\" class=\"e-n-accordion-item\" >\n\t\t\t\t<summary class=\"e-n-accordion-item-title\" data-accordion-index=\"2\" tabindex=\"-1\" aria-expanded=\"false\" aria-controls=\"e-n-accordion-item-1381\" >\n\t\t\t\t\t<span class='e-n-accordion-item-title-header'><div class=\"e-n-accordion-item-title-text\"> Ich habe keinen Abholplan <\/div><\/span>\n\t\t\t\t\t\t\t<span class='e-n-accordion-item-title-icon'>\n\t\t\t<span class='e-opened' ><i aria-hidden=\"true\" class=\"fas fa-chevron-up\"><\/i><\/span>\n\t\t\t<span class='e-closed'><i aria-hidden=\"true\" class=\"fas fa-angle-down\"><\/i><\/span>\n\t\t<\/span>\n\n\t\t\t\t\t\t<\/summary>\n\t\t\t\t<div role=\"region\" aria-labelledby=\"e-n-accordion-item-1381\" class=\"elementor-element elementor-element-cb8bc23 e-con-full e-flex e-con e-child\" data-id=\"cb8bc23\" data-element_type=\"container\" data-e-type=\"container\">\n\t\t\t\t<div class=\"elementor-element elementor-element-ecb3985 elementor-widget elementor-widget-text-editor\" data-id=\"ecb3985\" data-element_type=\"widget\" data-e-type=\"widget\" data-widget_type=\"text-editor.default\">\n\t\t\t\t<div class=\"elementor-widget-container\">\n\t\t\t\t\t\t\t\t\t<p>Du findest den aktuellen Abholplan immer auf unserer Webseite. Klicke oben auf &#8222;<a href=\"https:\/\/www.werecycle.ch\/abholdaten\/\">Abholdaten<\/a>&#8222;. Du kannst den gew\u00fcnschten Plan bequem als PDF herunterladen.<\/p><p><b>Tipp:<\/b> Mit unserem Newsletter wird Dir der Plan bequem per E-Mail geschickt. Ausserdem informieren wir ca. 1 mal pro Monat \u00fcber interessante Themen rund um Recycling und Nachhaltigkeit und stellen Dir jeweils aktuelle Produkte und\/oder Angebote aus unserem Sortiment vor. Eine Abmeldung ist jederzeit m\u00f6glich.<\/p>\t\t\t\t\t\t\t\t<\/div>\n\t\t\t\t<\/div>\n\t\t\t\t<div class=\"elementor-element elementor-element-02c221b elementor-widget elementor-widget-shortcode\" data-id=\"02c221b\" data-element_type=\"widget\" data-e-type=\"widget\" data-widget_type=\"shortcode.default\">\n\t\t\t\t<div class=\"elementor-widget-container\">\n\t\t\t\t\t\t\t<div class=\"elementor-shortcode\">\n<div class=\"wpcf7 no-js\" id=\"wpcf7-f5091-o1\" lang=\"de-DE\" dir=\"ltr\" data-wpcf7-id=\"5091\">\n<div class=\"screen-reader-response\"><p role=\"status\" aria-live=\"polite\" aria-atomic=\"true\"><\/p> <ul><\/ul><\/div>\n<form action=\"\/de\/wp-json\/wp\/v2\/pages\/27778#wpcf7-f5091-o1\" method=\"post\" class=\"wpcf7-form init\" aria-label=\"Kontaktformular\" novalidate=\"novalidate\" data-status=\"init\">\n<fieldset class=\"hidden-fields-container\"><input type=\"hidden\" name=\"_wpcf7\" value=\"5091\" \/><input type=\"hidden\" name=\"_wpcf7_version\" value=\"6.1.5\" \/><input type=\"hidden\" name=\"_wpcf7_locale\" value=\"de_DE\" \/><input type=\"hidden\" name=\"_wpcf7_unit_tag\" value=\"wpcf7-f5091-o1\" \/><input type=\"hidden\" name=\"_wpcf7_container_post\" value=\"0\" \/><input type=\"hidden\" name=\"_wpcf7_posted_data_hash\" value=\"\" \/><input type=\"hidden\" name=\"_wpcf7_recaptcha_response\" value=\"\" \/>\n<\/fieldset>\n<div class=\"wps-form\">\n <!-- Contact Form 7 Code -->\n<\/div>\n<div class=\"wps-form\">\n\n <!-- Zeile 1 -->\n\t<div class=\"wps-form-row\">\n\n <!-- Spalte 1 -->\n\t\t<div class=\"wps-form-column\">\n\t\t\t<p><label>Vorname<\/label><br \/>\n<span class=\"wpcf7-form-control-wrap\" data-name=\"Vorname\"><input size=\"40\" maxlength=\"400\" class=\"wpcf7-form-control wpcf7-text wpcf7-validates-as-required\" aria-required=\"true\" aria-invalid=\"false\" value=\"\" type=\"text\" name=\"Vorname\" \/><\/span>\n\t\t\t<\/p>\n\t\t<\/div>\n\n <!-- Spalte 2 -->\n\t\t<div class=\"wps-form-column\">\n\t\t\t<p><label>Nachname<\/label><br \/>\n<span class=\"wpcf7-form-control-wrap\" data-name=\"Nachname\"><input size=\"40\" maxlength=\"400\" class=\"wpcf7-form-control wpcf7-text wpcf7-validates-as-required\" aria-required=\"true\" aria-invalid=\"false\" value=\"\" type=\"text\" name=\"Nachname\" \/><\/span>\n\t\t\t<\/p>\n\t\t<\/div>\n\n <!-- Spalte 3 -->\n\t\t<div class=\"wps-form-column\">\n\t\t\t<p><label>E-Mail<\/label><br \/>\n<span class=\"wpcf7-form-control-wrap\" data-name=\"EMAIL\"><input size=\"40\" maxlength=\"400\" class=\"wpcf7-form-control wpcf7-email wpcf7-validates-as-required wpcf7-text wpcf7-validates-as-email\" aria-required=\"true\" aria-invalid=\"false\" value=\"\" type=\"email\" name=\"EMAIL\" \/><\/span>\n\t\t\t<\/p>\n\t\t<\/div>\n\t<\/div>\n <!-- Ende der Zeile 1 -->\n<\/div>\n<p><input class=\"wpcf7-form-control wpcf7-submit has-spinner\" type=\"submit\" value=\"Newsletter anmelden\" \/>\n<\/p><p style=\"display: none !important;\" class=\"akismet-fields-container\" data-prefix=\"_wpcf7_ak_\"><label>&#916;<textarea name=\"_wpcf7_ak_hp_textarea\" cols=\"45\" rows=\"8\" maxlength=\"100\"><\/textarea><\/label><input type=\"hidden\" id=\"ak_js_1\" name=\"_wpcf7_ak_js\" value=\"187\"\/><script>\ndocument.getElementById( \"ak_js_1\" ).setAttribute( \"value\", ( new Date() ).getTime() );\n<\/script>\n<\/p><div class=\"wpcf7-response-output\" aria-hidden=\"true\"><\/div>\n<\/form>\n<\/div>\n<\/div>\n\t\t\t\t\t\t<\/div>\n\t\t\t\t<\/div>\n\t\t\t\t<\/div>\n\t\t\t\t\t<\/details>\n\t\t\t\t\t\t<details id=\"e-n-accordion-item-1382\" class=\"e-n-accordion-item\" >\n\t\t\t\t<summary class=\"e-n-accordion-item-title\" data-accordion-index=\"3\" tabindex=\"-1\" aria-expanded=\"false\" aria-controls=\"e-n-accordion-item-1382\" >\n\t\t\t\t\t<span class='e-n-accordion-item-title-header'><div class=\"e-n-accordion-item-title-text\"> Ich bin am Abholtermin nicht verf\u00fcgbar <\/div><\/span>\n\t\t\t\t\t\t\t<span class='e-n-accordion-item-title-icon'>\n\t\t\t<span class='e-opened' ><i aria-hidden=\"true\" class=\"fas fa-chevron-up\"><\/i><\/span>\n\t\t\t<span class='e-closed'><i aria-hidden=\"true\" class=\"fas fa-angle-down\"><\/i><\/span>\n\t\t<\/span>\n\n\t\t\t\t\t\t<\/summary>\n\t\t\t\t<div role=\"region\" aria-labelledby=\"e-n-accordion-item-1382\" class=\"elementor-element elementor-element-95188bb e-con-full e-flex e-con e-child\" data-id=\"95188bb\" data-element_type=\"container\" data-e-type=\"container\">\n\t\t\t\t<div class=\"elementor-element elementor-element-05c8d9e elementor-widget elementor-widget-text-editor\" data-id=\"05c8d9e\" data-element_type=\"widget\" data-e-type=\"widget\" data-widget_type=\"text-editor.default\">\n\t\t\t\t<div class=\"elementor-widget-container\">\n\t\t\t\t\t\t\t\t\t<p>Eine nicht ben\u00f6tigte Abholung kann <strong>bis 24 Stunden vor dem Termin<\/strong> kostenlos storniert werden. Jede Abholung, die Du ausgelassen hast und uns vorg\u00e4ngig mitgeteilt hast, wird Deinem Kundenkonto gutgeschrieben, indem Dein Abonnement verl\u00e4ngert wird.<\/p><p>Falls Du einen alternativen Abholtermin ben\u00f6tigst ruf uns einfach an unter <a href=\"tel:+41 44 523 61 51\">+41 44 523 61 51<\/a><\/p><p><span style=\"text-decoration: underline;\"><strong>Hinweis:<\/strong><\/span> Die Anzahl Bags (Sammels\u00e4cke) in Deinem Abonnement gilt pro Abholung. L\u00e4sst Du eine Abholung aus und hast bei der n\u00e4chsten Abholung daf\u00fcr die doppelte Menge, dann erh\u00e4ltst Du keine Gutschrift.<\/p>\t\t\t\t\t\t\t\t<\/div>\n\t\t\t\t<\/div>\n\t\t\t\t<\/div>\n\t\t\t\t\t<\/details>\n\t\t\t\t\t\t<details id=\"e-n-accordion-item-1383\" class=\"e-n-accordion-item\" >\n\t\t\t\t<summary class=\"e-n-accordion-item-title\" data-accordion-index=\"4\" tabindex=\"-1\" aria-expanded=\"false\" aria-controls=\"e-n-accordion-item-1383\" >\n\t\t\t\t\t<span class='e-n-accordion-item-title-header'><div class=\"e-n-accordion-item-title-text\"> Ich habe eine Abholung verpasst <\/div><\/span>\n\t\t\t\t\t\t\t<span class='e-n-accordion-item-title-icon'>\n\t\t\t<span class='e-opened' ><i aria-hidden=\"true\" class=\"fas fa-chevron-up\"><\/i><\/span>\n\t\t\t<span class='e-closed'><i aria-hidden=\"true\" class=\"fas fa-angle-down\"><\/i><\/span>\n\t\t<\/span>\n\n\t\t\t\t\t\t<\/summary>\n\t\t\t\t<div role=\"region\" aria-labelledby=\"e-n-accordion-item-1383\" class=\"elementor-element elementor-element-7734fa3 e-flex e-con-boxed e-con e-child\" data-id=\"7734fa3\" data-element_type=\"container\" data-e-type=\"container\">\n\t\t\t\t\t<div class=\"e-con-inner\">\n\t\t\t\t<div class=\"elementor-element elementor-element-724cf22 elementor-widget elementor-widget-text-editor\" data-id=\"724cf22\" data-element_type=\"widget\" data-e-type=\"widget\" data-widget_type=\"text-editor.default\">\n\t\t\t\t<div class=\"elementor-widget-container\">\n\t\t\t\t\t\t\t\t\t<p>Grunds\u00e4tzlich gilt die Abholung als erfolgt, wenn der Fahrer an Deiner Adresse war, auch wenn Du keine Sammelbags (Recyclings\u00e4cke) bereitgestellt hast.<\/p><p>Unsere Fahrer erfassen die Anzahl Sammelbags an jeder Adresse. Wenn Du dich bei uns meldest, dann k\u00f6nnen wir dies pr\u00fcfen und vermerken, dass Du bei der n\u00e4chsten Abholung mehr Sammelbags mitgeben wirst und diese Tour entsprechend planen. Ohne Deine Meldung werden nur die in Deinem Abonnement enthaltenen Sammelbags mitgenommen, da der Platz im Fahrzeug sonst nicht ausreicht.<\/p><p>Bitte melde uns Abwesenheiten mindestens 24 Stunden vor der Abholung, um unn\u00f6tige Leerfahrten zu vermeiden.<\/p>\t\t\t\t\t\t\t\t<\/div>\n\t\t\t\t<\/div>\n\t\t\t\t\t<\/div>\n\t\t\t\t<\/div>\n\t\t\t\t\t<\/details>\n\t\t\t\t\t\t<details id=\"e-n-accordion-item-1384\" class=\"e-n-accordion-item\" >\n\t\t\t\t<summary class=\"e-n-accordion-item-title\" data-accordion-index=\"5\" tabindex=\"-1\" aria-expanded=\"false\" aria-controls=\"e-n-accordion-item-1384\" >\n\t\t\t\t\t<span class='e-n-accordion-item-title-header'><div class=\"e-n-accordion-item-title-text\"> SMS Erinnerung <\/div><\/span>\n\t\t\t\t\t\t\t<span class='e-n-accordion-item-title-icon'>\n\t\t\t<span class='e-opened' ><i aria-hidden=\"true\" class=\"fas fa-chevron-up\"><\/i><\/span>\n\t\t\t<span class='e-closed'><i aria-hidden=\"true\" class=\"fas fa-angle-down\"><\/i><\/span>\n\t\t<\/span>\n\n\t\t\t\t\t\t<\/summary>\n\t\t\t\t<div role=\"region\" aria-labelledby=\"e-n-accordion-item-1384\" class=\"elementor-element elementor-element-858d35b e-flex e-con-boxed e-con e-child\" data-id=\"858d35b\" data-element_type=\"container\" data-e-type=\"container\">\n\t\t\t\t\t<div class=\"e-con-inner\">\n\t\t\t\t<div class=\"elementor-element elementor-element-138793f elementor-widget elementor-widget-text-editor\" data-id=\"138793f\" data-element_type=\"widget\" data-e-type=\"widget\" data-widget_type=\"text-editor.default\">\n\t\t\t\t<div class=\"elementor-widget-container\">\n\t\t\t\t\t\t\t\t\t<p>Wir versenden jeweils am Abend (19:00 Uhr) vor der Abholung eine Erinnerung per SMS. Du kannst bis zu 5 Nummern angeben, auf die Du die SMS erhalten m\u00f6chtest.<\/p><p>Der Zeitpunkt und Inhalt der SMS ist f\u00fcr alle Kunden identisch. Eine individuelle Anpassung (z.B. andere Uhrzeit) ist nicht m\u00f6glich.<\/p><p>Der Versand erfolgt \u00fcber einen externen Dienstleister. Auf Grund technischer Gegebenheiten kann die Zustellung nicht zu 100% gew\u00e4hrleistet werden.\u00a0<\/p><p>Bei ausgeschaltetem Handy, falscher Konfiguration oder schlechtem Empfang kann es vorkommen, dass die SMS versp\u00e4tet oder gar nicht zugestellt wird. Wir haben lediglich Einfluss auf den Versand, nicht aber auf die Zustellung der SMS Benachrichtigungen.\u00a0<\/p><p><span style=\"text-decoration: underline;\"><strong>Als verbindlicher Termin gilt ausschliesslich der im Abholplan vermerkte Termin.<\/strong><\/span><\/p>\t\t\t\t\t\t\t\t<\/div>\n\t\t\t\t<\/div>\n\t\t\t\t\t<\/div>\n\t\t\t\t<\/div>\n\t\t\t\t\t<\/details>\n\t\t\t\t\t\t<details id=\"e-n-accordion-item-1385\" class=\"e-n-accordion-item\" >\n\t\t\t\t<summary class=\"e-n-accordion-item-title\" data-accordion-index=\"6\" tabindex=\"-1\" aria-expanded=\"false\" aria-controls=\"e-n-accordion-item-1385\" >\n\t\t\t\t\t<span class='e-n-accordion-item-title-header'><div class=\"e-n-accordion-item-title-text\"> Antwort auf SMS Erinnerung <\/div><\/span>\n\t\t\t\t\t\t\t<span class='e-n-accordion-item-title-icon'>\n\t\t\t<span class='e-opened' ><i aria-hidden=\"true\" class=\"fas fa-chevron-up\"><\/i><\/span>\n\t\t\t<span class='e-closed'><i aria-hidden=\"true\" class=\"fas fa-angle-down\"><\/i><\/span>\n\t\t<\/span>\n\n\t\t\t\t\t\t<\/summary>\n\t\t\t\t<div role=\"region\" aria-labelledby=\"e-n-accordion-item-1385\" class=\"elementor-element elementor-element-918601f e-flex e-con-boxed e-con e-child\" data-id=\"918601f\" data-element_type=\"container\" data-e-type=\"container\">\n\t\t\t\t\t<div class=\"e-con-inner\">\n\t\t\t\t<div class=\"elementor-element elementor-element-c3459ef elementor-widget elementor-widget-text-editor\" data-id=\"c3459ef\" data-element_type=\"widget\" data-e-type=\"widget\" data-widget_type=\"text-editor.default\">\n\t\t\t\t<div class=\"elementor-widget-container\">\n\t\t\t\t\t\t\t\t\t<p>F\u00fcr kurzfristige R\u00fcckmeldungen zur Abholung kannst Du per Textnachricht auf die SMS antworten.<\/p><p><strong>Anrufe, Fotos, WhatsApp Nachrichten etc. sind auf diese Nummer nicht m\u00f6glich.<\/strong><\/p><p><span style=\"text-decoration: underline;\"><strong>Bitte beachte:<\/strong><\/span> <br \/>Dies ist kein Chat und betrifft nur die aktuelle Abholung. \u00c4nderungen am Abonnement, K\u00fcndigungen etc. werden dar\u00fcber nicht bearbeitet. Dies kannst Du jederzeit per <a href=\"mailto:info@werecycle.ch\">E-Mail<\/a>, Telefon 044 523 61 51 oder \u00fcber unser <a href=\"https:\/\/www.werecycle.ch\/kontakt\/\">Kontaktformular<\/a> machen.<\/p>\t\t\t\t\t\t\t\t<\/div>\n\t\t\t\t<\/div>\n\t\t\t\t\t<\/div>\n\t\t\t\t<\/div>\n\t\t\t\t\t<\/details>\n\t\t\t\t\t<\/div>\n\t\t\t\t\t\t<\/div>\n\t\t\t\t<\/div>\n\t\t\t\t<\/div>\n\t\t\t\t\t<\/div>\n\t\t\t\t<\/div>\n\t\t<div class=\"elementor-element elementor-element-898bbc2 e-flex e-con-boxed e-con e-parent\" data-id=\"898bbc2\" data-element_type=\"container\" data-e-type=\"container\">\n\t\t\t\t\t<div class=\"e-con-inner\">\n\t\t<div class=\"elementor-element elementor-element-03113c6 e-con-full e-flex e-con e-child\" data-id=\"03113c6\" data-element_type=\"container\" data-e-type=\"container\">\n\t\t\t\t<div class=\"elementor-element elementor-element-26bfd95 elementor-widget elementor-widget-heading\" data-id=\"26bfd95\" data-element_type=\"widget\" data-e-type=\"widget\" data-widget_type=\"heading.default\">\n\t\t\t\t<div class=\"elementor-widget-container\">\n\t\t\t\t\t<h2 class=\"elementor-heading-title elementor-size-default\">Recycling S\u00e4cke \/ Sammelbags<\/h2>\t\t\t\t<\/div>\n\t\t\t\t<\/div>\n\t\t\t\t<div class=\"elementor-element elementor-element-861f9b4 elementor-widget elementor-widget-n-accordion\" data-id=\"861f9b4\" data-element_type=\"widget\" data-e-type=\"widget\" data-settings=\"{&quot;default_state&quot;:&quot;all_collapsed&quot;,&quot;max_items_expended&quot;:&quot;one&quot;,&quot;n_accordion_animation_duration&quot;:{&quot;unit&quot;:&quot;ms&quot;,&quot;size&quot;:400,&quot;sizes&quot;:[]}}\" data-widget_type=\"nested-accordion.default\">\n\t\t\t\t<div class=\"elementor-widget-container\">\n\t\t\t\t\t\t\t<div class=\"e-n-accordion\" aria-label=\"Accordion. Open links with Enter or Space, close with Escape, and navigate with Arrow Keys\">\n\t\t\t\t\t\t<details id=\"e-n-accordion-item-1400\" class=\"e-n-accordion-item\" >\n\t\t\t\t<summary class=\"e-n-accordion-item-title\" data-accordion-index=\"1\" tabindex=\"0\" aria-expanded=\"false\" aria-controls=\"e-n-accordion-item-1400\" >\n\t\t\t\t\t<span class='e-n-accordion-item-title-header'><div class=\"e-n-accordion-item-title-text\"> Neue Sammelbags erhalten <\/div><\/span>\n\t\t\t\t\t\t\t<span class='e-n-accordion-item-title-icon'>\n\t\t\t<span class='e-opened' ><i aria-hidden=\"true\" class=\"fas fa-chevron-up\"><\/i><\/span>\n\t\t\t<span class='e-closed'><i aria-hidden=\"true\" class=\"fas fa-angle-down\"><\/i><\/span>\n\t\t<\/span>\n\n\t\t\t\t\t\t<\/summary>\n\t\t\t\t<div role=\"region\" aria-labelledby=\"e-n-accordion-item-1400\" class=\"elementor-element elementor-element-8eeeca5 e-con-full e-flex e-con e-child\" data-id=\"8eeeca5\" data-element_type=\"container\" data-e-type=\"container\">\n\t\t\t\t<div class=\"elementor-element elementor-element-5bfee8a elementor-widget elementor-widget-text-editor\" data-id=\"5bfee8a\" data-element_type=\"widget\" data-e-type=\"widget\" data-widget_type=\"text-editor.default\">\n\t\t\t\t<div class=\"elementor-widget-container\">\n\t\t\t\t\t\t\t\t\t<p>Neue Sammelbags kannst Du auf unterschiedliche Art bestellen. Diese werden Dir bei der Abholung durch den Fahrer abgegeben. Ein Versand von Sammelbags findet NICHT statt.<\/p><p><span style=\"text-decoration: underline;\"><strong>Bitte fr\u00fchzeitig neue S\u00e4cke bestellen!<\/strong><\/span><\/p><p><span style=\"text-decoration: underline;\"><strong>Vor der Abholung:<\/strong><\/span><\/p><ul><li>Anruf auf <a href=\"tel:0445236151\">044 523 61 51<\/a> (B\u00fcrozeiten)<\/li><li>Antwort auf SMS Erinnerung<\/li><li><a href=\"mailto:info@werecycle.ch\">E-Mail<\/a> oder <a href=\"https:\/\/www.werecycle.ch\/kontakt\/\">Kontaktformular<\/a><\/li><li>Abholung in Kemptthal (B\u00fcrozeiten)<\/li><\/ul><p><span style=\"text-decoration: underline;\"><strong>Direkt bei der Abholung:<\/strong><\/span><\/p><ul><li>Gelber Aufkleber auf Sack kleben<\/li><\/ul><p>Falls Dein Briefkasten nicht frei zug\u00e4nglich sein sollte, dann teile uns bitte mit wo wir die neuen Sammelbags deponieren d\u00fcrfen oder wie wir Zugang zum Briefkasten erhalten.<\/p>\t\t\t\t\t\t\t\t<\/div>\n\t\t\t\t<\/div>\n\t\t\t\t<div class=\"elementor-element elementor-element-0c1029b elementor-widget elementor-widget-image\" data-id=\"0c1029b\" data-element_type=\"widget\" data-e-type=\"widget\" data-widget_type=\"image.default\">\n\t\t\t\t<div class=\"elementor-widget-container\">\n\t\t\t\t\t\t\t\t\t\t\t\t\t\t\t<img decoding=\"async\" width=\"232\" height=\"295\" src=\"https:\/\/www.werecycle.ch\/wp-content\/uploads\/2022\/12\/bag-mit-aufkleber.webp\" class=\"attachment-large size-large wp-image-5026\" alt=\"\" srcset=\"https:\/\/www.werecycle.ch\/wp-content\/uploads\/2022\/12\/bag-mit-aufkleber.webp 232w, https:\/\/www.werecycle.ch\/wp-content\/uploads\/2022\/12\/bag-mit-aufkleber-9x12.webp 9w\" sizes=\"(max-width: 232px) 100vw, 232px\" \/>\t\t\t\t\t\t\t\t\t\t\t\t\t\t\t<\/div>\n\t\t\t\t<\/div>\n\t\t\t\t<\/div>\n\t\t\t\t\t<\/details>\n\t\t\t\t\t\t<details id=\"e-n-accordion-item-1401\" class=\"e-n-accordion-item\" >\n\t\t\t\t<summary class=\"e-n-accordion-item-title\" data-accordion-index=\"2\" tabindex=\"-1\" aria-expanded=\"false\" aria-controls=\"e-n-accordion-item-1401\" >\n\t\t\t\t\t<span class='e-n-accordion-item-title-header'><div class=\"e-n-accordion-item-title-text\"> Der WeRecycle Sammelbag <\/div><\/span>\n\t\t\t\t\t\t\t<span class='e-n-accordion-item-title-icon'>\n\t\t\t<span class='e-opened' ><i aria-hidden=\"true\" class=\"fas fa-chevron-up\"><\/i><\/span>\n\t\t\t<span class='e-closed'><i aria-hidden=\"true\" class=\"fas fa-angle-down\"><\/i><\/span>\n\t\t<\/span>\n\n\t\t\t\t\t\t<\/summary>\n\t\t\t\t<div role=\"region\" aria-labelledby=\"e-n-accordion-item-1401\" class=\"elementor-element elementor-element-a9758bf e-con-full e-flex e-con e-child\" data-id=\"a9758bf\" data-element_type=\"container\" data-e-type=\"container\">\n\t\t\t\t<div class=\"elementor-element elementor-element-e69ef48 elementor-widget elementor-widget-text-editor\" data-id=\"e69ef48\" data-element_type=\"widget\" data-e-type=\"widget\" data-widget_type=\"text-editor.default\">\n\t\t\t\t<div class=\"elementor-widget-container\">\n\t\t\t\t\t\t\t\t\t<p>Wir haben 2 unterschiedliche Gr\u00f6ssen bei den Sammelbags, je nach Abonnement und Anforderungen:<\/p><ul><li>35 Liter f\u00fcr Privatkunden (gr\u00fcn)<\/li><li>110 Liter f\u00fcr Unternehmen (weiss)<\/li><\/ul><p>Die WeRecycle Sammelbags bestehen seit Anfang 2020 zu 100% aus Recycling Kunststoff und werden in Deutschland produziert. Damit schliesst sich ein Kreislauf und wird kein unn\u00f6tiger Einweg-Kunststoff (wie z.B. bei Kehrichts\u00e4cken) in Umlauf gebracht.<\/p><p>Die Farbe und Qualit\u00e4t bei Recycling Kunststoff ist immer abh\u00e4ngig vom verf\u00fcgbaren und verwendeten Granulat. Daher kann die Farbe oder Qualit\u00e4t unserer Recyclingbags leicht variieren. Wir sind uns dessen bewusst und bitten Dich einen zweiten Sack zu verwenden, falls Du mal ein qualitativ schlechteres Exemplar erwischen solltest.<\/p>\t\t\t\t\t\t\t\t<\/div>\n\t\t\t\t<\/div>\n\t\t\t\t<\/div>\n\t\t\t\t\t<\/details>\n\t\t\t\t\t<\/div>\n\t\t\t\t\t\t<\/div>\n\t\t\t\t<\/div>\n\t\t\t\t<\/div>\n\t\t<div class=\"elementor-element elementor-element-e6aa7c4 e-con-full e-flex e-con e-child\" data-id=\"e6aa7c4\" data-element_type=\"container\" data-e-type=\"container\">\n\t\t\t\t<div class=\"elementor-element elementor-element-ab9630d elementor-widget elementor-widget-heading\" data-id=\"ab9630d\" data-element_type=\"widget\" data-e-type=\"widget\" data-widget_type=\"heading.default\">\n\t\t\t\t<div class=\"elementor-widget-container\">\n\t\t\t\t\t<h2 class=\"elementor-heading-title elementor-size-default\">Recycling Wertstoffe<\/h2>\t\t\t\t<\/div>\n\t\t\t\t<\/div>\n\t\t\t\t<div class=\"elementor-element elementor-element-b7e3e3f elementor-widget elementor-widget-n-accordion\" data-id=\"b7e3e3f\" data-element_type=\"widget\" data-e-type=\"widget\" data-settings=\"{&quot;default_state&quot;:&quot;all_collapsed&quot;,&quot;max_items_expended&quot;:&quot;one&quot;,&quot;n_accordion_animation_duration&quot;:{&quot;unit&quot;:&quot;ms&quot;,&quot;size&quot;:400,&quot;sizes&quot;:[]}}\" data-widget_type=\"nested-accordion.default\">\n\t\t\t\t<div class=\"elementor-widget-container\">\n\t\t\t\t\t\t\t<div class=\"e-n-accordion\" aria-label=\"Accordion. Open links with Enter or Space, close with Escape, and navigate with Arrow Keys\">\n\t\t\t\t\t\t<details id=\"e-n-accordion-item-1920\" class=\"e-n-accordion-item\" >\n\t\t\t\t<summary class=\"e-n-accordion-item-title\" data-accordion-index=\"1\" tabindex=\"0\" aria-expanded=\"false\" aria-controls=\"e-n-accordion-item-1920\" >\n\t\t\t\t\t<span class='e-n-accordion-item-title-header'><div class=\"e-n-accordion-item-title-text\"> Welche Wertstoffe geh\u00f6ren in den Sammelbag <\/div><\/span>\n\t\t\t\t\t\t\t<span class='e-n-accordion-item-title-icon'>\n\t\t\t<span class='e-opened' ><i aria-hidden=\"true\" class=\"fas fa-chevron-up\"><\/i><\/span>\n\t\t\t<span class='e-closed'><i aria-hidden=\"true\" class=\"fas fa-angle-down\"><\/i><\/span>\n\t\t<\/span>\n\n\t\t\t\t\t\t<\/summary>\n\t\t\t\t<div role=\"region\" aria-labelledby=\"e-n-accordion-item-1920\" class=\"elementor-element elementor-element-dc6dc78 e-con-full e-flex e-con e-child\" data-id=\"dc6dc78\" data-element_type=\"container\" data-e-type=\"container\">\n\t\t\t\t<div class=\"elementor-element elementor-element-d014db7 elementor-widget elementor-widget-text-editor\" data-id=\"d014db7\" data-element_type=\"widget\" data-e-type=\"widget\" data-widget_type=\"text-editor.default\">\n\t\t\t\t<div class=\"elementor-widget-container\">\n\t\t\t\t\t\t\t\t\t<div class=\"elementor-toggle-item\"><div id=\"elementor-tab-content-1132\" class=\"elementor-tab-content elementor-clearfix elementor-active\" role=\"region\" data-tab=\"2\" aria-labelledby=\"elementor-tab-title-1132\"><p>Grunds\u00e4tzlich darfst Du fast alles was trocken ist und recycelt werden kann in unsere Sammelbags geben. In unserem umfangreichen &#8222;<a href=\"https:\/\/www.werecycle.ch\/recycling-guide\">Recycling Guide<\/a>&#8220; findest Du eine genaue Auflistung und erf\u00e4hrst, wie das Recycling einzelner Wertstoffe genau funktioniert.<\/p><\/div><\/div><div class=\"elementor-toggle-item\"><div id=\"elementor-tab-title-1133\" class=\"elementor-tab-title\" role=\"button\" data-tab=\"3\" aria-controls=\"elementor-tab-content-1133\" aria-expanded=\"false\">\u00a0<\/div><\/div>\t\t\t\t\t\t\t\t<\/div>\n\t\t\t\t<\/div>\n\t\t\t\t<\/div>\n\t\t\t\t\t<\/details>\n\t\t\t\t\t\t<details id=\"e-n-accordion-item-1921\" class=\"e-n-accordion-item\" >\n\t\t\t\t<summary class=\"e-n-accordion-item-title\" data-accordion-index=\"2\" tabindex=\"-1\" aria-expanded=\"false\" aria-controls=\"e-n-accordion-item-1921\" >\n\t\t\t\t\t<span class='e-n-accordion-item-title-header'><div class=\"e-n-accordion-item-title-text\"> Etwas passt nicht in den Sammelbag <\/div><\/span>\n\t\t\t\t\t\t\t<span class='e-n-accordion-item-title-icon'>\n\t\t\t<span class='e-opened' ><i aria-hidden=\"true\" class=\"fas fa-chevron-up\"><\/i><\/span>\n\t\t\t<span class='e-closed'><i aria-hidden=\"true\" class=\"fas fa-angle-down\"><\/i><\/span>\n\t\t<\/span>\n\n\t\t\t\t\t\t<\/summary>\n\t\t\t\t<div role=\"region\" aria-labelledby=\"e-n-accordion-item-1921\" class=\"elementor-element elementor-element-41a1750 e-con-full e-flex e-con e-child\" data-id=\"41a1750\" data-element_type=\"container\" data-e-type=\"container\">\n\t\t\t\t<div class=\"elementor-element elementor-element-9e615e6 elementor-widget elementor-widget-text-editor\" data-id=\"9e615e6\" data-element_type=\"widget\" data-e-type=\"widget\" data-widget_type=\"text-editor.default\">\n\t\t\t\t<div class=\"elementor-widget-container\">\n\t\t\t\t\t\t\t\t\t<div><div role=\"region\" data-tab=\"2\" aria-labelledby=\"elementor-tab-title-1132\"><p>Unsere Fahrer d\u00fcrfen nur WeRecycle Sammelbags und vorg\u00e4gig <strong><span style=\"text-decoration: underline;\">angemeldete<\/span><\/strong> G\u00fcter mitnehmen.<\/p><p>Der Platz in unseren Fahrzeugen ist begrenzt und muss f\u00fcr alle Kunden auf der Tour ausreichen. Zudem m\u00fcssen wir sicherstellen, dass keine Dinge versehentlich mitgenommen werden, die nicht f\u00fcr uns gedacht waren (z.B. PET S\u00e4cke, Altkarton etc.).<\/p><p>Karton kannst Du (flach gefaltet) zus\u00e4tzlich zur Abholung dazubuchen mit <a href=\"https:\/\/www.werecycle.ch\/flex-ergaenzung-zum-abonnement\/\">WeRecycle <em>Flex<\/em><\/a><\/p><p>Nach vorheriger R\u00fccksprache nehmen wir auch G\u00fcter mit, die nicht im Sammelbag sind. Bitte pr\u00fcfe kurz im &#8222;<a href=\"https:\/\/www.werecycle.ch\/recycling-guide\/\">Recycling Guide<\/a>&#8222;, ob wir Deine Wertstoffe mitnehmen k\u00f6nnen.\u00a0Bei Unsicherheiten kannst Du uns gerne kurz anfragen.<\/p><p>F\u00fcr Sperrgut und diverses Weitere k\u00f6nnen auf Wunsch Sonderabholungen vereinbart werden.<\/p><\/div><\/div>\t\t\t\t\t\t\t\t<\/div>\n\t\t\t\t<\/div>\n\t\t\t\t<\/div>\n\t\t\t\t\t<\/details>\n\t\t\t\t\t\t<details id=\"e-n-accordion-item-1922\" class=\"e-n-accordion-item\" >\n\t\t\t\t<summary class=\"e-n-accordion-item-title\" data-accordion-index=\"3\" tabindex=\"-1\" aria-expanded=\"false\" aria-controls=\"e-n-accordion-item-1922\" >\n\t\t\t\t\t<span class='e-n-accordion-item-title-header'><div class=\"e-n-accordion-item-title-text\"> Was passiert mit den Wertstoffen <\/div><\/span>\n\t\t\t\t\t\t\t<span class='e-n-accordion-item-title-icon'>\n\t\t\t<span class='e-opened' ><i aria-hidden=\"true\" class=\"fas fa-chevron-up\"><\/i><\/span>\n\t\t\t<span class='e-closed'><i aria-hidden=\"true\" class=\"fas fa-angle-down\"><\/i><\/span>\n\t\t<\/span>\n\n\t\t\t\t\t\t<\/summary>\n\t\t\t\t<div role=\"region\" aria-labelledby=\"e-n-accordion-item-1922\" class=\"elementor-element elementor-element-27e4dce e-con-full e-flex e-con e-child\" data-id=\"27e4dce\" data-element_type=\"container\" data-e-type=\"container\">\n\t\t\t\t<div class=\"elementor-element elementor-element-f36f02b elementor-widget elementor-widget-text-editor\" data-id=\"f36f02b\" data-element_type=\"widget\" data-e-type=\"widget\" data-widget_type=\"text-editor.default\">\n\t\t\t\t<div class=\"elementor-widget-container\">\n\t\t\t\t\t\t\t\t\t<div class=\"elementor-toggle-item\"><div id=\"elementor-tab-content-1132\" class=\"elementor-tab-content elementor-clearfix elementor-active\" role=\"region\" data-tab=\"2\" aria-labelledby=\"elementor-tab-title-1132\"><p>Nach der Sammlung werden die Sammelbags in regionalen Sortierstationen von Hand aussortiert. Damit erhalten u.A. Menschen aus integrativen Massnahmen oder aus dem zweiten Arbeitsmarkt eine sinnvolle T\u00e4tigkeit und einen Wiedereinstieg in die Berufswelt. Mehr zu unserer sozialen Verantwortung findest Du in unserem <a href=\"https:\/\/www.werecycle.ch\/soziale-verantwortung\/\">Blog<\/a>.<\/p><p>Die einzelnen Fraktionen (Glas, Alu, PET, Kork usw.) werden danach zu den Recycling Unternehmen transportiert und verwertet. Je nach Wertstoff ist dieser Prozess sehr unterschiedlich. In unserem umfangreichen &#8222;<a href=\"https:\/\/www.werecycle.ch\/recycling-guide\">Recycling Guide<\/a>&#8220; findest Du eine genaue Auflistung und erf\u00e4hrst, wie das Recycling einzelner Wertstoffe genau funktioniert.<\/p><\/div><\/div><div class=\"elementor-toggle-item\"><div id=\"elementor-tab-title-1133\" class=\"elementor-tab-title\" role=\"button\" data-tab=\"3\" aria-controls=\"elementor-tab-content-1133\" aria-expanded=\"false\">\u00a0<\/div><\/div>\t\t\t\t\t\t\t\t<\/div>\n\t\t\t\t<\/div>\n\t\t\t\t<\/div>\n\t\t\t\t\t<\/details>\n\t\t\t\t\t<\/div>\n\t\t\t\t\t\t<\/div>\n\t\t\t\t<\/div>\n\t\t\t\t<\/div>\n\t\t\t\t\t<\/div>\n\t\t\t\t<\/div>\n\t\t<div class=\"elementor-element elementor-element-2d44d60 e-flex e-con-boxed e-con e-parent\" data-id=\"2d44d60\" data-element_type=\"container\" data-e-type=\"container\">\n\t\t\t\t\t<div class=\"e-con-inner\">\n\t\t<div class=\"elementor-element elementor-element-3c6151c e-con-full e-flex e-con e-child\" data-id=\"3c6151c\" data-element_type=\"container\" data-e-type=\"container\">\n\t\t\t\t<div class=\"elementor-element elementor-element-952fb50 elementor-widget elementor-widget-heading\" data-id=\"952fb50\" data-element_type=\"widget\" data-e-type=\"widget\" data-widget_type=\"heading.default\">\n\t\t\t\t<div class=\"elementor-widget-container\">\n\t\t\t\t\t<h2 class=\"elementor-heading-title elementor-size-default\">Shop Bestellungen \/ Warenbestellungen<br><\/h2>\t\t\t\t<\/div>\n\t\t\t\t<\/div>\n\t\t\t\t<div class=\"elementor-element elementor-element-5bf9c5e elementor-widget elementor-widget-n-accordion\" data-id=\"5bf9c5e\" data-element_type=\"widget\" data-e-type=\"widget\" data-settings=\"{&quot;default_state&quot;:&quot;all_collapsed&quot;,&quot;max_items_expended&quot;:&quot;one&quot;,&quot;n_accordion_animation_duration&quot;:{&quot;unit&quot;:&quot;ms&quot;,&quot;size&quot;:400,&quot;sizes&quot;:[]}}\" data-widget_type=\"nested-accordion.default\">\n\t\t\t\t<div class=\"elementor-widget-container\">\n\t\t\t\t\t\t\t<div class=\"e-n-accordion\" aria-label=\"Accordion. Open links with Enter or Space, close with Escape, and navigate with Arrow Keys\">\n\t\t\t\t\t\t<details id=\"e-n-accordion-item-9640\" class=\"e-n-accordion-item\" >\n\t\t\t\t<summary class=\"e-n-accordion-item-title\" data-accordion-index=\"1\" tabindex=\"0\" aria-expanded=\"false\" aria-controls=\"e-n-accordion-item-9640\" >\n\t\t\t\t\t<span class='e-n-accordion-item-title-header'><div class=\"e-n-accordion-item-title-text\"> Wie kann ich bestellen <\/div><\/span>\n\t\t\t\t\t\t\t<span class='e-n-accordion-item-title-icon'>\n\t\t\t<span class='e-opened' ><i aria-hidden=\"true\" class=\"fas fa-chevron-up\"><\/i><\/span>\n\t\t\t<span class='e-closed'><i aria-hidden=\"true\" class=\"fas fa-angle-down\"><\/i><\/span>\n\t\t<\/span>\n\n\t\t\t\t\t\t<\/summary>\n\t\t\t\t<div role=\"region\" aria-labelledby=\"e-n-accordion-item-9640\" class=\"elementor-element elementor-element-b25004f e-con-full e-flex e-con e-child\" data-id=\"b25004f\" data-element_type=\"container\" data-e-type=\"container\">\n\t\t\t\t<div class=\"elementor-element elementor-element-b575eab elementor-widget elementor-widget-text-editor\" data-id=\"b575eab\" data-element_type=\"widget\" data-e-type=\"widget\" data-widget_type=\"text-editor.default\">\n\t\t\t\t<div class=\"elementor-widget-container\">\n\t\t\t\t\t\t\t\t\t<p>Deine Bestellung gibst Du in unserem Onlineshop selber auf. Es gilt der aktuelle Preis beim Bestellvorgang.<\/p><p>Bestellungen werden ausschliesslich in der Schweiz und dem F\u00fcrstentum Liechtenstein versandt.<\/p><p>Alle Preise sind inkl. der gesetzlichen MwSt. aufgef\u00fchrt. Bei Bestellungen unter CHF 85.- fallen zus\u00e4tzliche Versandkosten an, je nach gew\u00fcnschter <a href=\"https:\/\/www.werecycle.ch\/versandkosten\/\">Versandart<\/a>. Bei Bestellungen \u00fcber CHF 85.- ist der Versand kostenlos. Eine Abholung in unserem Lager in Kemptthal ist kostenfrei m\u00f6glich (<a href=\"https:\/\/www.werecycle.ch\/kontakt\/\">B\u00fcrozeiten<\/a>).<\/p><p><strong>Bei Bestellung per Telefon oder E-Mail gilt ausnahmslos der regul\u00e4re Preis. <br \/><\/strong>Rabatte oder Staffelpreise werden nicht gew\u00e4hrt. Falls eine Rechnung erstellt werden muss, dann k\u00f6nnen zus\u00e4tzliche Geb\u00fchren f\u00fcr eine Bonit\u00e4tsabfrage und Rechnungsstellung in der H\u00f6he von CHF 15.00 anfallen.<\/p><p>Wir f\u00fchren kein Ladenlokal. Falls Du ein Produkt vor dem Kauf pers\u00f6nlich ansehen m\u00f6chtest, dann kontaktiere uns bitte vorg\u00e4ngig, damit wir die die Verf\u00fcgbarkeit gew\u00e4hrleisten k\u00f6nnen. Nicht alle Produkte werden ab unserem eigenen Lager versendet.<\/p>\t\t\t\t\t\t\t\t<\/div>\n\t\t\t\t<\/div>\n\t\t\t\t<\/div>\n\t\t\t\t\t<\/details>\n\t\t\t\t\t\t<details id=\"e-n-accordion-item-9641\" class=\"e-n-accordion-item\" >\n\t\t\t\t<summary class=\"e-n-accordion-item-title\" data-accordion-index=\"2\" tabindex=\"-1\" aria-expanded=\"false\" aria-controls=\"e-n-accordion-item-9641\" >\n\t\t\t\t\t<span class='e-n-accordion-item-title-header'><div class=\"e-n-accordion-item-title-text\"> Wie kann ich bezahlen <\/div><\/span>\n\t\t\t\t\t\t\t<span class='e-n-accordion-item-title-icon'>\n\t\t\t<span class='e-opened' ><i aria-hidden=\"true\" class=\"fas fa-chevron-up\"><\/i><\/span>\n\t\t\t<span class='e-closed'><i aria-hidden=\"true\" class=\"fas fa-angle-down\"><\/i><\/span>\n\t\t<\/span>\n\n\t\t\t\t\t\t<\/summary>\n\t\t\t\t<div role=\"region\" aria-labelledby=\"e-n-accordion-item-9641\" class=\"elementor-element elementor-element-0368643 e-con-full e-flex e-con e-child\" data-id=\"0368643\" data-element_type=\"container\" data-e-type=\"container\">\n\t\t\t\t<div class=\"elementor-element elementor-element-3aa65d2 elementor-widget elementor-widget-text-editor\" data-id=\"3aa65d2\" data-element_type=\"widget\" data-e-type=\"widget\" data-widget_type=\"text-editor.default\">\n\t\t\t\t<div class=\"elementor-widget-container\">\n\t\t\t\t\t\t\t\t\t<p>Die Zahlung Deiner Bestellung erfolgt online per Debit-\/Kreditkarte, Twint, PayPal oder Vorkasse. Bei einigen Produkten ist zus\u00e4tzlich der Kauf auf Rechnung m\u00f6glich.<\/p><p>Die Zahlungsfrist bei Kauf auf Rechnung und Vorkasse betr\u00e4gt 10 Tage.<\/p><p>Bei Zahlungsverzug k\u00f6nnen Mahngeb\u00fchren bis CHF 25.- anfallen. Im Falle eines Inkassos \/ Betreibung etc. werden zus\u00e4tzliche Geb\u00fchren f\u00e4llig.<\/p><p>Unbezahlte Bestellungen per Vorkasse werden nach 10 Tagen nach Ermessen von WeRecycle entweder storniert oder per Rechnung mit einem Zuschlag von CHF 25.- versendet.<\/p>\t\t\t\t\t\t\t\t<\/div>\n\t\t\t\t<\/div>\n\t\t\t\t<\/div>\n\t\t\t\t\t<\/details>\n\t\t\t\t\t\t<details id=\"e-n-accordion-item-9642\" class=\"e-n-accordion-item\" >\n\t\t\t\t<summary class=\"e-n-accordion-item-title\" data-accordion-index=\"3\" tabindex=\"-1\" aria-expanded=\"false\" aria-controls=\"e-n-accordion-item-9642\" >\n\t\t\t\t\t<span class='e-n-accordion-item-title-header'><div class=\"e-n-accordion-item-title-text\"> Wie lange dauert die Lieferung <\/div><\/span>\n\t\t\t\t\t\t\t<span class='e-n-accordion-item-title-icon'>\n\t\t\t<span class='e-opened' ><i aria-hidden=\"true\" class=\"fas fa-chevron-up\"><\/i><\/span>\n\t\t\t<span class='e-closed'><i aria-hidden=\"true\" class=\"fas fa-angle-down\"><\/i><\/span>\n\t\t<\/span>\n\n\t\t\t\t\t\t<\/summary>\n\t\t\t\t<div role=\"region\" aria-labelledby=\"e-n-accordion-item-9642\" class=\"elementor-element elementor-element-8ebcff6 e-con-full e-flex e-con e-child\" data-id=\"8ebcff6\" data-element_type=\"container\" data-e-type=\"container\">\n\t\t\t\t<div class=\"elementor-element elementor-element-6072585 elementor-widget elementor-widget-text-editor\" data-id=\"6072585\" data-element_type=\"widget\" data-e-type=\"widget\" data-widget_type=\"text-editor.default\">\n\t\t\t\t<div class=\"elementor-widget-container\">\n\t\t\t\t\t\t\t\t\t<p>Bei Deiner Bestellung kannst Du zwischen Standard Versand oder Priority Versand w\u00e4hlen.<\/p><p><span style=\"text-decoration: underline;\">Standard Versand<\/span><span style=\"text-decoration: underline;\"><br \/><\/span>\u00a0Lieferfrist: i.d.R. 3-5 Werktage<\/p><p><span style=\"text-decoration: underline;\">Priority Versand<\/span><span style=\"text-decoration: underline;\"><br \/><\/span>\u00a0Lieferfrist: i.d.R. 1-3 Werktage<\/p><p><span style=\"text-decoration: underline;\">Kostenloser Versand<\/span><span style=\"text-decoration: underline;\"><br \/><\/span>\u00a0Lieferfrist: i.d.R. 2-5 Werktage<\/p><p>Bei einzelnen Produkten gilt eine abweichende Lieferfrist (z.B. bei Lieferung ab Lager eines anderen Unternehmens). In diesem Fall erfolgt ein Hinweis in der Produktbeschreibung. Kurzfristige \u00c4nderungen der Verf\u00fcgbarkeit bei Lieferverz\u00f6gerungen unserer Lieferanten sind m\u00f6glich.<\/p>\t\t\t\t\t\t\t\t<\/div>\n\t\t\t\t<\/div>\n\t\t\t\t<\/div>\n\t\t\t\t\t<\/details>\n\t\t\t\t\t\t<details id=\"e-n-accordion-item-9643\" class=\"e-n-accordion-item\" >\n\t\t\t\t<summary class=\"e-n-accordion-item-title\" data-accordion-index=\"4\" tabindex=\"-1\" aria-expanded=\"false\" aria-controls=\"e-n-accordion-item-9643\" >\n\t\t\t\t\t<span class='e-n-accordion-item-title-header'><div class=\"e-n-accordion-item-title-text\"> Bestellung \u00e4ndern oder stornieren <\/div><\/span>\n\t\t\t\t\t\t\t<span class='e-n-accordion-item-title-icon'>\n\t\t\t<span class='e-opened' ><i aria-hidden=\"true\" class=\"fas fa-chevron-up\"><\/i><\/span>\n\t\t\t<span class='e-closed'><i aria-hidden=\"true\" class=\"fas fa-angle-down\"><\/i><\/span>\n\t\t<\/span>\n\n\t\t\t\t\t\t<\/summary>\n\t\t\t\t<div role=\"region\" aria-labelledby=\"e-n-accordion-item-9643\" class=\"elementor-element elementor-element-ec39f75 e-con-full e-flex e-con e-child\" data-id=\"ec39f75\" data-element_type=\"container\" data-e-type=\"container\">\n\t\t\t\t<div class=\"elementor-element elementor-element-04355e6 elementor-widget elementor-widget-text-editor\" data-id=\"04355e6\" data-element_type=\"widget\" data-e-type=\"widget\" data-widget_type=\"text-editor.default\">\n\t\t\t\t<div class=\"elementor-widget-container\">\n\t\t\t\t\t\t\t\t\t<p>Du kannst Deine Bestellung \u00e4ndern, sofern die folgenden Voraussetzungen erf\u00fcllt sind:<\/p><ul><li>Bestellung wurde noch nicht bearbeitet (verpackt, versendet, an einen externen Lieferanten \u00fcbermittelt)<\/li><li>Bestellung ist noch nicht bezahlt<\/li><\/ul><p>Sende uns Deinen \u00c4nderungswunsch bitte <u>UMGEHEND<\/u> per <a href=\"mailto:info@werecycle.ch\">E-Mail<\/a> (24h) oder zu Gesch\u00e4ftszeiten per <a href=\"tel:0445035620\">Telefon<\/a>.<\/p><p>Falls diese Voraussetzungen nicht erf\u00fcllt sind, dann ist eine \u00c4nderung oder Stornierung NICHT mehr m\u00f6glich. In diesem Fall hast Du die M\u00f6glichkeit die Bestellung innert 14 Tagen auf eigene Kosten an uns zu retournieren.\u00a0<\/p><p><a href=\"https:\/\/www.werecycle.ch\/ruecksendung-widerruf\/\">Informationen zur R\u00fccksendung und Widerruf<\/a><\/p>\t\t\t\t\t\t\t\t<\/div>\n\t\t\t\t<\/div>\n\t\t\t\t<\/div>\n\t\t\t\t\t<\/details>\n\t\t\t\t\t<\/div>\n\t\t\t\t\t\t<\/div>\n\t\t\t\t<\/div>\n\t\t\t\t<\/div>\n\t\t<div class=\"elementor-element elementor-element-b0866a0 e-con-full e-flex e-con e-child\" data-id=\"b0866a0\" data-element_type=\"container\" data-e-type=\"container\">\n\t\t\t\t<div class=\"elementor-element elementor-element-191d9a4 elementor-widget elementor-widget-heading\" data-id=\"191d9a4\" data-element_type=\"widget\" data-e-type=\"widget\" data-widget_type=\"heading.default\">\n\t\t\t\t<div class=\"elementor-widget-container\">\n\t\t\t\t\t<h2 class=\"elementor-heading-title elementor-size-default\">M\u00e4ngel und Retouren<\/h2>\t\t\t\t<\/div>\n\t\t\t\t<\/div>\n\t\t\t\t<div class=\"elementor-element elementor-element-eca1f68 elementor-widget elementor-widget-n-accordion\" data-id=\"eca1f68\" data-element_type=\"widget\" data-e-type=\"widget\" data-settings=\"{&quot;default_state&quot;:&quot;all_collapsed&quot;,&quot;max_items_expended&quot;:&quot;one&quot;,&quot;n_accordion_animation_duration&quot;:{&quot;unit&quot;:&quot;ms&quot;,&quot;size&quot;:400,&quot;sizes&quot;:[]}}\" data-widget_type=\"nested-accordion.default\">\n\t\t\t\t<div class=\"elementor-widget-container\">\n\t\t\t\t\t\t\t<div class=\"e-n-accordion\" aria-label=\"Accordion. Open links with Enter or Space, close with Escape, and navigate with Arrow Keys\">\n\t\t\t\t\t\t<details id=\"e-n-accordion-item-2480\" class=\"e-n-accordion-item\" >\n\t\t\t\t<summary class=\"e-n-accordion-item-title\" data-accordion-index=\"1\" tabindex=\"0\" aria-expanded=\"false\" aria-controls=\"e-n-accordion-item-2480\" >\n\t\t\t\t\t<span class='e-n-accordion-item-title-header'><div class=\"e-n-accordion-item-title-text\"> Meine Bestellung ist unvollst\u00e4ndig <\/div><\/span>\n\t\t\t\t\t\t\t<span class='e-n-accordion-item-title-icon'>\n\t\t\t<span class='e-opened' ><i aria-hidden=\"true\" class=\"fas fa-chevron-up\"><\/i><\/span>\n\t\t\t<span class='e-closed'><i aria-hidden=\"true\" class=\"fas fa-angle-down\"><\/i><\/span>\n\t\t<\/span>\n\n\t\t\t\t\t\t<\/summary>\n\t\t\t\t<div role=\"region\" aria-labelledby=\"e-n-accordion-item-2480\" class=\"elementor-element elementor-element-17c2aa4 e-con-full e-flex e-con e-child\" data-id=\"17c2aa4\" data-element_type=\"container\" data-e-type=\"container\">\n\t\t\t\t<div class=\"elementor-element elementor-element-8d9c1a1 elementor-widget elementor-widget-text-editor\" data-id=\"8d9c1a1\" data-element_type=\"widget\" data-e-type=\"widget\" data-widget_type=\"text-editor.default\">\n\t\t\t\t<div class=\"elementor-widget-container\">\n\t\t\t\t\t\t\t\t\t<p>Aus logistischen Gr\u00fcnden m\u00fcssen manche Bestellungen in mehreren Sendungen \/ Paketen geliefert werden.\u00a0<\/p><p>In Deiner Versandbest\u00e4tigung per E-Mail findest Du die Sendungsnummern zur Nachverfolgung. Bei Teillieferungen erh\u00e4ltst Du eine entsprechende Benachrichtigung.<\/p><p>Falls Deine Bestellung bereits vollst\u00e4ndig geliefert wurde aber ein Artikel fehlt, dann kontaktiere uns bitte innert 48 Stunden nach Empfang der Lieferung.<\/p><div role=\"region\" data-tab=\"2\" aria-labelledby=\"elementor-tab-title-1132\">\u00a0<\/div>\t\t\t\t\t\t\t\t<\/div>\n\t\t\t\t<\/div>\n\t\t\t\t<\/div>\n\t\t\t\t\t<\/details>\n\t\t\t\t\t\t<details id=\"e-n-accordion-item-2481\" class=\"e-n-accordion-item\" >\n\t\t\t\t<summary class=\"e-n-accordion-item-title\" data-accordion-index=\"2\" tabindex=\"-1\" aria-expanded=\"false\" aria-controls=\"e-n-accordion-item-2481\" >\n\t\t\t\t\t<span class='e-n-accordion-item-title-header'><div class=\"e-n-accordion-item-title-text\"> Ein Artikel ist defekt oder hat M\u00e4ngel <\/div><\/span>\n\t\t\t\t\t\t\t<span class='e-n-accordion-item-title-icon'>\n\t\t\t<span class='e-opened' ><i aria-hidden=\"true\" class=\"fas fa-chevron-up\"><\/i><\/span>\n\t\t\t<span class='e-closed'><i aria-hidden=\"true\" class=\"fas fa-angle-down\"><\/i><\/span>\n\t\t<\/span>\n\n\t\t\t\t\t\t<\/summary>\n\t\t\t\t<div role=\"region\" aria-labelledby=\"e-n-accordion-item-2481\" class=\"elementor-element elementor-element-c86c88a e-con-full e-flex e-con e-child\" data-id=\"c86c88a\" data-element_type=\"container\" data-e-type=\"container\">\n\t\t\t\t<div class=\"elementor-element elementor-element-5afe543 elementor-widget elementor-widget-text-editor\" data-id=\"5afe543\" data-element_type=\"widget\" data-e-type=\"widget\" data-widget_type=\"text-editor.default\">\n\t\t\t\t<div class=\"elementor-widget-container\">\n\t\t\t\t\t\t\t\t\t<div class=\"elementor-toggle-item\"><div id=\"elementor-tab-content-1132\" class=\"elementor-tab-content elementor-clearfix elementor-active\" role=\"region\" data-tab=\"2\" aria-labelledby=\"elementor-tab-title-1132\"><p>Falls Du einen defekten oder mangelhaften Artikel erhalten hast, dann dokumentiere bitte folgendes:<\/p><ul><li>Verpackung bei Erhalt (falls besch\u00e4digt)<\/li><li>Defekten oder mangelhaften Artikel<\/li><\/ul><p>Bitte kontaktiere uns innert 48 Stunden nach Empfang der Lieferung per <a href=\"mailto:info@werecycle.ch\">E-Mail<\/a>. Bitte erw\u00e4hne den Defekt \/ Mangel und lege die entsprechenden Fotos als Anhang bei.\u00a0<\/p><p><strong><b>\u2794 <\/b>Bitte bewahre die komplette Sendung bis zur endg\u00fcltigen Kl\u00e4rung vollst\u00e4ndig (inkl. Verpackung!) auf.<\/strong><\/p><\/div><\/div>\t\t\t\t\t\t\t\t<\/div>\n\t\t\t\t<\/div>\n\t\t\t\t<\/div>\n\t\t\t\t\t<\/details>\n\t\t\t\t\t\t<details id=\"e-n-accordion-item-2482\" class=\"e-n-accordion-item\" >\n\t\t\t\t<summary class=\"e-n-accordion-item-title\" data-accordion-index=\"3\" tabindex=\"-1\" aria-expanded=\"false\" aria-controls=\"e-n-accordion-item-2482\" >\n\t\t\t\t\t<span class='e-n-accordion-item-title-header'><div class=\"e-n-accordion-item-title-text\"> Bestellung retournieren <\/div><\/span>\n\t\t\t\t\t\t\t<span class='e-n-accordion-item-title-icon'>\n\t\t\t<span class='e-opened' ><i aria-hidden=\"true\" class=\"fas fa-chevron-up\"><\/i><\/span>\n\t\t\t<span class='e-closed'><i aria-hidden=\"true\" class=\"fas fa-angle-down\"><\/i><\/span>\n\t\t<\/span>\n\n\t\t\t\t\t\t<\/summary>\n\t\t\t\t<div role=\"region\" aria-labelledby=\"e-n-accordion-item-2482\" class=\"elementor-element elementor-element-a19ae2a e-con-full e-flex e-con e-child\" data-id=\"a19ae2a\" data-element_type=\"container\" data-e-type=\"container\">\n\t\t\t\t<div class=\"elementor-element elementor-element-936a2db elementor-widget elementor-widget-text-editor\" data-id=\"936a2db\" data-element_type=\"widget\" data-e-type=\"widget\" data-widget_type=\"text-editor.default\">\n\t\t\t\t<div class=\"elementor-widget-container\">\n\t\t\t\t\t\t\t\t\t<div class=\"elementor-toggle-item\"><div id=\"elementor-tab-content-1132\" class=\"elementor-tab-content elementor-clearfix elementor-active\" role=\"region\" data-tab=\"2\" aria-labelledby=\"elementor-tab-title-1132\"><p>Du kannst Deine Bestellung innert 14 Tagen nach Erhalt retournieren, wenn folgende Voraussetzungen erf\u00fcllt sind:<\/p><ul><li>Produkt ist neuwertig<\/li><li>Produkt ist in verkaufsf\u00e4higem Zustand<\/li><li>Produkt ist vollst\u00e4ndig, inkl. Verpackung, Etiketten, Anleitungen etc.<\/li><\/ul><p>Die R\u00fccksendung erfolgt <strong>auf eigene Kosten<\/strong> und Gefahr.<\/p><p>Bitte melde Deine R\u00fccksendung und teile uns mit, ob Du einen anderen Artikel (Umtausch) oder eine R\u00fcckerstattung (i.d.R. als Gutschein) w\u00fcnschst. Per <a href=\"mailto:info@werecycle.ch\">E-Mail<\/a> (24h) oder zu Gesch\u00e4ftszeiten per <a href=\"tel:0445035620\">Telefon<\/a>.<\/p><p><a href=\"https:\/\/www.werecycle.ch\/ruecksendung-widerruf\/\">Informationen zur R\u00fccksendung und Widerruf<\/a><\/p><\/div><\/div>\t\t\t\t\t\t\t\t<\/div>\n\t\t\t\t<\/div>\n\t\t\t\t<\/div>\n\t\t\t\t\t<\/details>\n\t\t\t\t\t<\/div>\n\t\t\t\t\t\t<\/div>\n\t\t\t\t<\/div>\n\t\t\t\t<\/div>\n\t\t\t\t\t<\/div>\n\t\t\t\t<\/div>\n\t\t\t\t<section class=\"elementor-section elementor-top-section elementor-element elementor-element-bace410 elementor-section-boxed elementor-section-height-default elementor-section-height-default\" data-id=\"bace410\" data-element_type=\"section\" data-e-type=\"section\">\n\t\t\t\t\t\t<div class=\"elementor-container elementor-column-gap-default\">\n\t\t\t\t\t<div class=\"elementor-column elementor-col-100 elementor-top-column elementor-element elementor-element-0695edd\" data-id=\"0695edd\" data-element_type=\"column\" data-e-type=\"column\">\n\t\t\t<div class=\"elementor-widget-wrap elementor-element-populated\">\n\t\t\t\t\t\t<div class=\"elementor-element elementor-element-d2440cd elementor-widget elementor-widget-text-editor\" data-id=\"d2440cd\" data-element_type=\"widget\" data-e-type=\"widget\" data-widget_type=\"text-editor.default\">\n\t\t\t\t<div class=\"elementor-widget-container\">\n\t\t\t\t\t\t\t\t\t<p><strong>Du hast weitere Fragen?\u00a0<\/strong><br \/>Gerne stehen wir Dir <a href=\"tel:+41445236151\">telefonisch<\/a> oder per <a href=\"mailto:info@werecycle.ch\">E-Mail<\/a> zur Verf\u00fcgung.<\/p>\t\t\t\t\t\t\t\t<\/div>\n\t\t\t\t<\/div>\n\t\t\t\t\t<\/div>\n\t\t<\/div>\n\t\t\t\t\t<\/div>\n\t\t<\/section>\n\t\t\t\t<\/div>\n\t\t","protected":false},"excerpt":{"rendered":"<p>FAQ &#8211; H\u00e4ufig gestellte Fragen &amp; Antworten Recycling Abonnement In welchen Regionen ist das Recycling Abo verf\u00fcgbar Einen \u00dcberblick unseres aktuellen Abholgebietes findest Du auf der untenstehenden Karte.&nbsp;Auf der Seite &#8222;Abholdaten&#8220; kannst Du Deine PLZ individuell \u00fcberpr\u00fcfen. Abonnement verl\u00e4ngern Dein Recycling Abonnement ist (wie jedes andere Abonnement von Handy, Zeitung, Internet etc.) unbefrist und l\u00e4uft [&hellip;]<\/p>\n","protected":false},"author":2,"featured_media":0,"parent":0,"menu_order":0,"comment_status":"closed","ping_status":"closed","template":"","meta":{"ocean_post_layout":"full-screen","ocean_both_sidebars_style":"","ocean_both_sidebars_content_width":0,"ocean_both_sidebars_sidebars_width":0,"ocean_sidebar":"0","ocean_second_sidebar":"0","ocean_disable_margins":"enable","ocean_add_body_class":"","ocean_shortcode_before_top_bar":"","ocean_shortcode_after_top_bar":"","ocean_shortcode_before_header":"","ocean_shortcode_after_header":"","ocean_has_shortcode":"","ocean_shortcode_after_title":"","ocean_shortcode_before_footer_widgets":"","ocean_shortcode_after_footer_widgets":"","ocean_shortcode_before_footer_bottom":"","ocean_shortcode_after_footer_bottom":"","ocean_display_top_bar":"default","ocean_display_header":"default","ocean_header_style":"","ocean_center_header_left_menu":"0","ocean_custom_header_template":"0","ocean_custom_logo":0,"ocean_custom_retina_logo":0,"ocean_custom_logo_max_width":0,"ocean_custom_logo_tablet_max_width":0,"ocean_custom_logo_mobile_max_width":0,"ocean_custom_logo_max_height":0,"ocean_custom_logo_tablet_max_height":0,"ocean_custom_logo_mobile_max_height":0,"ocean_header_custom_menu":"0","ocean_menu_typo_font_family":"0","ocean_menu_typo_font_subset":"","ocean_menu_typo_font_size":0,"ocean_menu_typo_font_size_tablet":0,"ocean_menu_typo_font_size_mobile":0,"ocean_menu_typo_font_size_unit":"px","ocean_menu_typo_font_weight":"","ocean_menu_typo_font_weight_tablet":"","ocean_menu_typo_font_weight_mobile":"","ocean_menu_typo_transform":"","ocean_menu_typo_transform_tablet":"","ocean_menu_typo_transform_mobile":"","ocean_menu_typo_line_height":0,"ocean_menu_typo_line_height_tablet":0,"ocean_menu_typo_line_height_mobile":0,"ocean_menu_typo_line_height_unit":"","ocean_menu_typo_spacing":0,"ocean_menu_typo_spacing_tablet":0,"ocean_menu_typo_spacing_mobile":0,"ocean_menu_typo_spacing_unit":"","ocean_menu_link_color":"","ocean_menu_link_color_hover":"","ocean_menu_link_color_active":"","ocean_menu_link_background":"","ocean_menu_link_hover_background":"","ocean_menu_link_active_background":"","ocean_menu_social_links_bg":"","ocean_menu_social_hover_links_bg":"","ocean_menu_social_links_color":"","ocean_menu_social_hover_links_color":"","ocean_disable_title":"on","ocean_disable_heading":"default","ocean_post_title":"","ocean_post_subheading":"","ocean_post_title_style":"","ocean_post_title_background_color":"","ocean_post_title_background":0,"ocean_post_title_bg_image_position":"","ocean_post_title_bg_image_attachment":"","ocean_post_title_bg_image_repeat":"","ocean_post_title_bg_image_size":"","ocean_post_title_height":0,"ocean_post_title_bg_overlay":0.5,"ocean_post_title_bg_overlay_color":"","ocean_disable_breadcrumbs":"default","ocean_breadcrumbs_color":"","ocean_breadcrumbs_separator_color":"","ocean_breadcrumbs_links_color":"","ocean_breadcrumbs_links_hover_color":"","ocean_display_footer_widgets":"default","ocean_display_footer_bottom":"default","ocean_custom_footer_template":"0","ofc_meta_disable_footer_callout":"on","ofc_meta_callout_button_url":"","ofc_meta_callout_button_txt":"","ofc_meta_callout_text":"","osh_disable_topbar_sticky":"default","osh_disable_header_sticky":"default","osh_sticky_header_style":"default","osh_sticky_header_effect":"","osh_custom_sticky_logo":0,"osh_custom_retina_sticky_logo":0,"osh_custom_sticky_logo_height":0,"osh_background_color":"","osh_links_color":"","osh_links_hover_color":"","osh_links_active_color":"","osh_links_bg_color":"","osh_links_hover_bg_color":"","osh_links_active_bg_color":"","osh_menu_social_links_color":"","osh_menu_social_hover_links_color":"","footnotes":""},"class_list":["post-27778","page","type-page","status-publish","hentry","entry","owp-thumbs-layout-horizontal","owp-btn-normal","owp-tabs-layout-horizontal","has-no-thumbnails","circle-sale"],"yoast_head":"<!-- This site is optimized with the Yoast SEO plugin v27.5 - https:\/\/yoast.com\/product\/yoast-seo-wordpress\/ -->\n<title>FAQ - Meistgestellte Fragen und Antworten - WeRecycle.ch | WR Group AG<\/title>\n<meta name=\"robots\" content=\"index, follow, max-snippet:-1, max-image-preview:large, max-video-preview:-1\" \/>\n<link rel=\"canonical\" href=\"https:\/\/www.werecycle.ch\/de\/faq\/\" \/>\n<meta property=\"og:locale\" content=\"de_DE\" \/>\n<meta property=\"og:type\" content=\"article\" \/>\n<meta property=\"og:title\" content=\"FAQ - Meistgestellte Fragen und Antworten - WeRecycle.ch | WR Group AG\" \/>\n<meta property=\"og:description\" content=\"FAQ &#8211; H\u00e4ufig gestellte Fragen &amp; Antworten Recycling Abonnement In welchen Regionen ist das Recycling Abo verf\u00fcgbar Einen \u00dcberblick unseres aktuellen Abholgebietes findest Du auf der untenstehenden Karte.&nbsp;Auf der Seite &#8222;Abholdaten&#8220; kannst Du Deine PLZ individuell \u00fcberpr\u00fcfen. Abonnement verl\u00e4ngern Dein Recycling Abonnement ist (wie jedes andere Abonnement von Handy, Zeitung, Internet etc.) unbefrist und l\u00e4uft [&hellip;]\" \/>\n<meta property=\"og:url\" content=\"https:\/\/www.werecycle.ch\/de\/faq\/\" \/>\n<meta property=\"og:site_name\" content=\"WeRecycle.ch | WR Group AG\" \/>\n<meta property=\"article:publisher\" content=\"https:\/\/www.facebook.com\/www.werecycle.ch\" \/>\n<meta property=\"article:modified_time\" content=\"2025-08-07T09:19:08+00:00\" \/>\n<meta property=\"og:image\" content=\"https:\/\/www.werecycle.ch\/wp-content\/uploads\/2022\/09\/Karte-Servicegebiete-inkl.-Basel-scaled.webp\" \/>\n\t<meta property=\"og:image:width\" content=\"2560\" \/>\n\t<meta property=\"og:image:height\" content=\"1713\" \/>\n\t<meta property=\"og:image:type\" content=\"image\/webp\" \/>\n<meta name=\"twitter:card\" content=\"summary_large_image\" \/>\n<script type=\"application\/ld+json\" class=\"yoast-schema-graph\">{\"@context\":\"https:\\\/\\\/schema.org\",\"@graph\":[{\"@type\":\"WebPage\",\"@id\":\"https:\\\/\\\/www.werecycle.ch\\\/faq\\\/\",\"url\":\"https:\\\/\\\/www.werecycle.ch\\\/faq\\\/\",\"name\":\"FAQ - Meistgestellte Fragen und Antworten - WeRecycle.ch | WR Group AG\",\"isPartOf\":{\"@id\":\"https:\\\/\\\/www.werecycle.ch\\\/de\\\/#website\"},\"primaryImageOfPage\":{\"@id\":\"https:\\\/\\\/www.werecycle.ch\\\/faq\\\/#primaryimage\"},\"image\":{\"@id\":\"https:\\\/\\\/www.werecycle.ch\\\/faq\\\/#primaryimage\"},\"thumbnailUrl\":\"https:\\\/\\\/www.werecycle.ch\\\/wp-content\\\/uploads\\\/2022\\\/09\\\/Karte-Servicegebiete-inkl.-Basel-1024x685.webp\",\"datePublished\":\"2025-06-19T09:36:29+00:00\",\"dateModified\":\"2025-08-07T09:19:08+00:00\",\"breadcrumb\":{\"@id\":\"https:\\\/\\\/www.werecycle.ch\\\/faq\\\/#breadcrumb\"},\"inLanguage\":\"de\",\"potentialAction\":[{\"@type\":\"ReadAction\",\"target\":[\"https:\\\/\\\/www.werecycle.ch\\\/faq\\\/\"]}]},{\"@type\":\"ImageObject\",\"inLanguage\":\"de\",\"@id\":\"https:\\\/\\\/www.werecycle.ch\\\/faq\\\/#primaryimage\",\"url\":\"https:\\\/\\\/www.werecycle.ch\\\/wp-content\\\/uploads\\\/2022\\\/09\\\/Karte-Servicegebiete-inkl.-Basel-1024x685.webp\",\"contentUrl\":\"https:\\\/\\\/www.werecycle.ch\\\/wp-content\\\/uploads\\\/2022\\\/09\\\/Karte-Servicegebiete-inkl.-Basel-1024x685.webp\"},{\"@type\":\"BreadcrumbList\",\"@id\":\"https:\\\/\\\/www.werecycle.ch\\\/faq\\\/#breadcrumb\",\"itemListElement\":[{\"@type\":\"ListItem\",\"position\":1,\"name\":\"Startseite\",\"item\":\"https:\\\/\\\/www.werecycle.ch\\\/\"},{\"@type\":\"ListItem\",\"position\":2,\"name\":\"FAQ &#8211; Meistgestellte Fragen und Antworten\"}]},{\"@type\":\"WebSite\",\"@id\":\"https:\\\/\\\/www.werecycle.ch\\\/de\\\/#website\",\"url\":\"https:\\\/\\\/www.werecycle.ch\\\/de\\\/\",\"name\":\"WeRecycle.ch | Recycling Services AG\",\"description\":\"\",\"publisher\":{\"@id\":\"https:\\\/\\\/www.werecycle.ch\\\/de\\\/#organization\"},\"potentialAction\":[{\"@type\":\"SearchAction\",\"target\":{\"@type\":\"EntryPoint\",\"urlTemplate\":\"https:\\\/\\\/www.werecycle.ch\\\/de\\\/?s={search_term_string}\"},\"query-input\":{\"@type\":\"PropertyValueSpecification\",\"valueRequired\":true,\"valueName\":\"search_term_string\"}}],\"inLanguage\":\"de\"},{\"@type\":\"Organization\",\"@id\":\"https:\\\/\\\/www.werecycle.ch\\\/de\\\/#organization\",\"name\":\"WeRecycle.ch | Recycling Services AG\",\"url\":\"https:\\\/\\\/www.werecycle.ch\\\/de\\\/\",\"logo\":{\"@type\":\"ImageObject\",\"inLanguage\":\"de\",\"@id\":\"https:\\\/\\\/www.werecycle.ch\\\/de\\\/#\\\/schema\\\/logo\\\/image\\\/\",\"url\":\"https:\\\/\\\/www.werecycle.ch\\\/wp-content\\\/uploads\\\/2022\\\/09\\\/logo_werecycle.webp\",\"contentUrl\":\"https:\\\/\\\/www.werecycle.ch\\\/wp-content\\\/uploads\\\/2022\\\/09\\\/logo_werecycle.webp\",\"width\":1423,\"height\":427,\"caption\":\"WeRecycle.ch | Recycling Services AG\"},\"image\":{\"@id\":\"https:\\\/\\\/www.werecycle.ch\\\/de\\\/#\\\/schema\\\/logo\\\/image\\\/\"},\"sameAs\":[\"https:\\\/\\\/www.facebook.com\\\/www.werecycle.ch\"]}]}<\/script>\n<!-- \/ Yoast SEO plugin. -->","yoast_head_json":{"title":"FAQ - Meistgestellte Fragen und Antworten - WeRecycle.ch | WR Group AG","robots":{"index":"index","follow":"follow","max-snippet":"max-snippet:-1","max-image-preview":"max-image-preview:large","max-video-preview":"max-video-preview:-1"},"canonical":"https:\/\/www.werecycle.ch\/de\/faq\/","og_locale":"de_DE","og_type":"article","og_title":"FAQ - Meistgestellte Fragen und Antworten - WeRecycle.ch | WR Group AG","og_description":"FAQ &#8211; H\u00e4ufig gestellte Fragen &amp; Antworten Recycling Abonnement In welchen Regionen ist das Recycling Abo verf\u00fcgbar Einen \u00dcberblick unseres aktuellen Abholgebietes findest Du auf der untenstehenden Karte.&nbsp;Auf der Seite &#8222;Abholdaten&#8220; kannst Du Deine PLZ individuell \u00fcberpr\u00fcfen. Abonnement verl\u00e4ngern Dein Recycling Abonnement ist (wie jedes andere Abonnement von Handy, Zeitung, Internet etc.) unbefrist und l\u00e4uft [&hellip;]","og_url":"https:\/\/www.werecycle.ch\/de\/faq\/","og_site_name":"WeRecycle.ch | WR Group AG","article_publisher":"https:\/\/www.facebook.com\/www.werecycle.ch","article_modified_time":"2025-08-07T09:19:08+00:00","og_image":[{"width":2560,"height":1713,"url":"https:\/\/www.werecycle.ch\/wp-content\/uploads\/2022\/09\/Karte-Servicegebiete-inkl.-Basel-scaled.webp","type":"image\/webp"}],"twitter_card":"summary_large_image","schema":{"@context":"https:\/\/schema.org","@graph":[{"@type":"WebPage","@id":"https:\/\/www.werecycle.ch\/faq\/","url":"https:\/\/www.werecycle.ch\/faq\/","name":"FAQ - Meistgestellte Fragen und Antworten - WeRecycle.ch | WR Group AG","isPartOf":{"@id":"https:\/\/www.werecycle.ch\/de\/#website"},"primaryImageOfPage":{"@id":"https:\/\/www.werecycle.ch\/faq\/#primaryimage"},"image":{"@id":"https:\/\/www.werecycle.ch\/faq\/#primaryimage"},"thumbnailUrl":"https:\/\/www.werecycle.ch\/wp-content\/uploads\/2022\/09\/Karte-Servicegebiete-inkl.-Basel-1024x685.webp","datePublished":"2025-06-19T09:36:29+00:00","dateModified":"2025-08-07T09:19:08+00:00","breadcrumb":{"@id":"https:\/\/www.werecycle.ch\/faq\/#breadcrumb"},"inLanguage":"de","potentialAction":[{"@type":"ReadAction","target":["https:\/\/www.werecycle.ch\/faq\/"]}]},{"@type":"ImageObject","inLanguage":"de","@id":"https:\/\/www.werecycle.ch\/faq\/#primaryimage","url":"https:\/\/www.werecycle.ch\/wp-content\/uploads\/2022\/09\/Karte-Servicegebiete-inkl.-Basel-1024x685.webp","contentUrl":"https:\/\/www.werecycle.ch\/wp-content\/uploads\/2022\/09\/Karte-Servicegebiete-inkl.-Basel-1024x685.webp"},{"@type":"BreadcrumbList","@id":"https:\/\/www.werecycle.ch\/faq\/#breadcrumb","itemListElement":[{"@type":"ListItem","position":1,"name":"Startseite","item":"https:\/\/www.werecycle.ch\/"},{"@type":"ListItem","position":2,"name":"FAQ &#8211; Meistgestellte Fragen und Antworten"}]},{"@type":"WebSite","@id":"https:\/\/www.werecycle.ch\/de\/#website","url":"https:\/\/www.werecycle.ch\/de\/","name":"WeRecycle.ch | Recycling Services AG","description":"","publisher":{"@id":"https:\/\/www.werecycle.ch\/de\/#organization"},"potentialAction":[{"@type":"SearchAction","target":{"@type":"EntryPoint","urlTemplate":"https:\/\/www.werecycle.ch\/de\/?s={search_term_string}"},"query-input":{"@type":"PropertyValueSpecification","valueRequired":true,"valueName":"search_term_string"}}],"inLanguage":"de"},{"@type":"Organization","@id":"https:\/\/www.werecycle.ch\/de\/#organization","name":"WeRecycle.ch | Recycling Services AG","url":"https:\/\/www.werecycle.ch\/de\/","logo":{"@type":"ImageObject","inLanguage":"de","@id":"https:\/\/www.werecycle.ch\/de\/#\/schema\/logo\/image\/","url":"https:\/\/www.werecycle.ch\/wp-content\/uploads\/2022\/09\/logo_werecycle.webp","contentUrl":"https:\/\/www.werecycle.ch\/wp-content\/uploads\/2022\/09\/logo_werecycle.webp","width":1423,"height":427,"caption":"WeRecycle.ch | Recycling Services AG"},"image":{"@id":"https:\/\/www.werecycle.ch\/de\/#\/schema\/logo\/image\/"},"sameAs":["https:\/\/www.facebook.com\/www.werecycle.ch"]}]}},"_links":{"self":[{"href":"https:\/\/www.werecycle.ch\/de\/wp-json\/wp\/v2\/pages\/27778","targetHints":{"allow":["GET"]}}],"collection":[{"href":"https:\/\/www.werecycle.ch\/de\/wp-json\/wp\/v2\/pages"}],"about":[{"href":"https:\/\/www.werecycle.ch\/de\/wp-json\/wp\/v2\/types\/page"}],"author":[{"embeddable":true,"href":"https:\/\/www.werecycle.ch\/de\/wp-json\/wp\/v2\/users\/2"}],"replies":[{"embeddable":true,"href":"https:\/\/www.werecycle.ch\/de\/wp-json\/wp\/v2\/comments?post=27778"}],"version-history":[{"count":3,"href":"https:\/\/www.werecycle.ch\/de\/wp-json\/wp\/v2\/pages\/27778\/revisions"}],"predecessor-version":[{"id":29227,"href":"https:\/\/www.werecycle.ch\/de\/wp-json\/wp\/v2\/pages\/27778\/revisions\/29227"}],"wp:attachment":[{"href":"https:\/\/www.werecycle.ch\/de\/wp-json\/wp\/v2\/media?parent=27778"}],"curies":[{"name":"wp","href":"https:\/\/api.w.org\/{rel}","templated":true}]}}