{"id":2517,"date":"2022-10-13T15:29:41","date_gmt":"2022-10-13T13:29:41","guid":{"rendered":"https:\/\/www.werecycle.ch\/?page_id=2517"},"modified":"2025-09-05T08:54:18","modified_gmt":"2025-09-05T07:54:18","slug":"ueber-werecycle","status":"publish","type":"page","link":"https:\/\/www.werecycle.ch\/de\/ueber-werecycle\/","title":{"rendered":"\u00dcber WeRecycle"},"content":{"rendered":"\t\t<div data-elementor-type=\"wp-page\" data-elementor-id=\"2517\" class=\"elementor elementor-2517\" data-elementor-post-type=\"page\">\n\t\t\t\t\t\t<section class=\"elementor-section elementor-top-section elementor-element elementor-element-9418dee elementor-section-boxed elementor-section-height-default elementor-section-height-default\" data-id=\"9418dee\" data-element_type=\"section\" data-e-type=\"section\">\n\t\t\t\t\t\t<div class=\"elementor-container elementor-column-gap-default\">\n\t\t\t\t\t<div class=\"elementor-column elementor-col-100 elementor-top-column elementor-element elementor-element-37d1ad3\" data-id=\"37d1ad3\" data-element_type=\"column\" data-e-type=\"column\">\n\t\t\t<div class=\"elementor-widget-wrap elementor-element-populated\">\n\t\t\t\t\t\t<div class=\"elementor-element elementor-element-6c0aefc elementor-widget elementor-widget-heading\" data-id=\"6c0aefc\" data-element_type=\"widget\" data-e-type=\"widget\" data-widget_type=\"heading.default\">\n\t\t\t\t<div class=\"elementor-widget-container\">\n\t\t\t\t\t<h1 class=\"elementor-heading-title elementor-size-large\">\u00dcber WeRecycle<\/h1>\t\t\t\t<\/div>\n\t\t\t\t<\/div>\n\t\t\t\t\t<\/div>\n\t\t<\/div>\n\t\t\t\t\t<\/div>\n\t\t<\/section>\n\t\t\t\t<section class=\"elementor-section elementor-top-section elementor-element elementor-element-c039779 elementor-section-boxed elementor-section-height-default elementor-section-height-default\" data-id=\"c039779\" data-element_type=\"section\" data-e-type=\"section\">\n\t\t\t\t\t\t<div class=\"elementor-container elementor-column-gap-default\">\n\t\t\t\t\t<div class=\"elementor-column elementor-col-100 elementor-top-column elementor-element elementor-element-218e6ed\" data-id=\"218e6ed\" data-element_type=\"column\" data-e-type=\"column\">\n\t\t\t<div class=\"elementor-widget-wrap elementor-element-populated\">\n\t\t\t\t\t\t<div class=\"elementor-element elementor-element-68d35e8 elementor-widget elementor-widget-image\" data-id=\"68d35e8\" data-element_type=\"widget\" data-e-type=\"widget\" data-widget_type=\"image.default\">\n\t\t\t\t<div class=\"elementor-widget-container\">\n\t\t\t\t\t\t\t\t\t\t\t\t\t\t\t<img fetchpriority=\"high\" decoding=\"async\" width=\"1200\" height=\"628\" src=\"https:\/\/www.werecycle.ch\/wp-content\/uploads\/2022\/10\/teamfoto_werecycle.webp\" class=\"attachment-full size-full wp-image-2519\" alt=\"\" srcset=\"https:\/\/www.werecycle.ch\/wp-content\/uploads\/2022\/10\/teamfoto_werecycle.webp 1200w, https:\/\/www.werecycle.ch\/wp-content\/uploads\/2022\/10\/teamfoto_werecycle-300x157.webp 300w, https:\/\/www.werecycle.ch\/wp-content\/uploads\/2022\/10\/teamfoto_werecycle-1024x536.webp 1024w, https:\/\/www.werecycle.ch\/wp-content\/uploads\/2022\/10\/teamfoto_werecycle-768x402.webp 768w, https:\/\/www.werecycle.ch\/wp-content\/uploads\/2022\/10\/teamfoto_werecycle-504x264.webp 504w\" sizes=\"(max-width: 1200px) 100vw, 1200px\" \/>\t\t\t\t\t\t\t\t\t\t\t\t\t\t\t<\/div>\n\t\t\t\t<\/div>\n\t\t\t\t\t<\/div>\n\t\t<\/div>\n\t\t\t\t\t<\/div>\n\t\t<\/section>\n\t\t\t\t<section class=\"elementor-section elementor-top-section elementor-element elementor-element-b6e3652 elementor-section-boxed elementor-section-height-default elementor-section-height-default\" data-id=\"b6e3652\" data-element_type=\"section\" data-e-type=\"section\">\n\t\t\t\t\t\t<div class=\"elementor-container elementor-column-gap-default\">\n\t\t\t\t\t<div class=\"elementor-column elementor-col-100 elementor-top-column elementor-element elementor-element-085bc3e\" data-id=\"085bc3e\" data-element_type=\"column\" data-e-type=\"column\">\n\t\t\t<div class=\"elementor-widget-wrap elementor-element-populated\">\n\t\t\t\t\t\t<div class=\"elementor-element elementor-element-2de0bd0 elementor-widget elementor-widget-text-editor\" data-id=\"2de0bd0\" data-element_type=\"widget\" data-e-type=\"widget\" data-widget_type=\"text-editor.default\">\n\t\t\t\t<div class=\"elementor-widget-container\">\n\t\t\t\t\t\t\t\t\t<p><b>WeRecycle ist Dein Abholservice f\u00fcr alle unsortierten Wertstoffe &#8211; Zuhause &amp; in Unternehmen<\/b><\/p><p>Mit einem WeRecycle Abonnement holen wir recyclebare G\u00fcter wie Plastikverpackungen, Alu, PET, PE Flaschen, Folien, Glasflaschen, Elektro-Kleinger\u00e4te, Tetrapaks, Kork, Batterien, Kaffeekapseln, Styropor, leere Toner usw. in unserem Sammelbag ab, sortieren die einzelnen Wertstoffe von Hand aus und f\u00fchren diese \u00fcber unsere regionalen Partnerfirmen zur\u00fcck in den Wertstoffkreislauf.<br \/>Du sparst Dir die Zeit und den Aufwand der Sortierung und Entsorgung. Du wirfst ganz einfach alle potenzielle Recyclingg\u00fcter in den Sammelbag &#8211; wir erledigen den Rest.<\/p><p>Gib uns Deine Wertstoffe bevor sie zu Abfall werden, denn es k\u00f6nnen weit mehr Wertstoffe wiederverwertet \u00a0werden als man denken w\u00fcrde &#8211; auch diejenigen, f\u00fcr die es heute noch fast keine Sammelstellen gibt wie z.B. TetraPak, verschiedene Plastiksorten oder Kork. Unsere Profis haben einen geschulten Blick und wir die n\u00f6tigen Kapazit\u00e4ten und Abnehmer, um alle Rohstoffe bestm\u00f6glich zu erhalten. Effizient, \u00f6kologisch und nachhaltig &#8211; und f\u00fcr Dich ganz ohne Aufwand.<\/p>\t\t\t\t\t\t\t\t<\/div>\n\t\t\t\t<\/div>\n\t\t\t\t<div class=\"elementor-element elementor-element-d68f681 elementor-widget elementor-widget-html\" data-id=\"d68f681\" data-element_type=\"widget\" data-e-type=\"widget\" data-widget_type=\"html.default\">\n\t\t\t\t<div class=\"elementor-widget-container\">\n\t\t\t\t\t<script>\r\n        (function(w, d, s, o, f, js, fjs) {\r\n            w[\"Targetbox-Trees-Widget\"] = o;\r\n            w[o] = w[o] || function() {\r\n              (w[o].q = w[o].q || []).push(arguments);\r\n            };\r\n            (js = d.createElement(s)), (fjs = d.getElementsByTagName(s)[0]);\r\n            js.id = o;\r\n            js.src = f;\r\n            js.async = 1;\r\n            fjs.parentNode.insertBefore(js, fjs);\r\n        })(window, document, \"script\", \"mw\", \"https:\/\/widget-v1.reviewforest.org\/scripts.js\");\r\n        mw(\"amount\", {\r\n          id: \"60225ef4198f6752b7517d5a\",\r\n          location: \"60225ef4df5778797baeb29a\",\r\n          url: \"https:\/\/reviewforest.org\/werecycle\",\r\n          language: \"de\",\r\n          name: \"WeRecycle\",\r\n          types: \"['floating']\",\r\n          position: \"bottom-left\"\r\n        });\r\n<\/script>\t\t\t\t<\/div>\n\t\t\t\t<\/div>\n\t\t\t\t\t<\/div>\n\t\t<\/div>\n\t\t\t\t\t<\/div>\n\t\t<\/section>\n\t\t\t\t<section class=\"elementor-section elementor-top-section elementor-element elementor-element-5f33646 elementor-section-boxed elementor-section-height-default elementor-section-height-default\" data-id=\"5f33646\" data-element_type=\"section\" data-e-type=\"section\">\n\t\t\t\t\t\t<div class=\"elementor-container elementor-column-gap-default\">\n\t\t\t\t\t<div class=\"elementor-column elementor-col-100 elementor-top-column elementor-element elementor-element-c361953\" data-id=\"c361953\" data-element_type=\"column\" data-e-type=\"column\">\n\t\t\t<div class=\"elementor-widget-wrap elementor-element-populated\">\n\t\t\t\t\t\t<div class=\"elementor-element elementor-element-068f4d2 elementor-widget elementor-widget-heading\" data-id=\"068f4d2\" data-element_type=\"widget\" data-e-type=\"widget\" data-widget_type=\"heading.default\">\n\t\t\t\t<div class=\"elementor-widget-container\">\n\t\t\t\t\t<h2 class=\"elementor-heading-title elementor-size-large\">WeRecycle in 129 Sekunden<\/h2>\t\t\t\t<\/div>\n\t\t\t\t<\/div>\n\t\t\t\t\t<\/div>\n\t\t<\/div>\n\t\t\t\t\t<\/div>\n\t\t<\/section>\n\t\t\t\t<section class=\"elementor-section elementor-top-section elementor-element elementor-element-a8734fa elementor-section-boxed elementor-section-height-default elementor-section-height-default\" data-id=\"a8734fa\" data-element_type=\"section\" data-e-type=\"section\">\n\t\t\t\t\t\t<div class=\"elementor-container elementor-column-gap-default\">\n\t\t\t\t\t<div class=\"elementor-column elementor-col-100 elementor-top-column elementor-element elementor-element-c3ce537\" data-id=\"c3ce537\" data-element_type=\"column\" data-e-type=\"column\">\n\t\t\t<div class=\"elementor-widget-wrap elementor-element-populated\">\n\t\t\t\t\t\t<div class=\"elementor-element elementor-element-328249c elementor-widget elementor-widget-video\" data-id=\"328249c\" data-element_type=\"widget\" data-e-type=\"widget\" data-settings=\"{&quot;youtube_url&quot;:&quot;https:\\\/\\\/youtu.be\\\/aPhmV1MmutI&quot;,&quot;show_image_overlay&quot;:&quot;yes&quot;,&quot;image_overlay&quot;:{&quot;url&quot;:&quot;https:\\\/\\\/www.werecycle.ch\\\/wp-content\\\/uploads\\\/2022\\\/09\\\/imagevideo-screen.webp&quot;,&quot;id&quot;:1757,&quot;size&quot;:&quot;&quot;,&quot;alt&quot;:&quot;&quot;,&quot;source&quot;:&quot;library&quot;},&quot;video_type&quot;:&quot;youtube&quot;,&quot;controls&quot;:&quot;yes&quot;}\" data-widget_type=\"video.default\">\n\t\t\t\t<div class=\"elementor-widget-container\">\n\t\t\t\t\t\t\t<div class=\"elementor-wrapper elementor-open-inline\">\n\t\t\t<div class=\"elementor-video\"><\/div>\t\t\t\t<div class=\"elementor-custom-embed-image-overlay\" style=\"background-image: url(https:\/\/www.werecycle.ch\/wp-content\/uploads\/2022\/09\/imagevideo-screen.webp);\">\n\t\t\t\t\t\t\t\t\t\t\t\t\t\t\t\t<div class=\"elementor-custom-embed-play\" role=\"button\" aria-label=\"Video abspielen\" tabindex=\"0\">\n\t\t\t\t\t\t\t<i aria-hidden=\"true\" class=\"eicon-play\"><\/i>\t\t\t\t\t\t<\/div>\n\t\t\t\t\t\t\t\t\t<\/div>\n\t\t\t\t\t<\/div>\n\t\t\t\t\t\t<\/div>\n\t\t\t\t<\/div>\n\t\t\t\t\t<\/div>\n\t\t<\/div>\n\t\t\t\t\t<\/div>\n\t\t<\/section>\n\t\t\t\t<section class=\"elementor-section elementor-top-section elementor-element elementor-element-c88be10 elementor-section-boxed elementor-section-height-default elementor-section-height-default\" data-id=\"c88be10\" data-element_type=\"section\" data-e-type=\"section\">\n\t\t\t\t\t\t<div class=\"elementor-container elementor-column-gap-default\">\n\t\t\t\t\t<div class=\"elementor-column elementor-col-100 elementor-top-column elementor-element elementor-element-98fd273\" data-id=\"98fd273\" data-element_type=\"column\" data-e-type=\"column\">\n\t\t\t<div class=\"elementor-widget-wrap elementor-element-populated\">\n\t\t\t\t\t\t<div class=\"elementor-element elementor-element-d8e0487 elementor-widget elementor-widget-heading\" data-id=\"d8e0487\" data-element_type=\"widget\" data-e-type=\"widget\" data-widget_type=\"heading.default\">\n\t\t\t\t<div class=\"elementor-widget-container\">\n\t\t\t\t\t<h2 class=\"elementor-heading-title elementor-size-large\">Unsere Mission<\/h2>\t\t\t\t<\/div>\n\t\t\t\t<\/div>\n\t\t\t\t\t<\/div>\n\t\t<\/div>\n\t\t\t\t\t<\/div>\n\t\t<\/section>\n\t\t\t\t<section class=\"elementor-section elementor-top-section elementor-element elementor-element-4323472 elementor-section-boxed elementor-section-height-default elementor-section-height-default\" data-id=\"4323472\" data-element_type=\"section\" data-e-type=\"section\">\n\t\t\t\t\t\t<div class=\"elementor-container elementor-column-gap-default\">\n\t\t\t\t\t<div class=\"elementor-column elementor-col-50 elementor-top-column elementor-element elementor-element-80667d1\" data-id=\"80667d1\" data-element_type=\"column\" data-e-type=\"column\">\n\t\t\t<div class=\"elementor-widget-wrap elementor-element-populated\">\n\t\t\t\t\t\t<div class=\"elementor-element elementor-element-f3cd070 elementor-widget elementor-widget-image\" data-id=\"f3cd070\" data-element_type=\"widget\" data-e-type=\"widget\" data-widget_type=\"image.default\">\n\t\t\t\t<div class=\"elementor-widget-container\">\n\t\t\t\t\t\t\t\t\t\t\t\t\t\t\t<img decoding=\"async\" src=\"https:\/\/www.werecycle.ch\/wp-content\/uploads\/elementor\/thumbs\/teamfoto_ball-pw5luhl3acug6bwaonwhuhmgqjwl3ptqrb9evfg9og.webp\" title=\"teamfoto_ball\" alt=\"teamfoto_ball\" loading=\"lazy\" \/>\t\t\t\t\t\t\t\t\t\t\t\t\t\t\t<\/div>\n\t\t\t\t<\/div>\n\t\t\t\t\t<\/div>\n\t\t<\/div>\n\t\t\t\t<div class=\"elementor-column elementor-col-50 elementor-top-column elementor-element elementor-element-5c50aba\" data-id=\"5c50aba\" data-element_type=\"column\" data-e-type=\"column\">\n\t\t\t<div class=\"elementor-widget-wrap elementor-element-populated\">\n\t\t\t\t\t\t<div class=\"elementor-element elementor-element-d48d394 elementor-widget elementor-widget-text-editor\" data-id=\"d48d394\" data-element_type=\"widget\" data-e-type=\"widget\" data-widget_type=\"text-editor.default\">\n\t\t\t\t<div class=\"elementor-widget-container\">\n\t\t\t\t\t\t\t\t\t<p>WeRecycle wurde im Jahr 2015 gegr\u00fcndet. F\u00fcr die zahlreichen vollen Kisten und Taschen mit leeren Glasflaschen, Dosen und zahlreichen weiteren Abf\u00e4llen der Studentenwohnung unserer Gr\u00fcnder musste eine L\u00f6sung her die einfach, nachhaltig und trotzdem bezahlbar ist. Damit wurde der Grundstein unseres Unternehmens gelegt, das sich mit Innovationen und Dienstleistungen noch heute immer wieder neu erfindet und verbessert.<\/p><p>Mit unserem stetigen Wachstum sorgen wir daf\u00fcr, dass Haushalte und Unternehmen in immer mehr Schweizer Gemeinden nachhaltiger werden.<\/p>\t\t\t\t\t\t\t\t<\/div>\n\t\t\t\t<\/div>\n\t\t\t\t\t<\/div>\n\t\t<\/div>\n\t\t\t\t\t<\/div>\n\t\t<\/section>\n\t\t\t\t<section class=\"elementor-section elementor-top-section elementor-element elementor-element-ab8e049 elementor-section-boxed elementor-section-height-default elementor-section-height-default\" data-id=\"ab8e049\" data-element_type=\"section\" data-e-type=\"section\">\n\t\t\t\t\t\t<div class=\"elementor-container elementor-column-gap-default\">\n\t\t\t\t\t<div class=\"elementor-column elementor-col-50 elementor-top-column elementor-element elementor-element-663aa3f\" data-id=\"663aa3f\" data-element_type=\"column\" data-e-type=\"column\">\n\t\t\t<div class=\"elementor-widget-wrap elementor-element-populated\">\n\t\t\t\t\t\t<div class=\"elementor-element elementor-element-9caa5b9 elementor-widget elementor-widget-text-editor\" data-id=\"9caa5b9\" data-element_type=\"widget\" data-e-type=\"widget\" data-widget_type=\"text-editor.default\">\n\t\t\t\t<div class=\"elementor-widget-container\">\n\t\t\t\t\t\t\t\t\t<p>Wir sind l\u00e4ngst nicht perfekt und m\u00fcssen es auch nicht sein. Wir sind aber der festen \u00dcberzeugung, dass wir alle einen Beitrag zur Erhaltung unserer Umwelt leisten und CO2 Emissionen nicht nur kompensieren, sondern verringern m\u00fcssen. Das sind wir kommenden Generationen schuldig.<\/p><p>Warum CO2 Emissionen kompensieren wenn man sie verringern kann? Jedes Kilogramm verbrannter Abfall, jede Fahrt zu einem Wertstoffhof erzeugt Abgase, ben\u00f6tigt Erd\u00f6l und erzeugt CO2. WeRecycle ist die Vereinfachung des Reycling-Prozesses f\u00fcr jeden einzelnen. Wir schonen wertvolle Ressourcen, halten Rohstoffe im Kreislauf und verringern unn\u00f6tige Fahrten \u00a0zu Sammelstellen. Nutze Deine wertvolle Freizeit sinnvoll, anstelle sie auf \u00fcberf\u00fcllten Wertstoffh\u00f6fen zu vergeuden.<\/p>\t\t\t\t\t\t\t\t<\/div>\n\t\t\t\t<\/div>\n\t\t\t\t\t<\/div>\n\t\t<\/div>\n\t\t\t\t<div class=\"elementor-column elementor-col-50 elementor-top-column elementor-element elementor-element-2a28da6\" data-id=\"2a28da6\" data-element_type=\"column\" data-e-type=\"column\">\n\t\t\t<div class=\"elementor-widget-wrap elementor-element-populated\">\n\t\t\t\t\t\t<div class=\"elementor-element elementor-element-78d4d96 elementor-widget elementor-widget-image\" data-id=\"78d4d96\" data-element_type=\"widget\" data-e-type=\"widget\" data-widget_type=\"image.default\">\n\t\t\t\t<div class=\"elementor-widget-container\">\n\t\t\t\t\t\t\t\t\t\t\t\t\t\t\t<img decoding=\"async\" src=\"https:\/\/www.werecycle.ch\/wp-content\/uploads\/elementor\/thumbs\/ueber-werecycle-4-pw5bx4c2wxmw3gzsgotsd64i5rbrmg3lai6nd7bpc0.webp\" title=\"ueber-werecycle-4\" alt=\"ueber-werecycle-4\" loading=\"lazy\" \/>\t\t\t\t\t\t\t\t\t\t\t\t\t\t\t<\/div>\n\t\t\t\t<\/div>\n\t\t\t\t\t<\/div>\n\t\t<\/div>\n\t\t\t\t\t<\/div>\n\t\t<\/section>\n\t\t\t\t<section class=\"elementor-section elementor-top-section elementor-element elementor-element-eb557c0 elementor-section-boxed elementor-section-height-default elementor-section-height-default\" data-id=\"eb557c0\" data-element_type=\"section\" data-e-type=\"section\">\n\t\t\t\t\t\t<div class=\"elementor-container elementor-column-gap-default\">\n\t\t\t\t\t<div class=\"elementor-column elementor-col-100 elementor-top-column elementor-element elementor-element-348162d\" data-id=\"348162d\" data-element_type=\"column\" data-e-type=\"column\">\n\t\t\t<div class=\"elementor-widget-wrap elementor-element-populated\">\n\t\t\t\t\t\t<div class=\"elementor-element elementor-element-14a7fcb elementor-widget elementor-widget-menu-anchor\" data-id=\"14a7fcb\" data-element_type=\"widget\" data-e-type=\"widget\" data-widget_type=\"menu-anchor.default\">\n\t\t\t\t<div class=\"elementor-widget-container\">\n\t\t\t\t\t\t\t<div class=\"elementor-menu-anchor\" id=\"sozialeraspekt\"><\/div>\n\t\t\t\t\t\t<\/div>\n\t\t\t\t<\/div>\n\t\t\t\t\t<\/div>\n\t\t<\/div>\n\t\t\t\t\t<\/div>\n\t\t<\/section>\n\t\t\t\t<section class=\"elementor-section elementor-top-section elementor-element elementor-element-6858ee8 elementor-section-boxed elementor-section-height-default elementor-section-height-default\" data-id=\"6858ee8\" data-element_type=\"section\" data-e-type=\"section\">\n\t\t\t\t\t\t<div class=\"elementor-container elementor-column-gap-default\">\n\t\t\t\t\t<div class=\"elementor-column elementor-col-100 elementor-top-column elementor-element elementor-element-a86c73f\" data-id=\"a86c73f\" data-element_type=\"column\" data-e-type=\"column\">\n\t\t\t<div class=\"elementor-widget-wrap elementor-element-populated\">\n\t\t\t\t\t\t<div class=\"elementor-element elementor-element-5256c21 elementor-widget elementor-widget-heading\" data-id=\"5256c21\" data-element_type=\"widget\" data-e-type=\"widget\" data-widget_type=\"heading.default\">\n\t\t\t\t<div class=\"elementor-widget-container\">\n\t\t\t\t\t<h2 class=\"elementor-heading-title elementor-size-large\">Der soziale Aspekt<\/h2>\t\t\t\t<\/div>\n\t\t\t\t<\/div>\n\t\t\t\t\t<\/div>\n\t\t<\/div>\n\t\t\t\t\t<\/div>\n\t\t<\/section>\n\t\t\t\t<section class=\"elementor-section elementor-top-section elementor-element elementor-element-61699cf elementor-section-boxed elementor-section-height-default elementor-section-height-default\" data-id=\"61699cf\" data-element_type=\"section\" data-e-type=\"section\">\n\t\t\t\t\t\t<div class=\"elementor-container elementor-column-gap-default\">\n\t\t\t\t\t<div class=\"elementor-column elementor-col-50 elementor-top-column elementor-element elementor-element-a9e6f9b\" data-id=\"a9e6f9b\" data-element_type=\"column\" data-e-type=\"column\">\n\t\t\t<div class=\"elementor-widget-wrap elementor-element-populated\">\n\t\t\t\t\t\t<div class=\"elementor-element elementor-element-adef0df elementor-widget elementor-widget-image\" data-id=\"adef0df\" data-element_type=\"widget\" data-e-type=\"widget\" data-widget_type=\"image.default\">\n\t\t\t\t<div class=\"elementor-widget-container\">\n\t\t\t\t\t\t\t\t\t\t\t\t\t\t\t<img decoding=\"async\" src=\"https:\/\/www.werecycle.ch\/wp-content\/uploads\/elementor\/thumbs\/soziale-verantwortung-pw5m3koxcpa8emp5mlany72vgn4bidwc0aadvpz9j4.webp\" title=\"soziale-verantwortung\" alt=\"soziale-verantwortung\" loading=\"lazy\" \/>\t\t\t\t\t\t\t\t\t\t\t\t\t\t\t<\/div>\n\t\t\t\t<\/div>\n\t\t\t\t\t<\/div>\n\t\t<\/div>\n\t\t\t\t<div class=\"elementor-column elementor-col-50 elementor-top-column elementor-element elementor-element-c3162cb\" data-id=\"c3162cb\" data-element_type=\"column\" data-e-type=\"column\">\n\t\t\t<div class=\"elementor-widget-wrap elementor-element-populated\">\n\t\t\t\t\t\t<div class=\"elementor-element elementor-element-57d438d elementor-widget elementor-widget-text-editor\" data-id=\"57d438d\" data-element_type=\"widget\" data-e-type=\"widget\" data-widget_type=\"text-editor.default\">\n\t\t\t\t<div class=\"elementor-widget-container\">\n\t\t\t\t\t\t\t\t\t<p>F\u00fcr uns als WeRecycle geh\u00f6rt es zur Selbstverst\u00e4ndlichkeit, dass wir nebst dem \u00f6kologischen Aspekt auch eine starke soziale Verantwortung haben. Grunds\u00e4tzlich geben wir Menschen aus jeder Bev\u00f6lkerungsschicht und jeglicher Herkunft eine faire Chance zur Besch\u00e4ftigung und versuchen wo immer m\u00f6glich Mitarbeiter zu ber\u00fccksichtigen, die auf dem ersten Arbeitsmarkt keine oder nur geringe Chance hatten (Langzeit-Arbeitslose, Freig\u00e4nger, Zusammenarbeit mit Stiftungen etc.).<\/p>\t\t\t\t\t\t\t\t<\/div>\n\t\t\t\t<\/div>\n\t\t\t\t\t<\/div>\n\t\t<\/div>\n\t\t\t\t\t<\/div>\n\t\t<\/section>\n\t\t\t\t<section class=\"elementor-section elementor-top-section elementor-element elementor-element-bd82380 elementor-section-boxed elementor-section-height-default elementor-section-height-default\" data-id=\"bd82380\" data-element_type=\"section\" data-e-type=\"section\">\n\t\t\t\t\t\t<div class=\"elementor-container elementor-column-gap-default\">\n\t\t\t\t\t<div class=\"elementor-column elementor-col-100 elementor-top-column elementor-element elementor-element-ccee94b\" data-id=\"ccee94b\" data-element_type=\"column\" data-e-type=\"column\">\n\t\t\t<div class=\"elementor-widget-wrap elementor-element-populated\">\n\t\t\t\t\t\t<div class=\"elementor-element elementor-element-07b2a71 elementor-widget elementor-widget-heading\" data-id=\"07b2a71\" data-element_type=\"widget\" data-e-type=\"widget\" data-widget_type=\"heading.default\">\n\t\t\t\t<div class=\"elementor-widget-container\">\n\t\t\t\t\t<h3 class=\"elementor-heading-title elementor-size-medium\">Einige unserer Partner im sozialen Bereich sind auszugsweise:<\/h3>\t\t\t\t<\/div>\n\t\t\t\t<\/div>\n\t\t\t\t\t<\/div>\n\t\t<\/div>\n\t\t\t\t\t<\/div>\n\t\t<\/section>\n\t\t\t\t<section class=\"elementor-section elementor-top-section elementor-element elementor-element-3f689e8 elementor-section-boxed elementor-section-height-default elementor-section-height-default\" data-id=\"3f689e8\" data-element_type=\"section\" data-e-type=\"section\">\n\t\t\t\t\t\t<div class=\"elementor-container elementor-column-gap-default\">\n\t\t\t\t\t<div class=\"elementor-column elementor-col-33 elementor-top-column elementor-element elementor-element-0dbf239\" data-id=\"0dbf239\" data-element_type=\"column\" data-e-type=\"column\">\n\t\t\t<div class=\"elementor-widget-wrap elementor-element-populated\">\n\t\t\t\t\t\t<div class=\"elementor-element elementor-element-2296d9c elementor-widget elementor-widget-image\" data-id=\"2296d9c\" data-element_type=\"widget\" data-e-type=\"widget\" data-widget_type=\"image.default\">\n\t\t\t\t<div class=\"elementor-widget-container\">\n\t\t\t\t\t\t\t\t\t\t\t\t\t\t\t\t<a href=\"https:\/\/www.cb-stiftung.ch\/\" target=\"_blank\">\n\t\t\t\t\t\t\t<img decoding=\"async\" width=\"300\" height=\"131\" src=\"https:\/\/www.werecycle.ch\/wp-content\/uploads\/2022\/10\/logo_cb_stiftung-1-300x131.webp\" class=\"attachment-medium size-medium wp-image-2003\" alt=\"\" srcset=\"https:\/\/www.werecycle.ch\/wp-content\/uploads\/2022\/10\/logo_cb_stiftung-1-300x131.webp 300w, https:\/\/www.werecycle.ch\/wp-content\/uploads\/2022\/10\/logo_cb_stiftung-1-504x220.webp 504w, https:\/\/www.werecycle.ch\/wp-content\/uploads\/2022\/10\/logo_cb_stiftung-1-768x335.webp 768w, https:\/\/www.werecycle.ch\/wp-content\/uploads\/2022\/10\/logo_cb_stiftung-1.webp 941w\" sizes=\"(max-width: 300px) 100vw, 300px\" \/>\t\t\t\t\t\t\t\t<\/a>\n\t\t\t\t\t\t\t\t\t\t\t\t\t\t\t<\/div>\n\t\t\t\t<\/div>\n\t\t\t\t\t<\/div>\n\t\t<\/div>\n\t\t\t\t<div class=\"elementor-column elementor-col-33 elementor-top-column elementor-element elementor-element-2f9b1ca\" data-id=\"2f9b1ca\" data-element_type=\"column\" data-e-type=\"column\">\n\t\t\t<div class=\"elementor-widget-wrap elementor-element-populated\">\n\t\t\t\t\t\t<div class=\"elementor-element elementor-element-5cecceb elementor-widget elementor-widget-image\" data-id=\"5cecceb\" data-element_type=\"widget\" data-e-type=\"widget\" data-widget_type=\"image.default\">\n\t\t\t\t<div class=\"elementor-widget-container\">\n\t\t\t\t\t\t\t\t\t\t\t\t\t\t\t\t<a href=\"https:\/\/www.zh.ch\/de\/direktion-der-justiz-und-des-innern\/justizvollzug-wiedereingliederung.html\" target=\"_blank\">\n\t\t\t\t\t\t\t<img decoding=\"async\" width=\"300\" height=\"131\" src=\"https:\/\/www.werecycle.ch\/wp-content\/uploads\/2022\/10\/soziales-engagement-amt-fuer-justizvollzug-300x131.webp\" class=\"attachment-medium size-medium wp-image-2524\" alt=\"\" srcset=\"https:\/\/www.werecycle.ch\/wp-content\/uploads\/2022\/10\/soziales-engagement-amt-fuer-justizvollzug-300x131.webp 300w, https:\/\/www.werecycle.ch\/wp-content\/uploads\/2022\/10\/soziales-engagement-amt-fuer-justizvollzug-768x335.webp 768w, https:\/\/www.werecycle.ch\/wp-content\/uploads\/2022\/10\/soziales-engagement-amt-fuer-justizvollzug-504x220.webp 504w, https:\/\/www.werecycle.ch\/wp-content\/uploads\/2022\/10\/soziales-engagement-amt-fuer-justizvollzug.webp 941w\" sizes=\"(max-width: 300px) 100vw, 300px\" \/>\t\t\t\t\t\t\t\t<\/a>\n\t\t\t\t\t\t\t\t\t\t\t\t\t\t\t<\/div>\n\t\t\t\t<\/div>\n\t\t\t\t\t<\/div>\n\t\t<\/div>\n\t\t\t\t<div class=\"elementor-column elementor-col-33 elementor-top-column elementor-element elementor-element-6eda4d9\" data-id=\"6eda4d9\" data-element_type=\"column\" data-e-type=\"column\">\n\t\t\t<div class=\"elementor-widget-wrap elementor-element-populated\">\n\t\t\t\t\t\t<div class=\"elementor-element elementor-element-5669154 elementor-widget elementor-widget-image\" data-id=\"5669154\" data-element_type=\"widget\" data-e-type=\"widget\" data-widget_type=\"image.default\">\n\t\t\t\t<div class=\"elementor-widget-container\">\n\t\t\t\t\t\t\t\t\t\t\t\t\t\t\t\t<a href=\"https:\/\/www.oekoservice.ch\/berufliche-integration\/\" target=\"_blank\">\n\t\t\t\t\t\t\t<img loading=\"lazy\" decoding=\"async\" width=\"300\" height=\"131\" src=\"https:\/\/www.werecycle.ch\/wp-content\/uploads\/2022\/10\/soziales-engagement-oekoservice-300x131.webp\" class=\"attachment-medium size-medium wp-image-2523\" alt=\"\" srcset=\"https:\/\/www.werecycle.ch\/wp-content\/uploads\/2022\/10\/soziales-engagement-oekoservice-300x131.webp 300w, https:\/\/www.werecycle.ch\/wp-content\/uploads\/2022\/10\/soziales-engagement-oekoservice-768x335.webp 768w, https:\/\/www.werecycle.ch\/wp-content\/uploads\/2022\/10\/soziales-engagement-oekoservice-504x220.webp 504w, https:\/\/www.werecycle.ch\/wp-content\/uploads\/2022\/10\/soziales-engagement-oekoservice.webp 941w\" sizes=\"(max-width: 300px) 100vw, 300px\" \/>\t\t\t\t\t\t\t\t<\/a>\n\t\t\t\t\t\t\t\t\t\t\t\t\t\t\t<\/div>\n\t\t\t\t<\/div>\n\t\t\t\t\t<\/div>\n\t\t<\/div>\n\t\t\t\t\t<\/div>\n\t\t<\/section>\n\t\t\t\t<section class=\"elementor-section elementor-top-section elementor-element elementor-element-ac6b1f7 elementor-section-boxed elementor-section-height-default elementor-section-height-default\" data-id=\"ac6b1f7\" data-element_type=\"section\" data-e-type=\"section\">\n\t\t\t\t\t\t<div class=\"elementor-container elementor-column-gap-default\">\n\t\t\t\t\t<div class=\"elementor-column elementor-col-100 elementor-top-column elementor-element elementor-element-36a2be5\" data-id=\"36a2be5\" data-element_type=\"column\" data-e-type=\"column\">\n\t\t\t<div class=\"elementor-widget-wrap elementor-element-populated\">\n\t\t\t\t\t\t<div class=\"elementor-element elementor-element-6e7a57b elementor-widget elementor-widget-heading\" data-id=\"6e7a57b\" data-element_type=\"widget\" data-e-type=\"widget\" data-widget_type=\"heading.default\">\n\t\t\t\t<div class=\"elementor-widget-container\">\n\t\t\t\t\t<h3 class=\"elementor-heading-title elementor-size-default\">Immer informiert bleiben<\/h3>\t\t\t\t<\/div>\n\t\t\t\t<\/div>\n\t\t\t\t\t<\/div>\n\t\t<\/div>\n\t\t\t\t\t<\/div>\n\t\t<\/section>\n\t\t\t\t<section class=\"elementor-section elementor-top-section elementor-element elementor-element-21921fa elementor-section-boxed elementor-section-height-default elementor-section-height-default\" data-id=\"21921fa\" data-element_type=\"section\" data-e-type=\"section\">\n\t\t\t\t\t\t<div class=\"elementor-container elementor-column-gap-default\">\n\t\t\t\t\t<div class=\"elementor-column elementor-col-100 elementor-top-column elementor-element elementor-element-c4bfe22\" data-id=\"c4bfe22\" data-element_type=\"column\" data-e-type=\"column\">\n\t\t\t<div class=\"elementor-widget-wrap elementor-element-populated\">\n\t\t\t\t\t\t<div class=\"elementor-element elementor-element-bc2d2de elementor-widget elementor-widget-text-editor\" data-id=\"bc2d2de\" data-element_type=\"widget\" data-e-type=\"widget\" data-widget_type=\"text-editor.default\">\n\t\t\t\t<div class=\"elementor-widget-container\">\n\t\t\t\t\t\t\t\t\t<p>Mit dem WeRecycle Newsletter bist Du immer top informiert \u00fcber Neuheiten, Angebote und spannende Themen rund ums Recycling.<\/p>\t\t\t\t\t\t\t\t<\/div>\n\t\t\t\t<\/div>\n\t\t\t\t\t<\/div>\n\t\t<\/div>\n\t\t\t\t\t<\/div>\n\t\t<\/section>\n\t\t\t\t<section class=\"elementor-section elementor-top-section elementor-element elementor-element-a6a74ac elementor-section-boxed elementor-section-height-default elementor-section-height-default\" data-id=\"a6a74ac\" data-element_type=\"section\" data-e-type=\"section\" data-settings=\"{&quot;background_background&quot;:&quot;classic&quot;}\">\n\t\t\t\t\t\t<div class=\"elementor-container elementor-column-gap-default\">\n\t\t\t\t\t<div class=\"elementor-column elementor-col-100 elementor-top-column elementor-element elementor-element-24245e0\" data-id=\"24245e0\" data-element_type=\"column\" data-e-type=\"column\">\n\t\t\t<div class=\"elementor-widget-wrap elementor-element-populated\">\n\t\t\t\t\t\t<div class=\"elementor-element elementor-element-1aef234 elementor-widget elementor-widget-shortcode\" data-id=\"1aef234\" data-element_type=\"widget\" data-e-type=\"widget\" data-widget_type=\"shortcode.default\">\n\t\t\t\t<div class=\"elementor-widget-container\">\n\t\t\t\t\t\t\t<div class=\"elementor-shortcode\">\n<div class=\"wpcf7 no-js\" id=\"wpcf7-f5091-o1\" lang=\"de-DE\" dir=\"ltr\" data-wpcf7-id=\"5091\">\n<div class=\"screen-reader-response\"><p role=\"status\" aria-live=\"polite\" aria-atomic=\"true\"><\/p> <ul><\/ul><\/div>\n<form action=\"\/de\/wp-json\/wp\/v2\/pages\/2517#wpcf7-f5091-o1\" method=\"post\" class=\"wpcf7-form init\" aria-label=\"Kontaktformular\" novalidate=\"novalidate\" data-status=\"init\">\n<fieldset class=\"hidden-fields-container\"><input type=\"hidden\" name=\"_wpcf7\" value=\"5091\" \/><input type=\"hidden\" name=\"_wpcf7_version\" value=\"6.1.5\" \/><input type=\"hidden\" name=\"_wpcf7_locale\" value=\"de_DE\" \/><input type=\"hidden\" name=\"_wpcf7_unit_tag\" value=\"wpcf7-f5091-o1\" \/><input type=\"hidden\" name=\"_wpcf7_container_post\" value=\"0\" \/><input type=\"hidden\" name=\"_wpcf7_posted_data_hash\" value=\"\" \/><input type=\"hidden\" name=\"_wpcf7_recaptcha_response\" value=\"\" \/>\n<\/fieldset>\n<div class=\"wps-form\">\n <!-- Contact Form 7 Code -->\n<\/div>\n<div class=\"wps-form\">\n\n <!-- Zeile 1 -->\n\t<div class=\"wps-form-row\">\n\n <!-- Spalte 1 -->\n\t\t<div class=\"wps-form-column\">\n\t\t\t<p><label>Vorname<\/label><br \/>\n<span class=\"wpcf7-form-control-wrap\" data-name=\"Vorname\"><input size=\"40\" maxlength=\"400\" class=\"wpcf7-form-control wpcf7-text wpcf7-validates-as-required\" aria-required=\"true\" aria-invalid=\"false\" value=\"\" type=\"text\" name=\"Vorname\" \/><\/span>\n\t\t\t<\/p>\n\t\t<\/div>\n\n <!-- Spalte 2 -->\n\t\t<div class=\"wps-form-column\">\n\t\t\t<p><label>Nachname<\/label><br \/>\n<span class=\"wpcf7-form-control-wrap\" data-name=\"Nachname\"><input size=\"40\" maxlength=\"400\" class=\"wpcf7-form-control wpcf7-text wpcf7-validates-as-required\" aria-required=\"true\" aria-invalid=\"false\" value=\"\" type=\"text\" name=\"Nachname\" \/><\/span>\n\t\t\t<\/p>\n\t\t<\/div>\n\n <!-- Spalte 3 -->\n\t\t<div class=\"wps-form-column\">\n\t\t\t<p><label>E-Mail<\/label><br \/>\n<span class=\"wpcf7-form-control-wrap\" data-name=\"EMAIL\"><input size=\"40\" maxlength=\"400\" class=\"wpcf7-form-control wpcf7-email wpcf7-validates-as-required wpcf7-text wpcf7-validates-as-email\" aria-required=\"true\" aria-invalid=\"false\" value=\"\" type=\"email\" name=\"EMAIL\" \/><\/span>\n\t\t\t<\/p>\n\t\t<\/div>\n\t<\/div>\n <!-- Ende der Zeile 1 -->\n<\/div>\n<p><input class=\"wpcf7-form-control wpcf7-submit has-spinner\" type=\"submit\" value=\"Newsletter anmelden\" \/>\n<\/p><p style=\"display: none !important;\" class=\"akismet-fields-container\" data-prefix=\"_wpcf7_ak_\"><label>&#916;<textarea name=\"_wpcf7_ak_hp_textarea\" cols=\"45\" rows=\"8\" maxlength=\"100\"><\/textarea><\/label><input type=\"hidden\" id=\"ak_js_1\" name=\"_wpcf7_ak_js\" value=\"73\"\/><script>\ndocument.getElementById( \"ak_js_1\" ).setAttribute( \"value\", ( new Date() ).getTime() );\n<\/script>\n<\/p><div class=\"wpcf7-response-output\" aria-hidden=\"true\"><\/div>\n<\/form>\n<\/div>\n<\/div>\n\t\t\t\t\t\t<\/div>\n\t\t\t\t<\/div>\n\t\t\t\t\t<\/div>\n\t\t<\/div>\n\t\t\t\t\t<\/div>\n\t\t<\/section>\n\t\t\t\t<\/div>\n\t\t","protected":false},"excerpt":{"rendered":"<p>\u00dcber WeRecycle WeRecycle ist Dein Abholservice f\u00fcr alle unsortierten Wertstoffe &#8211; Zuhause &amp; in Unternehmen Mit einem WeRecycle Abonnement holen wir recyclebare G\u00fcter wie Plastikverpackungen, Alu, PET, PE Flaschen, Folien, Glasflaschen, Elektro-Kleinger\u00e4te, Tetrapaks, Kork, Batterien, Kaffeekapseln, Styropor, leere Toner usw. in unserem Sammelbag ab, sortieren die einzelnen Wertstoffe von Hand aus und f\u00fchren diese \u00fcber [&hellip;]<\/p>\n","protected":false},"author":2,"featured_media":0,"parent":0,"menu_order":0,"comment_status":"closed","ping_status":"closed","template":"","meta":{"ocean_post_layout":"full-screen","ocean_both_sidebars_style":"","ocean_both_sidebars_content_width":0,"ocean_both_sidebars_sidebars_width":0,"ocean_sidebar":"0","ocean_second_sidebar":"0","ocean_disable_margins":"enable","ocean_add_body_class":"","ocean_shortcode_before_top_bar":"","ocean_shortcode_after_top_bar":"","ocean_shortcode_before_header":"","ocean_shortcode_after_header":"","ocean_has_shortcode":"","ocean_shortcode_after_title":"","ocean_shortcode_before_footer_widgets":"","ocean_shortcode_after_footer_widgets":"","ocean_shortcode_before_footer_bottom":"","ocean_shortcode_after_footer_bottom":"","ocean_display_top_bar":"default","ocean_display_header":"default","ocean_header_style":"","ocean_center_header_left_menu":"0","ocean_custom_header_template":"0","ocean_custom_logo":0,"ocean_custom_retina_logo":0,"ocean_custom_logo_max_width":0,"ocean_custom_logo_tablet_max_width":0,"ocean_custom_logo_mobile_max_width":0,"ocean_custom_logo_max_height":0,"ocean_custom_logo_tablet_max_height":0,"ocean_custom_logo_mobile_max_height":0,"ocean_header_custom_menu":"0","ocean_menu_typo_font_family":"0","ocean_menu_typo_font_subset":"","ocean_menu_typo_font_size":0,"ocean_menu_typo_font_size_tablet":0,"ocean_menu_typo_font_size_mobile":0,"ocean_menu_typo_font_size_unit":"px","ocean_menu_typo_font_weight":"","ocean_menu_typo_font_weight_tablet":"","ocean_menu_typo_font_weight_mobile":"","ocean_menu_typo_transform":"","ocean_menu_typo_transform_tablet":"","ocean_menu_typo_transform_mobile":"","ocean_menu_typo_line_height":0,"ocean_menu_typo_line_height_tablet":0,"ocean_menu_typo_line_height_mobile":0,"ocean_menu_typo_line_height_unit":"","ocean_menu_typo_spacing":0,"ocean_menu_typo_spacing_tablet":0,"ocean_menu_typo_spacing_mobile":0,"ocean_menu_typo_spacing_unit":"","ocean_menu_link_color":"","ocean_menu_link_color_hover":"","ocean_menu_link_color_active":"","ocean_menu_link_background":"","ocean_menu_link_hover_background":"","ocean_menu_link_active_background":"","ocean_menu_social_links_bg":"","ocean_menu_social_hover_links_bg":"","ocean_menu_social_links_color":"","ocean_menu_social_hover_links_color":"","ocean_disable_title":"on","ocean_disable_heading":"default","ocean_post_title":"","ocean_post_subheading":"","ocean_post_title_style":"","ocean_post_title_background_color":"","ocean_post_title_background":0,"ocean_post_title_bg_image_position":"","ocean_post_title_bg_image_attachment":"","ocean_post_title_bg_image_repeat":"","ocean_post_title_bg_image_size":"","ocean_post_title_height":0,"ocean_post_title_bg_overlay":0.5,"ocean_post_title_bg_overlay_color":"","ocean_disable_breadcrumbs":"default","ocean_breadcrumbs_color":"","ocean_breadcrumbs_separator_color":"","ocean_breadcrumbs_links_color":"","ocean_breadcrumbs_links_hover_color":"","ocean_display_footer_widgets":"default","ocean_display_footer_bottom":"default","ocean_custom_footer_template":"0","ofc_meta_disable_footer_callout":"on","ofc_meta_callout_button_url":"","ofc_meta_callout_button_txt":"","ofc_meta_callout_text":"","osh_disable_topbar_sticky":"default","osh_disable_header_sticky":"default","osh_sticky_header_style":"default","osh_sticky_header_effect":"","osh_custom_sticky_logo":0,"osh_custom_retina_sticky_logo":0,"osh_custom_sticky_logo_height":0,"osh_background_color":"","osh_links_color":"","osh_links_hover_color":"","osh_links_active_color":"","osh_links_bg_color":"","osh_links_hover_bg_color":"","osh_links_active_bg_color":"","osh_menu_social_links_color":"","osh_menu_social_hover_links_color":"","footnotes":""},"class_list":["post-2517","page","type-page","status-publish","hentry","entry","owp-thumbs-layout-horizontal","owp-btn-normal","owp-tabs-layout-horizontal","has-no-thumbnails","circle-sale"],"yoast_head":"<!-- This site is optimized with the Yoast SEO plugin v27.5 - https:\/\/yoast.com\/product\/yoast-seo-wordpress\/ -->\n<title>\u00dcber WeRecycle - WeRecycle.ch | WR Group AG<\/title>\n<meta name=\"description\" content=\"Mit einem WeRecycle Abonnement holen wir Deine Wertstoffe wie Plastikverpackungen, Alu, PET, PE Flaschen, Folien, Glasflaschen, Elektro-Kleinger\u00e4te, Tetrapaks, Kork, Batterien, Kaffeekapseln, Styropor, leere Toner usw. in unserem Sammelbag ab, sortieren die einzelnen Wertstoffe von Hand aus und f\u00fchren diese \u00fcber unsere regionalen Partnerfirmen zur\u00fcck in den Wertstoffkreislauf.\" \/>\n<meta name=\"robots\" content=\"index, follow, max-snippet:-1, max-image-preview:large, max-video-preview:-1\" \/>\n<link rel=\"canonical\" href=\"https:\/\/www.werecycle.ch\/de\/ueber-werecycle\/\" \/>\n<meta property=\"og:locale\" content=\"de_DE\" \/>\n<meta property=\"og:type\" content=\"article\" \/>\n<meta property=\"og:title\" content=\"\u00dcber WeRecycle - WeRecycle.ch | WR Group AG\" \/>\n<meta property=\"og:description\" content=\"Mit einem WeRecycle Abonnement holen wir Deine Wertstoffe wie Plastikverpackungen, Alu, PET, PE Flaschen, Folien, Glasflaschen, Elektro-Kleinger\u00e4te, Tetrapaks, Kork, Batterien, Kaffeekapseln, Styropor, leere Toner usw. in unserem Sammelbag ab, sortieren die einzelnen Wertstoffe von Hand aus und f\u00fchren diese \u00fcber unsere regionalen Partnerfirmen zur\u00fcck in den Wertstoffkreislauf.\" \/>\n<meta property=\"og:url\" content=\"https:\/\/www.werecycle.ch\/de\/ueber-werecycle\/\" \/>\n<meta property=\"og:site_name\" content=\"WeRecycle.ch | WR Group AG\" \/>\n<meta property=\"article:publisher\" content=\"https:\/\/www.facebook.com\/www.werecycle.ch\" \/>\n<meta property=\"article:modified_time\" content=\"2025-09-05T07:54:18+00:00\" \/>\n<meta property=\"og:image\" content=\"https:\/\/www.werecycle.ch\/wp-content\/uploads\/2022\/10\/teamfoto_werecycle.webp\" \/>\n\t<meta property=\"og:image:width\" content=\"1200\" \/>\n\t<meta property=\"og:image:height\" content=\"628\" \/>\n\t<meta property=\"og:image:type\" content=\"image\/webp\" \/>\n<meta name=\"twitter:card\" content=\"summary_large_image\" \/>\n<script type=\"application\/ld+json\" class=\"yoast-schema-graph\">{\"@context\":\"https:\\\/\\\/schema.org\",\"@graph\":[{\"@type\":\"WebPage\",\"@id\":\"https:\\\/\\\/www.werecycle.ch\\\/ueber-werecycle\\\/\",\"url\":\"https:\\\/\\\/www.werecycle.ch\\\/ueber-werecycle\\\/\",\"name\":\"\u00dcber WeRecycle - WeRecycle.ch | WR Group AG\",\"isPartOf\":{\"@id\":\"https:\\\/\\\/www.werecycle.ch\\\/de\\\/#website\"},\"primaryImageOfPage\":{\"@id\":\"https:\\\/\\\/www.werecycle.ch\\\/ueber-werecycle\\\/#primaryimage\"},\"image\":{\"@id\":\"https:\\\/\\\/www.werecycle.ch\\\/ueber-werecycle\\\/#primaryimage\"},\"thumbnailUrl\":\"https:\\\/\\\/www.werecycle.ch\\\/wp-content\\\/uploads\\\/2022\\\/10\\\/teamfoto_werecycle.webp\",\"datePublished\":\"2022-10-13T13:29:41+00:00\",\"dateModified\":\"2025-09-05T07:54:18+00:00\",\"description\":\"Mit einem WeRecycle Abonnement holen wir Deine Wertstoffe wie Plastikverpackungen, Alu, PET, PE Flaschen, Folien, Glasflaschen, Elektro-Kleinger\u00e4te, Tetrapaks, Kork, Batterien, Kaffeekapseln, Styropor, leere Toner usw. in unserem Sammelbag ab, sortieren die einzelnen Wertstoffe von Hand aus und f\u00fchren diese \u00fcber unsere regionalen Partnerfirmen zur\u00fcck in den Wertstoffkreislauf.\",\"breadcrumb\":{\"@id\":\"https:\\\/\\\/www.werecycle.ch\\\/ueber-werecycle\\\/#breadcrumb\"},\"inLanguage\":\"de\",\"potentialAction\":[{\"@type\":\"ReadAction\",\"target\":[\"https:\\\/\\\/www.werecycle.ch\\\/ueber-werecycle\\\/\"]}]},{\"@type\":\"ImageObject\",\"inLanguage\":\"de\",\"@id\":\"https:\\\/\\\/www.werecycle.ch\\\/ueber-werecycle\\\/#primaryimage\",\"url\":\"https:\\\/\\\/www.werecycle.ch\\\/wp-content\\\/uploads\\\/2022\\\/10\\\/teamfoto_werecycle.webp\",\"contentUrl\":\"https:\\\/\\\/www.werecycle.ch\\\/wp-content\\\/uploads\\\/2022\\\/10\\\/teamfoto_werecycle.webp\"},{\"@type\":\"BreadcrumbList\",\"@id\":\"https:\\\/\\\/www.werecycle.ch\\\/ueber-werecycle\\\/#breadcrumb\",\"itemListElement\":[{\"@type\":\"ListItem\",\"position\":1,\"name\":\"Startseite\",\"item\":\"https:\\\/\\\/www.werecycle.ch\\\/\"},{\"@type\":\"ListItem\",\"position\":2,\"name\":\"\u00dcber WeRecycle\"}]},{\"@type\":\"WebSite\",\"@id\":\"https:\\\/\\\/www.werecycle.ch\\\/de\\\/#website\",\"url\":\"https:\\\/\\\/www.werecycle.ch\\\/de\\\/\",\"name\":\"WeRecycle.ch | Recycling Services AG\",\"description\":\"\",\"publisher\":{\"@id\":\"https:\\\/\\\/www.werecycle.ch\\\/de\\\/#organization\"},\"potentialAction\":[{\"@type\":\"SearchAction\",\"target\":{\"@type\":\"EntryPoint\",\"urlTemplate\":\"https:\\\/\\\/www.werecycle.ch\\\/de\\\/?s={search_term_string}\"},\"query-input\":{\"@type\":\"PropertyValueSpecification\",\"valueRequired\":true,\"valueName\":\"search_term_string\"}}],\"inLanguage\":\"de\"},{\"@type\":\"Organization\",\"@id\":\"https:\\\/\\\/www.werecycle.ch\\\/de\\\/#organization\",\"name\":\"WeRecycle.ch | Recycling Services AG\",\"url\":\"https:\\\/\\\/www.werecycle.ch\\\/de\\\/\",\"logo\":{\"@type\":\"ImageObject\",\"inLanguage\":\"de\",\"@id\":\"https:\\\/\\\/www.werecycle.ch\\\/de\\\/#\\\/schema\\\/logo\\\/image\\\/\",\"url\":\"https:\\\/\\\/www.werecycle.ch\\\/wp-content\\\/uploads\\\/2022\\\/09\\\/logo_werecycle.webp\",\"contentUrl\":\"https:\\\/\\\/www.werecycle.ch\\\/wp-content\\\/uploads\\\/2022\\\/09\\\/logo_werecycle.webp\",\"width\":1423,\"height\":427,\"caption\":\"WeRecycle.ch | Recycling Services AG\"},\"image\":{\"@id\":\"https:\\\/\\\/www.werecycle.ch\\\/de\\\/#\\\/schema\\\/logo\\\/image\\\/\"},\"sameAs\":[\"https:\\\/\\\/www.facebook.com\\\/www.werecycle.ch\"]}]}<\/script>\n<!-- \/ Yoast SEO plugin. -->","yoast_head_json":{"title":"\u00dcber WeRecycle - WeRecycle.ch | WR Group AG","description":"Mit einem WeRecycle Abonnement holen wir Deine Wertstoffe wie Plastikverpackungen, Alu, PET, PE Flaschen, Folien, Glasflaschen, Elektro-Kleinger\u00e4te, Tetrapaks, Kork, Batterien, Kaffeekapseln, Styropor, leere Toner usw. in unserem Sammelbag ab, sortieren die einzelnen Wertstoffe von Hand aus und f\u00fchren diese \u00fcber unsere regionalen Partnerfirmen zur\u00fcck in den Wertstoffkreislauf.","robots":{"index":"index","follow":"follow","max-snippet":"max-snippet:-1","max-image-preview":"max-image-preview:large","max-video-preview":"max-video-preview:-1"},"canonical":"https:\/\/www.werecycle.ch\/de\/ueber-werecycle\/","og_locale":"de_DE","og_type":"article","og_title":"\u00dcber WeRecycle - WeRecycle.ch | WR Group AG","og_description":"Mit einem WeRecycle Abonnement holen wir Deine Wertstoffe wie Plastikverpackungen, Alu, PET, PE Flaschen, Folien, Glasflaschen, Elektro-Kleinger\u00e4te, Tetrapaks, Kork, Batterien, Kaffeekapseln, Styropor, leere Toner usw. in unserem Sammelbag ab, sortieren die einzelnen Wertstoffe von Hand aus und f\u00fchren diese \u00fcber unsere regionalen Partnerfirmen zur\u00fcck in den Wertstoffkreislauf.","og_url":"https:\/\/www.werecycle.ch\/de\/ueber-werecycle\/","og_site_name":"WeRecycle.ch | WR Group AG","article_publisher":"https:\/\/www.facebook.com\/www.werecycle.ch","article_modified_time":"2025-09-05T07:54:18+00:00","og_image":[{"width":1200,"height":628,"url":"https:\/\/www.werecycle.ch\/wp-content\/uploads\/2022\/10\/teamfoto_werecycle.webp","type":"image\/webp"}],"twitter_card":"summary_large_image","schema":{"@context":"https:\/\/schema.org","@graph":[{"@type":"WebPage","@id":"https:\/\/www.werecycle.ch\/ueber-werecycle\/","url":"https:\/\/www.werecycle.ch\/ueber-werecycle\/","name":"\u00dcber WeRecycle - WeRecycle.ch | WR Group AG","isPartOf":{"@id":"https:\/\/www.werecycle.ch\/de\/#website"},"primaryImageOfPage":{"@id":"https:\/\/www.werecycle.ch\/ueber-werecycle\/#primaryimage"},"image":{"@id":"https:\/\/www.werecycle.ch\/ueber-werecycle\/#primaryimage"},"thumbnailUrl":"https:\/\/www.werecycle.ch\/wp-content\/uploads\/2022\/10\/teamfoto_werecycle.webp","datePublished":"2022-10-13T13:29:41+00:00","dateModified":"2025-09-05T07:54:18+00:00","description":"Mit einem WeRecycle Abonnement holen wir Deine Wertstoffe wie Plastikverpackungen, Alu, PET, PE Flaschen, Folien, Glasflaschen, Elektro-Kleinger\u00e4te, Tetrapaks, Kork, Batterien, Kaffeekapseln, Styropor, leere Toner usw. in unserem Sammelbag ab, sortieren die einzelnen Wertstoffe von Hand aus und f\u00fchren diese \u00fcber unsere regionalen Partnerfirmen zur\u00fcck in den Wertstoffkreislauf.","breadcrumb":{"@id":"https:\/\/www.werecycle.ch\/ueber-werecycle\/#breadcrumb"},"inLanguage":"de","potentialAction":[{"@type":"ReadAction","target":["https:\/\/www.werecycle.ch\/ueber-werecycle\/"]}]},{"@type":"ImageObject","inLanguage":"de","@id":"https:\/\/www.werecycle.ch\/ueber-werecycle\/#primaryimage","url":"https:\/\/www.werecycle.ch\/wp-content\/uploads\/2022\/10\/teamfoto_werecycle.webp","contentUrl":"https:\/\/www.werecycle.ch\/wp-content\/uploads\/2022\/10\/teamfoto_werecycle.webp"},{"@type":"BreadcrumbList","@id":"https:\/\/www.werecycle.ch\/ueber-werecycle\/#breadcrumb","itemListElement":[{"@type":"ListItem","position":1,"name":"Startseite","item":"https:\/\/www.werecycle.ch\/"},{"@type":"ListItem","position":2,"name":"\u00dcber WeRecycle"}]},{"@type":"WebSite","@id":"https:\/\/www.werecycle.ch\/de\/#website","url":"https:\/\/www.werecycle.ch\/de\/","name":"WeRecycle.ch | Recycling Services AG","description":"","publisher":{"@id":"https:\/\/www.werecycle.ch\/de\/#organization"},"potentialAction":[{"@type":"SearchAction","target":{"@type":"EntryPoint","urlTemplate":"https:\/\/www.werecycle.ch\/de\/?s={search_term_string}"},"query-input":{"@type":"PropertyValueSpecification","valueRequired":true,"valueName":"search_term_string"}}],"inLanguage":"de"},{"@type":"Organization","@id":"https:\/\/www.werecycle.ch\/de\/#organization","name":"WeRecycle.ch | Recycling Services AG","url":"https:\/\/www.werecycle.ch\/de\/","logo":{"@type":"ImageObject","inLanguage":"de","@id":"https:\/\/www.werecycle.ch\/de\/#\/schema\/logo\/image\/","url":"https:\/\/www.werecycle.ch\/wp-content\/uploads\/2022\/09\/logo_werecycle.webp","contentUrl":"https:\/\/www.werecycle.ch\/wp-content\/uploads\/2022\/09\/logo_werecycle.webp","width":1423,"height":427,"caption":"WeRecycle.ch | Recycling Services AG"},"image":{"@id":"https:\/\/www.werecycle.ch\/de\/#\/schema\/logo\/image\/"},"sameAs":["https:\/\/www.facebook.com\/www.werecycle.ch"]}]}},"_links":{"self":[{"href":"https:\/\/www.werecycle.ch\/de\/wp-json\/wp\/v2\/pages\/2517","targetHints":{"allow":["GET"]}}],"collection":[{"href":"https:\/\/www.werecycle.ch\/de\/wp-json\/wp\/v2\/pages"}],"about":[{"href":"https:\/\/www.werecycle.ch\/de\/wp-json\/wp\/v2\/types\/page"}],"author":[{"embeddable":true,"href":"https:\/\/www.werecycle.ch\/de\/wp-json\/wp\/v2\/users\/2"}],"replies":[{"embeddable":true,"href":"https:\/\/www.werecycle.ch\/de\/wp-json\/wp\/v2\/comments?post=2517"}],"version-history":[{"count":3,"href":"https:\/\/www.werecycle.ch\/de\/wp-json\/wp\/v2\/pages\/2517\/revisions"}],"predecessor-version":[{"id":30144,"href":"https:\/\/www.werecycle.ch\/de\/wp-json\/wp\/v2\/pages\/2517\/revisions\/30144"}],"wp:attachment":[{"href":"https:\/\/www.werecycle.ch\/de\/wp-json\/wp\/v2\/media?parent=2517"}],"curies":[{"name":"wp","href":"https:\/\/api.w.org\/{rel}","templated":true}]}}