{"id":23,"date":"2022-11-07T13:53:20","date_gmt":"2022-11-07T12:53:20","guid":{"rendered":"https:\/\/www.cool-wu.178-250-170-186.plesk.page\/?page_id=23"},"modified":"2025-07-23T12:01:30","modified_gmt":"2025-07-23T11:01:30","slug":"ruecksendung-widerruf","status":"publish","type":"page","link":"https:\/\/www.werecycle.ch\/de\/ruecksendung-widerruf\/","title":{"rendered":"R\u00fccksendung &#038; Widerruf"},"content":{"rendered":"\n<h1 class=\"wp-block-heading\">R\u00fccksendung &amp; Widerruf<\/h1>\n\n\n\n<p>F\u00fcr Shop Eink\u00e4ufe gew\u00e4hrt die WeRecycle AG ein freiwilliges R\u00fcckgaberecht von 14 Tagen ab Warenerhalt. F\u00fcr Teillieferungen gilt das Datum des Erhalts des entsprechendes Artikels. Im Falle eines Widerrufes muss dieser <strong>schriftlich<\/strong> angemeldet werden.<\/p>\n\n\n\n<p>Bitte kontaktiere uns im Fall einer gew\u00fcnschten R\u00fccksendung oder einem Widerruf unter<\/p>\n\n\n\n<p><a href=\"mailto:info@werecycle.ch\">info@werecycle.ch<\/a> oder  <a href=\"tel:41445035620\">+41 44 503 56 20<\/a> <\/p>\n\n\n\n<p>um mit Dir das weitere Vorgehen zu besprechen.<\/p>\n\n\n\n<p>Die Waren m\u00fcssen vom Kunden <strong>auf eigene Kosten<\/strong> an den jeweiligen Versender retourniert werden. Die rechtzeitige Absendung reicht zur Fristwahrung aus. Voraussetzung f\u00fcr die Aus\u00fcbung des R\u00fcckgaberechts ist, dass die Waren <strong>unbenutzt<\/strong>, inklusive etwaigen Anleitungen und originalverpackt retourniert werden. Bei Textilien und Modeartikel gilt zudem, dass diese ausschliesslich zur Anprobe, wie in einem Ladengesch\u00e4ft, getragen wurde und die Ware vollst\u00e4ndig und unversehrt zur\u00fcckgeschickt wird. <\/p>\n\n\n\n<p>Bei Verstoss gegen diese Regelung, kann die Warenr\u00fccknahme verweigert werden. Dies gilt insbesondere f\u00fcr ge\u00f6ffnete Verpackungen von Kosmetika und andere Waren, welche aus hygienischen Gr\u00fcnden nur in unbenutztem Zustand zur\u00fcckgenommen werden.<\/p>\n\n\n\n<p>Sobald wir Deine Retoure erhalten haben pr\u00fcfen wir den Inhalt und erstellen eine Gutschrift.<\/p>\n\n\n\n<h2 class=\"wp-block-heading\">Hilfe ben\u00f6tigt?<\/h2>\n\n\n\n<p>Gerne unterst\u00fctzen wir Dich auch nach dem Kauf bei etwaigen Fragen oder Problemen.<\/p>\n\n\n\n<p>Du erreichst uns zu B\u00fcrozeiten telefonisch unter <a href=\"tel:+41445035620\">+41 44 503 56 20<\/a> oder per <a href=\"mailto:info@werecycle.ch\">E-Mail<\/a>.<\/p>\n\n\n\n<p><\/p>\n\n\n\n<p><\/p>\n\n\n\n<p><\/p>\n","protected":false},"excerpt":{"rendered":"<p>R\u00fccksendung &amp; Widerruf F\u00fcr Shop Eink\u00e4ufe gew\u00e4hrt die WeRecycle AG ein freiwilliges R\u00fcckgaberecht von 14 Tagen ab Warenerhalt. F\u00fcr Teillieferungen gilt das Datum des Erhalts des entsprechendes Artikels. Im Falle eines Widerrufes muss dieser schriftlich angemeldet werden. Bitte kontaktiere uns im Fall einer gew\u00fcnschten R\u00fccksendung oder einem Widerruf unter info@werecycle.ch oder +41 44 503 56 [&hellip;]<\/p>\n","protected":false},"author":2,"featured_media":0,"parent":0,"menu_order":0,"comment_status":"closed","ping_status":"closed","template":"","meta":{"ocean_post_layout":"","ocean_both_sidebars_style":"","ocean_both_sidebars_content_width":0,"ocean_both_sidebars_sidebars_width":0,"ocean_sidebar":"0","ocean_second_sidebar":"0","ocean_disable_margins":"enable","ocean_add_body_class":"","ocean_shortcode_before_top_bar":"","ocean_shortcode_after_top_bar":"","ocean_shortcode_before_header":"","ocean_shortcode_after_header":"","ocean_has_shortcode":"","ocean_shortcode_after_title":"","ocean_shortcode_before_footer_widgets":"","ocean_shortcode_after_footer_widgets":"","ocean_shortcode_before_footer_bottom":"","ocean_shortcode_after_footer_bottom":"","ocean_display_top_bar":"default","ocean_display_header":"default","ocean_header_style":"","ocean_center_header_left_menu":"0","ocean_custom_header_template":"0","ocean_custom_logo":0,"ocean_custom_retina_logo":0,"ocean_custom_logo_max_width":0,"ocean_custom_logo_tablet_max_width":0,"ocean_custom_logo_mobile_max_width":0,"ocean_custom_logo_max_height":0,"ocean_custom_logo_tablet_max_height":0,"ocean_custom_logo_mobile_max_height":0,"ocean_header_custom_menu":"0","ocean_menu_typo_font_family":"0","ocean_menu_typo_font_subset":"","ocean_menu_typo_font_size":0,"ocean_menu_typo_font_size_tablet":0,"ocean_menu_typo_font_size_mobile":0,"ocean_menu_typo_font_size_unit":"px","ocean_menu_typo_font_weight":"","ocean_menu_typo_font_weight_tablet":"","ocean_menu_typo_font_weight_mobile":"","ocean_menu_typo_transform":"","ocean_menu_typo_transform_tablet":"","ocean_menu_typo_transform_mobile":"","ocean_menu_typo_line_height":0,"ocean_menu_typo_line_height_tablet":0,"ocean_menu_typo_line_height_mobile":0,"ocean_menu_typo_line_height_unit":"","ocean_menu_typo_spacing":0,"ocean_menu_typo_spacing_tablet":0,"ocean_menu_typo_spacing_mobile":0,"ocean_menu_typo_spacing_unit":"","ocean_menu_link_color":"","ocean_menu_link_color_hover":"","ocean_menu_link_color_active":"","ocean_menu_link_background":"","ocean_menu_link_hover_background":"","ocean_menu_link_active_background":"","ocean_menu_social_links_bg":"","ocean_menu_social_hover_links_bg":"","ocean_menu_social_links_color":"","ocean_menu_social_hover_links_color":"","ocean_disable_title":"default","ocean_disable_heading":"default","ocean_post_title":"","ocean_post_subheading":"","ocean_post_title_style":"","ocean_post_title_background_color":"","ocean_post_title_background":0,"ocean_post_title_bg_image_position":"","ocean_post_title_bg_image_attachment":"","ocean_post_title_bg_image_repeat":"","ocean_post_title_bg_image_size":"","ocean_post_title_height":0,"ocean_post_title_bg_overlay":0.5,"ocean_post_title_bg_overlay_color":"","ocean_disable_breadcrumbs":"default","ocean_breadcrumbs_color":"","ocean_breadcrumbs_separator_color":"","ocean_breadcrumbs_links_color":"","ocean_breadcrumbs_links_hover_color":"","ocean_display_footer_widgets":"default","ocean_display_footer_bottom":"default","ocean_custom_footer_template":"0","ofc_meta_disable_footer_callout":"","ofc_meta_callout_button_url":"","ofc_meta_callout_button_txt":"","ofc_meta_callout_text":"","osh_disable_topbar_sticky":"default","osh_disable_header_sticky":"default","osh_sticky_header_style":"default","osh_sticky_header_effect":"","osh_custom_sticky_logo":0,"osh_custom_retina_sticky_logo":0,"osh_custom_sticky_logo_height":0,"osh_background_color":"","osh_links_color":"","osh_links_hover_color":"","osh_links_active_color":"","osh_links_bg_color":"","osh_links_hover_bg_color":"","osh_links_active_bg_color":"","osh_menu_social_links_color":"","osh_menu_social_hover_links_color":"","footnotes":""},"class_list":["post-23","page","type-page","status-publish","hentry","entry","owp-thumbs-layout-horizontal","owp-btn-normal","owp-tabs-layout-horizontal","has-no-thumbnails","circle-sale"],"yoast_head":"<!-- This site is optimized with the Yoast SEO plugin v27.5 - https:\/\/yoast.com\/product\/yoast-seo-wordpress\/ -->\n<title>R\u00fccksendung &amp; Widerruf - WeRecycle.ch | WR Group AG<\/title>\n<meta name=\"robots\" content=\"index, follow, max-snippet:-1, max-image-preview:large, max-video-preview:-1\" \/>\n<link rel=\"canonical\" href=\"https:\/\/www.werecycle.ch\/de\/ruecksendung-widerruf\/\" \/>\n<meta property=\"og:locale\" content=\"de_DE\" \/>\n<meta property=\"og:type\" content=\"article\" \/>\n<meta property=\"og:title\" content=\"R\u00fccksendung &amp; Widerruf - WeRecycle.ch | WR Group AG\" \/>\n<meta property=\"og:description\" content=\"R\u00fccksendung &amp; Widerruf F\u00fcr Shop Eink\u00e4ufe gew\u00e4hrt die WeRecycle AG ein freiwilliges R\u00fcckgaberecht von 14 Tagen ab Warenerhalt. F\u00fcr Teillieferungen gilt das Datum des Erhalts des entsprechendes Artikels. Im Falle eines Widerrufes muss dieser schriftlich angemeldet werden. Bitte kontaktiere uns im Fall einer gew\u00fcnschten R\u00fccksendung oder einem Widerruf unter info@werecycle.ch oder +41 44 503 56 [&hellip;]\" \/>\n<meta property=\"og:url\" content=\"https:\/\/www.werecycle.ch\/de\/ruecksendung-widerruf\/\" \/>\n<meta property=\"og:site_name\" content=\"WeRecycle.ch | WR Group AG\" \/>\n<meta property=\"article:publisher\" content=\"https:\/\/www.facebook.com\/www.werecycle.ch\" \/>\n<meta property=\"article:modified_time\" content=\"2025-07-23T11:01:30+00:00\" \/>\n<meta property=\"og:image\" content=\"https:\/\/www.werecycle.ch\/wp-content\/uploads\/2022\/09\/logo_werecycle.webp\" \/>\n\t<meta property=\"og:image:width\" content=\"1423\" \/>\n\t<meta property=\"og:image:height\" content=\"427\" \/>\n\t<meta property=\"og:image:type\" content=\"image\/webp\" \/>\n<meta name=\"twitter:card\" content=\"summary_large_image\" \/>\n<script type=\"application\/ld+json\" class=\"yoast-schema-graph\">{\"@context\":\"https:\\\/\\\/schema.org\",\"@graph\":[{\"@type\":\"WebPage\",\"@id\":\"https:\\\/\\\/www.werecycle.ch\\\/ruecksendung-widerruf\\\/\",\"url\":\"https:\\\/\\\/www.werecycle.ch\\\/ruecksendung-widerruf\\\/\",\"name\":\"R\u00fccksendung & Widerruf - WeRecycle.ch | WR Group AG\",\"isPartOf\":{\"@id\":\"https:\\\/\\\/www.werecycle.ch\\\/de\\\/#website\"},\"datePublished\":\"2022-11-07T12:53:20+00:00\",\"dateModified\":\"2025-07-23T11:01:30+00:00\",\"breadcrumb\":{\"@id\":\"https:\\\/\\\/www.werecycle.ch\\\/ruecksendung-widerruf\\\/#breadcrumb\"},\"inLanguage\":\"de\",\"potentialAction\":[{\"@type\":\"ReadAction\",\"target\":[\"https:\\\/\\\/www.werecycle.ch\\\/ruecksendung-widerruf\\\/\"]}]},{\"@type\":\"BreadcrumbList\",\"@id\":\"https:\\\/\\\/www.werecycle.ch\\\/ruecksendung-widerruf\\\/#breadcrumb\",\"itemListElement\":[{\"@type\":\"ListItem\",\"position\":1,\"name\":\"Startseite\",\"item\":\"https:\\\/\\\/www.werecycle.ch\\\/\"},{\"@type\":\"ListItem\",\"position\":2,\"name\":\"R\u00fccksendung &#038; Widerruf\"}]},{\"@type\":\"WebSite\",\"@id\":\"https:\\\/\\\/www.werecycle.ch\\\/de\\\/#website\",\"url\":\"https:\\\/\\\/www.werecycle.ch\\\/de\\\/\",\"name\":\"WeRecycle.ch | Recycling Services AG\",\"description\":\"\",\"publisher\":{\"@id\":\"https:\\\/\\\/www.werecycle.ch\\\/de\\\/#organization\"},\"potentialAction\":[{\"@type\":\"SearchAction\",\"target\":{\"@type\":\"EntryPoint\",\"urlTemplate\":\"https:\\\/\\\/www.werecycle.ch\\\/de\\\/?s={search_term_string}\"},\"query-input\":{\"@type\":\"PropertyValueSpecification\",\"valueRequired\":true,\"valueName\":\"search_term_string\"}}],\"inLanguage\":\"de\"},{\"@type\":\"Organization\",\"@id\":\"https:\\\/\\\/www.werecycle.ch\\\/de\\\/#organization\",\"name\":\"WeRecycle.ch | Recycling Services AG\",\"url\":\"https:\\\/\\\/www.werecycle.ch\\\/de\\\/\",\"logo\":{\"@type\":\"ImageObject\",\"inLanguage\":\"de\",\"@id\":\"https:\\\/\\\/www.werecycle.ch\\\/de\\\/#\\\/schema\\\/logo\\\/image\\\/\",\"url\":\"https:\\\/\\\/www.werecycle.ch\\\/wp-content\\\/uploads\\\/2022\\\/09\\\/logo_werecycle.webp\",\"contentUrl\":\"https:\\\/\\\/www.werecycle.ch\\\/wp-content\\\/uploads\\\/2022\\\/09\\\/logo_werecycle.webp\",\"width\":1423,\"height\":427,\"caption\":\"WeRecycle.ch | Recycling Services AG\"},\"image\":{\"@id\":\"https:\\\/\\\/www.werecycle.ch\\\/de\\\/#\\\/schema\\\/logo\\\/image\\\/\"},\"sameAs\":[\"https:\\\/\\\/www.facebook.com\\\/www.werecycle.ch\"]}]}<\/script>\n<!-- \/ Yoast SEO plugin. -->","yoast_head_json":{"title":"R\u00fccksendung & Widerruf - WeRecycle.ch | WR Group AG","robots":{"index":"index","follow":"follow","max-snippet":"max-snippet:-1","max-image-preview":"max-image-preview:large","max-video-preview":"max-video-preview:-1"},"canonical":"https:\/\/www.werecycle.ch\/de\/ruecksendung-widerruf\/","og_locale":"de_DE","og_type":"article","og_title":"R\u00fccksendung & Widerruf - WeRecycle.ch | WR Group AG","og_description":"R\u00fccksendung &amp; Widerruf F\u00fcr Shop Eink\u00e4ufe gew\u00e4hrt die WeRecycle AG ein freiwilliges R\u00fcckgaberecht von 14 Tagen ab Warenerhalt. F\u00fcr Teillieferungen gilt das Datum des Erhalts des entsprechendes Artikels. Im Falle eines Widerrufes muss dieser schriftlich angemeldet werden. Bitte kontaktiere uns im Fall einer gew\u00fcnschten R\u00fccksendung oder einem Widerruf unter info@werecycle.ch oder +41 44 503 56 [&hellip;]","og_url":"https:\/\/www.werecycle.ch\/de\/ruecksendung-widerruf\/","og_site_name":"WeRecycle.ch | WR Group AG","article_publisher":"https:\/\/www.facebook.com\/www.werecycle.ch","article_modified_time":"2025-07-23T11:01:30+00:00","og_image":[{"width":1423,"height":427,"url":"https:\/\/www.werecycle.ch\/wp-content\/uploads\/2022\/09\/logo_werecycle.webp","type":"image\/webp"}],"twitter_card":"summary_large_image","schema":{"@context":"https:\/\/schema.org","@graph":[{"@type":"WebPage","@id":"https:\/\/www.werecycle.ch\/ruecksendung-widerruf\/","url":"https:\/\/www.werecycle.ch\/ruecksendung-widerruf\/","name":"R\u00fccksendung & Widerruf - WeRecycle.ch | WR Group AG","isPartOf":{"@id":"https:\/\/www.werecycle.ch\/de\/#website"},"datePublished":"2022-11-07T12:53:20+00:00","dateModified":"2025-07-23T11:01:30+00:00","breadcrumb":{"@id":"https:\/\/www.werecycle.ch\/ruecksendung-widerruf\/#breadcrumb"},"inLanguage":"de","potentialAction":[{"@type":"ReadAction","target":["https:\/\/www.werecycle.ch\/ruecksendung-widerruf\/"]}]},{"@type":"BreadcrumbList","@id":"https:\/\/www.werecycle.ch\/ruecksendung-widerruf\/#breadcrumb","itemListElement":[{"@type":"ListItem","position":1,"name":"Startseite","item":"https:\/\/www.werecycle.ch\/"},{"@type":"ListItem","position":2,"name":"R\u00fccksendung &#038; Widerruf"}]},{"@type":"WebSite","@id":"https:\/\/www.werecycle.ch\/de\/#website","url":"https:\/\/www.werecycle.ch\/de\/","name":"WeRecycle.ch | Recycling Services AG","description":"","publisher":{"@id":"https:\/\/www.werecycle.ch\/de\/#organization"},"potentialAction":[{"@type":"SearchAction","target":{"@type":"EntryPoint","urlTemplate":"https:\/\/www.werecycle.ch\/de\/?s={search_term_string}"},"query-input":{"@type":"PropertyValueSpecification","valueRequired":true,"valueName":"search_term_string"}}],"inLanguage":"de"},{"@type":"Organization","@id":"https:\/\/www.werecycle.ch\/de\/#organization","name":"WeRecycle.ch | Recycling Services AG","url":"https:\/\/www.werecycle.ch\/de\/","logo":{"@type":"ImageObject","inLanguage":"de","@id":"https:\/\/www.werecycle.ch\/de\/#\/schema\/logo\/image\/","url":"https:\/\/www.werecycle.ch\/wp-content\/uploads\/2022\/09\/logo_werecycle.webp","contentUrl":"https:\/\/www.werecycle.ch\/wp-content\/uploads\/2022\/09\/logo_werecycle.webp","width":1423,"height":427,"caption":"WeRecycle.ch | Recycling Services AG"},"image":{"@id":"https:\/\/www.werecycle.ch\/de\/#\/schema\/logo\/image\/"},"sameAs":["https:\/\/www.facebook.com\/www.werecycle.ch"]}]}},"_links":{"self":[{"href":"https:\/\/www.werecycle.ch\/de\/wp-json\/wp\/v2\/pages\/23","targetHints":{"allow":["GET"]}}],"collection":[{"href":"https:\/\/www.werecycle.ch\/de\/wp-json\/wp\/v2\/pages"}],"about":[{"href":"https:\/\/www.werecycle.ch\/de\/wp-json\/wp\/v2\/types\/page"}],"author":[{"embeddable":true,"href":"https:\/\/www.werecycle.ch\/de\/wp-json\/wp\/v2\/users\/2"}],"replies":[{"embeddable":true,"href":"https:\/\/www.werecycle.ch\/de\/wp-json\/wp\/v2\/comments?post=23"}],"version-history":[{"count":1,"href":"https:\/\/www.werecycle.ch\/de\/wp-json\/wp\/v2\/pages\/23\/revisions"}],"predecessor-version":[{"id":28673,"href":"https:\/\/www.werecycle.ch\/de\/wp-json\/wp\/v2\/pages\/23\/revisions\/28673"}],"wp:attachment":[{"href":"https:\/\/www.werecycle.ch\/de\/wp-json\/wp\/v2\/media?parent=23"}],"curies":[{"name":"wp","href":"https:\/\/api.w.org\/{rel}","templated":true}]}}