{"id":1923,"date":"2022-10-05T16:48:09","date_gmt":"2022-10-05T14:48:09","guid":{"rendered":"https:\/\/www.werecycle.ch\/?page_id=1923"},"modified":"2023-08-03T13:52:01","modified_gmt":"2023-08-03T12:52:01","slug":"medien","status":"publish","type":"page","link":"https:\/\/www.werecycle.ch\/de\/medien\/","title":{"rendered":"Medien"},"content":{"rendered":"\t\t<div data-elementor-type=\"wp-page\" data-elementor-id=\"1923\" class=\"elementor elementor-1923\" data-elementor-post-type=\"page\">\n\t\t\t\t\t\t<section class=\"elementor-section elementor-top-section elementor-element elementor-element-4c3cfdb elementor-section-boxed elementor-section-height-default elementor-section-height-default\" data-id=\"4c3cfdb\" data-element_type=\"section\" data-e-type=\"section\">\n\t\t\t\t\t\t<div class=\"elementor-container elementor-column-gap-default\">\n\t\t\t\t\t<div class=\"elementor-column elementor-col-100 elementor-top-column elementor-element elementor-element-cabcd14\" data-id=\"cabcd14\" data-element_type=\"column\" data-e-type=\"column\">\n\t\t\t<div class=\"elementor-widget-wrap elementor-element-populated\">\n\t\t\t\t\t\t<div class=\"elementor-element elementor-element-1d41da6 elementor-widget elementor-widget-heading\" data-id=\"1d41da6\" data-element_type=\"widget\" data-e-type=\"widget\" data-widget_type=\"heading.default\">\n\t\t\t\t<div class=\"elementor-widget-container\">\n\t\t\t\t\t<h1 class=\"elementor-heading-title elementor-size-default\">Medienbeitr\u00e4ge<\/h1>\t\t\t\t<\/div>\n\t\t\t\t<\/div>\n\t\t\t\t\t<\/div>\n\t\t<\/div>\n\t\t\t\t\t<\/div>\n\t\t<\/section>\n\t\t\t\t<section class=\"elementor-section elementor-top-section elementor-element elementor-element-74baf04 elementor-section-boxed elementor-section-height-default elementor-section-height-default\" data-id=\"74baf04\" data-element_type=\"section\" data-e-type=\"section\">\n\t\t\t\t\t\t<div class=\"elementor-container elementor-column-gap-default\">\n\t\t\t\t\t<div class=\"elementor-column elementor-col-50 elementor-top-column elementor-element elementor-element-963fe54\" data-id=\"963fe54\" data-element_type=\"column\" data-e-type=\"column\">\n\t\t\t<div class=\"elementor-widget-wrap elementor-element-populated\">\n\t\t\t\t\t\t<div class=\"elementor-element elementor-element-c35a8ef elementor-widget elementor-widget-image\" data-id=\"c35a8ef\" data-element_type=\"widget\" data-e-type=\"widget\" data-widget_type=\"image.default\">\n\t\t\t\t<div class=\"elementor-widget-container\">\n\t\t\t\t\t\t\t\t\t\t\t\t\t\t\t<img fetchpriority=\"high\" decoding=\"async\" width=\"300\" height=\"300\" src=\"https:\/\/www.werecycle.ch\/wp-content\/uploads\/2023\/08\/dieguteminute.webp\" class=\"attachment-large size-large wp-image-11452\" alt=\"\" srcset=\"https:\/\/www.werecycle.ch\/wp-content\/uploads\/2023\/08\/dieguteminute.webp 300w, https:\/\/www.werecycle.ch\/wp-content\/uploads\/2023\/08\/dieguteminute-150x150.webp 150w, https:\/\/www.werecycle.ch\/wp-content\/uploads\/2023\/08\/dieguteminute-12x12.webp 12w, https:\/\/www.werecycle.ch\/wp-content\/uploads\/2023\/08\/dieguteminute-265x265.webp 265w, https:\/\/www.werecycle.ch\/wp-content\/uploads\/2023\/08\/dieguteminute-100x100.webp 100w\" sizes=\"(max-width: 300px) 100vw, 300px\" \/>\t\t\t\t\t\t\t\t\t\t\t\t\t\t\t<\/div>\n\t\t\t\t<\/div>\n\t\t\t\t\t<\/div>\n\t\t<\/div>\n\t\t\t\t<div class=\"elementor-column elementor-col-50 elementor-top-column elementor-element elementor-element-a2e6ce8\" data-id=\"a2e6ce8\" data-element_type=\"column\" data-e-type=\"column\">\n\t\t\t<div class=\"elementor-widget-wrap elementor-element-populated\">\n\t\t\t\t\t\t<div class=\"elementor-element elementor-element-f947675 elementor-widget elementor-widget-heading\" data-id=\"f947675\" data-element_type=\"widget\" data-e-type=\"widget\" data-widget_type=\"heading.default\">\n\t\t\t\t<div class=\"elementor-widget-container\">\n\t\t\t\t\t<h2 class=\"elementor-heading-title elementor-size-default\"><a href=\"https:\/\/dieguteminute.ch\/greenpick-donnertag-werecycle\/\" target=\"_blank\">GreenPick Donnerstag: WeRecycle<\/a><\/h2>\t\t\t\t<\/div>\n\t\t\t\t<\/div>\n\t\t\t\t<div class=\"elementor-element elementor-element-63cafe0 elementor-widget elementor-widget-text-editor\" data-id=\"63cafe0\" data-element_type=\"widget\" data-e-type=\"widget\" data-widget_type=\"text-editor.default\">\n\t\t\t\t<div class=\"elementor-widget-container\">\n\t\t\t\t\t\t\t\t\t<p>23. M\u00e4rz 2023<\/p>\t\t\t\t\t\t\t\t<\/div>\n\t\t\t\t<\/div>\n\t\t\t\t<div class=\"elementor-element elementor-element-b7d289e elementor-widget elementor-widget-text-editor\" data-id=\"b7d289e\" data-element_type=\"widget\" data-e-type=\"widget\" data-widget_type=\"text-editor.default\">\n\t\t\t\t<div class=\"elementor-widget-container\">\n\t\t\t\t\t\t\t\t\t<p>Der Service von WeRecycle bietet an, Ihr Recycling vor Ihrer Haust\u00fcr zu sammeln, anstatt mehrere Fahrten zu den Recyclingh\u00f6fen zu unternehmen. Ihr M\u00fcll kann bequem und nachhaltig entsorgt werden.<\/p><p>Heutzutage findet ein hoher Recyclinggrad statt und viele Tonnen wertvoller Ressourcen werden durch die sorgf\u00e4ltige Sortierung von Hand geschont. WeRecycle funktioniert \u00fcber ein Abonnement, bei dem Sie Ihren gesamten unsortierten recycelbaren M\u00fcll in die von Ihnen gesendeten S\u00e4cke geben und sie abholen und den M\u00fcll f\u00fcr Sie \u00fcber ihr Partnernetzwerk sortieren, was maximale Effizienz im Recyclingprozess garantiert.<\/p>\t\t\t\t\t\t\t\t<\/div>\n\t\t\t\t<\/div>\n\t\t\t\t\t<\/div>\n\t\t<\/div>\n\t\t\t\t\t<\/div>\n\t\t<\/section>\n\t\t\t\t<section class=\"elementor-section elementor-top-section elementor-element elementor-element-a36089d elementor-section-boxed elementor-section-height-default elementor-section-height-default\" data-id=\"a36089d\" data-element_type=\"section\" data-e-type=\"section\">\n\t\t\t\t\t\t<div class=\"elementor-container elementor-column-gap-default\">\n\t\t\t\t\t<div class=\"elementor-column elementor-col-50 elementor-top-column elementor-element elementor-element-8faa9ce\" data-id=\"8faa9ce\" data-element_type=\"column\" data-e-type=\"column\">\n\t\t\t<div class=\"elementor-widget-wrap elementor-element-populated\">\n\t\t\t\t\t\t<div class=\"elementor-element elementor-element-5522e8f elementor-widget elementor-widget-image\" data-id=\"5522e8f\" data-element_type=\"widget\" data-e-type=\"widget\" data-widget_type=\"image.default\">\n\t\t\t\t<div class=\"elementor-widget-container\">\n\t\t\t\t\t\t\t\t\t\t\t\t\t\t\t<img decoding=\"async\" width=\"300\" height=\"300\" src=\"https:\/\/www.werecycle.ch\/wp-content\/uploads\/2023\/08\/energie-ch.webp\" class=\"attachment-large size-large wp-image-11453\" alt=\"\" srcset=\"https:\/\/www.werecycle.ch\/wp-content\/uploads\/2023\/08\/energie-ch.webp 300w, https:\/\/www.werecycle.ch\/wp-content\/uploads\/2023\/08\/energie-ch-150x150.webp 150w, https:\/\/www.werecycle.ch\/wp-content\/uploads\/2023\/08\/energie-ch-12x12.webp 12w, https:\/\/www.werecycle.ch\/wp-content\/uploads\/2023\/08\/energie-ch-265x265.webp 265w, https:\/\/www.werecycle.ch\/wp-content\/uploads\/2023\/08\/energie-ch-100x100.webp 100w\" sizes=\"(max-width: 300px) 100vw, 300px\" \/>\t\t\t\t\t\t\t\t\t\t\t\t\t\t\t<\/div>\n\t\t\t\t<\/div>\n\t\t\t\t\t<\/div>\n\t\t<\/div>\n\t\t\t\t<div class=\"elementor-column elementor-col-50 elementor-top-column elementor-element elementor-element-210763f\" data-id=\"210763f\" data-element_type=\"column\" data-e-type=\"column\">\n\t\t\t<div class=\"elementor-widget-wrap elementor-element-populated\">\n\t\t\t\t\t\t<div class=\"elementor-element elementor-element-94180bc elementor-widget elementor-widget-heading\" data-id=\"94180bc\" data-element_type=\"widget\" data-e-type=\"widget\" data-widget_type=\"heading.default\">\n\t\t\t\t<div class=\"elementor-widget-container\">\n\t\t\t\t\t<h2 class=\"elementor-heading-title elementor-size-default\"><a href=\"https:\/\/energie.ch\/recycling-spart-energie-und-treibhausgase\/\" target=\"_blank\">Recycling spart Energie und Treibhausgase<\/a><\/h2>\t\t\t\t<\/div>\n\t\t\t\t<\/div>\n\t\t\t\t<div class=\"elementor-element elementor-element-cb9754f elementor-widget elementor-widget-text-editor\" data-id=\"cb9754f\" data-element_type=\"widget\" data-e-type=\"widget\" data-widget_type=\"text-editor.default\">\n\t\t\t\t<div class=\"elementor-widget-container\">\n\t\t\t\t\t\t\t\t\t<p>13. Oktober 2021<\/p>\t\t\t\t\t\t\t\t<\/div>\n\t\t\t\t<\/div>\n\t\t\t\t<div class=\"elementor-element elementor-element-2de7f4e elementor-widget elementor-widget-text-editor\" data-id=\"2de7f4e\" data-element_type=\"widget\" data-e-type=\"widget\" data-widget_type=\"text-editor.default\">\n\t\t\t\t<div class=\"elementor-widget-container\">\n\t\t\t\t\t\t\t\t\t<p>M\u00fcll ist nie gleich M\u00fcll. Sehr vieles was weggeworfen wird, ist eigentlich sehr\u00a0<a href=\"https:\/\/www.prisma.de\/mediathek\/zdfinfo\/dokumentation\/zdfinfo-doku\/amerikas-plastik-luege-profit-statt-recycling,29251696\">wertvoll<\/a>. Die Metallh\u00fclle eines alten Computers, genau wie die Zeitung von letzter Woche. Beides sind Wertstoffe und geh\u00f6ren eigentlich nicht in den Restm\u00fcll. Aber auch Gr\u00fcnabf\u00e4lle, Kunststoff und Glas m\u00fcssen getrennt erfasst werden, damit sie nicht als Rest- oder Sperrm\u00fcll entsorgt werden.<\/p><p>Das geschieht noch zu selten, weshalb viele teilweise seltene Materialien einfach verschwendet werden. Rund zwei Drittel des Restm\u00fclls sind eigentlich Wertstoffe, welche jedoch nicht aussortiert werden. Das macht pro Person rund 100 Kilogramm an Wertstoffen pro Jahr, die wir ohne es zu wissen entsorgen. Daher sollte recycelbares Material besser erfasst werden, um Treibhausgase und Energie einzusparen.<\/p>\t\t\t\t\t\t\t\t<\/div>\n\t\t\t\t<\/div>\n\t\t\t\t\t<\/div>\n\t\t<\/div>\n\t\t\t\t\t<\/div>\n\t\t<\/section>\n\t\t\t\t<section class=\"elementor-section elementor-top-section elementor-element elementor-element-58d012e elementor-section-boxed elementor-section-height-default elementor-section-height-default\" data-id=\"58d012e\" data-element_type=\"section\" data-e-type=\"section\">\n\t\t\t\t\t\t<div class=\"elementor-container elementor-column-gap-default\">\n\t\t\t\t\t<div class=\"elementor-column elementor-col-50 elementor-top-column elementor-element elementor-element-122275d\" data-id=\"122275d\" data-element_type=\"column\" data-e-type=\"column\">\n\t\t\t<div class=\"elementor-widget-wrap elementor-element-populated\">\n\t\t\t\t\t\t<div class=\"elementor-element elementor-element-7260285 elementor-widget elementor-widget-image\" data-id=\"7260285\" data-element_type=\"widget\" data-e-type=\"widget\" data-widget_type=\"image.default\">\n\t\t\t\t<div class=\"elementor-widget-container\">\n\t\t\t\t\t\t\t\t\t\t\t\t\t\t\t<img decoding=\"async\" width=\"300\" height=\"300\" src=\"https:\/\/www.werecycle.ch\/wp-content\/uploads\/2022\/10\/reussbote.webp\" class=\"attachment-large size-large wp-image-1930\" alt=\"\" srcset=\"https:\/\/www.werecycle.ch\/wp-content\/uploads\/2022\/10\/reussbote.webp 300w, https:\/\/www.werecycle.ch\/wp-content\/uploads\/2022\/10\/reussbote-265x265.webp 265w, https:\/\/www.werecycle.ch\/wp-content\/uploads\/2022\/10\/reussbote-100x100.webp 100w, https:\/\/www.werecycle.ch\/wp-content\/uploads\/2022\/10\/reussbote-150x150.webp 150w\" sizes=\"(max-width: 300px) 100vw, 300px\" \/>\t\t\t\t\t\t\t\t\t\t\t\t\t\t\t<\/div>\n\t\t\t\t<\/div>\n\t\t\t\t\t<\/div>\n\t\t<\/div>\n\t\t\t\t<div class=\"elementor-column elementor-col-50 elementor-top-column elementor-element elementor-element-6c13ae1\" data-id=\"6c13ae1\" data-element_type=\"column\" data-e-type=\"column\">\n\t\t\t<div class=\"elementor-widget-wrap elementor-element-populated\">\n\t\t\t\t\t\t<div class=\"elementor-element elementor-element-43999eb elementor-widget elementor-widget-heading\" data-id=\"43999eb\" data-element_type=\"widget\" data-e-type=\"widget\" data-widget_type=\"heading.default\">\n\t\t\t\t<div class=\"elementor-widget-container\">\n\t\t\t\t\t<h2 class=\"elementor-heading-title elementor-size-default\"><a href=\"https:\/\/www.reussbote.ch\/2021\/09\/recyceln-abgegeben-mehr-zeit-f%C3%BCr-anderes.html\" target=\"_blank\">Recyceln abgegeben: mehr Zeit f\u00fcr anderes<\/a><\/h2>\t\t\t\t<\/div>\n\t\t\t\t<\/div>\n\t\t\t\t<div class=\"elementor-element elementor-element-96529d7 elementor-widget elementor-widget-text-editor\" data-id=\"96529d7\" data-element_type=\"widget\" data-e-type=\"widget\" data-widget_type=\"text-editor.default\">\n\t\t\t\t<div class=\"elementor-widget-container\">\n\t\t\t\t\t\t\t\t\t<p>7. September 2021<\/p>\t\t\t\t\t\t\t\t<\/div>\n\t\t\t\t<\/div>\n\t\t\t\t<div class=\"elementor-element elementor-element-62df956 elementor-widget elementor-widget-text-editor\" data-id=\"62df956\" data-element_type=\"widget\" data-e-type=\"widget\" data-widget_type=\"text-editor.default\">\n\t\t\t\t<div class=\"elementor-widget-container\">\n\t\t\t\t\t\t\t\t\t<p>Denise Walser hat f\u00fcr sich eine andere Art der Entsorgung gefunden. Sie hat ein Recycling-Abo bei \u00abWe Recycle\u00bb gel\u00f6st<\/p><p>Denise Walser zeigt, wie sie ohne Aufwand direkt vor der Haust\u00fcre ihren M\u00fcll umweltschonend entsorgt. Die Firma \u00abWe Recycle\u00bb holt die gef\u00fcllten Plastiks\u00e4cke alle zwei Wochen bei ihr zu Hause ab.<\/p>\t\t\t\t\t\t\t\t<\/div>\n\t\t\t\t<\/div>\n\t\t\t\t\t<\/div>\n\t\t<\/div>\n\t\t\t\t\t<\/div>\n\t\t<\/section>\n\t\t\t\t<section class=\"elementor-section elementor-top-section elementor-element elementor-element-0c2afec elementor-section-boxed elementor-section-height-default elementor-section-height-default\" data-id=\"0c2afec\" data-element_type=\"section\" data-e-type=\"section\">\n\t\t\t\t\t\t<div class=\"elementor-container elementor-column-gap-default\">\n\t\t\t\t\t<div class=\"elementor-column elementor-col-50 elementor-top-column elementor-element elementor-element-4652dd2\" data-id=\"4652dd2\" data-element_type=\"column\" data-e-type=\"column\">\n\t\t\t<div class=\"elementor-widget-wrap elementor-element-populated\">\n\t\t\t\t\t\t<div class=\"elementor-element elementor-element-a94d67c elementor-widget elementor-widget-image\" data-id=\"a94d67c\" data-element_type=\"widget\" data-e-type=\"widget\" data-widget_type=\"image.default\">\n\t\t\t\t<div class=\"elementor-widget-container\">\n\t\t\t\t\t\t\t\t\t\t\t\t\t\t\t<img loading=\"lazy\" decoding=\"async\" width=\"300\" height=\"300\" src=\"https:\/\/www.werecycle.ch\/wp-content\/uploads\/2023\/08\/liebefinanzen.webp\" class=\"attachment-large size-large wp-image-11451\" alt=\"\" srcset=\"https:\/\/www.werecycle.ch\/wp-content\/uploads\/2023\/08\/liebefinanzen.webp 300w, https:\/\/www.werecycle.ch\/wp-content\/uploads\/2023\/08\/liebefinanzen-150x150.webp 150w, https:\/\/www.werecycle.ch\/wp-content\/uploads\/2023\/08\/liebefinanzen-12x12.webp 12w, https:\/\/www.werecycle.ch\/wp-content\/uploads\/2023\/08\/liebefinanzen-265x265.webp 265w, https:\/\/www.werecycle.ch\/wp-content\/uploads\/2023\/08\/liebefinanzen-100x100.webp 100w\" sizes=\"(max-width: 300px) 100vw, 300px\" \/>\t\t\t\t\t\t\t\t\t\t\t\t\t\t\t<\/div>\n\t\t\t\t<\/div>\n\t\t\t\t\t<\/div>\n\t\t<\/div>\n\t\t\t\t<div class=\"elementor-column elementor-col-50 elementor-top-column elementor-element elementor-element-018e95d\" data-id=\"018e95d\" data-element_type=\"column\" data-e-type=\"column\">\n\t\t\t<div class=\"elementor-widget-wrap elementor-element-populated\">\n\t\t\t\t\t\t<div class=\"elementor-element elementor-element-5f8193e elementor-widget elementor-widget-heading\" data-id=\"5f8193e\" data-element_type=\"widget\" data-e-type=\"widget\" data-widget_type=\"heading.default\">\n\t\t\t\t<div class=\"elementor-widget-container\">\n\t\t\t\t\t<h2 class=\"elementor-heading-title elementor-size-default\"><a href=\"https:\/\/liebefinanzen.ch\/recycling-abo-abfall-zuhause-abholen-lassen\/\" target=\"_blank\">Recycling Abo Tipp: Abfall zuhause abholen lassen<\/a><\/h2>\t\t\t\t<\/div>\n\t\t\t\t<\/div>\n\t\t\t\t<div class=\"elementor-element elementor-element-0dfa7ea elementor-widget elementor-widget-text-editor\" data-id=\"0dfa7ea\" data-element_type=\"widget\" data-e-type=\"widget\" data-widget_type=\"text-editor.default\">\n\t\t\t\t<div class=\"elementor-widget-container\">\n\t\t\t\t\t\t\t\t\t<p>2. August 2021<\/p>\t\t\t\t\t\t\t\t<\/div>\n\t\t\t\t<\/div>\n\t\t\t\t<div class=\"elementor-element elementor-element-7592744 elementor-widget elementor-widget-text-editor\" data-id=\"7592744\" data-element_type=\"widget\" data-e-type=\"widget\" data-widget_type=\"text-editor.default\">\n\t\t\t\t<div class=\"elementor-widget-container\">\n\t\t\t\t\t\t\t\t\t<p>Bei uns ist die Wertstoffsammelstelle auch nicht besonders gut organisiert. Die Container mit dem Karton oder Papier wechseln immer wieder die Lage. Es gibt keine fixen Parkpl\u00e4tze und man muss auf die herumfahrenden Lastenwagen aufpassen. Ich meide zwar Peak-Zeiten wie den Samstagmorgen, aber dennoch geh\u00f6rt die Fahrt zum Werkhof nicht zu meinen Lieblingsbesch\u00e4ftigungen. Trotzdem finde ich es wichtig, dass die Schweiz so viel Wert auf die Abfallentsorgung legt. Wir k\u00f6nnen alle etwas dazu beitragen, dass es so geregelt und effizient abl\u00e4uft. Aber ob die Fahrt mit dem Auto zum Werkhof so sinnvoll ist?<\/p>\t\t\t\t\t\t\t\t<\/div>\n\t\t\t\t<\/div>\n\t\t\t\t\t<\/div>\n\t\t<\/div>\n\t\t\t\t\t<\/div>\n\t\t<\/section>\n\t\t\t\t<section class=\"elementor-section elementor-top-section elementor-element elementor-element-1b52b70 elementor-section-boxed elementor-section-height-default elementor-section-height-default\" data-id=\"1b52b70\" data-element_type=\"section\" data-e-type=\"section\">\n\t\t\t\t\t\t<div class=\"elementor-container elementor-column-gap-default\">\n\t\t\t\t\t<div class=\"elementor-column elementor-col-50 elementor-top-column elementor-element elementor-element-49371ac\" data-id=\"49371ac\" data-element_type=\"column\" data-e-type=\"column\">\n\t\t\t<div class=\"elementor-widget-wrap elementor-element-populated\">\n\t\t\t\t\t\t<div class=\"elementor-element elementor-element-058130a elementor-widget elementor-widget-image\" data-id=\"058130a\" data-element_type=\"widget\" data-e-type=\"widget\" data-widget_type=\"image.default\">\n\t\t\t\t<div class=\"elementor-widget-container\">\n\t\t\t\t\t\t\t\t\t\t\t\t\t\t\t<img loading=\"lazy\" decoding=\"async\" width=\"300\" height=\"300\" src=\"https:\/\/www.werecycle.ch\/wp-content\/uploads\/2022\/10\/consumo.webp\" class=\"attachment-large size-large wp-image-1933\" alt=\"\" srcset=\"https:\/\/www.werecycle.ch\/wp-content\/uploads\/2022\/10\/consumo.webp 300w, https:\/\/www.werecycle.ch\/wp-content\/uploads\/2022\/10\/consumo-265x265.webp 265w, https:\/\/www.werecycle.ch\/wp-content\/uploads\/2022\/10\/consumo-100x100.webp 100w, https:\/\/www.werecycle.ch\/wp-content\/uploads\/2022\/10\/consumo-150x150.webp 150w\" sizes=\"(max-width: 300px) 100vw, 300px\" \/>\t\t\t\t\t\t\t\t\t\t\t\t\t\t\t<\/div>\n\t\t\t\t<\/div>\n\t\t\t\t\t<\/div>\n\t\t<\/div>\n\t\t\t\t<div class=\"elementor-column elementor-col-50 elementor-top-column elementor-element elementor-element-663a145\" data-id=\"663a145\" data-element_type=\"column\" data-e-type=\"column\">\n\t\t\t<div class=\"elementor-widget-wrap elementor-element-populated\">\n\t\t\t\t\t\t<div class=\"elementor-element elementor-element-7779f42 elementor-widget elementor-widget-heading\" data-id=\"7779f42\" data-element_type=\"widget\" data-e-type=\"widget\" data-widget_type=\"heading.default\">\n\t\t\t\t<div class=\"elementor-widget-container\">\n\t\t\t\t\t<h2 class=\"elementor-heading-title elementor-size-default\"><a href=\"https:\/\/www.consumo.ch\/news-haus-garten\/recyclingstarke-unternehmen-in-der-schweiz-3571\" target=\"_blank\">Recyclingstarke Unternehmen in der Schweiz<\/a><\/h2>\t\t\t\t<\/div>\n\t\t\t\t<\/div>\n\t\t\t\t<div class=\"elementor-element elementor-element-996a1f1 elementor-widget elementor-widget-text-editor\" data-id=\"996a1f1\" data-element_type=\"widget\" data-e-type=\"widget\" data-widget_type=\"text-editor.default\">\n\t\t\t\t<div class=\"elementor-widget-container\">\n\t\t\t\t\t\t\t\t\t<p>10. November 2020<\/p>\t\t\t\t\t\t\t\t<\/div>\n\t\t\t\t<\/div>\n\t\t\t\t<div class=\"elementor-element elementor-element-bfb98ca elementor-widget elementor-widget-text-editor\" data-id=\"bfb98ca\" data-element_type=\"widget\" data-e-type=\"widget\" data-widget_type=\"text-editor.default\">\n\t\t\t\t<div class=\"elementor-widget-container\">\n\t\t\t\t\t\t\t\t\t<p>Ein Schweizer Unternehmen, welches sich ebenfalls dem Sammeln und Recyceln von Abfall verschrieben hat, ist\u00a0\u00abWeRecycle\u00bb. T\u00e4glich werden mehrere Tonnen potentielle Wertstoffe von Privathaushalten und Unternehmen, die \u00fcber ein Recycling-Abo verf\u00fcgen, zusammengetragen. \u00abWeRecycle\u00bb ist zwar kein Recyclinghof, dennoch sorgen die Mitarbeiter mit ihrem Service daf\u00fcr, dass Wertstoffe zuverl\u00e4ssig verwertet werden. W\u00e4hlen k\u00f6nnen Sie \u00fcbrigens zwischen drei verschiedenen Abo-Varianten, um mit wenig Aufwand einen wichtigen Beitrag f\u00fcr die Umwelt zu leisten.<\/p>\t\t\t\t\t\t\t\t<\/div>\n\t\t\t\t<\/div>\n\t\t\t\t\t<\/div>\n\t\t<\/div>\n\t\t\t\t\t<\/div>\n\t\t<\/section>\n\t\t\t\t<section class=\"elementor-section elementor-top-section elementor-element elementor-element-17b2cc7 elementor-section-boxed elementor-section-height-default elementor-section-height-default\" data-id=\"17b2cc7\" data-element_type=\"section\" data-e-type=\"section\">\n\t\t\t\t\t\t<div class=\"elementor-container elementor-column-gap-default\">\n\t\t\t\t\t<div class=\"elementor-column elementor-col-50 elementor-top-column elementor-element elementor-element-9ad55be\" data-id=\"9ad55be\" data-element_type=\"column\" data-e-type=\"column\">\n\t\t\t<div class=\"elementor-widget-wrap elementor-element-populated\">\n\t\t\t\t\t\t<div class=\"elementor-element elementor-element-f51a93c elementor-widget elementor-widget-image\" data-id=\"f51a93c\" data-element_type=\"widget\" data-e-type=\"widget\" data-widget_type=\"image.default\">\n\t\t\t\t<div class=\"elementor-widget-container\">\n\t\t\t\t\t\t\t\t\t\t\t\t\t\t\t<img loading=\"lazy\" decoding=\"async\" width=\"300\" height=\"300\" src=\"https:\/\/www.werecycle.ch\/wp-content\/uploads\/2022\/10\/glanzundgloria.webp\" class=\"attachment-large size-large wp-image-1934\" alt=\"\" srcset=\"https:\/\/www.werecycle.ch\/wp-content\/uploads\/2022\/10\/glanzundgloria.webp 300w, https:\/\/www.werecycle.ch\/wp-content\/uploads\/2022\/10\/glanzundgloria-265x265.webp 265w, https:\/\/www.werecycle.ch\/wp-content\/uploads\/2022\/10\/glanzundgloria-100x100.webp 100w, https:\/\/www.werecycle.ch\/wp-content\/uploads\/2022\/10\/glanzundgloria-150x150.webp 150w\" sizes=\"(max-width: 300px) 100vw, 300px\" \/>\t\t\t\t\t\t\t\t\t\t\t\t\t\t\t<\/div>\n\t\t\t\t<\/div>\n\t\t\t\t\t<\/div>\n\t\t<\/div>\n\t\t\t\t<div class=\"elementor-column elementor-col-50 elementor-top-column elementor-element elementor-element-af32b18\" data-id=\"af32b18\" data-element_type=\"column\" data-e-type=\"column\">\n\t\t\t<div class=\"elementor-widget-wrap elementor-element-populated\">\n\t\t\t\t\t\t<div class=\"elementor-element elementor-element-bff0bbc elementor-widget elementor-widget-heading\" data-id=\"bff0bbc\" data-element_type=\"widget\" data-e-type=\"widget\" data-widget_type=\"heading.default\">\n\t\t\t\t<div class=\"elementor-widget-container\">\n\t\t\t\t\t<h2 class=\"elementor-heading-title elementor-size-default\"><a href=\"https:\/\/www.srf.ch\/play\/tv\/glanz--gloria\/video\/mit-einer-hollywood-legende-und-dem-kampf-um-den-goldenen-gueselsack?id=1c96e160-a749-4b29-b313-66443592ed5f\" target=\"_blank\">Die Recycling-Challenge - Prominente k\u00e4mpfen um den \u00abGoldenen G\u00fcselsack\u00bb<\/a><\/h2>\t\t\t\t<\/div>\n\t\t\t\t<\/div>\n\t\t\t\t<div class=\"elementor-element elementor-element-5d37ae9 elementor-widget elementor-widget-text-editor\" data-id=\"5d37ae9\" data-element_type=\"widget\" data-e-type=\"widget\" data-widget_type=\"text-editor.default\">\n\t\t\t\t<div class=\"elementor-widget-container\">\n\t\t\t\t\t\t\t\t\t<p>27. Juli 2020<\/p>\t\t\t\t\t\t\t\t<\/div>\n\t\t\t\t<\/div>\n\t\t\t\t<div class=\"elementor-element elementor-element-99e600f elementor-widget elementor-widget-text-editor\" data-id=\"99e600f\" data-element_type=\"widget\" data-e-type=\"widget\" data-widget_type=\"text-editor.default\">\n\t\t\t\t<div class=\"elementor-widget-container\">\n\t\t\t\t\t\t\t\t\t<p>In verschiedenen Challenges rund um das Thema Recycling und Abfall treten drei Schweizer Pers\u00f6nlichkeiten gegeneinander an: Schwinger Remo K\u00e4ser, Schlagers\u00e4ngerin Linda F\u00e4h und Schauspielerin Isabelle Flachsmann. Die Person, welche bei den f\u00fcnf Challenges am besten abschneidet, erh\u00e4lt den \u00abGoldenen G\u00fcselsack\u00bb.<\/p>\t\t\t\t\t\t\t\t<\/div>\n\t\t\t\t<\/div>\n\t\t\t\t\t<\/div>\n\t\t<\/div>\n\t\t\t\t\t<\/div>\n\t\t<\/section>\n\t\t\t\t<section class=\"elementor-section elementor-top-section elementor-element elementor-element-5169e43 elementor-section-boxed elementor-section-height-default elementor-section-height-default\" data-id=\"5169e43\" data-element_type=\"section\" data-e-type=\"section\">\n\t\t\t\t\t\t<div class=\"elementor-container elementor-column-gap-default\">\n\t\t\t\t\t<div class=\"elementor-column elementor-col-50 elementor-top-column elementor-element elementor-element-82eb55f\" data-id=\"82eb55f\" data-element_type=\"column\" data-e-type=\"column\">\n\t\t\t<div class=\"elementor-widget-wrap elementor-element-populated\">\n\t\t\t\t\t\t<div class=\"elementor-element elementor-element-37b387c elementor-widget elementor-widget-image\" data-id=\"37b387c\" data-element_type=\"widget\" data-e-type=\"widget\" data-widget_type=\"image.default\">\n\t\t\t\t<div class=\"elementor-widget-container\">\n\t\t\t\t\t\t\t\t\t\t\t\t\t\t\t<img loading=\"lazy\" decoding=\"async\" width=\"300\" height=\"300\" src=\"https:\/\/www.werecycle.ch\/wp-content\/uploads\/2022\/10\/postfinance.webp\" class=\"attachment-large size-large wp-image-1936\" alt=\"\" srcset=\"https:\/\/www.werecycle.ch\/wp-content\/uploads\/2022\/10\/postfinance.webp 300w, https:\/\/www.werecycle.ch\/wp-content\/uploads\/2022\/10\/postfinance-265x265.webp 265w, https:\/\/www.werecycle.ch\/wp-content\/uploads\/2022\/10\/postfinance-100x100.webp 100w, https:\/\/www.werecycle.ch\/wp-content\/uploads\/2022\/10\/postfinance-150x150.webp 150w\" sizes=\"(max-width: 300px) 100vw, 300px\" \/>\t\t\t\t\t\t\t\t\t\t\t\t\t\t\t<\/div>\n\t\t\t\t<\/div>\n\t\t\t\t\t<\/div>\n\t\t<\/div>\n\t\t\t\t<div class=\"elementor-column elementor-col-50 elementor-top-column elementor-element elementor-element-9fe65e5\" data-id=\"9fe65e5\" data-element_type=\"column\" data-e-type=\"column\">\n\t\t\t<div class=\"elementor-widget-wrap elementor-element-populated\">\n\t\t\t\t\t\t<div class=\"elementor-element elementor-element-14d9ab7 elementor-widget elementor-widget-heading\" data-id=\"14d9ab7\" data-element_type=\"widget\" data-e-type=\"widget\" data-widget_type=\"heading.default\">\n\t\t\t\t<div class=\"elementor-widget-container\">\n\t\t\t\t\t<h2 class=\"elementor-heading-title elementor-size-default\"><a href=\"https:\/\/www.postfinance.ch\/de\/ueber-uns\/unternehmen\/pioniergeschichten\/recycling-im-unternehmen.html\" target=\"_blank\">Recycling im Unternehmen: Jedes Kilogramm z\u00e4hlt<\/a><\/h2>\t\t\t\t<\/div>\n\t\t\t\t<\/div>\n\t\t\t\t<div class=\"elementor-element elementor-element-a609585 elementor-widget elementor-widget-text-editor\" data-id=\"a609585\" data-element_type=\"widget\" data-e-type=\"widget\" data-widget_type=\"text-editor.default\">\n\t\t\t\t<div class=\"elementor-widget-container\">\n\t\t\t\t\t\t\t\t\t<p>02. M\u00e4rz 2020<\/p>\t\t\t\t\t\t\t\t<\/div>\n\t\t\t\t<\/div>\n\t\t\t\t<div class=\"elementor-element elementor-element-509757c elementor-widget elementor-widget-text-editor\" data-id=\"509757c\" data-element_type=\"widget\" data-e-type=\"widget\" data-widget_type=\"text-editor.default\">\n\t\t\t\t<div class=\"elementor-widget-container\">\n\t\t\t\t\t\t\t\t\t<p>Jedes Kilogramm M\u00fcll, das in der Kehrrichtverbrennung landet, setzt CO<sub>2<\/sub> frei. Und genau hier sieht Markus K\u00e4mpfer, Gesch\u00e4ftsf\u00fchrer von www.werecycle.ch, Potenzial f\u00fcr einen nachhaltigen Umgang mit den endlichen Ressourcen. Denn lange nicht aller Abfall, der der M\u00fcllverbrennung zugef\u00fchrt wird, geh\u00f6rt auch dorthin. Ein grosser Teil des Materials, das im Umlauf ist, k\u00f6nnte recycelt werden. Und damit meint er nicht nur PET- und Glasbeh\u00e4lter, Batterien oder ausgediente Elektronik, die in der Schweiz bereits fleissig gesammelt und recycelt werden.<\/p>\t\t\t\t\t\t\t\t<\/div>\n\t\t\t\t<\/div>\n\t\t\t\t\t<\/div>\n\t\t<\/div>\n\t\t\t\t\t<\/div>\n\t\t<\/section>\n\t\t\t\t<section class=\"elementor-section elementor-top-section elementor-element elementor-element-d46839a elementor-section-boxed elementor-section-height-default elementor-section-height-default\" data-id=\"d46839a\" data-element_type=\"section\" data-e-type=\"section\">\n\t\t\t\t\t\t<div class=\"elementor-container elementor-column-gap-default\">\n\t\t\t\t\t<div class=\"elementor-column elementor-col-50 elementor-top-column elementor-element elementor-element-c724e31\" data-id=\"c724e31\" data-element_type=\"column\" data-e-type=\"column\">\n\t\t\t<div class=\"elementor-widget-wrap elementor-element-populated\">\n\t\t\t\t\t\t<div class=\"elementor-element elementor-element-6bc7c0f elementor-widget elementor-widget-image\" data-id=\"6bc7c0f\" data-element_type=\"widget\" data-e-type=\"widget\" data-widget_type=\"image.default\">\n\t\t\t\t<div class=\"elementor-widget-container\">\n\t\t\t\t\t\t\t\t\t\t\t\t\t\t\t<img loading=\"lazy\" decoding=\"async\" width=\"300\" height=\"300\" src=\"https:\/\/www.werecycle.ch\/wp-content\/uploads\/2022\/10\/umweltperspektiven-300x300-1.webp\" class=\"attachment-large size-large wp-image-1932\" alt=\"\" srcset=\"https:\/\/www.werecycle.ch\/wp-content\/uploads\/2022\/10\/umweltperspektiven-300x300-1.webp 300w, https:\/\/www.werecycle.ch\/wp-content\/uploads\/2022\/10\/umweltperspektiven-300x300-1-265x265.webp 265w, https:\/\/www.werecycle.ch\/wp-content\/uploads\/2022\/10\/umweltperspektiven-300x300-1-100x100.webp 100w, https:\/\/www.werecycle.ch\/wp-content\/uploads\/2022\/10\/umweltperspektiven-300x300-1-150x150.webp 150w\" sizes=\"(max-width: 300px) 100vw, 300px\" \/>\t\t\t\t\t\t\t\t\t\t\t\t\t\t\t<\/div>\n\t\t\t\t<\/div>\n\t\t\t\t\t<\/div>\n\t\t<\/div>\n\t\t\t\t<div class=\"elementor-column elementor-col-50 elementor-top-column elementor-element elementor-element-120d4d7\" data-id=\"120d4d7\" data-element_type=\"column\" data-e-type=\"column\">\n\t\t\t<div class=\"elementor-widget-wrap elementor-element-populated\">\n\t\t\t\t\t\t<div class=\"elementor-element elementor-element-2d8fa8a elementor-widget elementor-widget-heading\" data-id=\"2d8fa8a\" data-element_type=\"widget\" data-e-type=\"widget\" data-widget_type=\"heading.default\">\n\t\t\t\t<div class=\"elementor-widget-container\">\n\t\t\t\t\t<h2 class=\"elementor-heading-title elementor-size-default\"><a href=\"https:\/\/www.umweltperspektiven.ch\/plastik-recycling-schweizer-schaffen-nur-25-prozent\/\" target=\"_blank\">Plastik-Recycling: Schweizer schaffen nur 25 Prozent<\/a><\/h2>\t\t\t\t<\/div>\n\t\t\t\t<\/div>\n\t\t\t\t<div class=\"elementor-element elementor-element-cbc8e9e elementor-widget elementor-widget-text-editor\" data-id=\"cbc8e9e\" data-element_type=\"widget\" data-e-type=\"widget\" data-widget_type=\"text-editor.default\">\n\t\t\t\t<div class=\"elementor-widget-container\">\n\t\t\t\t\t\t\t\t\t<p>23. Juli 2018<\/p>\t\t\t\t\t\t\t\t<\/div>\n\t\t\t\t<\/div>\n\t\t\t\t<div class=\"elementor-element elementor-element-67f7b10 elementor-widget elementor-widget-text-editor\" data-id=\"67f7b10\" data-element_type=\"widget\" data-e-type=\"widget\" data-widget_type=\"text-editor.default\">\n\t\t\t\t<div class=\"elementor-widget-container\">\n\t\t\t\t\t\t\t\t\t<p>Schon seit l\u00e4ngerem steht nicht nur Plastikm\u00fcll, sondern auch das Plastik-Recycling in der Schweiz scharf in der Kritik: Gem\u00e4ss einem Bericht der Handelszeitung werden hierzulande nur etwa 25 Prozent des Plastiks wiederverwertet, gr\u00f6sstenteils PET-Flaschen.<\/p>\t\t\t\t\t\t\t\t<\/div>\n\t\t\t\t<\/div>\n\t\t\t\t\t<\/div>\n\t\t<\/div>\n\t\t\t\t\t<\/div>\n\t\t<\/section>\n\t\t\t\t<section class=\"elementor-section elementor-top-section elementor-element elementor-element-1992ac3 elementor-section-boxed elementor-section-height-default elementor-section-height-default\" data-id=\"1992ac3\" data-element_type=\"section\" data-e-type=\"section\">\n\t\t\t\t\t\t<div class=\"elementor-container elementor-column-gap-default\">\n\t\t\t\t\t<div class=\"elementor-column elementor-col-50 elementor-top-column elementor-element elementor-element-968e83d\" data-id=\"968e83d\" data-element_type=\"column\" data-e-type=\"column\">\n\t\t\t<div class=\"elementor-widget-wrap elementor-element-populated\">\n\t\t\t\t\t\t<div class=\"elementor-element elementor-element-76d55df elementor-widget elementor-widget-image\" data-id=\"76d55df\" data-element_type=\"widget\" data-e-type=\"widget\" data-widget_type=\"image.default\">\n\t\t\t\t<div class=\"elementor-widget-container\">\n\t\t\t\t\t\t\t\t\t\t\t\t\t\t\t<img loading=\"lazy\" decoding=\"async\" width=\"300\" height=\"300\" src=\"https:\/\/www.werecycle.ch\/wp-content\/uploads\/2022\/10\/startupszene.webp\" class=\"attachment-large size-large wp-image-1931\" alt=\"\" srcset=\"https:\/\/www.werecycle.ch\/wp-content\/uploads\/2022\/10\/startupszene.webp 300w, https:\/\/www.werecycle.ch\/wp-content\/uploads\/2022\/10\/startupszene-265x265.webp 265w, https:\/\/www.werecycle.ch\/wp-content\/uploads\/2022\/10\/startupszene-100x100.webp 100w, https:\/\/www.werecycle.ch\/wp-content\/uploads\/2022\/10\/startupszene-150x150.webp 150w\" sizes=\"(max-width: 300px) 100vw, 300px\" \/>\t\t\t\t\t\t\t\t\t\t\t\t\t\t\t<\/div>\n\t\t\t\t<\/div>\n\t\t\t\t\t<\/div>\n\t\t<\/div>\n\t\t\t\t<div class=\"elementor-column elementor-col-50 elementor-top-column elementor-element elementor-element-b1fe16a\" data-id=\"b1fe16a\" data-element_type=\"column\" data-e-type=\"column\">\n\t\t\t<div class=\"elementor-widget-wrap elementor-element-populated\">\n\t\t\t\t\t\t<div class=\"elementor-element elementor-element-7b4b1d7 elementor-widget elementor-widget-heading\" data-id=\"7b4b1d7\" data-element_type=\"widget\" data-e-type=\"widget\" data-widget_type=\"heading.default\">\n\t\t\t\t<div class=\"elementor-widget-container\">\n\t\t\t\t\t<h2 class=\"elementor-heading-title elementor-size-default\"><a href=\"https:\/\/startupszene.ch\/2018\/11\/315\/markus-kaempfer-wird-neuer-geschaeftsfuehrer-der-recycling-services-ag\/\" target=\"_blank\">Markus K\u00e4mpfer wird neuer Gesch\u00e4ftsf\u00fchrer der Recycling Services AG<\/a><\/h2>\t\t\t\t<\/div>\n\t\t\t\t<\/div>\n\t\t\t\t<div class=\"elementor-element elementor-element-39d0a7e elementor-widget elementor-widget-text-editor\" data-id=\"39d0a7e\" data-element_type=\"widget\" data-e-type=\"widget\" data-widget_type=\"text-editor.default\">\n\t\t\t\t<div class=\"elementor-widget-container\">\n\t\t\t\t\t\t\t\t\t<p>11. November 2018<\/p>\t\t\t\t\t\t\t\t<\/div>\n\t\t\t\t<\/div>\n\t\t\t\t<div class=\"elementor-element elementor-element-100204a elementor-widget elementor-widget-text-editor\" data-id=\"100204a\" data-element_type=\"widget\" data-e-type=\"widget\" data-widget_type=\"text-editor.default\">\n\t\t\t\t<div class=\"elementor-widget-container\">\n\t\t\t\t\t\t\t\t\t<p>Markus K\u00e4mpfer (55) wird per 1. November 2018 Gesch\u00e4ftsf\u00fchrer des Recycling-Abholdienstes Recycling Services. K\u00e4mpfer hat die Hotelfachschule Luzern abgeschlossen und war danach mehrere Jahre im Verlagswesen t\u00e4tig, in den Bereichen Marketing und Verkauf \u2013 unter anderem f\u00fcr die TV Company\u2019s GmbH &amp; Co. KG in M\u00fcnchen. Er hat sich an der Hochschule St. Gallen in Betriebswirtschaft f\u00fcr KMU weiterbilden lassen und war ab 2003 gesch\u00e4ftsf\u00fchrender Gesellschafter der M Vertriebs GmbH in Rosenheim (DE).\u00a0<\/p>\t\t\t\t\t\t\t\t<\/div>\n\t\t\t\t<\/div>\n\t\t\t\t\t<\/div>\n\t\t<\/div>\n\t\t\t\t\t<\/div>\n\t\t<\/section>\n\t\t\t\t<section class=\"elementor-section elementor-top-section elementor-element elementor-element-ce01f17 elementor-section-boxed elementor-section-height-default elementor-section-height-default\" data-id=\"ce01f17\" data-element_type=\"section\" data-e-type=\"section\">\n\t\t\t\t\t\t<div class=\"elementor-container elementor-column-gap-default\">\n\t\t\t\t\t<div class=\"elementor-column elementor-col-50 elementor-top-column elementor-element elementor-element-ae62900\" data-id=\"ae62900\" data-element_type=\"column\" data-e-type=\"column\">\n\t\t\t<div class=\"elementor-widget-wrap elementor-element-populated\">\n\t\t\t\t\t\t<div class=\"elementor-element elementor-element-ca8ae15 elementor-widget elementor-widget-image\" data-id=\"ca8ae15\" data-element_type=\"widget\" data-e-type=\"widget\" data-widget_type=\"image.default\">\n\t\t\t\t<div class=\"elementor-widget-container\">\n\t\t\t\t\t\t\t\t\t\t\t\t\t\t\t<img loading=\"lazy\" decoding=\"async\" width=\"300\" height=\"300\" src=\"https:\/\/www.werecycle.ch\/wp-content\/uploads\/2022\/10\/nzzjobs-300x300-1.webp\" class=\"attachment-large size-large wp-image-1935\" alt=\"\" srcset=\"https:\/\/www.werecycle.ch\/wp-content\/uploads\/2022\/10\/nzzjobs-300x300-1.webp 300w, https:\/\/www.werecycle.ch\/wp-content\/uploads\/2022\/10\/nzzjobs-300x300-1-265x265.webp 265w, https:\/\/www.werecycle.ch\/wp-content\/uploads\/2022\/10\/nzzjobs-300x300-1-100x100.webp 100w, https:\/\/www.werecycle.ch\/wp-content\/uploads\/2022\/10\/nzzjobs-300x300-1-150x150.webp 150w\" sizes=\"(max-width: 300px) 100vw, 300px\" \/>\t\t\t\t\t\t\t\t\t\t\t\t\t\t\t<\/div>\n\t\t\t\t<\/div>\n\t\t\t\t\t<\/div>\n\t\t<\/div>\n\t\t\t\t<div class=\"elementor-column elementor-col-50 elementor-top-column elementor-element elementor-element-fd33573\" data-id=\"fd33573\" data-element_type=\"column\" data-e-type=\"column\">\n\t\t\t<div class=\"elementor-widget-wrap elementor-element-populated\">\n\t\t\t\t\t\t<div class=\"elementor-element elementor-element-306ac20 elementor-widget elementor-widget-heading\" data-id=\"306ac20\" data-element_type=\"widget\" data-e-type=\"widget\" data-widget_type=\"heading.default\">\n\t\t\t\t<div class=\"elementor-widget-container\">\n\t\t\t\t\t<h2 class=\"elementor-heading-title elementor-size-default\"><a href=\"https:\/\/jobs.nzz.ch\/news\/3\/33-fragen\/artikel\/151\/33-fragen-an-fredy-piller-startup-unternehmer-aus-dem-kanton-thurgau\" target=\"_blank\">33 Fragen an Fredy Piller, Startup-Unternehmer aus dem Kanton Thurgau<\/a><\/h2>\t\t\t\t<\/div>\n\t\t\t\t<\/div>\n\t\t\t\t<div class=\"elementor-element elementor-element-68eab74 elementor-widget elementor-widget-text-editor\" data-id=\"68eab74\" data-element_type=\"widget\" data-e-type=\"widget\" data-widget_type=\"text-editor.default\">\n\t\t\t\t<div class=\"elementor-widget-container\">\n\t\t\t\t\t\t\t\t\t<p>17. Juli 2017<\/p>\t\t\t\t\t\t\t\t<\/div>\n\t\t\t\t<\/div>\n\t\t\t\t<div class=\"elementor-element elementor-element-d775e31 elementor-widget elementor-widget-text-editor\" data-id=\"d775e31\" data-element_type=\"widget\" data-e-type=\"widget\" data-widget_type=\"text-editor.default\">\n\t\t\t\t<div class=\"elementor-widget-container\">\n\t\t\t\t\t\t\t\t\t<p>Fredy Piller, 29, aus Ermatingen stammend, gr\u00fcndete schon w\u00e4hrend der Studienzeit mit Partnern zusammen die erste Firma, einen Pick-up-Dienst f\u00fcr Recycling-G\u00fcter. Heute heisst das Unternehmen Recycling Services AG und besch\u00e4ftigt 35 Mitarbeitende. 2014 kam das Digital-out-of-Home-Werbeunternehmen Screen24 dazu, mit dem innerhalb von drei Jahren ein schweizweites Netzwerk von digitalen Werbe-Screens aufgebaut wurde, beispielsweise f\u00fcr die Warenh\u00e4user Manor und Media Markt.\u00a0<\/p>\t\t\t\t\t\t\t\t<\/div>\n\t\t\t\t<\/div>\n\t\t\t\t\t<\/div>\n\t\t<\/div>\n\t\t\t\t\t<\/div>\n\t\t<\/section>\n\t\t\t\t<\/div>\n\t\t","protected":false},"excerpt":{"rendered":"<p>Medienbeitr\u00e4ge GreenPick Donnerstag: WeRecycle 23. M\u00e4rz 2023 Der Service von WeRecycle bietet an, Ihr Recycling vor Ihrer Haust\u00fcr zu sammeln, anstatt mehrere Fahrten zu den Recyclingh\u00f6fen zu unternehmen. Ihr M\u00fcll kann bequem und nachhaltig entsorgt werden. Heutzutage findet ein hoher Recyclinggrad statt und viele Tonnen wertvoller Ressourcen werden durch die sorgf\u00e4ltige Sortierung von Hand geschont. [&hellip;]<\/p>\n","protected":false},"author":2,"featured_media":0,"parent":0,"menu_order":0,"comment_status":"closed","ping_status":"closed","template":"","meta":{"ocean_post_layout":"full-screen","ocean_both_sidebars_style":"","ocean_both_sidebars_content_width":0,"ocean_both_sidebars_sidebars_width":0,"ocean_sidebar":"0","ocean_second_sidebar":"0","ocean_disable_margins":"enable","ocean_add_body_class":"","ocean_shortcode_before_top_bar":"","ocean_shortcode_after_top_bar":"","ocean_shortcode_before_header":"","ocean_shortcode_after_header":"","ocean_has_shortcode":"","ocean_shortcode_after_title":"","ocean_shortcode_before_footer_widgets":"","ocean_shortcode_after_footer_widgets":"","ocean_shortcode_before_footer_bottom":"","ocean_shortcode_after_footer_bottom":"","ocean_display_top_bar":"default","ocean_display_header":"default","ocean_header_style":"","ocean_center_header_left_menu":"0","ocean_custom_header_template":"0","ocean_custom_logo":0,"ocean_custom_retina_logo":0,"ocean_custom_logo_max_width":0,"ocean_custom_logo_tablet_max_width":0,"ocean_custom_logo_mobile_max_width":0,"ocean_custom_logo_max_height":0,"ocean_custom_logo_tablet_max_height":0,"ocean_custom_logo_mobile_max_height":0,"ocean_header_custom_menu":"0","ocean_menu_typo_font_family":"0","ocean_menu_typo_font_subset":"","ocean_menu_typo_font_size":0,"ocean_menu_typo_font_size_tablet":0,"ocean_menu_typo_font_size_mobile":0,"ocean_menu_typo_font_size_unit":"px","ocean_menu_typo_font_weight":"","ocean_menu_typo_font_weight_tablet":"","ocean_menu_typo_font_weight_mobile":"","ocean_menu_typo_transform":"","ocean_menu_typo_transform_tablet":"","ocean_menu_typo_transform_mobile":"","ocean_menu_typo_line_height":0,"ocean_menu_typo_line_height_tablet":0,"ocean_menu_typo_line_height_mobile":0,"ocean_menu_typo_line_height_unit":"","ocean_menu_typo_spacing":0,"ocean_menu_typo_spacing_tablet":0,"ocean_menu_typo_spacing_mobile":0,"ocean_menu_typo_spacing_unit":"","ocean_menu_link_color":"","ocean_menu_link_color_hover":"","ocean_menu_link_color_active":"","ocean_menu_link_background":"","ocean_menu_link_hover_background":"","ocean_menu_link_active_background":"","ocean_menu_social_links_bg":"","ocean_menu_social_hover_links_bg":"","ocean_menu_social_links_color":"","ocean_menu_social_hover_links_color":"","ocean_disable_title":"on","ocean_disable_heading":"default","ocean_post_title":"","ocean_post_subheading":"","ocean_post_title_style":"","ocean_post_title_background_color":"","ocean_post_title_background":0,"ocean_post_title_bg_image_position":"","ocean_post_title_bg_image_attachment":"","ocean_post_title_bg_image_repeat":"","ocean_post_title_bg_image_size":"","ocean_post_title_height":0,"ocean_post_title_bg_overlay":0.5,"ocean_post_title_bg_overlay_color":"","ocean_disable_breadcrumbs":"default","ocean_breadcrumbs_color":"","ocean_breadcrumbs_separator_color":"","ocean_breadcrumbs_links_color":"","ocean_breadcrumbs_links_hover_color":"","ocean_display_footer_widgets":"default","ocean_display_footer_bottom":"default","ocean_custom_footer_template":"0","ofc_meta_disable_footer_callout":"on","ofc_meta_callout_button_url":"","ofc_meta_callout_button_txt":"","ofc_meta_callout_text":"","osh_disable_topbar_sticky":"default","osh_disable_header_sticky":"default","osh_sticky_header_style":"default","osh_sticky_header_effect":"","osh_custom_sticky_logo":0,"osh_custom_retina_sticky_logo":0,"osh_custom_sticky_logo_height":0,"osh_background_color":"","osh_links_color":"","osh_links_hover_color":"","osh_links_active_color":"","osh_links_bg_color":"","osh_links_hover_bg_color":"","osh_links_active_bg_color":"","osh_menu_social_links_color":"","osh_menu_social_hover_links_color":"","footnotes":""},"class_list":["post-1923","page","type-page","status-publish","hentry","entry","owp-thumbs-layout-horizontal","owp-btn-normal","owp-tabs-layout-horizontal","has-no-thumbnails","circle-sale"],"yoast_head":"<!-- This site is optimized with the Yoast SEO plugin v27.5 - https:\/\/yoast.com\/product\/yoast-seo-wordpress\/ -->\n<title>Medienberichte - WeRecycle.ch | WR Group AG<\/title>\n<meta name=\"description\" content=\"Medienberichte \u00fcber WeRecycle. Hier findest Du das Archiv mit allen Ausschnitten, Zeitungsberichten und TV Beitr\u00e4gen zum Thema Recycling &amp; Recycling Services AG\" \/>\n<meta name=\"robots\" content=\"index, follow, max-snippet:-1, max-image-preview:large, max-video-preview:-1\" \/>\n<link rel=\"canonical\" href=\"https:\/\/www.werecycle.ch\/de\/medien\/\" \/>\n<meta property=\"og:locale\" content=\"de_DE\" \/>\n<meta property=\"og:type\" content=\"article\" \/>\n<meta property=\"og:title\" content=\"Medienberichte - WeRecycle.ch | WR Group AG\" \/>\n<meta property=\"og:description\" content=\"Medienberichte \u00fcber WeRecycle. Hier findest Du das Archiv mit allen Ausschnitten, Zeitungsberichten und TV Beitr\u00e4gen zum Thema Recycling &amp; Recycling Services AG\" \/>\n<meta property=\"og:url\" content=\"https:\/\/www.werecycle.ch\/de\/medien\/\" \/>\n<meta property=\"og:site_name\" content=\"WeRecycle.ch | WR Group AG\" \/>\n<meta property=\"article:publisher\" content=\"https:\/\/www.facebook.com\/www.werecycle.ch\" \/>\n<meta property=\"article:modified_time\" content=\"2023-08-03T12:52:01+00:00\" \/>\n<meta property=\"og:image\" content=\"https:\/\/www.werecycle.ch\/wp-content\/uploads\/2023\/08\/dieguteminute.webp\" \/>\n<meta name=\"twitter:card\" content=\"summary_large_image\" \/>\n<script type=\"application\/ld+json\" class=\"yoast-schema-graph\">{\"@context\":\"https:\\\/\\\/schema.org\",\"@graph\":[{\"@type\":\"WebPage\",\"@id\":\"https:\\\/\\\/www.werecycle.ch\\\/medien\\\/\",\"url\":\"https:\\\/\\\/www.werecycle.ch\\\/medien\\\/\",\"name\":\"Medienberichte - WeRecycle.ch | WR Group AG\",\"isPartOf\":{\"@id\":\"https:\\\/\\\/www.werecycle.ch\\\/de\\\/#website\"},\"primaryImageOfPage\":{\"@id\":\"https:\\\/\\\/www.werecycle.ch\\\/medien\\\/#primaryimage\"},\"image\":{\"@id\":\"https:\\\/\\\/www.werecycle.ch\\\/medien\\\/#primaryimage\"},\"thumbnailUrl\":\"https:\\\/\\\/www.werecycle.ch\\\/wp-content\\\/uploads\\\/2023\\\/08\\\/dieguteminute.webp\",\"datePublished\":\"2022-10-05T14:48:09+00:00\",\"dateModified\":\"2023-08-03T12:52:01+00:00\",\"description\":\"Medienberichte \u00fcber WeRecycle. Hier findest Du das Archiv mit allen Ausschnitten, Zeitungsberichten und TV Beitr\u00e4gen zum Thema Recycling & Recycling Services AG\",\"breadcrumb\":{\"@id\":\"https:\\\/\\\/www.werecycle.ch\\\/medien\\\/#breadcrumb\"},\"inLanguage\":\"de\",\"potentialAction\":[{\"@type\":\"ReadAction\",\"target\":[\"https:\\\/\\\/www.werecycle.ch\\\/medien\\\/\"]}]},{\"@type\":\"ImageObject\",\"inLanguage\":\"de\",\"@id\":\"https:\\\/\\\/www.werecycle.ch\\\/medien\\\/#primaryimage\",\"url\":\"https:\\\/\\\/www.werecycle.ch\\\/wp-content\\\/uploads\\\/2023\\\/08\\\/dieguteminute.webp\",\"contentUrl\":\"https:\\\/\\\/www.werecycle.ch\\\/wp-content\\\/uploads\\\/2023\\\/08\\\/dieguteminute.webp\"},{\"@type\":\"BreadcrumbList\",\"@id\":\"https:\\\/\\\/www.werecycle.ch\\\/medien\\\/#breadcrumb\",\"itemListElement\":[{\"@type\":\"ListItem\",\"position\":1,\"name\":\"Startseite\",\"item\":\"https:\\\/\\\/www.werecycle.ch\\\/\"},{\"@type\":\"ListItem\",\"position\":2,\"name\":\"Medien\"}]},{\"@type\":\"WebSite\",\"@id\":\"https:\\\/\\\/www.werecycle.ch\\\/de\\\/#website\",\"url\":\"https:\\\/\\\/www.werecycle.ch\\\/de\\\/\",\"name\":\"WeRecycle.ch | Recycling Services AG\",\"description\":\"\",\"publisher\":{\"@id\":\"https:\\\/\\\/www.werecycle.ch\\\/de\\\/#organization\"},\"potentialAction\":[{\"@type\":\"SearchAction\",\"target\":{\"@type\":\"EntryPoint\",\"urlTemplate\":\"https:\\\/\\\/www.werecycle.ch\\\/de\\\/?s={search_term_string}\"},\"query-input\":{\"@type\":\"PropertyValueSpecification\",\"valueRequired\":true,\"valueName\":\"search_term_string\"}}],\"inLanguage\":\"de\"},{\"@type\":\"Organization\",\"@id\":\"https:\\\/\\\/www.werecycle.ch\\\/de\\\/#organization\",\"name\":\"WeRecycle.ch | Recycling Services AG\",\"url\":\"https:\\\/\\\/www.werecycle.ch\\\/de\\\/\",\"logo\":{\"@type\":\"ImageObject\",\"inLanguage\":\"de\",\"@id\":\"https:\\\/\\\/www.werecycle.ch\\\/de\\\/#\\\/schema\\\/logo\\\/image\\\/\",\"url\":\"https:\\\/\\\/www.werecycle.ch\\\/wp-content\\\/uploads\\\/2022\\\/09\\\/logo_werecycle.webp\",\"contentUrl\":\"https:\\\/\\\/www.werecycle.ch\\\/wp-content\\\/uploads\\\/2022\\\/09\\\/logo_werecycle.webp\",\"width\":1423,\"height\":427,\"caption\":\"WeRecycle.ch | Recycling Services AG\"},\"image\":{\"@id\":\"https:\\\/\\\/www.werecycle.ch\\\/de\\\/#\\\/schema\\\/logo\\\/image\\\/\"},\"sameAs\":[\"https:\\\/\\\/www.facebook.com\\\/www.werecycle.ch\"]}]}<\/script>\n<!-- \/ Yoast SEO plugin. -->","yoast_head_json":{"title":"Medienberichte - WeRecycle.ch | WR Group AG","description":"Medienberichte \u00fcber WeRecycle. Hier findest Du das Archiv mit allen Ausschnitten, Zeitungsberichten und TV Beitr\u00e4gen zum Thema Recycling & Recycling Services AG","robots":{"index":"index","follow":"follow","max-snippet":"max-snippet:-1","max-image-preview":"max-image-preview:large","max-video-preview":"max-video-preview:-1"},"canonical":"https:\/\/www.werecycle.ch\/de\/medien\/","og_locale":"de_DE","og_type":"article","og_title":"Medienberichte - WeRecycle.ch | WR Group AG","og_description":"Medienberichte \u00fcber WeRecycle. Hier findest Du das Archiv mit allen Ausschnitten, Zeitungsberichten und TV Beitr\u00e4gen zum Thema Recycling & Recycling Services AG","og_url":"https:\/\/www.werecycle.ch\/de\/medien\/","og_site_name":"WeRecycle.ch | WR Group AG","article_publisher":"https:\/\/www.facebook.com\/www.werecycle.ch","article_modified_time":"2023-08-03T12:52:01+00:00","og_image":[{"url":"https:\/\/www.werecycle.ch\/wp-content\/uploads\/2023\/08\/dieguteminute.webp","type":"","width":"","height":""}],"twitter_card":"summary_large_image","schema":{"@context":"https:\/\/schema.org","@graph":[{"@type":"WebPage","@id":"https:\/\/www.werecycle.ch\/medien\/","url":"https:\/\/www.werecycle.ch\/medien\/","name":"Medienberichte - WeRecycle.ch | WR Group AG","isPartOf":{"@id":"https:\/\/www.werecycle.ch\/de\/#website"},"primaryImageOfPage":{"@id":"https:\/\/www.werecycle.ch\/medien\/#primaryimage"},"image":{"@id":"https:\/\/www.werecycle.ch\/medien\/#primaryimage"},"thumbnailUrl":"https:\/\/www.werecycle.ch\/wp-content\/uploads\/2023\/08\/dieguteminute.webp","datePublished":"2022-10-05T14:48:09+00:00","dateModified":"2023-08-03T12:52:01+00:00","description":"Medienberichte \u00fcber WeRecycle. Hier findest Du das Archiv mit allen Ausschnitten, Zeitungsberichten und TV Beitr\u00e4gen zum Thema Recycling & Recycling Services AG","breadcrumb":{"@id":"https:\/\/www.werecycle.ch\/medien\/#breadcrumb"},"inLanguage":"de","potentialAction":[{"@type":"ReadAction","target":["https:\/\/www.werecycle.ch\/medien\/"]}]},{"@type":"ImageObject","inLanguage":"de","@id":"https:\/\/www.werecycle.ch\/medien\/#primaryimage","url":"https:\/\/www.werecycle.ch\/wp-content\/uploads\/2023\/08\/dieguteminute.webp","contentUrl":"https:\/\/www.werecycle.ch\/wp-content\/uploads\/2023\/08\/dieguteminute.webp"},{"@type":"BreadcrumbList","@id":"https:\/\/www.werecycle.ch\/medien\/#breadcrumb","itemListElement":[{"@type":"ListItem","position":1,"name":"Startseite","item":"https:\/\/www.werecycle.ch\/"},{"@type":"ListItem","position":2,"name":"Medien"}]},{"@type":"WebSite","@id":"https:\/\/www.werecycle.ch\/de\/#website","url":"https:\/\/www.werecycle.ch\/de\/","name":"WeRecycle.ch | Recycling Services AG","description":"","publisher":{"@id":"https:\/\/www.werecycle.ch\/de\/#organization"},"potentialAction":[{"@type":"SearchAction","target":{"@type":"EntryPoint","urlTemplate":"https:\/\/www.werecycle.ch\/de\/?s={search_term_string}"},"query-input":{"@type":"PropertyValueSpecification","valueRequired":true,"valueName":"search_term_string"}}],"inLanguage":"de"},{"@type":"Organization","@id":"https:\/\/www.werecycle.ch\/de\/#organization","name":"WeRecycle.ch | Recycling Services AG","url":"https:\/\/www.werecycle.ch\/de\/","logo":{"@type":"ImageObject","inLanguage":"de","@id":"https:\/\/www.werecycle.ch\/de\/#\/schema\/logo\/image\/","url":"https:\/\/www.werecycle.ch\/wp-content\/uploads\/2022\/09\/logo_werecycle.webp","contentUrl":"https:\/\/www.werecycle.ch\/wp-content\/uploads\/2022\/09\/logo_werecycle.webp","width":1423,"height":427,"caption":"WeRecycle.ch | Recycling Services AG"},"image":{"@id":"https:\/\/www.werecycle.ch\/de\/#\/schema\/logo\/image\/"},"sameAs":["https:\/\/www.facebook.com\/www.werecycle.ch"]}]}},"_links":{"self":[{"href":"https:\/\/www.werecycle.ch\/de\/wp-json\/wp\/v2\/pages\/1923","targetHints":{"allow":["GET"]}}],"collection":[{"href":"https:\/\/www.werecycle.ch\/de\/wp-json\/wp\/v2\/pages"}],"about":[{"href":"https:\/\/www.werecycle.ch\/de\/wp-json\/wp\/v2\/types\/page"}],"author":[{"embeddable":true,"href":"https:\/\/www.werecycle.ch\/de\/wp-json\/wp\/v2\/users\/2"}],"replies":[{"embeddable":true,"href":"https:\/\/www.werecycle.ch\/de\/wp-json\/wp\/v2\/comments?post=1923"}],"version-history":[{"count":0,"href":"https:\/\/www.werecycle.ch\/de\/wp-json\/wp\/v2\/pages\/1923\/revisions"}],"wp:attachment":[{"href":"https:\/\/www.werecycle.ch\/de\/wp-json\/wp\/v2\/media?parent=1923"}],"curies":[{"name":"wp","href":"https:\/\/api.w.org\/{rel}","templated":true}]}}